{"id":5220,"date":"2022-10-07T09:48:24","date_gmt":"2022-10-07T07:48:24","guid":{"rendered":"https:\/\/www.camping-cevennes.info\/gites-de-france-gard\/"},"modified":"2022-12-03T11:29:11","modified_gmt":"2022-12-03T10:29:11","slug":"huisje-van-frankrijk-gard","status":"publish","type":"page","link":"https:\/\/www.camping-cevennes.info\/nl\/huisje-van-frankrijk-gard\/","title":{"rendered":"Gites"},"content":{"rendered":"<section id=\"ls-section-block_26c4012bb72b9f9156b8995b7fc43373\" class=\"ls-section  page-intro has-p-t p-t-14\" >\n        <div class=\"container container--wide\">\n        \n\n<h1 class=\"ls__heading h1 animated fadeInLeft delay-200ms deco-h1 wp-block-heading\"><span>HUISJE<\/span><br>CEVENNEN<\/h1>\n\n\n\n<div id=\"ls-hebergements-block_7f02af7ecf54e50cc83221da3fbde85b\" class=\"ls-hebergements\" >\n    \n    <div class=\"ls-customizer\">\n\n    <div class=\"ls-customizer__filters\">\n        <div class=\"ls-customizer__filters__close\">\n            <i class=\"fas fa-times\"><\/i>\n        <\/div>\n\n        <div class=\"ls-customizer__filters__title\">\n            <b>Filters<\/b>\n            <span class=\"ls-customizer__filters__clear\"><i class=\"fas fa-times\"><\/i> Filters verwijderen<\/span>\n        <\/div>\n\n                \n        <!-- Filtres ACF fields -->\n        \n                                <!-- Filtre nombre_de_personnes -->\n                        <div class=\"filter\" id=\"filter-nombre_de_personnes\">\n                <div class=\"filter__title\">Maximale capaciteit<i class=\"fas fa-angle-down\"><\/i><\/div>\n                <fieldset data-filter=\"nombre_de_personnes\" data-operator=\"<=\" class=\"input\">\n                    \n                    <div><input type=\"radio\" name=\"nombre_de_personnes\" id=\"nombre_de_personnes-all\"  class=\"checkbox\" \/><label for='nombre_de_personnes-all'>Tous<\/label><\/div><div><input type=\"radio\" name=\"nombre_de_personnes\" id=\"nombre_de_personnes-4\" value=\"4\" class=\"checkbox\"  \/><label for='nombre_de_personnes-4'>Tot 4 pers.<\/label><\/div><div><input type=\"radio\" name=\"nombre_de_personnes\" id=\"nombre_de_personnes-5\" value=\"5\" class=\"checkbox\"  \/><label for='nombre_de_personnes-5'>Tot 5 pers.<\/label><\/div><div><input type=\"radio\" name=\"nombre_de_personnes\" id=\"nombre_de_personnes-6\" value=\"6\" class=\"checkbox\"  \/><label for='nombre_de_personnes-6'>Tot 6 pers.<\/label><\/div>                <\/fieldset>\n            <\/div>\n                                \n        \n    <\/div>\n\n<\/div><div class=\"ls-hebergements__results\" data-row=\"3\" data-campings=\"false\" data-types=\"[19]\">\n\n<div class=\"ls-hebergement \"  data-postid='5021' data-id-reservation='57446' data-id-site='' data-id1='' data-nombre_de_personnes='6' data-nombre_de_chambres='' data-type='gites'>\n\n<a href=\"https:\/\/www.camping-cevennes.info\/nl\/vakantiehuisjes\/huisje-mas-6-pers\/\" class=\"ls-hebergement__link\">\n\t<div class=\"ls-hebergement__thumb\">\n\t\t\t\t<img decoding=\"async\" src=\"https:\/\/www.camping-cevennes.info\/wp-content\/uploads\/2022\/10\/gite-familial-6-personnes-1.jpg\" alt=\"HUISJE MAS 6 PERS\" \/>\n\t<\/div>\n\t<div class=\"ls-hebergement__details\">\n\n\t\n\t\t<div class=\"ls-hebergement__icons\">\n\n\t\t\t\t\t\t\t<span class=\"ls-hebergement__icon\">\n\t\t\t\t\t<i class=\"icon-famille\"><\/i>\n\t\t\t\t\t6\t\t\t\t<\/span>\n\t\t\t\n\t\t\t\n\t\t\t\n\t\t\t\t\t\t\t<span class=\"ls-hebergement__icon\">\n\t\t\t\t\t<i class=\"icon-area\"><\/i>\n\t\t\t\t\t56m\u00b2\n\t\t\t\t<\/span>\n\t\t\t\t\t\t\n\t\t\t\t\t<\/div>\n\t\n\t<\/div>\n\t<div class=\"ls-hebergement__title h2-like deco\">\n\t\tHUISJE MAS 6 PERS\t\t\n\t<\/div>\n\n\t<div class=\"ls-hebergement__disponibilite ls-button\"><span>Ontdek<\/span><\/div>\n\n<\/a>\n\n\n<\/div>\n\n<div class=\"ls-hebergement \"  data-postid='5024' data-id-reservation='57445' data-id-site='' data-id1='' data-nombre_de_personnes='6' data-nombre_de_chambres='' data-type='gites'>\n\n<a href=\"https:\/\/www.camping-cevennes.info\/nl\/vakantiehuisjes\/huisje-6-personen\/\" class=\"ls-hebergement__link\">\n\t<div class=\"ls-hebergement__thumb\">\n\t\t\t\t<img decoding=\"async\" src=\"https:\/\/www.camping-cevennes.info\/wp-content\/uploads\/2022\/10\/gite-6-personnes-4-1.jpg\" alt=\"GITE 6 PERSONEN\" \/>\n\t<\/div>\n\t<div class=\"ls-hebergement__details\">\n\n\t\n\t\t<div class=\"ls-hebergement__icons\">\n\n\t\t\t\t\t\t\t<span class=\"ls-hebergement__icon\">\n\t\t\t\t\t<i class=\"icon-famille\"><\/i>\n\t\t\t\t\t6\t\t\t\t<\/span>\n\t\t\t\n\t\t\t\n\t\t\t\n\t\t\t\t\t\t\t<span class=\"ls-hebergement__icon\">\n\t\t\t\t\t<i class=\"icon-area\"><\/i>\n\t\t\t\t\t51m\u00b2\n\t\t\t\t<\/span>\n\t\t\t\t\t\t\n\t\t\t\t\t<\/div>\n\t\n\t<\/div>\n\t<div class=\"ls-hebergement__title h2-like deco\">\n\t\tGITE 6 PERSONEN\t\t\n\t<\/div>\n\n\t<div class=\"ls-hebergement__disponibilite ls-button\"><span>Ontdek<\/span><\/div>\n\n<\/a>\n\n\n<\/div>\n\n<div class=\"ls-hebergement \"  data-postid='5027' data-id-reservation='57444' data-id-site='' data-id1='' data-nombre_de_personnes='5' data-nombre_de_chambres='' data-type='gites'>\n\n<a href=\"https:\/\/www.camping-cevennes.info\/nl\/vakantiehuisjes\/huisje-2-kamers-5-pers\/\" class=\"ls-hebergement__link\">\n\t<div class=\"ls-hebergement__thumb\">\n\t\t\t\t<img decoding=\"async\" src=\"https:\/\/www.camping-cevennes.info\/wp-content\/uploads\/2022\/10\/gite-2-chambres.jpg\" alt=\"GITE 2 KAMERS 5 PERS\" \/>\n\t<\/div>\n\t<div class=\"ls-hebergement__details\">\n\n\t\n\t\t<div class=\"ls-hebergement__icons\">\n\n\t\t\t\t\t\t\t<span class=\"ls-hebergement__icon\">\n\t\t\t\t\t<i class=\"icon-famille\"><\/i>\n\t\t\t\t\t5\t\t\t\t<\/span>\n\t\t\t\n\t\t\t\n\t\t\t\n\t\t\t\t\t\t\t<span class=\"ls-hebergement__icon\">\n\t\t\t\t\t<i class=\"icon-area\"><\/i>\n\t\t\t\t\t35m\u00b2\n\t\t\t\t<\/span>\n\t\t\t\t\t\t\n\t\t\t\t\t<\/div>\n\t\n\t<\/div>\n\t<div class=\"ls-hebergement__title h2-like deco\">\n\t\tGITE 2 KAMERS 5 PERS\t\t\n\t<\/div>\n\n\t<div class=\"ls-hebergement__disponibilite ls-button\"><span>Ontdek<\/span><\/div>\n\n<\/a>\n\n\n<\/div>\n\n<div class=\"ls-hebergement \"  data-postid='5030' data-id-reservation='57443' data-id-site='' data-id1='' data-nombre_de_personnes='5' data-nombre_de_chambres='' data-type='gites'>\n\n<a href=\"https:\/\/www.camping-cevennes.info\/nl\/vakantiehuisjes\/huisje-binnenplaats-5-pers\/\" class=\"ls-hebergement__link\">\n\t<div class=\"ls-hebergement__thumb\">\n\t\t\t\t<img decoding=\"async\" src=\"https:\/\/www.camping-cevennes.info\/wp-content\/uploads\/2022\/10\/gite-5-personnes-cevennes.jpg\" alt=\"GITE BINNENPLAATS 5 PERS\" \/>\n\t<\/div>\n\t<div class=\"ls-hebergement__details\">\n\n\t\n\t\t<div class=\"ls-hebergement__icons\">\n\n\t\t\t\t\t\t\t<span class=\"ls-hebergement__icon\">\n\t\t\t\t\t<i class=\"icon-famille\"><\/i>\n\t\t\t\t\t5\t\t\t\t<\/span>\n\t\t\t\n\t\t\t\n\t\t\t\n\t\t\t\t\t\t\t<span class=\"ls-hebergement__icon\">\n\t\t\t\t\t<i class=\"icon-area\"><\/i>\n\t\t\t\t\t35m\u00b2\n\t\t\t\t<\/span>\n\t\t\t\t\t\t\n\t\t\t\t\t<\/div>\n\t\n\t<\/div>\n\t<div class=\"ls-hebergement__title h2-like deco\">\n\t\tGITE BINNENPLAATS 5 PERS\t\t\n\t<\/div>\n\n\t<div class=\"ls-hebergement__disponibilite ls-button\"><span>Ontdek<\/span><\/div>\n\n<\/a>\n\n\n<\/div>\n\n<div class=\"ls-hebergement \"  data-postid='5033' data-id-reservation='57442' data-id-site='' data-id1='' data-nombre_de_personnes='5' data-nombre_de_chambres='' data-type='gites'>\n\n<a href=\"https:\/\/www.camping-cevennes.info\/nl\/vakantiehuisjes\/huisje-5-personen\/\" class=\"ls-hebergement__link\">\n\t<div class=\"ls-hebergement__thumb\">\n\t\t\t\t<img decoding=\"async\" src=\"https:\/\/www.camping-cevennes.info\/wp-content\/uploads\/2022\/09\/gite-5-personnes-cevennes.jpg\" alt=\"GITE 5 PERS\" \/>\n\t<\/div>\n\t<div class=\"ls-hebergement__details\">\n\n\t\n\t\t<div class=\"ls-hebergement__icons\">\n\n\t\t\t\t\t\t\t<span class=\"ls-hebergement__icon\">\n\t\t\t\t\t<i class=\"icon-famille\"><\/i>\n\t\t\t\t\t5\t\t\t\t<\/span>\n\t\t\t\n\t\t\t\n\t\t\t\n\t\t\t\t\t\t\t<span class=\"ls-hebergement__icon\">\n\t\t\t\t\t<i class=\"icon-area\"><\/i>\n\t\t\t\t\t36m\u00b2\n\t\t\t\t<\/span>\n\t\t\t\t\t\t\n\t\t\t\t\t<\/div>\n\t\n\t<\/div>\n\t<div class=\"ls-hebergement__title h2-like deco\">\n\t\tGITE 5 PERS\t\t\n\t<\/div>\n\n\t<div class=\"ls-hebergement__disponibilite ls-button\"><span>Ontdek<\/span><\/div>\n\n<\/a>\n\n\n<\/div>\n\n<div class=\"ls-hebergement \"  data-postid='5036' data-id-reservation='57441' data-id-site='' data-id1='' data-nombre_de_personnes='4' data-nombre_de_chambres='' data-type='gites'>\n\n<a href=\"https:\/\/www.camping-cevennes.info\/nl\/vakantiehuisjes\/huisje-kamer-4-pers\/\" class=\"ls-hebergement__link\">\n\t<div class=\"ls-hebergement__thumb\">\n\t\t\t\t<img decoding=\"async\" src=\"https:\/\/www.camping-cevennes.info\/wp-content\/uploads\/2022\/09\/00000585602.webp\" alt=\"GITE 4 PERS + 1 KAMER\" \/>\n\t<\/div>\n\t<div class=\"ls-hebergement__details\">\n\n\t\n\t\t<div class=\"ls-hebergement__icons\">\n\n\t\t\t\t\t\t\t<span class=\"ls-hebergement__icon\">\n\t\t\t\t\t<i class=\"icon-famille\"><\/i>\n\t\t\t\t\t4\t\t\t\t<\/span>\n\t\t\t\n\t\t\t\n\t\t\t\n\t\t\t\t\t\t\t<span class=\"ls-hebergement__icon\">\n\t\t\t\t\t<i class=\"icon-area\"><\/i>\n\t\t\t\t\t30m\u00b2\n\t\t\t\t<\/span>\n\t\t\t\t\t\t\n\t\t\t\t\t<\/div>\n\t\n\t<\/div>\n\t<div class=\"ls-hebergement__title h2-like deco\">\n\t\tGITE 4 PERS + 1 KAMER\t\t\n\t<\/div>\n\n\t<div class=\"ls-hebergement__disponibilite ls-button\"><span>Ontdek<\/span><\/div>\n\n<\/a>\n\n\n<\/div>\n\n<div class=\"ls-hebergement \"  data-postid='5039' data-id-reservation='57439' data-id-site='' data-id1='' data-nombre_de_personnes='4' data-nombre_de_chambres='' data-type='gites'>\n\n<a href=\"https:\/\/www.camping-cevennes.info\/nl\/vakantiehuisjes\/huisje-4-personen\/\" class=\"ls-hebergement__link\">\n\t<div class=\"ls-hebergement__thumb\">\n\t\t\t\t<img decoding=\"async\" src=\"https:\/\/www.camping-cevennes.info\/wp-content\/uploads\/2022\/09\/gite-4-personnes.jpg\" alt=\"GITE 4 PERSONEN\" \/>\n\t<\/div>\n\t<div class=\"ls-hebergement__details\">\n\n\t\n\t\t<div class=\"ls-hebergement__icons\">\n\n\t\t\t\t\t\t\t<span class=\"ls-hebergement__icon\">\n\t\t\t\t\t<i class=\"icon-famille\"><\/i>\n\t\t\t\t\t4\t\t\t\t<\/span>\n\t\t\t\n\t\t\t\n\t\t\t\n\t\t\t\t\t\t\t<span class=\"ls-hebergement__icon\">\n\t\t\t\t\t<i class=\"icon-area\"><\/i>\n\t\t\t\t\t30m\u00b2\n\t\t\t\t<\/span>\n\t\t\t\t\t\t\n\t\t\t\t\t<\/div>\n\t\n\t<\/div>\n\t<div class=\"ls-hebergement__title h2-like deco\">\n\t\tGITE 4 PERSONEN\t\t\n\t<\/div>\n\n\t<div class=\"ls-hebergement__disponibilite ls-button\"><span>Ontdek<\/span><\/div>\n\n<\/a>\n\n\n<\/div><\/div><\/div>\n\n\n<div class=\"wp-block-columns columns-parent is-layout-flex wp-container-core-columns-is-layout-9d6595d7 wp-block-columns-is-layout-flex\">\n<div class=\"wp-block-column is-vertically-aligned-center left is-layout-flow wp-block-column-is-layout-flow\">\n<p class=\"ls-paragraph\"><a href=\"\/nl\/\">Camping Mas de la Cam<\/a> heet u welkom in een bloemrijke, beboste omgeving, om er even helemaal uit te zijn en lekker te kunnen ontspannen. De Camping ligt aan de rand van het <strong>natuurgebied<\/strong> de Cevennen, dat grenst aan de Grands Causses.<\/p>\n<\/div>\n\n\n\n<div class=\"wp-block-column right is-layout-flow wp-block-column-is-layout-flow\">\n<div class=\"wp-block-columns columns-child is-layout-flex wp-container-core-columns-is-layout-9d6595d7 wp-block-columns-is-layout-flex\">\n<div class=\"wp-block-column image-one is-layout-flow wp-block-column-is-layout-flow\">\n<figure class=\"wp-block-image size-full animated fadeInRight delay-500ms slow\"><a href=\"https:\/\/www.camping-cevennes.info\/wp-content\/uploads\/2022\/10\/gites-cevennes.jpg\"><img decoding=\"async\" width=\"900\" height=\"600\" src=\"https:\/\/www.camping-cevennes.info\/wp-content\/uploads\/2022\/10\/gites-cevennes.jpg\" alt=\"gites cevennes\" class=\"wp-image-1862\" srcset=\"https:\/\/www.camping-cevennes.info\/wp-content\/uploads\/2022\/10\/gites-cevennes.jpg 900w, https:\/\/www.camping-cevennes.info\/wp-content\/uploads\/2022\/10\/gites-cevennes-300x200.jpg 300w, https:\/\/www.camping-cevennes.info\/wp-content\/uploads\/2022\/10\/gites-cevennes-768x512.jpg 768w\" sizes=\"(max-width: 900px) 100vw, 900px\" \/><\/a><\/figure>\n<\/div>\n<\/div>\n<\/div>\n<\/div>\n\n\n    <\/div>\n<\/section>\n\n<section id=\"ls-section-block_831a55976b7648f3b07a8e882df409d3\" class=\"ls-section  page-two has-m-t m-t-6 has-p-t p-t-4 has-p-b p-b-4\" >\n        <div class=\"container container--wide\">\n        \n\n<h2 class=\"ls__heading has-text-align-center deco-centree wp-block-heading\">5 goede redenen om een G\u00eete in de Gard te huren<\/h2>\n\n\n\n<p class=\"ls-paragraph has-text-align-center\">De Camping ligt dichtbij het dorpje Saint Jean du Gard in de Cevennen, vlakbij de Loz\u00e8re en de Ard\u00e8che, in de regio Languedoc-Roussillon- Midi-Pyrenee\u00ebn. De rivier le Gardon stroomt langs de camping, de heuvels rond de camping zijn bosrijk. Als u houdt van zwemmen in de <a href=\"https:\/\/www.camping-cevennes.info\/nl\/camping-cevennen-rivier\/\">rivier<\/a>, en een landelijke omgeving, dan zijn onze <a href=\"https:\/\/www.camping-cevennes.info\/nl\/huisje-van-frankrijk-gard\/\">vakantiewoningen<\/a> in de Mas (herenboerderij) echt iets voor u. Het Bamboebos van Anduze op zo\u2019n 20 minuten rijden van de camping is een must voor de <strong>plantenliefhebber<\/strong>!<\/p>\n\n\n    <\/div>\n<\/section>\n\n<section id=\"ls-section-block_ed80f3c92b240221c977641a37d07463\" class=\"ls-section  parallax-seul has-background-image has-parallax has-m-b m-b-10\" >\n    <div class=\"ls-section__background-image opacity-100\"><img decoding=\"async\" src=\"https:\/\/www.camping-cevennes.info\/wp-content\/uploads\/2022\/10\/gites-de-la-cam.jpg\" alt=\"gites de la cam\"><\/div>    <div class=\"container container--full\">\n        \n\n<p class=\"ls-paragraph\"><\/p>\n\n\n    <\/div>\n<\/section>\n\n<section id=\"ls-section-block_977cd0b4fb5c226fad6dd9f8f46336d0\" class=\"ls-section  page-one has-m-t m-t-8 has-p-t p-t-0\" >\n        <div class=\"container container--wide\">\n        \n\n<div class=\"wp-block-columns is-layout-flex wp-container-core-columns-is-layout-9d6595d7 wp-block-columns-is-layout-flex\">\n<div class=\"wp-block-column is-layout-flow wp-block-column-is-layout-flow\">\n<figure class=\"wp-block-image size-full animated fadeInLeft delay-500ms slow\"><a href=\"https:\/\/www.camping-cevennes.info\/wp-content\/uploads\/2022\/10\/camping-avec-gites.jpg\"><img decoding=\"async\" width=\"900\" height=\"600\" src=\"https:\/\/www.camping-cevennes.info\/wp-content\/uploads\/2022\/10\/camping-avec-gites.jpg\" alt=\"camping avec gites\" class=\"wp-image-1887\" srcset=\"https:\/\/www.camping-cevennes.info\/wp-content\/uploads\/2022\/10\/camping-avec-gites.jpg 900w, https:\/\/www.camping-cevennes.info\/wp-content\/uploads\/2022\/10\/camping-avec-gites-300x200.jpg 300w, https:\/\/www.camping-cevennes.info\/wp-content\/uploads\/2022\/10\/camping-avec-gites-768x512.jpg 768w\" sizes=\"(max-width: 900px) 100vw, 900px\" \/><\/a><\/figure>\n\n\n\n<h2 class=\"ls__heading deco wp-block-heading\">G\u00eetes voor 6 personen in de Gard<\/h2>\n\n\n\n<p class=\"ls-paragraph\">De ruimste g\u00eetes zijn voor <strong>maximaal 6 personen<\/strong>. Een van deze ruimere vakantiewoningen is 51m2 en heeft 4 slaapplaatsen op een entresol (mezzanine) en een tweepersoons slaapbank in het hoofdvertrek; deze g\u00eete heeft een priv\u00e9terras. Het grootste vakantieappartement is 56m2 (g\u00eete Mas) met twee slaapkamers, waarvan \u00e9\u00e9n met een tweepersoonsbed. Deze grootste g\u00eete heeft een eigen aparte tuin.<\/p>\n<\/div>\n\n\n\n<div class=\"wp-block-column is-layout-flow wp-block-column-is-layout-flow\">\n<h2 class=\"ls__heading deco wp-block-heading\">G\u00eetes Cevennen voor 4 personen<\/h2>\n\n\n\n<p class=\"ls-paragraph\">Als u een vakantiewoning zoekt <strong>voor 4 personen<\/strong> in de Gard heeft u de keuze uit twee vakantieappartementen : de kleinste g\u00eete bestaat uit \u00e9\u00e9n vertrek met 4 slaapplaatsen en heeft een oppervlakte van 28m2. De andere g\u00eete is iets ruimer, 30m2, en heeft \u00e9\u00e9n slaapkamer met een stapelbed, en een slaapbank in het hoofdvertrek. Deze appartementen hebben elk een moderne keuken, een badkamer, en buiten, op een gedeelde binnenplaats een tuinzitje met parasol. U kunt gebruik maken van de barbecue op de binnenplaats (barbecue bij extreme droogte vanoverheidswege verboden).<\/p>\n\n\n\n<p class=\"ls-paragraph addReadMore showlesscontent\">We hebben drie verschillende vakantiewoningen voor 5 personen. De eerste beschikt over \u00e9\u00e9n slaapkamer met een onderschuifbed en een hoogslaper, in het hoofdvertrek staat een tweepersoons slaapbank. De tweede 5-persoons g\u00eete heeft een slaapkamer met drie eenpersoonsbedden en een slaapbank in het hoofdvertrek . Het derde type 5-persoons appartement is op de begane grond en heeft twee slaapkamers, waarvan \u00e9\u00e9n met een tweepersoonsbed, de andere met een stapelbed en een eenpersoonsbed.<\/p>\n\n\n\n<figure class=\"wp-block-image size-full animated fadeInRight delay-500ms slow\"><a href=\"https:\/\/www.camping-cevennes.info\/wp-content\/uploads\/2022\/10\/camping-mas-de-la-cam.jpg\"><img decoding=\"async\" width=\"900\" height=\"600\" src=\"https:\/\/www.camping-cevennes.info\/wp-content\/uploads\/2022\/10\/camping-mas-de-la-cam.jpg\" alt=\"camping mas de la cam\" class=\"wp-image-1896\" srcset=\"https:\/\/www.camping-cevennes.info\/wp-content\/uploads\/2022\/10\/camping-mas-de-la-cam.jpg 900w, https:\/\/www.camping-cevennes.info\/wp-content\/uploads\/2022\/10\/camping-mas-de-la-cam-300x200.jpg 300w, https:\/\/www.camping-cevennes.info\/wp-content\/uploads\/2022\/10\/camping-mas-de-la-cam-768x512.jpg 768w\" sizes=\"(max-width: 900px) 100vw, 900px\" \/><\/a><\/figure>\n<\/div>\n<\/div>\n\n\n    <\/div>\n<\/section>\n\n<section id=\"ls-section-block_3984c78927b2ed301e619f08f332e38a\" class=\"ls-section  page-two has-m-b m-b-10 has-p-t p-t-0 has-p-b p-b-0\" >\n        <div class=\"container container--wide\">\n        \n\n<h2 class=\"ls__heading has-text-align-center deco-centree wp-block-heading\">Het comfort van EEN APPARTEMENT in de Cevennen<\/h2>\n\n\n\n<p class=\"ls-paragraph has-text-align-center\">Al onze vakantiewoningen in de Gard zijn recentelijk opgeknapt en uitermate geschikt voor een leuke gezinsvakantie omdat u kunt profiteren van alle faciliteiten van de camping.<br>Bij alle vakantiewoningen kunt u lekker buiten zitten, op een binnenplaats voor sommige g\u00eetes; andere g\u00eetes hebben een eigen terras, of een apart gelegen zitje. Als u bij ons een vakantieappartement huurt, heeft u toegang tot alle faciliteiten en animatie van de camping. U kunt de Cevennen ontdekken, vanuit uw vakantiewoning met <a href=\"https:\/\/www.camping-cevennes.info\/nl\/camping-cevennes-zwembad\/\">zwembad<\/a> in de Gard, en zo de vele bezienswaardigheden van de regio bekijken : Pont du Gard, le Vigan, Mont Aigoual, le Grau du Roi, Sommi\u00e8res, Garrigue, Cirque de Navacelles&#8230;<\/p>\n\n\n    <\/div>\n<\/section>\n\n<section id=\"ls-section-block_5a77ea1613a138f94b146f8573d6d9c9\" class=\"ls-section  parallax-seul has-background-image has-parallax has-p-b p-b-10\" >\n    <div class=\"ls-section__background-image opacity-100\"><img decoding=\"async\" src=\"https:\/\/www.camping-cevennes.info\/wp-content\/uploads\/2022\/11\/location-gite-gard-1.jpg\" alt=\"location gite gard\"><\/div>    <div class=\"container container--full\">\n        \n    <\/div>\n<\/section>","protected":false},"excerpt":{"rendered":"","protected":false},"author":1,"featured_media":1878,"parent":0,"menu_order":0,"comment_status":"closed","ping_status":"closed","template":"","meta":{"_acf_changed":false,"footnotes":""},"sujet":[],"class_list":["post-5220","page","type-page","status-publish","has-post-thumbnail","hentry"],"acf":[],"yoast_head":"<!-- This site is optimized with the Yoast SEO plugin v25.3 - https:\/\/yoast.com\/wordpress\/plugins\/seo\/ -->\n<title>Gite C\u00e9vennes | G\u00eetes de France Gard | Vakantiehuizen Gard<\/title>\n<meta name=\"description\" content=\"Ontdek al onze g\u00eetes op de camping in de Cevennen: comfortabele en volledig uitgeruste accommodaties.\" \/>\n<meta name=\"robots\" content=\"index, follow, max-snippet:-1, max-image-preview:large, max-video-preview:-1\" \/>\n<link rel=\"canonical\" href=\"https:\/\/www.camping-cevennes.info\/nl\/huisje-van-frankrijk-gard\/\" \/>\n<meta property=\"og:locale\" content=\"nl_NL\" \/>\n<meta property=\"og:type\" content=\"article\" \/>\n<meta property=\"og:title\" content=\"Gite C\u00e9vennes | G\u00eetes de France Gard | Vakantiehuizen Gard\" \/>\n<meta property=\"og:description\" content=\"Ontdek al onze g\u00eetes op de camping in de Cevennen: comfortabele en volledig uitgeruste accommodaties.\" \/>\n<meta property=\"og:url\" content=\"https:\/\/www.camping-cevennes.info\/nl\/huisje-van-frankrijk-gard\/\" \/>\n<meta property=\"og:site_name\" content=\"Camping Mas de la Cam\" \/>\n<meta property=\"article:modified_time\" content=\"2022-12-03T10:29:11+00:00\" \/>\n<meta property=\"og:image\" content=\"https:\/\/www.camping-cevennes.info\/wp-content\/uploads\/2022\/10\/gites-mas-de-la-cam-1.jpg\" \/>\n\t<meta property=\"og:image:width\" content=\"1900\" \/>\n\t<meta property=\"og:image:height\" content=\"700\" \/>\n\t<meta property=\"og:image:type\" content=\"image\/jpeg\" \/>\n<meta name=\"twitter:card\" content=\"summary_large_image\" \/>\n<meta name=\"twitter:label1\" content=\"Geschatte leestijd\" \/>\n\t<meta name=\"twitter:data1\" content=\"4 minuten\" \/>\n<script type=\"application\/ld+json\" class=\"yoast-schema-graph\">{\"@context\":\"https:\/\/schema.org\",\"@graph\":[{\"@type\":\"WebPage\",\"@id\":\"https:\/\/www.camping-cevennes.info\/nl\/huisje-van-frankrijk-gard\/\",\"url\":\"https:\/\/www.camping-cevennes.info\/nl\/huisje-van-frankrijk-gard\/\",\"name\":\"Gite C\u00e9vennes | G\u00eetes de France Gard | Vakantiehuizen Gard\",\"isPartOf\":{\"@id\":\"https:\/\/www.camping-cevennes.info\/nl\/#website\"},\"primaryImageOfPage\":{\"@id\":\"https:\/\/www.camping-cevennes.info\/nl\/huisje-van-frankrijk-gard\/#primaryimage\"},\"image\":{\"@id\":\"https:\/\/www.camping-cevennes.info\/nl\/huisje-van-frankrijk-gard\/#primaryimage\"},\"thumbnailUrl\":\"https:\/\/www.camping-cevennes.info\/wp-content\/uploads\/2022\/10\/gites-mas-de-la-cam-1.jpg\",\"datePublished\":\"2022-10-07T07:48:24+00:00\",\"dateModified\":\"2022-12-03T10:29:11+00:00\",\"description\":\"Ontdek al onze g\u00eetes op de camping in de Cevennen: comfortabele en volledig uitgeruste accommodaties.\",\"breadcrumb\":{\"@id\":\"https:\/\/www.camping-cevennes.info\/nl\/huisje-van-frankrijk-gard\/#breadcrumb\"},\"inLanguage\":\"nl-NL\",\"potentialAction\":[{\"@type\":\"ReadAction\",\"target\":[\"https:\/\/www.camping-cevennes.info\/nl\/huisje-van-frankrijk-gard\/\"]}]},{\"@type\":\"ImageObject\",\"inLanguage\":\"nl-NL\",\"@id\":\"https:\/\/www.camping-cevennes.info\/nl\/huisje-van-frankrijk-gard\/#primaryimage\",\"url\":\"https:\/\/www.camping-cevennes.info\/wp-content\/uploads\/2022\/10\/gites-mas-de-la-cam-1.jpg\",\"contentUrl\":\"https:\/\/www.camping-cevennes.info\/wp-content\/uploads\/2022\/10\/gites-mas-de-la-cam-1.jpg\",\"width\":1900,\"height\":700,\"caption\":\"gites mas de la cam\"},{\"@type\":\"BreadcrumbList\",\"@id\":\"https:\/\/www.camping-cevennes.info\/nl\/huisje-van-frankrijk-gard\/#breadcrumb\",\"itemListElement\":[{\"@type\":\"ListItem\",\"position\":1,\"name\":\"Kamperen C\u00e9vennes\",\"item\":\"https:\/\/www.camping-cevennes.info\/nl\/\"},{\"@type\":\"ListItem\",\"position\":2,\"name\":\"Huisje Cevennen\"}]},{\"@type\":\"WebSite\",\"@id\":\"https:\/\/www.camping-cevennes.info\/nl\/#website\",\"url\":\"https:\/\/www.camping-cevennes.info\/nl\/\",\"name\":\"Camping Mas de la Cam\",\"description\":\"\",\"publisher\":{\"@id\":\"https:\/\/www.camping-cevennes.info\/nl\/#organization\"},\"potentialAction\":[{\"@type\":\"SearchAction\",\"target\":{\"@type\":\"EntryPoint\",\"urlTemplate\":\"https:\/\/www.camping-cevennes.info\/nl\/?s={search_term_string}\"},\"query-input\":{\"@type\":\"PropertyValueSpecification\",\"valueRequired\":true,\"valueName\":\"search_term_string\"}}],\"inLanguage\":\"nl-NL\"},{\"@type\":\"Organization\",\"@id\":\"https:\/\/www.camping-cevennes.info\/nl\/#organization\",\"name\":\"Camping Mas de la Cam\",\"url\":\"https:\/\/www.camping-cevennes.info\/nl\/\",\"logo\":{\"@type\":\"ImageObject\",\"inLanguage\":\"nl-NL\",\"@id\":\"https:\/\/www.camping-cevennes.info\/nl\/#\/schema\/logo\/image\/\",\"url\":\"https:\/\/www.camping-cevennes.info\/wp-content\/uploads\/2022\/09\/logo-camping-mas-de-la-cam-noir-1.png\",\"contentUrl\":\"https:\/\/www.camping-cevennes.info\/wp-content\/uploads\/2022\/09\/logo-camping-mas-de-la-cam-noir-1.png\",\"width\":625,\"height\":190,\"caption\":\"Camping Mas de la Cam\"},\"image\":{\"@id\":\"https:\/\/www.camping-cevennes.info\/nl\/#\/schema\/logo\/image\/\"}}]}<\/script>\n<!-- \/ Yoast SEO plugin. -->","yoast_head_json":{"title":"Gite C\u00e9vennes | G\u00eetes de France Gard | Vakantiehuizen Gard","description":"Ontdek al onze g\u00eetes op de camping in de Cevennen: comfortabele en volledig uitgeruste accommodaties.","robots":{"index":"index","follow":"follow","max-snippet":"max-snippet:-1","max-image-preview":"max-image-preview:large","max-video-preview":"max-video-preview:-1"},"canonical":"https:\/\/www.camping-cevennes.info\/nl\/huisje-van-frankrijk-gard\/","og_locale":"nl_NL","og_type":"article","og_title":"Gite C\u00e9vennes | G\u00eetes de France Gard | Vakantiehuizen Gard","og_description":"Ontdek al onze g\u00eetes op de camping in de Cevennen: comfortabele en volledig uitgeruste accommodaties.","og_url":"https:\/\/www.camping-cevennes.info\/nl\/huisje-van-frankrijk-gard\/","og_site_name":"Camping Mas de la Cam","article_modified_time":"2022-12-03T10:29:11+00:00","og_image":[{"width":1900,"height":700,"url":"https:\/\/www.camping-cevennes.info\/wp-content\/uploads\/2022\/10\/gites-mas-de-la-cam-1.jpg","type":"image\/jpeg"}],"twitter_card":"summary_large_image","twitter_misc":{"Geschatte leestijd":"4 minuten"},"schema":{"@context":"https:\/\/schema.org","@graph":[{"@type":"WebPage","@id":"https:\/\/www.camping-cevennes.info\/nl\/huisje-van-frankrijk-gard\/","url":"https:\/\/www.camping-cevennes.info\/nl\/huisje-van-frankrijk-gard\/","name":"Gite C\u00e9vennes | G\u00eetes de France Gard | Vakantiehuizen Gard","isPartOf":{"@id":"https:\/\/www.camping-cevennes.info\/nl\/#website"},"primaryImageOfPage":{"@id":"https:\/\/www.camping-cevennes.info\/nl\/huisje-van-frankrijk-gard\/#primaryimage"},"image":{"@id":"https:\/\/www.camping-cevennes.info\/nl\/huisje-van-frankrijk-gard\/#primaryimage"},"thumbnailUrl":"https:\/\/www.camping-cevennes.info\/wp-content\/uploads\/2022\/10\/gites-mas-de-la-cam-1.jpg","datePublished":"2022-10-07T07:48:24+00:00","dateModified":"2022-12-03T10:29:11+00:00","description":"Ontdek al onze g\u00eetes op de camping in de Cevennen: comfortabele en volledig uitgeruste accommodaties.","breadcrumb":{"@id":"https:\/\/www.camping-cevennes.info\/nl\/huisje-van-frankrijk-gard\/#breadcrumb"},"inLanguage":"nl-NL","potentialAction":[{"@type":"ReadAction","target":["https:\/\/www.camping-cevennes.info\/nl\/huisje-van-frankrijk-gard\/"]}]},{"@type":"ImageObject","inLanguage":"nl-NL","@id":"https:\/\/www.camping-cevennes.info\/nl\/huisje-van-frankrijk-gard\/#primaryimage","url":"https:\/\/www.camping-cevennes.info\/wp-content\/uploads\/2022\/10\/gites-mas-de-la-cam-1.jpg","contentUrl":"https:\/\/www.camping-cevennes.info\/wp-content\/uploads\/2022\/10\/gites-mas-de-la-cam-1.jpg","width":1900,"height":700,"caption":"gites mas de la cam"},{"@type":"BreadcrumbList","@id":"https:\/\/www.camping-cevennes.info\/nl\/huisje-van-frankrijk-gard\/#breadcrumb","itemListElement":[{"@type":"ListItem","position":1,"name":"Kamperen C\u00e9vennes","item":"https:\/\/www.camping-cevennes.info\/nl\/"},{"@type":"ListItem","position":2,"name":"Huisje Cevennen"}]},{"@type":"WebSite","@id":"https:\/\/www.camping-cevennes.info\/nl\/#website","url":"https:\/\/www.camping-cevennes.info\/nl\/","name":"Camping Mas de la Cam","description":"","publisher":{"@id":"https:\/\/www.camping-cevennes.info\/nl\/#organization"},"potentialAction":[{"@type":"SearchAction","target":{"@type":"EntryPoint","urlTemplate":"https:\/\/www.camping-cevennes.info\/nl\/?s={search_term_string}"},"query-input":{"@type":"PropertyValueSpecification","valueRequired":true,"valueName":"search_term_string"}}],"inLanguage":"nl-NL"},{"@type":"Organization","@id":"https:\/\/www.camping-cevennes.info\/nl\/#organization","name":"Camping Mas de la Cam","url":"https:\/\/www.camping-cevennes.info\/nl\/","logo":{"@type":"ImageObject","inLanguage":"nl-NL","@id":"https:\/\/www.camping-cevennes.info\/nl\/#\/schema\/logo\/image\/","url":"https:\/\/www.camping-cevennes.info\/wp-content\/uploads\/2022\/09\/logo-camping-mas-de-la-cam-noir-1.png","contentUrl":"https:\/\/www.camping-cevennes.info\/wp-content\/uploads\/2022\/09\/logo-camping-mas-de-la-cam-noir-1.png","width":625,"height":190,"caption":"Camping Mas de la Cam"},"image":{"@id":"https:\/\/www.camping-cevennes.info\/nl\/#\/schema\/logo\/image\/"}}]}},"_links":{"self":[{"href":"https:\/\/www.camping-cevennes.info\/nl\/wp-json\/wp\/v2\/pages\/5220","targetHints":{"allow":["GET"]}}],"collection":[{"href":"https:\/\/www.camping-cevennes.info\/nl\/wp-json\/wp\/v2\/pages"}],"about":[{"href":"https:\/\/www.camping-cevennes.info\/nl\/wp-json\/wp\/v2\/types\/page"}],"author":[{"embeddable":true,"href":"https:\/\/www.camping-cevennes.info\/nl\/wp-json\/wp\/v2\/users\/1"}],"replies":[{"embeddable":true,"href":"https:\/\/www.camping-cevennes.info\/nl\/wp-json\/wp\/v2\/comments?post=5220"}],"version-history":[{"count":13,"href":"https:\/\/www.camping-cevennes.info\/nl\/wp-json\/wp\/v2\/pages\/5220\/revisions"}],"predecessor-version":[{"id":6922,"href":"https:\/\/www.camping-cevennes.info\/nl\/wp-json\/wp\/v2\/pages\/5220\/revisions\/6922"}],"wp:featuredmedia":[{"embeddable":true,"href":"https:\/\/www.camping-cevennes.info\/nl\/wp-json\/wp\/v2\/media\/1878"}],"wp:attachment":[{"href":"https:\/\/www.camping-cevennes.info\/nl\/wp-json\/wp\/v2\/media?parent=5220"}],"wp:term":[{"taxonomy":"sujet","embeddable":true,"href":"https:\/\/www.camping-cevennes.info\/nl\/wp-json\/wp\/v2\/sujet?post=5220"}],"curies":[{"name":"wp","href":"https:\/\/api.w.org\/{rel}","templated":true}]}}