{"id":5212,"date":"2022-09-26T12:24:17","date_gmt":"2022-09-26T10:24:17","guid":{"rendered":"https:\/\/www.camping-cevennes.info\/accueil\/"},"modified":"2025-12-02T11:33:26","modified_gmt":"2025-12-02T10:33:26","slug":"de","status":"publish","type":"page","link":"https:\/\/www.camping-cevennes.info\/nl\/","title":{"rendered":"Accueil"},"content":{"rendered":"<section id=\"ls-section-block_77b5b7efa2e0f396ac679014bba29b51\" class=\"ls-section  home-intro has-p-t p-t-14\" >\n        <div class=\"container container--wide\">\n        \n\n<div style=\"height:275px;\">\n<div id=\"elaia-window\" class=\"elaia-window-close\"><\/div>\n<\/div>\n\n\n\n<div class=\"wp-block-columns columns-parent is-layout-flex wp-container-core-columns-is-layout-9d6595d7 wp-block-columns-is-layout-flex\">\n<div class=\"wp-block-column left is-layout-flow wp-block-column-is-layout-flow\">\n<div id=\"ls-heading ls-titre-div-block_99a62f9a289c6038a2d719b8aa56c529\" class=\"ls-titre-div deco-h1 animated fadeInLeft h1-like\" >\n    <span class=\"small\">Welkom<\/span><br>In <strong>de Gard<\/strong><\/div>\n\n\n\n<h1 class=\"ls__heading wp-block-heading\">CAMPING IN DE CEVENNEN<\/h1>\n\n\n\n<p class=\"ls-paragraph\">Welkom op camping Gard Mas de la Cam****, een camping zonder stacaravans gelegen aan de rand van het natuurgebied de Cevennen in Saint Jean du Gard, voor ultiem kampeerplezier in een weelderige, bloemrijke omgeving. Gelegen op een bebost eigendom van 65 hectare, begrensd door een kabbelende rivier in \u00e9\u00e9n van de valleien van de Cevennen. De natuurlijke omgeving in de Gorges du Gardon is authentiek en onaangetast. Met uw tent, camper of caravan kunt u terecht op onze kampeerplaatsen, die veelal met gras begroeid en schaduwrijk zijn en gemiddeld 100 m\u00b2 meten.<\/p>\n\n\n\n<figure class=\"wp-block-image size-full image-one animated fadeInLeft delay-500ms\"><a href=\"https:\/\/www.camping-cevennes.info\/wp-content\/uploads\/2022\/10\/camping-aire-jeux-gard.jpg\"><img decoding=\"async\" width=\"900\" height=\"600\" src=\"https:\/\/www.camping-cevennes.info\/wp-content\/uploads\/2022\/10\/camping-aire-jeux-gard.jpg\" alt=\"camping aire de jeux gard\" class=\"wp-image-1248\" srcset=\"https:\/\/www.camping-cevennes.info\/wp-content\/uploads\/2022\/10\/camping-aire-jeux-gard.jpg 900w, https:\/\/www.camping-cevennes.info\/wp-content\/uploads\/2022\/10\/camping-aire-jeux-gard-300x200.jpg 300w, https:\/\/www.camping-cevennes.info\/wp-content\/uploads\/2022\/10\/camping-aire-jeux-gard-768x512.jpg 768w\" sizes=\"(max-width: 900px) 100vw, 900px\" \/><\/a><\/figure>\n\n\n\n<div class=\"wp-block-columns columns-child is-layout-flex wp-container-core-columns-is-layout-9d6595d7 wp-block-columns-is-layout-flex\">\n<div class=\"wp-block-column left is-layout-flow wp-block-column-is-layout-flow\">\n<figure class=\"wp-block-image size-full animated fadeInLeft delay-500ms\"><a href=\"https:\/\/www.camping-cevennes.info\/wp-content\/uploads\/2022\/10\/cevennes.jpg\"><img decoding=\"async\" width=\"900\" height=\"600\" src=\"https:\/\/www.camping-cevennes.info\/wp-content\/uploads\/2022\/10\/cevennes.jpg\" alt=\"cevennes\" class=\"wp-image-1270\" srcset=\"https:\/\/www.camping-cevennes.info\/wp-content\/uploads\/2022\/10\/cevennes.jpg 900w, https:\/\/www.camping-cevennes.info\/wp-content\/uploads\/2022\/10\/cevennes-300x200.jpg 300w, https:\/\/www.camping-cevennes.info\/wp-content\/uploads\/2022\/10\/cevennes-768x512.jpg 768w\" sizes=\"(max-width: 900px) 100vw, 900px\" \/><\/a><\/figure>\n<\/div>\n\n\n\n<div class=\"wp-block-column right is-layout-flow wp-block-column-is-layout-flow\">\n<figure class=\"wp-block-image size-full animated fadeInLeft delay-200ms\"><a href=\"https:\/\/www.camping-cevennes.info\/wp-content\/uploads\/2022\/10\/pumptrack-camping.jpg\"><img decoding=\"async\" width=\"900\" height=\"600\" src=\"https:\/\/www.camping-cevennes.info\/wp-content\/uploads\/2022\/10\/pumptrack-camping.jpg\" alt=\"pumptrack camping\" class=\"wp-image-1312\" srcset=\"https:\/\/www.camping-cevennes.info\/wp-content\/uploads\/2022\/10\/pumptrack-camping.jpg 900w, https:\/\/www.camping-cevennes.info\/wp-content\/uploads\/2022\/10\/pumptrack-camping-300x200.jpg 300w, https:\/\/www.camping-cevennes.info\/wp-content\/uploads\/2022\/10\/pumptrack-camping-768x512.jpg 768w\" sizes=\"(max-width: 900px) 100vw, 900px\" \/><\/a><\/figure>\n<\/div>\n<\/div>\n<\/div>\n\n\n\n<div class=\"wp-block-column right is-layout-flow wp-block-column-is-layout-flow\">\n<figure class=\"wp-block-image size-full image-one animated fadeInRight delay-500ms\"><a href=\"https:\/\/www.camping-cevennes.info\/wp-content\/uploads\/2022\/10\/camping-cevennes-animations.jpg\"><img decoding=\"async\" width=\"900\" height=\"600\" src=\"https:\/\/www.camping-cevennes.info\/wp-content\/uploads\/2022\/10\/camping-cevennes-animations.jpg\" alt=\"camping cevennes animations\" class=\"wp-image-1242\" srcset=\"https:\/\/www.camping-cevennes.info\/wp-content\/uploads\/2022\/10\/camping-cevennes-animations.jpg 900w, https:\/\/www.camping-cevennes.info\/wp-content\/uploads\/2022\/10\/camping-cevennes-animations-300x200.jpg 300w, https:\/\/www.camping-cevennes.info\/wp-content\/uploads\/2022\/10\/camping-cevennes-animations-768x512.jpg 768w\" sizes=\"(max-width: 900px) 100vw, 900px\" \/><\/a><\/figure>\n\n\n\n<figure class=\"wp-block-image size-full image-two animated fadeInRight delay-500ms\"><a href=\"https:\/\/www.camping-cevennes.info\/wp-content\/uploads\/2022\/10\/mas-de-la-cam.jpg\"><img decoding=\"async\" width=\"900\" height=\"600\" src=\"https:\/\/www.camping-cevennes.info\/wp-content\/uploads\/2022\/10\/mas-de-la-cam.jpg\" alt=\"mas de la cam\" class=\"wp-image-1214\" srcset=\"https:\/\/www.camping-cevennes.info\/wp-content\/uploads\/2022\/10\/mas-de-la-cam.jpg 900w, https:\/\/www.camping-cevennes.info\/wp-content\/uploads\/2022\/10\/mas-de-la-cam-300x200.jpg 300w, https:\/\/www.camping-cevennes.info\/wp-content\/uploads\/2022\/10\/mas-de-la-cam-768x512.jpg 768w\" sizes=\"(max-width: 900px) 100vw, 900px\" \/><\/a><\/figure>\n\n\n\n<p class=\"ls-paragraph\">De kampeerplaatsen zijn uitgerust met een elektriciteitsaansluiting (6 of 10 amp\u00e8re). U kunt gebruik maken van moderne wasgelegenheden en vele andere faciliteiten. Bij ons kunt u het echte <strong>kamperen ontdekken of herontdekken,<\/strong> met veel comfort maar zonder stacaravans of chalets.<\/p>\n\n\n\n<a href=\"https:\/\/www.camping-cevennes.info\/wp-content\/uploads\/2022\/09\/plan2024.pdf\" id=\"ls-button-block_7bd46d144ad0a9c10e390af97eb0e617\" target=\"_blank\" rel=\"noopener\" class=\"ls-button has-m-b m-b-0\" ><span>Plattegrond<\/span> <i class='icon-arrow-right'><\/i><\/a>\n\n\n\n<a href=\"https:\/\/www.camping-cevennes.info\/wp-content\/uploads\/2022\/09\/resa26.nl_-1.pdf\" id=\"ls-button-block_9f59bc920e64f3f0b9eb21f7e39430d1\" target=\"_blank\" rel=\"noopener\" class=\"ls-button has-m-t m-t-0\" ><span>Tarieven 2026<\/span> <i class='icon-arrow-right'><\/i><\/a>\n<\/div>\n<\/div>\n\n\n    <\/div>\n<\/section>\n\n<section id=\"ls-section-block_5afb0b307c19fa5beea39bf21c348cae\" class=\"ls-section  home-services has-p-b p-b-0\" >\n        <div class=\"container container--wide\">\n        \n\n<h2 class=\"ls__heading wp-block-heading deco\">4 STERREN CAMPING CEVENNEN<\/h2>\n\n\n\n<p class=\"ls-paragraph\">Al is de ligging van camping Mas de la Cam in de groene, bosrijke omgeving van het natuurgebied de <strong>Cevennen<\/strong> een sterk punt, uw comfort wordt zeker niet vergeten. Op de camping zijn veel faciliteiten die uw&nbsp;<strong>verblijf in de Gard<\/strong>&nbsp;zo prettig mogelijk zullen maken. Het restaurant van de camping (open van juni tot 10 september) biedt u een kleine kaart waarop u behalve pizza\u2019s en friet ook een aantal lokale specialiteiten kunt vinden, zoals de P\u00e9lardon geitenkaas. Bij de bar kunt u terecht voor een glaasje met vrienden op het terras, of u kunt er belangrijke sportevenementen volgen op een groot tv-scherm. Een klein winkeltje op de camping zorgt voor de ingredi\u00ebnten voor een echt Frans ontbijt : stokbrood, croissants, pains au chocolat\u2026 Verder is er een wasserette met wasmachines en een wasdroger die continu toegankelijk is.<\/p>\n\n\n    <\/div>\n<\/section>\n\n<section id=\"ls-section-block_ff0b98aaed0436e7b12ef1e8345fa0a3\" class=\"ls-section  home-services-bis\" >\n        <div class=\"container container--full\">\n        \n\n<div class=\"wp-block-columns cta-services-container is-layout-flex wp-container-core-columns-is-layout-9d6595d7 wp-block-columns-is-layout-flex\">\n<div class=\"wp-block-column is-layout-flow wp-block-column-is-layout-flow\">\n<div id=\"ls-cta-block_6d79f1e3bb384ef4db0a937efe58f57a\" class=\"ls-cta cta-services\">  \n    \n\n<a href=\"https:\/\/www.camping-cevennes.info\/nl\/pumptracks-in-de-cevennen\/\" target=\"\" rel=\"noopener\" class=\"ls-cta__link\">\n\n\t<div class=\"ls-cta__image\"><img decoding=\"async\" src=\"https:\/\/www.camping-cevennes.info\/wp-content\/uploads\/2022\/09\/pump-track-au-camping-mas-de-la-cam.jpg\" alt=\"pump track au camping mas de la cam\"><\/div>\n\t<div class=\"ls-cta__title\">\n\t\tPUMPTRACKS\t<\/div>\n\n\t\t\t<div class=\"ls-cta__description\">\n\t\t\tOmdat vakantie ook een moment is voor extra tijd voor jezelf en voor sport.\t\t\n\t\t<\/div>\n\t\t\n<\/a><\/div><\/div>\n\n\n\n<div class=\"wp-block-column is-layout-flow wp-block-column-is-layout-flow\">\n<div id=\"ls-cta-block_2bc721678a921ae2ce7a709a5549f24c\" class=\"ls-cta cta-services\">  \n    \n\n<a href=\"https:\/\/www.camping-cevennes.info\/nl\/kamperen-cevennen-fiets\/\" target=\"\" rel=\"noopener\" class=\"ls-cta__link\">\n\n\t<div class=\"ls-cta__image\"><img decoding=\"async\" src=\"https:\/\/www.camping-cevennes.info\/wp-content\/uploads\/2022\/09\/sorties-velo-au-camping-mas-de-la-cam.jpg\" alt=\"sorties velo au camping mas de la cam\"><\/div>\n\t<div class=\"ls-cta__title\">\n\t\tFIETSTOCHTEN\t<\/div>\n\n\t\t\t<div class=\"ls-cta__description\">\n\t\t\tEr zijn vele fietsroutes te rijden, met familie of vrienden valt er een hoop te ontdekken.\t\t\n\t\t<\/div>\n\t\t\n<\/a><\/div><\/div>\n\n\n\n<div class=\"wp-block-column is-layout-flow wp-block-column-is-layout-flow\">\n<div id=\"ls-cta-block_562826fda480707f43d3425d40cd6825\" class=\"ls-cta cta-services\">  \n    \n\n<a href=\"https:\/\/www.camping-cevennes.info\/nl\/dienst-4-sterrenhotel-cevennes\/\" target=\"\" rel=\"noopener\" class=\"ls-cta__link\">\n\n\t<div class=\"ls-cta__image\"><img decoding=\"async\" src=\"https:\/\/www.camping-cevennes.info\/wp-content\/uploads\/2022\/09\/bar-restaurant-au-camping-mas-de-la-cam.jpg\" alt=\"bar restaurant camping\"><\/div>\n\t<div class=\"ls-cta__title\">\n\t\tBAR \/ RESTAURANT\t<\/div>\n\n\t\t\t<div class=\"ls-cta__description\">\n\t\t\tOntdek ons bar-restaurant en kom er lekker ontspannen tijdens uw vakantie.\t\t\n\t\t<\/div>\n\t\t\n<\/a><\/div><\/div>\n\n\n\n<div class=\"wp-block-column is-layout-flow wp-block-column-is-layout-flow\">\n<div id=\"ls-cta-block_ca3d3eb0ace463e23fd511d357ab265a\" class=\"ls-cta cta-services\">  \n    \n\n<a href=\"https:\/\/www.camping-cevennes.info\/nl\/activiteiten-cevennen-camping\/\" target=\"\" rel=\"noopener\" class=\"ls-cta__link\">\n\n\t<div class=\"ls-cta__image\"><img decoding=\"async\" src=\"https:\/\/www.camping-cevennes.info\/wp-content\/uploads\/2022\/09\/activites-au-camping-mas-de-la-cam.jpg\" alt=\"activites au camping mas de la cam\"><\/div>\n\t<div class=\"ls-cta__title\">\n\t\tACTIVITEITEN\t<\/div>\n\n\t\t\t<div class=\"ls-cta__description\">\n\t\t\tAnimatie voor de kinderen voor eindeloos vakantieplezier.\t\t\n\t\t<\/div>\n\t\t\n<\/a><\/div><\/div>\n\n\n\n<div class=\"wp-block-column is-layout-flow wp-block-column-is-layout-flow\">\n<div id=\"ls-cta-block_9a1e3aff76e061cc33f3e4497bed09f5\" class=\"ls-cta cta-services\">  \n    \n\n<a href=\"https:\/\/www.camping-cevennes.info\/nl\/dienst-4-sterrenhotel-cevennes\/\" target=\"\" rel=\"noopener\" class=\"ls-cta__link\">\n\n\t<div class=\"ls-cta__image\"><img decoding=\"async\" src=\"https:\/\/www.camping-cevennes.info\/wp-content\/uploads\/2022\/10\/pain-viennoiseries.jpg\" alt=\"pain viennoiseries\"><\/div>\n\t<div class=\"ls-cta__title\">\n\t\tFACILITEITEN\t<\/div>\n\n\t\t\t<div class=\"ls-cta__description\">\n\t\t\tMaak uw leven gemakkelijker met de boodschappen en de was (wasmachines en drogers).\t\t\n\t\t<\/div>\n\t\t\n<\/a><\/div><\/div>\n<\/div>\n\n\n    <\/div>\n<\/section>\n\n<section id=\"ls-section-block_3ccd9a6fc3f493a29dc9599c1c371cf9\" class=\"ls-section  home-piscine has-p-t p-t-0\" >\n        <div class=\"container container--wide\">\n        \n\n<h2 class=\"ls__heading wp-block-heading has-text-align-center deco-centree\">CAMPING MET ZWEMBAD EN RIVIER CEVENNEN<\/h2>\n\n\n\n<div class=\"wp-block-columns is-layout-flex wp-container-core-columns-is-layout-9d6595d7 wp-block-columns-is-layout-flex\">\n<div class=\"wp-block-column left is-layout-flow wp-block-column-is-layout-flow\" style=\"flex-basis:55%\">\n<figure class=\"wp-block-image size-full animated fadeInDown delay-500ms slow\"><a href=\"https:\/\/www.camping-cevennes.info\/wp-content\/uploads\/2022\/10\/camping-piscine-saint-jean-du-gard-1.jpg\"><img decoding=\"async\" width=\"900\" height=\"600\" src=\"https:\/\/www.camping-cevennes.info\/wp-content\/uploads\/2022\/10\/camping-piscine-saint-jean-du-gard-1.jpg\" alt=\"camping piscine saint jean du gard\" class=\"wp-image-1306\" srcset=\"https:\/\/www.camping-cevennes.info\/wp-content\/uploads\/2022\/10\/camping-piscine-saint-jean-du-gard-1.jpg 900w, https:\/\/www.camping-cevennes.info\/wp-content\/uploads\/2022\/10\/camping-piscine-saint-jean-du-gard-1-300x200.jpg 300w, https:\/\/www.camping-cevennes.info\/wp-content\/uploads\/2022\/10\/camping-piscine-saint-jean-du-gard-1-768x512.jpg 768w\" sizes=\"(max-width: 900px) 100vw, 900px\" \/><\/a><\/figure>\n\n\n\n<p class=\"ls-paragraph\">Jong en oud kunnen veel plezier beleven bij het <a href=\"https:\/\/www.camping-cevennes.info\/nl\/camping-cevennes-zwembad\/\">zwembad<\/a>. Het waterpark is vrij toegankelijk voor alle gasten gedurende hun vakantie op onze camping Cevennen, zowel in het hoogseizoen als in het laagseizoen. Verder valt er ook een hoop te beleven in de rivier Gardon, zwemmen, vissen, spelevaren, dammen bouwen. En er zijn nog andere faciliteiten voor sport en spel zoals een groot jeu-de-boules terrein en ping-pong tafels, op onze camping middenin de Cevennen.<\/p>\n\n\n\n<p class=\"ls-paragraph\">Onze camping in het hart van de Cevennen beschikt over een prachtig waterpark met spectaculair uitzicht over de omliggende natuur. Twee bassins met een totale oppervlakte van 500 m\u00b2 vormen een paradijs voor de waterliefhebber. In het laagseizoen kan \u00e9\u00e9n bassin verwarmd worden.<\/p>\n\n\n\n<p class=\"ls-paragraph\">Een waterspeeltuin maakt het zwemcomplex compleet, wat is er leuker voor kinderen dan met water spelen tijdens hun vakantie. Rondom de verschillende bassins zijn ligbedden en stoelen beschikbaar om aangenaam bij het zwembad te kunnen relaxen.<\/p>\n\n\n\n<p class=\"ls-paragraph\">De Cevennen camping Mas de la Cam is ideaal gelegen aan de oevers van de <a href=\"https:\/\/www.camping-cevennes.info\/nl\/camping-cevennen-rivier\/\">rivier Le Gardon<\/a>, in de buurt van de C\u00e8ze en de Ard\u00e8che in het departement Gard in Zuid-Frankrijk. Een zwembad en een rivier : <strong>eindeloos veel zwemplezier<\/strong> !<\/p>\n\n\n\n<p class=\"ls-paragraph\">Aan de kabbelende rivier is het goed toeven tijdens de warme zomerdagen, niet alleen om te zwemmen, maar ook om er in te spelen, te varen met opblaasbootjes, dammen te bouwen, te vissen. U kunt zelfs aan canyoning doen, abseilen in de kloof van de rivier, een kilometer of 7 stroomopwaarts vanaf de camping.<\/p>\n<\/div>\n\n\n\n<div class=\"wp-block-column right is-layout-flow wp-block-column-is-layout-flow\" style=\"flex-basis:45%\">\n<figure class=\"wp-block-image size-full animated fadeInUp delay-500ms slow\"><a href=\"https:\/\/www.camping-cevennes.info\/wp-content\/uploads\/2022\/10\/camping-bord-de-riviere-1.jpg\"><img decoding=\"async\" width=\"900\" height=\"600\" src=\"https:\/\/www.camping-cevennes.info\/wp-content\/uploads\/2022\/10\/camping-bord-de-riviere-1.jpg\" alt=\"camping bord de riviere\" class=\"wp-image-1409\" srcset=\"https:\/\/www.camping-cevennes.info\/wp-content\/uploads\/2022\/10\/camping-bord-de-riviere-1.jpg 900w, https:\/\/www.camping-cevennes.info\/wp-content\/uploads\/2022\/10\/camping-bord-de-riviere-1-300x200.jpg 300w, https:\/\/www.camping-cevennes.info\/wp-content\/uploads\/2022\/10\/camping-bord-de-riviere-1-768x512.jpg 768w\" sizes=\"(max-width: 900px) 100vw, 900px\" \/><\/a><\/figure>\n\n\n\n<div class=\"wp-block-columns is-layout-flex wp-container-core-columns-is-layout-9d6595d7 wp-block-columns-is-layout-flex\">\n<div class=\"wp-block-column is-layout-flow wp-block-column-is-layout-flow\">\n<a href=\"https:\/\/www.camping-cevennes.info\/nl\/camping-cevennes-zwembad\/\" id=\"ls-button-block_36e123a2701d7d8eed39b06b425b23bf\" target=\"\" rel=\"\" class=\"ls-button aligncenter has-m-t m-t-4 has-m-b m-b-0\" ><span>Het zwembad<\/span> <i class='icon-arrow-right'><\/i><\/a>\n<\/div>\n\n\n\n<div class=\"wp-block-column is-layout-flow wp-block-column-is-layout-flow\">\n<a href=\"https:\/\/www.camping-cevennes.info\/nl\/camping-cevennen-rivier\/\" id=\"ls-button-block_1b747f8d208083f69685a38c698b76b5\" target=\"\" rel=\"\" class=\"ls-button m-t-0 aligncenter has-m-t m-t-4 has-m-b m-b-0\" ><span>De rivier<\/span> <i class='icon-arrow-right'><\/i><\/a>\n<\/div>\n<\/div>\n<\/div>\n<\/div>\n\n\n    <\/div>\n<\/section>\n\n<section id=\"ls-section-block_848ba48e1b0a5b0c969b8a59f7aaf192\" class=\"ls-section  home-hebergements has-p-t p-t-14 has-p-b p-b-20\" >\n        <div class=\"container container--wide\">\n        \n\n<h2 class=\"ls__heading wp-block-heading deco\">VERHUUR VAN VAKANTIEHUISJES EN G\u00ceTES IN SAINT JEAN DU GARD<\/h2>\n\n\n\n<p class=\"ls-paragraph\">Er zijn geen stacaravans of chalets op deze Gard camping, maar we verhuren wel <a href=\"https:\/\/www.camping-cevennes.info\/nl\/huisje-van-frankrijk-gard\/\">vakantiewoningen<\/a>, ofwel g\u00eetes. Deze vakantieappartementen bieden elk meerdere slaapplaatsen. U kunt ze dus boeken voor een gezinsvakantie, of erop uit met vrienden.<\/p>\n\n\n\n<div class=\"wp-block-columns emplacements is-layout-flex wp-container-core-columns-is-layout-9d6595d7 wp-block-columns-is-layout-flex\">\n<div class=\"wp-block-column image is-layout-flow wp-block-column-is-layout-flow\">\n<figure class=\"wp-block-image size-full animated fadeInDown delay-500ms slow\"><a href=\"https:\/\/www.camping-cevennes.info\/wp-content\/uploads\/2022\/10\/emplacement-camping-cevennes.jpg\"><img decoding=\"async\" width=\"900\" height=\"600\" src=\"https:\/\/www.camping-cevennes.info\/wp-content\/uploads\/2022\/10\/emplacement-camping-cevennes.jpg\" alt=\"emplacement camping cevennes\" class=\"wp-image-1318\" srcset=\"https:\/\/www.camping-cevennes.info\/wp-content\/uploads\/2022\/10\/emplacement-camping-cevennes.jpg 900w, https:\/\/www.camping-cevennes.info\/wp-content\/uploads\/2022\/10\/emplacement-camping-cevennes-300x200.jpg 300w, https:\/\/www.camping-cevennes.info\/wp-content\/uploads\/2022\/10\/emplacement-camping-cevennes-768x512.jpg 768w\" sizes=\"(max-width: 900px) 100vw, 900px\" \/><\/a><\/figure>\n<\/div>\n\n\n\n<div class=\"wp-block-column text is-layout-flow wp-block-column-is-layout-flow\">\n<p class=\"ls-paragraph\">Alle appartementen zijn verschillend, de kleinste voor 4 personen is 28 m\u00b2, de grootste 6-persoons vakantiewoning is 56 m\u00b2 met een grote eigen tuin. De meeste appartementen liggen rond een binnenplaats, met voor elk appartement een eigen zitje. De vakantiewoningen zijn voor maximaal 6 personen voor een gezinsvakantie in de Gard. Ze hebben een eigen keuken, badkamer, en bieden een knus, gezellig verblijf in een gerestaureerde Mas uit de XVIIe eeuw.<\/p>\n\n\n\n<p class=\"ls-paragraph\">De huur van een vakantiewoning op onze camping Gard geeft u natuurlijk toegang tot de faciliteiten en activiteiten van de camping, zoals het zwembad, de rivier en de animatie.<\/p>\n\n\n\n<a href=\"https:\/\/www.camping-cevennes.info\/nl\/kampeerplaatsen-camping-gard\/\" id=\"ls-button-block_0460516de0f22523ec0b0ccea8978b77\" target=\"\" rel=\"\" class=\"ls-button\" ><span>Staanplaats<\/span> <i class='icon-arrow-right'><\/i><\/a>\n\n\n\n<a href=\"https:\/\/www.camping-cevennes.info\/nl\/huisje-van-frankrijk-gard\/\" id=\"ls-button-block_2060339778260119c64fbb11d43b6465\" target=\"\" rel=\"\" class=\"ls-button\" ><span>vakantiehuisjes<\/span> <i class='icon-arrow-right'><\/i><\/a>\n<\/div>\n<\/div>\n\n\n    <\/div>\n<\/section>\n\n<section id=\"ls-section-block_3028579f01dea223e29f5e492c590653\" class=\"ls-section  home-economies has-background has-color-3-background-color has-p-t p-t-14 has-p-b p-b-14\" >\n        <div class=\"container container--wide\">\n        \n\n<div class=\"wp-block-columns colonnes-boutons is-layout-flex wp-container-core-columns-is-layout-9d6595d7 wp-block-columns-is-layout-flex\">\n<div class=\"wp-block-column is-layout-flow wp-block-column-is-layout-flow\">\n<a href=\"https:\/\/www.camping-cevennes.info\/nl\/camping-gard-goedkoop\/\" id=\"ls-button-block_8612b9afd0f36341916fbe403ba92c98\" target=\"\" rel=\"\" class=\"ls-button white-background aligncenter has-background has-color-white-background-color has-text-color has-color-1-color\" ><span>Onze prijzen +<\/span> <i class='icon-arrow-right'><\/i><\/a>\n<\/div>\n<\/div>\n\n\n\n<h2 class=\"ls__heading wp-block-heading has-text-align-left\">CAMPING CEVENNEN GOEDE PRIJS KWALITEIT VERHOUDING<\/h2>\n\n\n\n<p class=\"ls-paragraph\">Als u een goedkope camping voor uw vakantie in de Cevennen zoekt, wijzen we u erop dat u voor de <a href=\"https:\/\/www.camping-cevennes.info\/nl\/kampeerplaatsen-camping-gard\/\">kampeerplaatsen<\/a> op onze Cevennen camping, op de grens van de Gard en de Loz\u00e8re, in het hart van \u00e9\u00e9n van de mooiste natuurbestemmingen van de Languedoc Roussillon, kunt profiteren van de kortingen van de ADAC en ACSI kaart in het laagseizoen.<\/p>\n\n\n    <\/div>\n<\/section>\n\n<section id=\"ls-section-block_da526c917e25790e395134ebbdba2b2b\" class=\"ls-section  home-destination has-p-t p-t-14 has-p-b p-b-14\" >\n        <div class=\"container container--full\">\n        \n\n<h2 class=\"ls__heading wp-block-heading has-text-align-center deco-centree\">VAKANTIE CAMPING IN DE GARD<\/h2>\n\n\n\n<div class=\"wp-block-columns is-layout-flex wp-container-core-columns-is-layout-9d6595d7 wp-block-columns-is-layout-flex\">\n<div class=\"wp-block-column is-layout-flow wp-block-column-is-layout-flow\">\n<div id=\"ls-cta-block_85855ac1274fbf5d1913d267c6f6c02f\" class=\"ls-cta animated fadeIn delay-100ms slow\">  \n    \n\n<a href=\"https:\/\/www.camping-cevennes.info\/nl\/vakantie-gard\/\" target=\"\" rel=\"noopener\" class=\"ls-cta__link\">\n\n\t<div class=\"ls-cta__image\"><img decoding=\"async\" src=\"https:\/\/www.camping-cevennes.info\/wp-content\/uploads\/2022\/10\/camping-gard.jpg\" alt=\"camping gard\"><\/div>\n\t<div class=\"ls-cta__title\">\n\t\tDe Gard\t<\/div>\n\n\t\t\n<\/a><\/div><\/div>\n\n\n\n<div class=\"wp-block-column is-layout-flow wp-block-column-is-layout-flow\">\n<div id=\"ls-cta-block_7d83236ecf41dc1b8de2bf743d9d6d23\" class=\"ls-cta animated fadeIn delay-200ms slow\">  \n    \n\n<a href=\"https:\/\/www.camping-cevennes.info\/nl\/vakantie-gard\/kamperen-saint-jean-du-gard\/\" target=\"\" rel=\"noopener\" class=\"ls-cta__link\">\n\n\t<div class=\"ls-cta__image\"><img decoding=\"async\" src=\"https:\/\/www.camping-cevennes.info\/wp-content\/uploads\/2022\/10\/camping-saint-jean-du-gard.jpg\" alt=\"camping saint jean du gard\"><\/div>\n\t<div class=\"ls-cta__title\">\n\t\tSaint-Jean-du-Gard\t<\/div>\n\n\t\t\n<\/a><\/div><\/div>\n\n\n\n<div class=\"wp-block-column is-layout-flow wp-block-column-is-layout-flow\">\n<div id=\"ls-cta-block_827a77568232233f4b2088d5fd5a2562\" class=\"ls-cta animated fadeIn delay-500ms slow\">  \n    \n\n<a href=\"https:\/\/www.camping-cevennes.info\/nl\/vakantie-gard\/vakantie-cevennes\/\" target=\"\" rel=\"noopener\" class=\"ls-cta__link\">\n\n\t<div class=\"ls-cta__image\"><img decoding=\"async\" src=\"https:\/\/www.camping-cevennes.info\/wp-content\/uploads\/2022\/09\/camping-mas-de-la-cam-cevennes.jpg\" alt=\"camping cevennes\"><\/div>\n\t<div class=\"ls-cta__title\">\n\t\tDe Cevennen\t<\/div>\n\n\t\t\n<\/a><\/div><\/div>\n<\/div>\n\n\n\n<p class=\"ls-paragraph has-text-align-center\">Uw vakantie op de Languedoc Roussillon camping Le Mas de la Cam is een uitgelezen moment om de toeristische attracties van de regio Occitanie, ook wel Languedoc-Roussillon-Midi-Pyrenee\u00ebn genoemd, te bezoeken. Op 3 km van de camping ligt het gezellige dorpje Saint Jean du Gard, rijk aan historie en cultuur. Bezoek het uitgebreide museum, de markt, bekijk de monumenten en ontdek de streekproducten.<\/p>\n\n\n\n<p class=\"ls-paragraph has-text-align-center\">Op een twintigtal minuten rijden van de camping ligt Anduze, een charmant stadje, waar u ook verschillende historische monumenten kunt bezichtigen, net zo als het Bamboebos, het Parc des Cordeliers en nog veel andere bezienswaardigheden. Het dorpje Mialet met de Trabucgrot en het D\u00e9sert museum is ook een must.<\/p>\n\n\n\n<p class=\"ls-paragraph has-text-align-center\">De Cevennen bieden veel verschillende mogelijkheden om een leuke vakantie te vullen met onvergetelijke herinneringen. Een <strong>toeristische trein<\/strong>, het <strong>Ch\u00e2teau de Portes<\/strong>, de <strong>Gorges de l\u2019Ard\u00e8che<\/strong>, de Romeinse arena in N\u00eemes, de Mont Loz\u00e8re, de Gorges du Tarn, de Mont Aigoual, het Maison Carr\u00e9e, de Bambouseraie de Prafrance, de watervallen van Sautadet, de Pont du Gard, <strong>La Petite Camargue<\/strong>, de stad Al\u00e8s, All\u00e8gre-les-Fumades, le <strong>Grau du Roi<\/strong>, pittoreske dorpjes\u2026 allemaal uitstapjes die uw verblijf kunnen veraangenamen. De streek is ook fantastisch voor een actieve vakantie. De valleien, de rivieren, de vele uitgezette wandelpaden, de GR70, beter bekend als de Stevenson route, en het nationale natuurpark de Cevennen bieden vele mogelijkheden : fietstochten, wandelingen, avonturenpark, kano\u00ebn, vissen, canyoning, speleologie, om er maar een paar op te noemen. Als u juist meer op zoek bent naar ontspanning of een wellness-belevenis kunt u daarvoor ook in de Cevennen terecht.<\/p>\n\n\n    <\/div>\n<\/section>\n\n<section id=\"ls-section-block_83c53644f33ed5a843cb329f500076d6\" class=\"ls-section  home-visites has-background has-color-3-background-color has-p-b p-b-20\" >\n        <div class=\"container container--wide\">\n        \n\n<h2 class=\"ls__heading wp-block-heading has-text-align-left deco\">De 6 must-sees in de Cevennen<\/h2>\n\n\n\n<div class=\"wp-block-columns is-layout-flex wp-container-core-columns-is-layout-9d6595d7 wp-block-columns-is-layout-flex\">\n<div class=\"wp-block-column left is-layout-flow wp-block-column-is-layout-flow\" style=\"flex-basis:60%\">\n<figure class=\"wp-block-image size-full\"><img decoding=\"async\" width=\"800\" height=\"800\" src=\"https:\/\/www.camping-cevennes.info\/wp-content\/uploads\/2022\/10\/carte-situation-1.png\" alt=\"situation du camping\" class=\"wp-image-1434\" srcset=\"https:\/\/www.camping-cevennes.info\/wp-content\/uploads\/2022\/10\/carte-situation-1.png 800w, https:\/\/www.camping-cevennes.info\/wp-content\/uploads\/2022\/10\/carte-situation-1-300x300.png 300w, https:\/\/www.camping-cevennes.info\/wp-content\/uploads\/2022\/10\/carte-situation-1-150x150.png 150w, https:\/\/www.camping-cevennes.info\/wp-content\/uploads\/2022\/10\/carte-situation-1-768x768.png 768w\" sizes=\"(max-width: 800px) 100vw, 800px\" \/><\/figure>\n<\/div>\n\n\n\n<div class=\"wp-block-column right is-layout-flow wp-block-column-is-layout-flow\" style=\"flex-basis:40%\">\n<p class=\"ls-paragraph\">Uw verblijf in de Cevennen zal vol verrassingen zitten die uw geheugen zullen vullen met onvergetelijke herinneringen! Profiteer van de ideale ligging van camping Mas de Cam voor :<\/p>\n\n\n\n<div class=\"wp-block-columns is-layout-flex wp-container-core-columns-is-layout-9d6595d7 wp-block-columns-is-layout-flex\">\n<div class=\"wp-block-column is-layout-flow wp-block-column-is-layout-flow\">\n<ul class=\"ls-list ls-list-undefined wp-block-list has-color-1-color has-text-color\">\n<li>Gorges du Tarn<\/li>\n\n\n\n<li>Anduze<\/li>\n\n\n\n<li>Mialet<\/li>\n\n\n\n<li>Bambouseraie<\/li>\n\n\n\n<li>N\u00eemes<\/li>\n<\/ul>\n<\/div>\n\n\n\n<div class=\"wp-block-column is-layout-flow wp-block-column-is-layout-flow\">\n<ul class=\"ls-list ls-list-undefined wp-block-list has-color-1-color has-text-color\">\n<li>Aigues Mortes<\/li>\n\n\n\n<li>Pont du Gard<\/li>\n\n\n\n<li>Mont Aigoual<\/li>\n\n\n\n<li>Gorges de l&#8217;Ard\u00e8che<\/li>\n\n\n\n<li>Uz\u00e8s<\/li>\n<\/ul>\n<\/div>\n<\/div>\n\n\n\n<p class=\"ls-paragraph\">Natuurliefhebbers en actieve vakantiegangers, het departement Gard is \u00e9\u00e9n van uw paradijzen. Met zijn valleien, zijn vele gemarkeerde wandelroutes of de GR 70 (beter bekend als de &#8220;Stevenson route&#8221;), is het natuurpark van de Cevennen het speelterrein voor vele recreatieve activiteiten, net als zijn tegenhanger in het park van de Grands Causses. <\/p>\n\n\n\n<p class=\"ls-paragraph\">Fietsen, wandelen, klimmen, paragliden, kano\u00ebn, canyoning, vissen en speleologie zijn slechts enkele van de vele dingen die u kunt ontdekken! Maar als u liever wilt ontspannen en u overgeven aan het zoete welzijn van een <strong>kampeervakantie in de Cevennen<\/strong>, heeft u alles wat u nodig heeft om te ontspannen.<\/p>\n<\/div>\n<\/div>\n\n\n    <\/div>\n<\/section>\n\n<section id=\"ls-section-block_0ebd19b1ccdc1afee4d0313bdff5eecb\" class=\"ls-section  home-visites-galerie has-p-t p-t-0 has-p-b p-b-0\" >\n        <div class=\"container container--full\">\n        \n\n<figure class=\"wp-block-gallery has-nested-images columns-5 is-cropped animated fadeInUp delay-500ms slow wp-block-gallery-1 is-layout-flex wp-block-gallery-is-layout-flex\">\n<figure class=\"wp-block-image size-full\"><a href=\"https:\/\/www.camping-cevennes.info\/wp-content\/uploads\/2022\/10\/gorges-du-tarn.jpg\"><img decoding=\"async\" width=\"900\" height=\"600\" data-id=\"1257\" src=\"https:\/\/www.camping-cevennes.info\/wp-content\/uploads\/2022\/10\/gorges-du-tarn.jpg\" alt=\"gorges du tarn\" class=\"wp-image-1257\" srcset=\"https:\/\/www.camping-cevennes.info\/wp-content\/uploads\/2022\/10\/gorges-du-tarn.jpg 900w, https:\/\/www.camping-cevennes.info\/wp-content\/uploads\/2022\/10\/gorges-du-tarn-300x200.jpg 300w, https:\/\/www.camping-cevennes.info\/wp-content\/uploads\/2022\/10\/gorges-du-tarn-768x512.jpg 768w\" sizes=\"(max-width: 900px) 100vw, 900px\" \/><\/a><\/figure>\n\n\n\n<figure class=\"wp-block-image size-full\"><a href=\"https:\/\/www.camping-cevennes.info\/wp-content\/uploads\/2022\/10\/grottes.jpg\"><img decoding=\"async\" width=\"900\" height=\"600\" data-id=\"1358\" src=\"https:\/\/www.camping-cevennes.info\/wp-content\/uploads\/2022\/10\/grottes.jpg\" alt=\"grottes\" class=\"wp-image-1358\" srcset=\"https:\/\/www.camping-cevennes.info\/wp-content\/uploads\/2022\/10\/grottes.jpg 900w, https:\/\/www.camping-cevennes.info\/wp-content\/uploads\/2022\/10\/grottes-300x200.jpg 300w, https:\/\/www.camping-cevennes.info\/wp-content\/uploads\/2022\/10\/grottes-768x512.jpg 768w\" sizes=\"(max-width: 900px) 100vw, 900px\" \/><\/a><\/figure>\n\n\n\n<figure class=\"wp-block-image size-full\"><a href=\"https:\/\/www.camping-cevennes.info\/wp-content\/uploads\/2022\/10\/canyoning-gard.jpg\"><img decoding=\"async\" width=\"900\" height=\"600\" data-id=\"1340\" src=\"https:\/\/www.camping-cevennes.info\/wp-content\/uploads\/2022\/10\/canyoning-gard.jpg\" alt=\"canyoning gard\" class=\"wp-image-1340\" srcset=\"https:\/\/www.camping-cevennes.info\/wp-content\/uploads\/2022\/10\/canyoning-gard.jpg 900w, https:\/\/www.camping-cevennes.info\/wp-content\/uploads\/2022\/10\/canyoning-gard-300x200.jpg 300w, https:\/\/www.camping-cevennes.info\/wp-content\/uploads\/2022\/10\/canyoning-gard-768x512.jpg 768w\" sizes=\"(max-width: 900px) 100vw, 900px\" \/><\/a><\/figure>\n\n\n\n<figure class=\"wp-block-image size-full\"><a href=\"https:\/\/www.camping-cevennes.info\/wp-content\/uploads\/2022\/10\/arenes-de-nimes.jpg\"><img decoding=\"async\" width=\"900\" height=\"600\" data-id=\"1348\" src=\"https:\/\/www.camping-cevennes.info\/wp-content\/uploads\/2022\/10\/arenes-de-nimes.jpg\" alt=\"arenes de nimes\" class=\"wp-image-1348\" srcset=\"https:\/\/www.camping-cevennes.info\/wp-content\/uploads\/2022\/10\/arenes-de-nimes.jpg 900w, https:\/\/www.camping-cevennes.info\/wp-content\/uploads\/2022\/10\/arenes-de-nimes-300x200.jpg 300w, https:\/\/www.camping-cevennes.info\/wp-content\/uploads\/2022\/10\/arenes-de-nimes-768x512.jpg 768w\" sizes=\"(max-width: 900px) 100vw, 900px\" \/><\/a><\/figure>\n\n\n\n<figure class=\"wp-block-image size-full\"><a href=\"https:\/\/www.camping-cevennes.info\/wp-content\/uploads\/2022\/10\/tourisme-anduze.jpg\"><img decoding=\"async\" width=\"900\" height=\"600\" data-id=\"1352\" src=\"https:\/\/www.camping-cevennes.info\/wp-content\/uploads\/2022\/10\/tourisme-anduze.jpg\" alt=\"tourisme anduze\" class=\"wp-image-1352\" srcset=\"https:\/\/www.camping-cevennes.info\/wp-content\/uploads\/2022\/10\/tourisme-anduze.jpg 900w, https:\/\/www.camping-cevennes.info\/wp-content\/uploads\/2022\/10\/tourisme-anduze-300x200.jpg 300w, https:\/\/www.camping-cevennes.info\/wp-content\/uploads\/2022\/10\/tourisme-anduze-768x512.jpg 768w\" sizes=\"(max-width: 900px) 100vw, 900px\" \/><\/a><\/figure>\n<\/figure>\n\n\n    <\/div>\n<\/section>\n\n<section id=\"ls-section-block_26d0bd06805c217725a9987df729d783\" class=\"ls-section  home-faq has-p-t p-t-14 has-p-b p-b-20\" >\n        <div class=\"container \">\n        \n\n<div id=\"ls-heading ls-titre-div-block_2be0244ebd7132dad6f15a6d517b9a65\" class=\"ls-titre-div deco-centree aligncenter h2-like\" >\n    Een vraag <strong>op de camping?<\/strong><\/div>\n\n\n<div id=\"faq\"><div itemscope=\"\" itemtype=\"https:\/\/schema.org\/FAQPage\"><div class=\"faq__box\"><div class=\"faq__container\"><div class=\"faq__block\" itemscope=\"\" itemprop=\"mainEntity\" itemtype=\"https:\/\/schema.org\/Question\"><details><summary itemprop=\"name\"><p>Wat zijn de openingsdata van de camping?<\/p>\n<span class=\"plus-royan\"><\/span><\/summary><div itemscope=\"\" itemprop=\"acceptedAnswer\" itemtype=\"https:\/\/schema.org\/Answer\"><div itemprop=\"text\"><p>Camping : van 12 mei tot 20 september<\/p>\n<p>Bar : van half mei tot 10 september<\/p>\n<p>Restaurant : van begin juni tot 10 september<\/p>\n<p>Campingwinkel in juli en augustus, brood-depot vanaf de opening<\/p>\n<p>Zwembad : van half mei tot half september<\/p>\n<\/div><\/div><\/details><\/div><\/div><\/div><div class=\"faq__box\"><div class=\"faq__container\"><div class=\"faq__block\" itemscope=\"\" itemprop=\"mainEntity\" itemtype=\"https:\/\/schema.org\/Question\"><details><summary itemprop=\"name\"><p>Zijn er animaties?<\/p>\n<span class=\"plus-royan\"><\/span><\/summary><div itemscope=\"\" itemprop=\"acceptedAnswer\" itemtype=\"https:\/\/schema.org\/Answer\"><div itemprop=\"text\"><p>Voor kinderen in juli en augustus<\/p>\n<p>Fietsuitstapjes: 4 keer per week in juli en augustus, op aanvraag in het laagseizoen<\/p>\n<p>E\u00e9n muziekavond per week in juli en augustus<\/p>\n<\/div><\/div><\/details><\/div><\/div><\/div><div class=\"faq__box\"><div class=\"faq__container\"><div class=\"faq__block\" itemscope=\"\" itemprop=\"mainEntity\" itemtype=\"https:\/\/schema.org\/Question\"><details><summary itemprop=\"name\"><p>Zijn huisdieren toegestaan?<\/p>\n<span class=\"plus-royan\"><\/span><\/summary><div itemscope=\"\" itemprop=\"acceptedAnswer\" itemtype=\"https:\/\/schema.org\/Answer\"><div itemprop=\"text\"><p>In de accommodatie (verhuur) :<br \/>\nHonden en katten zijn niet toegestaan<\/p>\n<p>Op de camping :<br \/>\nHonden (met uitzondering van cat. 1 &amp; 2 (vecht- en waakhonden)) en katten zijn toegestaan.<\/p>\n<\/div><\/div><\/details><\/div><\/div><\/div><div class=\"faq__box\"><div class=\"faq__container\"><div class=\"faq__block\" itemscope=\"\" itemprop=\"mainEntity\" itemtype=\"https:\/\/schema.org\/Question\"><details><summary itemprop=\"name\"><p>Wat zijn de zwembadregels?<\/p>\n<span class=\"plus-royan\"><\/span><\/summary><div itemscope=\"\" itemprop=\"acceptedAnswer\" itemtype=\"https:\/\/schema.org\/Answer\"><div itemprop=\"text\"><p>Het zwembad is zonder toezicht.<\/p>\n<p>Zwemshorts zijn niet toegestaan, zelfs niet speciale zwembadmodellen, ook niet op de tegels, bedjes en stoeken rondom het zwembad.<\/p>\n<p>Douchen is verplicht, meteen bij het poortje van het zwembad.<\/p>\n<p>Geen\u00a0 ballen, geen opblaaskrokodillen en andere luchtbedden of bootjee : die mogen alleen in de rivier.<\/p>\n<\/div><\/div><\/details><\/div><\/div><\/div><div class=\"faq__box\"><div class=\"faq__container\"><div class=\"faq__block\" itemscope=\"\" itemprop=\"mainEntity\" itemtype=\"https:\/\/schema.org\/Question\"><details><summary itemprop=\"name\"><p>Kunnen we ter plaatse boodschappen doen ?<\/p>\n<span class=\"plus-royan\"><\/span><\/summary><div itemscope=\"\" itemprop=\"acceptedAnswer\" itemtype=\"https:\/\/schema.org\/Answer\"><div itemprop=\"text\"><p>Er is een kleine campingwinkel voor de eerste levensbenodigdheden, geopend in juli en augustus.<\/p>\n<p>U vindt alle winkels op 3 km, in Saint Jean du Gard.<\/p>\n<\/div><\/div><\/details><\/div><\/div><\/div><\/div><\/div>\n\n\n    <\/div>\n<\/section>\n\n<section id=\"ls-section-block_0100c352e9e99bc3c4c4a79391cc8e0e\" class=\"ls-section  home-avis has-background-image has-p-t p-t-20 has-p-b p-b-14\" >\n    <div class=\"ls-section__background-image opacity-100\"><img decoding=\"async\" src=\"https:\/\/www.camping-cevennes.info\/wp-content\/uploads\/2022\/09\/camping-mas-de-la-cam-champ-de-lavande.jpg\" alt=\"campingh mas de la cam champ de lavande\"><\/div>    <div class=\"container container--wide\">\n        \n\n<div id=\"ls-pdf-block_a5a9b283e83bf5c5f5948598aceaea0a\" class=\"ls-pdf\" >\n    <div class=\"ls-pdf__list\">\n                            <a href=\"https:\/\/www.camping-cevennes.info\/wp-content\/uploads\/2022\/09\/plan2024.pdf\" title=\"Plattegrond van de camping\" class=\"ls-pdf__list__item\" target=\"_blank\">\n\n                \n                <div>Plattegrond van de camping <span>+<\/span><\/div>\n            <\/a>\n                    <a href=\"https:\/\/www.camping-cevennes.info\/wp-content\/uploads\/2022\/09\/brochure.pdf\" title=\"Folder\" class=\"ls-pdf__list__item\" target=\"_blank\">\n\n                \n                <div>Folder <span>+<\/span><\/div>\n            <\/a>\n                    <a href=\"https:\/\/www.camping-cevennes.info\/wp-content\/uploads\/2022\/09\/verzekering-2022.pdf\" title=\"Verzekering\" class=\"ls-pdf__list__item\" target=\"_blank\">\n\n                \n                <div>Verzekering <span>+<\/span><\/div>\n            <\/a>\n                    <a href=\"https:\/\/www.camping-cevennes.info\/wp-content\/uploads\/2022\/09\/resa26.nl_-1.pdf\" title=\"Tarieven\" class=\"ls-pdf__list__item\" target=\"_blank\">\n\n                \n                <div>Tarieven <span>+<\/span><\/div>\n            <\/a>\n                    <a href=\"\" title=\"\" class=\"ls-pdf__list__item\" target=\"_blank\">\n\n                \n                <div> <span>+<\/span><\/div>\n            <\/a>\n                    <\/div>\n<\/div>\n\n\n<div id=\"ls-heading ls-titre-div-block_84255e656cc0d584854e235fa2a63339\" class=\"ls-titre-div aligncenter h2-like has-text-color has-color-white-color\" >\n    Onze klanten <strong>Wat denken ze?<\/strong><\/div>\n\n\n<div class=\"avis-container\"><div class=\"avis\"><div class=\"avis-image\"><img decoding=\"async\" src=\"https:\/\/www.camping-cevennes.info\/wp-content\/uploads\/2022\/10\/canyoning-gard.jpg\" alt=\"canyoning-gard\"><\/div><div class=\"avis-note\">\n                                <span><i class=\"icon-etoile_avis\"><\/i><\/span><span><i class=\"icon-etoile_avis\"><\/i><\/span><span><i class=\"icon-etoile_avis\"><\/i><\/span><span><i class=\"icon-etoile_avis\"><\/i><\/span><span><i class=\"icon-etoile_avis\"><\/i><\/span>\n                            <\/div><div class=\"avis-content-container\"><div class=\"avis-text-container\"><div class=\"avis-name\">Jess B.<\/div><div class=\"avis-content\"><p>De ontvangst is hartelijk en je voelt je meteen thuis. De camping is zeer, zeer schoon en zeer goed aangelegd. De plaatsen zijn groot en schaduwrijk. De plaatsen zijn groot en schaduwrijk. Dicht bij het bos met wandelpaden is het ook erg rustig. Voor kinderen is het perfect: een groot zwembad, activiteiten, een geweldig park met pumptracks. Het restaurant is zeer goed, met een speciale vermelding voor de pizza&#8217;s!<\/p>\n<\/div><\/div><\/div><\/div><div class=\"avis\"><div class=\"avis-image\"><img decoding=\"async\" src=\"https:\/\/www.camping-cevennes.info\/wp-content\/uploads\/2022\/09\/camping-mas-de-la-cam-cevennes.jpg\" alt=\"camping-mas-de-la-cam-cevennes\"><\/div><div class=\"avis-note\">\n                                <span><i class=\"icon-etoile_avis\"><\/i><\/span><span><i class=\"icon-etoile_avis\"><\/i><\/span><span><i class=\"icon-etoile_avis\"><\/i><\/span><span><i class=\"icon-etoile_avis\"><\/i><\/span><span><i class=\"icon-etoile_avis\"><\/i><\/span>\n                            <\/div><div class=\"avis-content-container\"><div class=\"avis-text-container\"><div class=\"avis-name\">Renaud H.<\/div><div class=\"avis-content\"><p>Mijn vrouw, mijn dochter van 2 jaar en ik hebben een uitstekend verblijf gehad op camping Mas de la Cam: alles was aanwezig: de natuurlijke omgeving van de camping, de rust en de extreme vriendelijkheid van Fran\u00e7oise en Christopher die altijd klaar staan om je te helpen en je vragen te beantwoorden.<br \/>\nWij verbleven in een g\u00eete en het is het vermelden waard dat deze, evenals de camping in het algemeen, zeer schoon was, een zeer belangrijk punt voor ons!<br \/>\nOnze Nederlandse buren waren erg vriendelijk, het zwembad altijd erg schoon en rustig: een waar genoegen!<br \/>\nWe komen zeker zo snel mogelijk terug! \ud83d\ude42<\/p>\n<\/div><\/div><\/div><\/div><div class=\"avis\"><div class=\"avis-image\"><img decoding=\"async\" src=\"https:\/\/www.camping-cevennes.info\/wp-content\/uploads\/2022\/10\/grottes.jpg\" alt=\"grottes\"><\/div><div class=\"avis-note\">\n                                <span><i class=\"icon-etoile_avis\"><\/i><\/span><span><i class=\"icon-etoile_avis\"><\/i><\/span><span><i class=\"icon-etoile_avis\"><\/i><\/span><span><i class=\"icon-etoile_avis\"><\/i><\/span><span><i class=\"icon-etoile_avis\"><\/i><\/span>\n                            <\/div><div class=\"avis-content-container\"><div class=\"avis-text-container\"><div class=\"avis-name\">Marianne De G.<\/div><div class=\"avis-content\"><p>Wij kamperen al enkele jaren en hebben honderden campings bezocht&#8230;en we kunnen u vertellen dat Mas de la Cam in de top 3 staat van onze favoriete campings. De kwaliteit van de plaats, de omgeving, de netheid en de vriendelijkheid van onze gastheren zijn de essenti\u00eble troeven van deze camping&#8230;<br \/>\nWe voelen ons goed hier en bravo \ud83d\udc4b\ud83d\udc4b\ud83d\udc4d\ud83d\udc4c aan het team.<\/p>\n<\/div><\/div><\/div><\/div><div class=\"avis\"><div class=\"avis-image\"><img decoding=\"async\" src=\"https:\/\/www.camping-cevennes.info\/wp-content\/uploads\/2022\/10\/tourisme-anduze.jpg\" alt=\"tourisme-anduze\"><\/div><div class=\"avis-note\">\n                                <span><i class=\"icon-etoile_avis\"><\/i><\/span><span><i class=\"icon-etoile_avis\"><\/i><\/span><span><i class=\"icon-etoile_avis\"><\/i><\/span><span><i class=\"icon-etoile_avis\"><\/i><\/span><span><i class=\"icon-etoile_avis\"><\/i><\/span>\n                            <\/div><div class=\"avis-content-container\"><div class=\"avis-text-container\"><div class=\"avis-name\">Anaelle M.<\/div><div class=\"avis-content\"><p>Superbe week doorgebracht op mas de la cam. Wij zijn liefhebbers van kamperen en dit is de eerste die we hebben gevonden die ook geschikt is voor kinderen. Alles is aanwezig om kinderen en ouders een fijne vakantie te bezorgen. Idyllische omgeving. Wij hebben onze plaats voor volgend jaar al geboekt \ud83d\ude01<\/p>\n<\/div><\/div><\/div><\/div><\/div>\n\n\n    <\/div>\n<\/section>","protected":false},"excerpt":{"rendered":"","protected":false},"author":1,"featured_media":0,"parent":0,"menu_order":0,"comment_status":"closed","ping_status":"closed","template":"","meta":{"_acf_changed":false,"footnotes":""},"sujet":[],"class_list":["post-5212","page","type-page","status-publish","hentry"],"acf":[],"yoast_head":"<!-- This site is optimized with the Yoast SEO plugin v25.3 - https:\/\/yoast.com\/wordpress\/plugins\/seo\/ -->\n<title>Camping Cevennes in Saint Jean du Gard 30270 | Camping in de Gard<\/title>\n<meta name=\"description\" content=\"Ontdek de camping Le Mas de la Cam, Cevennen. Camping zonder stacaravan aan de rivier de Gardon. Boek onze kampeerplaatsen of onze huisjes in het natuurpark van de Cevennen\" \/>\n<meta name=\"robots\" content=\"index, follow, max-snippet:-1, max-image-preview:large, max-video-preview:-1\" \/>\n<link rel=\"canonical\" href=\"https:\/\/www.camping-cevennes.info\/nl\/\" \/>\n<meta property=\"og:locale\" content=\"nl_NL\" \/>\n<meta property=\"og:type\" content=\"article\" \/>\n<meta property=\"og:title\" content=\"Camping Cevennes in Saint Jean du Gard 30270 | Camping in de Gard\" \/>\n<meta property=\"og:description\" content=\"Ontdek de camping Le Mas de la Cam, Cevennen. Camping zonder stacaravan aan de rivier de Gardon. Boek onze kampeerplaatsen of onze huisjes in het natuurpark van de Cevennen\" \/>\n<meta property=\"og:url\" content=\"https:\/\/www.camping-cevennes.info\/nl\/\" \/>\n<meta property=\"og:site_name\" content=\"Camping Mas de la Cam\" \/>\n<meta property=\"article:modified_time\" content=\"2025-12-02T10:33:26+00:00\" \/>\n<meta property=\"og:image\" content=\"https:\/\/www.camping-cevennes.info\/wp-content\/uploads\/2022\/10\/camping-aire-jeux-gard.jpg\" \/>\n\t<meta property=\"og:image:width\" content=\"900\" \/>\n\t<meta property=\"og:image:height\" content=\"600\" \/>\n\t<meta property=\"og:image:type\" content=\"image\/jpeg\" \/>\n<meta name=\"twitter:card\" content=\"summary_large_image\" \/>\n<meta name=\"twitter:label1\" content=\"Geschatte leestijd\" \/>\n\t<meta name=\"twitter:data1\" content=\"9 minuten\" \/>\n<script type=\"application\/ld+json\" class=\"yoast-schema-graph\">{\"@context\":\"https:\/\/schema.org\",\"@graph\":[{\"@type\":\"WebPage\",\"@id\":\"https:\/\/www.camping-cevennes.info\/nl\/\",\"url\":\"https:\/\/www.camping-cevennes.info\/nl\/\",\"name\":\"Camping Cevennes in Saint Jean du Gard 30270 | Camping in de Gard\",\"isPartOf\":{\"@id\":\"https:\/\/www.camping-cevennes.info\/nl\/#website\"},\"primaryImageOfPage\":{\"@id\":\"https:\/\/www.camping-cevennes.info\/nl\/#primaryimage\"},\"image\":{\"@id\":\"https:\/\/www.camping-cevennes.info\/nl\/#primaryimage\"},\"thumbnailUrl\":\"https:\/\/www.camping-cevennes.info\/wp-content\/uploads\/2022\/10\/camping-aire-jeux-gard.jpg\",\"datePublished\":\"2022-09-26T10:24:17+00:00\",\"dateModified\":\"2025-12-02T10:33:26+00:00\",\"description\":\"Ontdek de camping Le Mas de la Cam, Cevennen. Camping zonder stacaravan aan de rivier de Gardon. Boek onze kampeerplaatsen of onze huisjes in het natuurpark van de Cevennen\",\"breadcrumb\":{\"@id\":\"https:\/\/www.camping-cevennes.info\/nl\/#breadcrumb\"},\"inLanguage\":\"nl-NL\",\"potentialAction\":[{\"@type\":\"ReadAction\",\"target\":[\"https:\/\/www.camping-cevennes.info\/nl\/\"]}]},{\"@type\":\"ImageObject\",\"inLanguage\":\"nl-NL\",\"@id\":\"https:\/\/www.camping-cevennes.info\/nl\/#primaryimage\",\"url\":\"https:\/\/www.camping-cevennes.info\/wp-content\/uploads\/2022\/10\/camping-aire-jeux-gard.jpg\",\"contentUrl\":\"https:\/\/www.camping-cevennes.info\/wp-content\/uploads\/2022\/10\/camping-aire-jeux-gard.jpg\"},{\"@type\":\"BreadcrumbList\",\"@id\":\"https:\/\/www.camping-cevennes.info\/nl\/#breadcrumb\",\"itemListElement\":[{\"@type\":\"ListItem\",\"position\":1,\"name\":\"Kamperen C\u00e9vennes\",\"item\":\"https:\/\/www.camping-cevennes.info\/nl\/\"},{\"@type\":\"ListItem\",\"position\":2,\"name\":\"Accueil\"}]},{\"@type\":\"WebSite\",\"@id\":\"https:\/\/www.camping-cevennes.info\/nl\/#website\",\"url\":\"https:\/\/www.camping-cevennes.info\/nl\/\",\"name\":\"Camping Mas de la Cam\",\"description\":\"\",\"publisher\":{\"@id\":\"https:\/\/www.camping-cevennes.info\/nl\/#organization\"},\"potentialAction\":[{\"@type\":\"SearchAction\",\"target\":{\"@type\":\"EntryPoint\",\"urlTemplate\":\"https:\/\/www.camping-cevennes.info\/nl\/?s={search_term_string}\"},\"query-input\":{\"@type\":\"PropertyValueSpecification\",\"valueRequired\":true,\"valueName\":\"search_term_string\"}}],\"inLanguage\":\"nl-NL\"},{\"@type\":\"Organization\",\"@id\":\"https:\/\/www.camping-cevennes.info\/nl\/#organization\",\"name\":\"Camping Mas de la Cam\",\"url\":\"https:\/\/www.camping-cevennes.info\/nl\/\",\"logo\":{\"@type\":\"ImageObject\",\"inLanguage\":\"nl-NL\",\"@id\":\"https:\/\/www.camping-cevennes.info\/nl\/#\/schema\/logo\/image\/\",\"url\":\"https:\/\/www.camping-cevennes.info\/wp-content\/uploads\/2022\/09\/logo-camping-mas-de-la-cam-noir-1.png\",\"contentUrl\":\"https:\/\/www.camping-cevennes.info\/wp-content\/uploads\/2022\/09\/logo-camping-mas-de-la-cam-noir-1.png\",\"width\":625,\"height\":190,\"caption\":\"Camping Mas de la Cam\"},\"image\":{\"@id\":\"https:\/\/www.camping-cevennes.info\/nl\/#\/schema\/logo\/image\/\"}}]}<\/script>\n<!-- \/ Yoast SEO plugin. -->","yoast_head_json":{"title":"Camping Cevennes in Saint Jean du Gard 30270 | Camping in de Gard","description":"Ontdek de camping Le Mas de la Cam, Cevennen. Camping zonder stacaravan aan de rivier de Gardon. Boek onze kampeerplaatsen of onze huisjes in het natuurpark van de Cevennen","robots":{"index":"index","follow":"follow","max-snippet":"max-snippet:-1","max-image-preview":"max-image-preview:large","max-video-preview":"max-video-preview:-1"},"canonical":"https:\/\/www.camping-cevennes.info\/nl\/","og_locale":"nl_NL","og_type":"article","og_title":"Camping Cevennes in Saint Jean du Gard 30270 | Camping in de Gard","og_description":"Ontdek de camping Le Mas de la Cam, Cevennen. Camping zonder stacaravan aan de rivier de Gardon. Boek onze kampeerplaatsen of onze huisjes in het natuurpark van de Cevennen","og_url":"https:\/\/www.camping-cevennes.info\/nl\/","og_site_name":"Camping Mas de la Cam","article_modified_time":"2025-12-02T10:33:26+00:00","og_image":[{"width":900,"height":600,"url":"https:\/\/www.camping-cevennes.info\/wp-content\/uploads\/2022\/10\/camping-aire-jeux-gard.jpg","type":"image\/jpeg"}],"twitter_card":"summary_large_image","twitter_misc":{"Geschatte leestijd":"9 minuten"},"schema":{"@context":"https:\/\/schema.org","@graph":[{"@type":"WebPage","@id":"https:\/\/www.camping-cevennes.info\/nl\/","url":"https:\/\/www.camping-cevennes.info\/nl\/","name":"Camping Cevennes in Saint Jean du Gard 30270 | Camping in de Gard","isPartOf":{"@id":"https:\/\/www.camping-cevennes.info\/nl\/#website"},"primaryImageOfPage":{"@id":"https:\/\/www.camping-cevennes.info\/nl\/#primaryimage"},"image":{"@id":"https:\/\/www.camping-cevennes.info\/nl\/#primaryimage"},"thumbnailUrl":"https:\/\/www.camping-cevennes.info\/wp-content\/uploads\/2022\/10\/camping-aire-jeux-gard.jpg","datePublished":"2022-09-26T10:24:17+00:00","dateModified":"2025-12-02T10:33:26+00:00","description":"Ontdek de camping Le Mas de la Cam, Cevennen. Camping zonder stacaravan aan de rivier de Gardon. Boek onze kampeerplaatsen of onze huisjes in het natuurpark van de Cevennen","breadcrumb":{"@id":"https:\/\/www.camping-cevennes.info\/nl\/#breadcrumb"},"inLanguage":"nl-NL","potentialAction":[{"@type":"ReadAction","target":["https:\/\/www.camping-cevennes.info\/nl\/"]}]},{"@type":"ImageObject","inLanguage":"nl-NL","@id":"https:\/\/www.camping-cevennes.info\/nl\/#primaryimage","url":"https:\/\/www.camping-cevennes.info\/wp-content\/uploads\/2022\/10\/camping-aire-jeux-gard.jpg","contentUrl":"https:\/\/www.camping-cevennes.info\/wp-content\/uploads\/2022\/10\/camping-aire-jeux-gard.jpg"},{"@type":"BreadcrumbList","@id":"https:\/\/www.camping-cevennes.info\/nl\/#breadcrumb","itemListElement":[{"@type":"ListItem","position":1,"name":"Kamperen C\u00e9vennes","item":"https:\/\/www.camping-cevennes.info\/nl\/"},{"@type":"ListItem","position":2,"name":"Accueil"}]},{"@type":"WebSite","@id":"https:\/\/www.camping-cevennes.info\/nl\/#website","url":"https:\/\/www.camping-cevennes.info\/nl\/","name":"Camping Mas de la Cam","description":"","publisher":{"@id":"https:\/\/www.camping-cevennes.info\/nl\/#organization"},"potentialAction":[{"@type":"SearchAction","target":{"@type":"EntryPoint","urlTemplate":"https:\/\/www.camping-cevennes.info\/nl\/?s={search_term_string}"},"query-input":{"@type":"PropertyValueSpecification","valueRequired":true,"valueName":"search_term_string"}}],"inLanguage":"nl-NL"},{"@type":"Organization","@id":"https:\/\/www.camping-cevennes.info\/nl\/#organization","name":"Camping Mas de la Cam","url":"https:\/\/www.camping-cevennes.info\/nl\/","logo":{"@type":"ImageObject","inLanguage":"nl-NL","@id":"https:\/\/www.camping-cevennes.info\/nl\/#\/schema\/logo\/image\/","url":"https:\/\/www.camping-cevennes.info\/wp-content\/uploads\/2022\/09\/logo-camping-mas-de-la-cam-noir-1.png","contentUrl":"https:\/\/www.camping-cevennes.info\/wp-content\/uploads\/2022\/09\/logo-camping-mas-de-la-cam-noir-1.png","width":625,"height":190,"caption":"Camping Mas de la Cam"},"image":{"@id":"https:\/\/www.camping-cevennes.info\/nl\/#\/schema\/logo\/image\/"}}]}},"_links":{"self":[{"href":"https:\/\/www.camping-cevennes.info\/nl\/wp-json\/wp\/v2\/pages\/5212","targetHints":{"allow":["GET"]}}],"collection":[{"href":"https:\/\/www.camping-cevennes.info\/nl\/wp-json\/wp\/v2\/pages"}],"about":[{"href":"https:\/\/www.camping-cevennes.info\/nl\/wp-json\/wp\/v2\/types\/page"}],"author":[{"embeddable":true,"href":"https:\/\/www.camping-cevennes.info\/nl\/wp-json\/wp\/v2\/users\/1"}],"replies":[{"embeddable":true,"href":"https:\/\/www.camping-cevennes.info\/nl\/wp-json\/wp\/v2\/comments?post=5212"}],"version-history":[{"count":51,"href":"https:\/\/www.camping-cevennes.info\/nl\/wp-json\/wp\/v2\/pages\/5212\/revisions"}],"predecessor-version":[{"id":8061,"href":"https:\/\/www.camping-cevennes.info\/nl\/wp-json\/wp\/v2\/pages\/5212\/revisions\/8061"}],"wp:attachment":[{"href":"https:\/\/www.camping-cevennes.info\/nl\/wp-json\/wp\/v2\/media?parent=5212"}],"wp:term":[{"taxonomy":"sujet","embeddable":true,"href":"https:\/\/www.camping-cevennes.info\/nl\/wp-json\/wp\/v2\/sujet?post=5212"}],"curies":[{"name":"wp","href":"https:\/\/api.w.org\/{rel}","templated":true}]}}