{"id":4878,"date":"2022-10-19T16:34:40","date_gmt":"2022-10-19T14:34:40","guid":{"rendered":"https:\/\/www.camping-cevennes.info\/vacances-gard\/saint-jean-du-gard\/"},"modified":"2022-11-14T11:38:21","modified_gmt":"2022-11-14T10:38:21","slug":"kamperen-saint-jean-du-gard","status":"publish","type":"page","link":"https:\/\/www.camping-cevennes.info\/nl\/vakantie-gard\/kamperen-saint-jean-du-gard\/","title":{"rendered":"Saint-Jean-Du-Gard"},"content":{"rendered":"<section id=\"ls-section-block_398b475a2f747e646120d0e8573a168b\" class=\"ls-section  page-intro has-p-t p-t-14\" >\n        <div class=\"container container--wide\">\n        \n\n<div class=\"wp-block-columns columns-parent is-layout-flex wp-container-core-columns-is-layout-9d6595d7 wp-block-columns-is-layout-flex\">\n<div class=\"wp-block-column is-vertically-aligned-center left is-layout-flow wp-block-column-is-layout-flow\">\n<h1 class=\"ls__heading animated fadeInLeft delay-200ms wp-block-heading\"><span class=\"small\">Camping in <\/span><br><span class=\"bold\">Saint-Jean-du-Gard<\/span><\/h1>\n\n\n\n<p class=\"ls-paragraph\">Neem een time-out tijdens uw vakantie en kom naar <a href=\"\/nl\/\">camping Mas de la Cam, een 4 sterren camping<\/a> aan de rand van de Cevennen in Saint Jean du Gard. Onze camping ligt op een bebost domein van 65 hectare, aan de rivier de Gardon en u kunt er een onvergetelijke vakantie beleven, met ontspanning, sportieve activiteiten, culturele uitstapjes en een sportief animatieprogramma.<\/p>\n<\/div>\n\n\n\n<div class=\"wp-block-column is-vertically-aligned-center right is-layout-flow wp-block-column-is-layout-flow\">\n<div class=\"wp-block-columns columns-child is-layout-flex wp-container-core-columns-is-layout-9d6595d7 wp-block-columns-is-layout-flex\">\n<div class=\"wp-block-column is-vertically-aligned-center image-two is-layout-flow wp-block-column-is-layout-flow\">\n<iframe src=\"https:\/\/www.google.com\/maps\/embed?pb=!1m28!1m12!1m3!1d5729.709292359167!2d3.8767559573623656!3d44.106991129702074!2m3!1f0!2f0!3f0!3m2!1i1024!2i768!4f13.1!4m13!3e0!4m5!1s0x12b47164841558ad%3A0x62d813088da27348!2sCamping%20Mas%20de%20la%20Cam%20Saint%20Jean%20du%20Gard%2C%20Saint-Jean-du-Gard!3m2!1d44.112383099999995!2d3.8543309999999997!4m5!1s0x12b4718941d5a91d%3A0x4078821166b3800!2sSaint-Jean-du-Gard!3m2!1d44.10525!2d3.885144!5e0!3m2!1sfr!2sfr!4v1666691522707!5m2!1sfr!2sfr\" width=\"100%\" height=\"450\" style=\"border:0;\" allowfullscreen=\"\" loading=\"lazy\" referrerpolicy=\"no-referrer-when-downgrade\"><\/iframe>\n<\/div>\n<\/div>\n<\/div>\n<\/div>\n\n\n    <\/div>\n<\/section>\n\n<section id=\"ls-section-block_712c39154e154276af54ec5c5cef8358\" class=\"ls-section  page-one has-p-t p-t-0\" >\n        <div class=\"container container--wide\">\n        \n\n<div class=\"wp-block-columns is-layout-flex wp-container-core-columns-is-layout-9d6595d7 wp-block-columns-is-layout-flex\">\n<div class=\"wp-block-column is-vertically-aligned-center is-layout-flow wp-block-column-is-layout-flow\">\n<h2 class=\"ls__heading deco wp-block-heading\">EEN 4 STERREN CAMPING IN SAINT-JEAN-DU-GARD<\/h2>\n\n\n\n<p class=\"ls-paragraph\">Lekker camping in de natuur of liever iets huren ? Het kan allebei op camping Mas de la Cam. We hebben ruime <a href=\"https:\/\/www.camping-cevennes.info\/nl\/kampeerplaatsen-camping-gard\/\">afgebakende staanplaatsen<\/a> van 100m2 of 120m2 voor caravans, tenten en campers, met of zonder elektriciteit. Maar we verhuren ook vakantiewoningen in een volledig gerestaureerde Mas, een uit natuursteen opgetrokken herenboerderij.<\/p>\n\n\n\n<p class=\"ls-paragraph\">Geniet van de unieke ligging van de camping in de vallei van de Gardon met uitzicht op de groene heuvels van de Cevennen en neem een frisse duik in de rivier, of kom wat baantjes trekken in het 500m2 grote zwembad, waarvan een deel verwarmd wordt in het voorseizoen.<\/p>\n\n\n\n<figure class=\"wp-block-image size-full animated fadeInRight delay-500ms slow\"><a href=\"https:\/\/www.camping-cevennes.info\/wp-content\/uploads\/2022\/11\/tourisme-st-jean-du-gard.jpg\"><img decoding=\"async\" width=\"900\" height=\"600\" src=\"https:\/\/www.camping-cevennes.info\/wp-content\/uploads\/2022\/11\/tourisme-st-jean-du-gard.jpg\" alt=\"tourisme st jean du gard\" class=\"wp-image-4545\" srcset=\"https:\/\/www.camping-cevennes.info\/wp-content\/uploads\/2022\/11\/tourisme-st-jean-du-gard.jpg 900w, https:\/\/www.camping-cevennes.info\/wp-content\/uploads\/2022\/11\/tourisme-st-jean-du-gard-300x200.jpg 300w, https:\/\/www.camping-cevennes.info\/wp-content\/uploads\/2022\/11\/tourisme-st-jean-du-gard-768x512.jpg 768w\" sizes=\"(max-width: 900px) 100vw, 900px\" \/><\/a><\/figure>\n<\/div>\n\n\n\n<div class=\"wp-block-column is-vertically-aligned-center is-layout-flow wp-block-column-is-layout-flow\">\n<figure class=\"wp-block-image size-full animated fadeInLeft delay-500ms slow\"><a href=\"https:\/\/www.camping-cevennes.info\/wp-content\/uploads\/2022\/11\/que-faire-a-st-jean-du-gard.jpg\"><img decoding=\"async\" width=\"900\" height=\"600\" src=\"https:\/\/www.camping-cevennes.info\/wp-content\/uploads\/2022\/11\/que-faire-a-st-jean-du-gard.jpg\" alt=\"que faire a st jean du gard\" class=\"wp-image-4541\" srcset=\"https:\/\/www.camping-cevennes.info\/wp-content\/uploads\/2022\/11\/que-faire-a-st-jean-du-gard.jpg 900w, https:\/\/www.camping-cevennes.info\/wp-content\/uploads\/2022\/11\/que-faire-a-st-jean-du-gard-300x200.jpg 300w, https:\/\/www.camping-cevennes.info\/wp-content\/uploads\/2022\/11\/que-faire-a-st-jean-du-gard-768x512.jpg 768w\" sizes=\"(max-width: 900px) 100vw, 900px\" \/><\/a><\/figure>\n\n\n\n<p class=\"ls-paragraph\">Moderne faciliteiten bieden onze gasten en hun kinderen veel comfort en plezier : een enorm speelterrein met pingpongtafels, een kunstgras sportveld, een volleybalveld, tennisbaan, jeu-de-boules-banen, een speeltuin\u2026 Reserveer nu voor een<strong> actieve vakantie<\/strong> in een oase van rust.<\/p>\n\n\n\n<p class=\"ls-paragraph\">Welkom in Zuid-Frankrijk, in het departement <strong>Gard<\/strong>, in \u00e9\u00e9n van de vele pittoreske dorpjes die de regio Occitanie rijk is. Saint Jean du Gard, het vertrekpunt van de toeristische stoomtrein naar Anduze, is een dorpje met 2 800 inwoners aan de voet van de bergen, aan de rivier Le Gardon de Saint Jean.<\/p>\n<\/div>\n<\/div>\n\n\n    <\/div>\n<\/section>\n\n<section id=\"ls-section-block_712c39154e154276af54ec5c5cef8358\" class=\"ls-section  page-one has-p-t p-t-0\" >\n        <div class=\"container container--wide\">\n        \n\n<div class=\"wp-block-columns is-layout-flex wp-container-core-columns-is-layout-9d6595d7 wp-block-columns-is-layout-flex\">\n<div class=\"wp-block-column is-layout-flow wp-block-column-is-layout-flow\">\n<h2 class=\"ls__heading deco wp-block-heading\">Bezoek Saint Jean du Gard<\/h2>\n\n\n\n<p class=\"ls-paragraph\">In vroeger tijden maakten de zijde-industrie en het kweken van de zijderups Saint Jean du Gard en omgeving tot een<strong> welvarende gemeenschap<\/strong>. Het museum des Vall\u00e9es C\u00e9venoles is nu verhuisd naar een voormalige zijdespinnerij in het dorp en helemaal opnieuw ingericht; het geeft een prachtig overzicht van de rijke historie en vele facetten van het leven in en om Saint Jean du Gard. In het dorp zijn verschillende andere monumenten de zien : la Tour de l\u2019Horloge, le Pont Vieux, de Protestante kerk die recentelijk gerestaureerd is.<\/p>\n\n\n\n<p class=\"ls-paragraph\">U kunt de verschillende musea in het dorp en omgeving bezoeken (mus\u00e9e des Vall\u00e9es C\u00e9venoles, mus\u00e9e du D\u00e9sert), of een kijkje gaan nemen bij de monumentale panden die de omgeving rijk is, zoals het Chateau de Cabri\u00e8res, le Chateau du Maylet, le <strong>Chateau de Marcassargues<\/strong>, le Chateau de Sueilhes. Als u met een gids een wandeltocht in de omgeving wilt maken kunt u contact opnemen met Les Sentiers Vagabonds.<\/p>\n\n\n\n<p class=\"ls-paragraph addReadMore showlesscontent\">Ook de kleine pittoreske dorpjes en gehuchten in de omgeving zijn de moeite van een bezoekje waard, zoals Peyrolles, Mialet, Thoiras, Saint-Etienne-Vall\u00e9e Fran\u00e7aise en Sainte Croix de Caderle.<\/p>\n<\/div>\n\n\n\n<div class=\"wp-block-column is-vertically-aligned-center video is-layout-flow wp-block-column-is-layout-flow\">\n<figure class=\"wp-block-embed is-type-video is-provider-youtube wp-block-embed-youtube wp-embed-aspect-16-9 wp-has-aspect-ratio\"><div class=\"wp-block-embed__wrapper\">\n<iframe loading=\"lazy\" title=\"PHANTOM 4 CEVENNES SAINT JEAN DU GARD\" width=\"500\" height=\"281\" src=\"https:\/\/www.youtube.com\/embed\/fDOB4Td0CYg?feature=oembed\" frameborder=\"0\" allow=\"accelerometer; autoplay; clipboard-write; encrypted-media; gyroscope; picture-in-picture; web-share\" referrerpolicy=\"strict-origin-when-cross-origin\" allowfullscreen><\/iframe>\n<\/div><\/figure>\n<\/div>\n<\/div>\n\n\n    <\/div>\n<\/section>\n\n<section id=\"ls-section-block_e56e8efd6c1d80520630948498c1a0ae\" class=\"ls-section \" >\n        <div class=\"container container--wide\">\n        \n\n<div id=\"ls-heading ls-titre-div-block_73dd21cfedd5f0ebda84f0aec1f6e414\" class=\"ls-titre-div deco-centree aligncenter h2-like\" >\n    Ontdek de steden rond de camping<\/div>\n\n\n<div id=\"ls-maillage-block_4eb4992f8e2a9a65c9a34ff53ff02671\" class=\"ls-maillage cta-style-normal\" data-rows=\"3\">\n    <div class=\"wp-block-columns\"><div class=\"wp-block-column\">\n\n<a href=\"https:\/\/www.camping-cevennes.info\/nl\/vakantie-gard\/kamperen-mialet\/\" target=\"\" rel=\"noopener\" class=\"ls-cta__link\">\n\n\t<div class=\"ls-cta__image\"><img decoding=\"async\" src=\"https:\/\/www.camping-cevennes.info\/wp-content\/uploads\/2022\/11\/tourisme-mialet.jpg\" alt=\"tourisme mialet\"><\/div>\n\t<div class=\"ls-cta__title\">\n\t\tMialet\t<\/div>\n\n\t\t\n<\/a><\/div><div class=\"wp-block-column\">\n\n<a href=\"https:\/\/www.camping-cevennes.info\/nl\/vakantie-gard\/kamperen-nimes\/\" target=\"\" rel=\"noopener\" class=\"ls-cta__link\">\n\n\t<div class=\"ls-cta__image\"><img decoding=\"async\" src=\"https:\/\/www.camping-cevennes.info\/wp-content\/uploads\/2022\/10\/nimes-cathedrale-1024x480.jpg\" alt=\"nimes cathedrale\"><\/div>\n\t<div class=\"ls-cta__title\">\n\t\tN\u00eemes\t<\/div>\n\n\t\t\n<\/a><\/div><div class=\"wp-block-column\">\n\n<a href=\"https:\/\/www.camping-cevennes.info\/nl\/vakantie-gard\/kamperen-uzes\/\" target=\"\" rel=\"noopener\" class=\"ls-cta__link\">\n\n\t<div class=\"ls-cta__image\"><img decoding=\"async\" src=\"https:\/\/www.camping-cevennes.info\/wp-content\/uploads\/2022\/11\/cathedral-uzes-1024x480.jpg\" alt=\"cathedral uzes\"><\/div>\n\t<div class=\"ls-cta__title\">\n\t\tUzes\t<\/div>\n\n\t\t\n<\/a><\/div><\/div><\/div>\n\n    <\/div>\n<\/section>","protected":false},"excerpt":{"rendered":"","protected":false},"author":1,"featured_media":3078,"parent":4786,"menu_order":0,"comment_status":"closed","ping_status":"closed","template":"","meta":{"_acf_changed":false,"footnotes":""},"sujet":[],"class_list":["post-4878","page","type-page","status-publish","has-post-thumbnail","hentry"],"acf":[],"yoast_head":"<!-- This site is optimized with the Yoast SEO plugin v25.3 - https:\/\/yoast.com\/wordpress\/plugins\/seo\/ -->\n<title>Saint Jean du Gard vakantie | Activiteiten in Saint Jean du Gard<\/title>\n<meta name=\"description\" content=\"Toeristische activiteiten in Saint Jean du Gard, plaatsen die u niet mag missen, wat te zien, wat te doen tijdens zijn vakantie in Saint Jean du Gard\" \/>\n<meta name=\"robots\" content=\"index, follow, max-snippet:-1, max-image-preview:large, max-video-preview:-1\" \/>\n<link rel=\"canonical\" href=\"https:\/\/www.camping-cevennes.info\/nl\/vakantie-gard\/kamperen-saint-jean-du-gard\/\" \/>\n<meta property=\"og:locale\" content=\"nl_NL\" \/>\n<meta property=\"og:type\" content=\"article\" \/>\n<meta property=\"og:title\" content=\"Saint Jean du Gard vakantie | Activiteiten in Saint Jean du Gard\" \/>\n<meta property=\"og:description\" content=\"Toeristische activiteiten in Saint Jean du Gard, plaatsen die u niet mag missen, wat te zien, wat te doen tijdens zijn vakantie in Saint Jean du Gard\" \/>\n<meta property=\"og:url\" content=\"https:\/\/www.camping-cevennes.info\/nl\/vakantie-gard\/kamperen-saint-jean-du-gard\/\" \/>\n<meta property=\"og:site_name\" content=\"Camping Mas de la Cam\" \/>\n<meta property=\"article:modified_time\" content=\"2022-11-14T10:38:21+00:00\" \/>\n<meta property=\"og:image\" content=\"https:\/\/www.camping-cevennes.info\/wp-content\/uploads\/2022\/10\/pont-saint-jean-du-gard.jpg\" \/>\n\t<meta property=\"og:image:width\" content=\"1920\" \/>\n\t<meta property=\"og:image:height\" content=\"900\" \/>\n\t<meta property=\"og:image:type\" content=\"image\/jpeg\" \/>\n<meta name=\"twitter:card\" content=\"summary_large_image\" \/>\n<meta name=\"twitter:label1\" content=\"Geschatte leestijd\" \/>\n\t<meta name=\"twitter:data1\" content=\"3 minuten\" \/>\n<script type=\"application\/ld+json\" class=\"yoast-schema-graph\">{\"@context\":\"https:\/\/schema.org\",\"@graph\":[{\"@type\":\"WebPage\",\"@id\":\"https:\/\/www.camping-cevennes.info\/nl\/vakantie-gard\/kamperen-saint-jean-du-gard\/\",\"url\":\"https:\/\/www.camping-cevennes.info\/nl\/vakantie-gard\/kamperen-saint-jean-du-gard\/\",\"name\":\"Saint Jean du Gard vakantie | Activiteiten in Saint Jean du Gard\",\"isPartOf\":{\"@id\":\"https:\/\/www.camping-cevennes.info\/nl\/#website\"},\"primaryImageOfPage\":{\"@id\":\"https:\/\/www.camping-cevennes.info\/nl\/vakantie-gard\/kamperen-saint-jean-du-gard\/#primaryimage\"},\"image\":{\"@id\":\"https:\/\/www.camping-cevennes.info\/nl\/vakantie-gard\/kamperen-saint-jean-du-gard\/#primaryimage\"},\"thumbnailUrl\":\"https:\/\/www.camping-cevennes.info\/wp-content\/uploads\/2022\/10\/pont-saint-jean-du-gard.jpg\",\"datePublished\":\"2022-10-19T14:34:40+00:00\",\"dateModified\":\"2022-11-14T10:38:21+00:00\",\"description\":\"Toeristische activiteiten in Saint Jean du Gard, plaatsen die u niet mag missen, wat te zien, wat te doen tijdens zijn vakantie in Saint Jean du Gard\",\"breadcrumb\":{\"@id\":\"https:\/\/www.camping-cevennes.info\/nl\/vakantie-gard\/kamperen-saint-jean-du-gard\/#breadcrumb\"},\"inLanguage\":\"nl-NL\",\"potentialAction\":[{\"@type\":\"ReadAction\",\"target\":[\"https:\/\/www.camping-cevennes.info\/nl\/vakantie-gard\/kamperen-saint-jean-du-gard\/\"]}]},{\"@type\":\"ImageObject\",\"inLanguage\":\"nl-NL\",\"@id\":\"https:\/\/www.camping-cevennes.info\/nl\/vakantie-gard\/kamperen-saint-jean-du-gard\/#primaryimage\",\"url\":\"https:\/\/www.camping-cevennes.info\/wp-content\/uploads\/2022\/10\/pont-saint-jean-du-gard.jpg\",\"contentUrl\":\"https:\/\/www.camping-cevennes.info\/wp-content\/uploads\/2022\/10\/pont-saint-jean-du-gard.jpg\",\"width\":1920,\"height\":900,\"caption\":\"pont saint jean du gard\"},{\"@type\":\"BreadcrumbList\",\"@id\":\"https:\/\/www.camping-cevennes.info\/nl\/vakantie-gard\/kamperen-saint-jean-du-gard\/#breadcrumb\",\"itemListElement\":[{\"@type\":\"ListItem\",\"position\":1,\"name\":\"Kamperen C\u00e9vennes\",\"item\":\"https:\/\/www.camping-cevennes.info\/nl\/\"},{\"@type\":\"ListItem\",\"position\":2,\"name\":\"De Gard\",\"item\":\"https:\/\/www.camping-cevennes.info\/nl\/vakantie-gard\/\"},{\"@type\":\"ListItem\",\"position\":3,\"name\":\"Camping in Saint Jean du Gard\"}]},{\"@type\":\"WebSite\",\"@id\":\"https:\/\/www.camping-cevennes.info\/nl\/#website\",\"url\":\"https:\/\/www.camping-cevennes.info\/nl\/\",\"name\":\"Camping Mas de la Cam\",\"description\":\"\",\"publisher\":{\"@id\":\"https:\/\/www.camping-cevennes.info\/nl\/#organization\"},\"potentialAction\":[{\"@type\":\"SearchAction\",\"target\":{\"@type\":\"EntryPoint\",\"urlTemplate\":\"https:\/\/www.camping-cevennes.info\/nl\/?s={search_term_string}\"},\"query-input\":{\"@type\":\"PropertyValueSpecification\",\"valueRequired\":true,\"valueName\":\"search_term_string\"}}],\"inLanguage\":\"nl-NL\"},{\"@type\":\"Organization\",\"@id\":\"https:\/\/www.camping-cevennes.info\/nl\/#organization\",\"name\":\"Camping Mas de la Cam\",\"url\":\"https:\/\/www.camping-cevennes.info\/nl\/\",\"logo\":{\"@type\":\"ImageObject\",\"inLanguage\":\"nl-NL\",\"@id\":\"https:\/\/www.camping-cevennes.info\/nl\/#\/schema\/logo\/image\/\",\"url\":\"https:\/\/www.camping-cevennes.info\/wp-content\/uploads\/2022\/09\/logo-camping-mas-de-la-cam-noir-1.png\",\"contentUrl\":\"https:\/\/www.camping-cevennes.info\/wp-content\/uploads\/2022\/09\/logo-camping-mas-de-la-cam-noir-1.png\",\"width\":625,\"height\":190,\"caption\":\"Camping Mas de la Cam\"},\"image\":{\"@id\":\"https:\/\/www.camping-cevennes.info\/nl\/#\/schema\/logo\/image\/\"}}]}<\/script>\n<!-- \/ Yoast SEO plugin. -->","yoast_head_json":{"title":"Saint Jean du Gard vakantie | Activiteiten in Saint Jean du Gard","description":"Toeristische activiteiten in Saint Jean du Gard, plaatsen die u niet mag missen, wat te zien, wat te doen tijdens zijn vakantie in Saint Jean du Gard","robots":{"index":"index","follow":"follow","max-snippet":"max-snippet:-1","max-image-preview":"max-image-preview:large","max-video-preview":"max-video-preview:-1"},"canonical":"https:\/\/www.camping-cevennes.info\/nl\/vakantie-gard\/kamperen-saint-jean-du-gard\/","og_locale":"nl_NL","og_type":"article","og_title":"Saint Jean du Gard vakantie | Activiteiten in Saint Jean du Gard","og_description":"Toeristische activiteiten in Saint Jean du Gard, plaatsen die u niet mag missen, wat te zien, wat te doen tijdens zijn vakantie in Saint Jean du Gard","og_url":"https:\/\/www.camping-cevennes.info\/nl\/vakantie-gard\/kamperen-saint-jean-du-gard\/","og_site_name":"Camping Mas de la Cam","article_modified_time":"2022-11-14T10:38:21+00:00","og_image":[{"width":1920,"height":900,"url":"https:\/\/www.camping-cevennes.info\/wp-content\/uploads\/2022\/10\/pont-saint-jean-du-gard.jpg","type":"image\/jpeg"}],"twitter_card":"summary_large_image","twitter_misc":{"Geschatte leestijd":"3 minuten"},"schema":{"@context":"https:\/\/schema.org","@graph":[{"@type":"WebPage","@id":"https:\/\/www.camping-cevennes.info\/nl\/vakantie-gard\/kamperen-saint-jean-du-gard\/","url":"https:\/\/www.camping-cevennes.info\/nl\/vakantie-gard\/kamperen-saint-jean-du-gard\/","name":"Saint Jean du Gard vakantie | Activiteiten in Saint Jean du Gard","isPartOf":{"@id":"https:\/\/www.camping-cevennes.info\/nl\/#website"},"primaryImageOfPage":{"@id":"https:\/\/www.camping-cevennes.info\/nl\/vakantie-gard\/kamperen-saint-jean-du-gard\/#primaryimage"},"image":{"@id":"https:\/\/www.camping-cevennes.info\/nl\/vakantie-gard\/kamperen-saint-jean-du-gard\/#primaryimage"},"thumbnailUrl":"https:\/\/www.camping-cevennes.info\/wp-content\/uploads\/2022\/10\/pont-saint-jean-du-gard.jpg","datePublished":"2022-10-19T14:34:40+00:00","dateModified":"2022-11-14T10:38:21+00:00","description":"Toeristische activiteiten in Saint Jean du Gard, plaatsen die u niet mag missen, wat te zien, wat te doen tijdens zijn vakantie in Saint Jean du Gard","breadcrumb":{"@id":"https:\/\/www.camping-cevennes.info\/nl\/vakantie-gard\/kamperen-saint-jean-du-gard\/#breadcrumb"},"inLanguage":"nl-NL","potentialAction":[{"@type":"ReadAction","target":["https:\/\/www.camping-cevennes.info\/nl\/vakantie-gard\/kamperen-saint-jean-du-gard\/"]}]},{"@type":"ImageObject","inLanguage":"nl-NL","@id":"https:\/\/www.camping-cevennes.info\/nl\/vakantie-gard\/kamperen-saint-jean-du-gard\/#primaryimage","url":"https:\/\/www.camping-cevennes.info\/wp-content\/uploads\/2022\/10\/pont-saint-jean-du-gard.jpg","contentUrl":"https:\/\/www.camping-cevennes.info\/wp-content\/uploads\/2022\/10\/pont-saint-jean-du-gard.jpg","width":1920,"height":900,"caption":"pont saint jean du gard"},{"@type":"BreadcrumbList","@id":"https:\/\/www.camping-cevennes.info\/nl\/vakantie-gard\/kamperen-saint-jean-du-gard\/#breadcrumb","itemListElement":[{"@type":"ListItem","position":1,"name":"Kamperen C\u00e9vennes","item":"https:\/\/www.camping-cevennes.info\/nl\/"},{"@type":"ListItem","position":2,"name":"De Gard","item":"https:\/\/www.camping-cevennes.info\/nl\/vakantie-gard\/"},{"@type":"ListItem","position":3,"name":"Camping in Saint Jean du Gard"}]},{"@type":"WebSite","@id":"https:\/\/www.camping-cevennes.info\/nl\/#website","url":"https:\/\/www.camping-cevennes.info\/nl\/","name":"Camping Mas de la Cam","description":"","publisher":{"@id":"https:\/\/www.camping-cevennes.info\/nl\/#organization"},"potentialAction":[{"@type":"SearchAction","target":{"@type":"EntryPoint","urlTemplate":"https:\/\/www.camping-cevennes.info\/nl\/?s={search_term_string}"},"query-input":{"@type":"PropertyValueSpecification","valueRequired":true,"valueName":"search_term_string"}}],"inLanguage":"nl-NL"},{"@type":"Organization","@id":"https:\/\/www.camping-cevennes.info\/nl\/#organization","name":"Camping Mas de la Cam","url":"https:\/\/www.camping-cevennes.info\/nl\/","logo":{"@type":"ImageObject","inLanguage":"nl-NL","@id":"https:\/\/www.camping-cevennes.info\/nl\/#\/schema\/logo\/image\/","url":"https:\/\/www.camping-cevennes.info\/wp-content\/uploads\/2022\/09\/logo-camping-mas-de-la-cam-noir-1.png","contentUrl":"https:\/\/www.camping-cevennes.info\/wp-content\/uploads\/2022\/09\/logo-camping-mas-de-la-cam-noir-1.png","width":625,"height":190,"caption":"Camping Mas de la Cam"},"image":{"@id":"https:\/\/www.camping-cevennes.info\/nl\/#\/schema\/logo\/image\/"}}]}},"_links":{"self":[{"href":"https:\/\/www.camping-cevennes.info\/nl\/wp-json\/wp\/v2\/pages\/4878","targetHints":{"allow":["GET"]}}],"collection":[{"href":"https:\/\/www.camping-cevennes.info\/nl\/wp-json\/wp\/v2\/pages"}],"about":[{"href":"https:\/\/www.camping-cevennes.info\/nl\/wp-json\/wp\/v2\/types\/page"}],"author":[{"embeddable":true,"href":"https:\/\/www.camping-cevennes.info\/nl\/wp-json\/wp\/v2\/users\/1"}],"replies":[{"embeddable":true,"href":"https:\/\/www.camping-cevennes.info\/nl\/wp-json\/wp\/v2\/comments?post=4878"}],"version-history":[{"count":9,"href":"https:\/\/www.camping-cevennes.info\/nl\/wp-json\/wp\/v2\/pages\/4878\/revisions"}],"predecessor-version":[{"id":5870,"href":"https:\/\/www.camping-cevennes.info\/nl\/wp-json\/wp\/v2\/pages\/4878\/revisions\/5870"}],"up":[{"embeddable":true,"href":"https:\/\/www.camping-cevennes.info\/nl\/wp-json\/wp\/v2\/pages\/4786"}],"wp:featuredmedia":[{"embeddable":true,"href":"https:\/\/www.camping-cevennes.info\/nl\/wp-json\/wp\/v2\/media\/3078"}],"wp:attachment":[{"href":"https:\/\/www.camping-cevennes.info\/nl\/wp-json\/wp\/v2\/media?parent=4878"}],"wp:term":[{"taxonomy":"sujet","embeddable":true,"href":"https:\/\/www.camping-cevennes.info\/nl\/wp-json\/wp\/v2\/sujet?post=4878"}],"curies":[{"name":"wp","href":"https:\/\/api.w.org\/{rel}","templated":true}]}}