{"id":4875,"date":"2022-10-19T16:25:30","date_gmt":"2022-10-19T14:25:30","guid":{"rendered":"https:\/\/www.camping-cevennes.info\/vacances-gard\/camping-nimes\/"},"modified":"2022-11-14T13:37:12","modified_gmt":"2022-11-14T12:37:12","slug":"kamperen-nimes","status":"publish","type":"page","link":"https:\/\/www.camping-cevennes.info\/nl\/vakantie-gard\/kamperen-nimes\/","title":{"rendered":"N\u00eemes"},"content":{"rendered":"<section id=\"ls-section-block_30f6b9167c29e512f2012cd95b804b95\" class=\"ls-section  page-intro has-p-t p-t-14\" >\n        <div class=\"container container--wide\">\n        \n\n<div class=\"wp-block-columns columns-parent is-layout-flex wp-container-core-columns-is-layout-9d6595d7 wp-block-columns-is-layout-flex\">\n<div class=\"wp-block-column is-vertically-aligned-center left is-layout-flow wp-block-column-is-layout-flow\">\n<h1 class=\"ls__heading animated fadeInLeft delay-200ms wp-block-heading\"><span class=\"small\">Camping in buurt <\/span><br><span class=\"bold\">van N\u00eemes<\/span><\/h1>\n\n\n\n<p class=\"ls-paragraph\">Zoekt u een gezellige gezinscamping in de buurt van N\u00eemes waar u in een fantastische omgeving comfort, ontspanning en een goede sfeer vindt ? Dan is<a href=\"\/nl\/\"> camping Mas de la Cam<\/a> in de Gard, in het hart van de Cevennen misschien wel iets voor u. Ons eigendom van 65 hectare bebost terrein ligt direct aan de rivier Le Gardon en is zeer aantrekkelijk voor natuurwaterliefhebbers die zin hebben in een ontspannen vakantie.<\/p>\n<\/div>\n\n\n\n<div class=\"wp-block-column is-vertically-aligned-center right is-layout-flow wp-block-column-is-layout-flow\">\n<figure class=\"wp-block-image size-full\"><img decoding=\"async\" width=\"900\" height=\"600\" src=\"https:\/\/www.camping-cevennes.info\/wp-content\/uploads\/2022\/10\/piscine-mas-de-la-cam-gard-1.jpg\" alt=\"piscine mas de la cam\" class=\"wp-image-2362\" srcset=\"https:\/\/www.camping-cevennes.info\/wp-content\/uploads\/2022\/10\/piscine-mas-de-la-cam-gard-1.jpg 900w, https:\/\/www.camping-cevennes.info\/wp-content\/uploads\/2022\/10\/piscine-mas-de-la-cam-gard-1-300x200.jpg 300w, https:\/\/www.camping-cevennes.info\/wp-content\/uploads\/2022\/10\/piscine-mas-de-la-cam-gard-1-768x512.jpg 768w\" sizes=\"(max-width: 900px) 100vw, 900px\" \/><\/figure>\n<\/div>\n<\/div>\n\n\n    <\/div>\n<\/section>\n\n<section id=\"ls-section-block_8f41dc1415da4b4a5b15232ef10cc817\" class=\"ls-section  page-one has-p-t p-t-0\" >\n        <div class=\"container container--wide\">\n        \n\n<div class=\"wp-block-columns is-layout-flex wp-container-core-columns-is-layout-9d6595d7 wp-block-columns-is-layout-flex\">\n<div class=\"wp-block-column is-vertically-aligned-center is-layout-flow wp-block-column-is-layout-flow\">\n<iframe src=\"https:\/\/www.google.com\/maps\/embed?pb=!1m28!1m12!1m3!1d183761.16318625904!2d3.9721089097621682!3d43.974503366867495!2m3!1f0!2f0!3f0!3m2!1i1024!2i768!4f13.1!4m13!3e0!4m5!1s0x12b47164841558ad%3A0x62d813088da27348!2sCamping%20Mas%20de%20la%20Cam%20Saint%20Jean%20du%20Gard%2C%20Saint-Jean-du-Gard!3m2!1d44.112383099999995!2d3.8543309999999997!4m5!1s0x12b42d0bd6e85339%3A0xde88134f9f200c03!2zTsOubWVz!3m2!1d43.836698999999996!2d4.360054!5e0!3m2!1sfr!2sfr!4v1666687294805!5m2!1sfr!2sfr\" width=\"100%\" height=\"450\" style=\"border:0;\" allowfullscreen=\"\" loading=\"lazy\" referrerpolicy=\"no-referrer-when-downgrade\"><\/iframe>\n<\/div>\n\n\n\n<div class=\"wp-block-column is-layout-flow wp-block-column-is-layout-flow\">\n<h2 class=\"ls__heading deco wp-block-heading\">EEN 4 STERREN CAMPING OP 60 KM VAN N\u00ceMES<\/h2>\n\n\n\n<p class=\"ls-paragraph\">Of u tijdens uw vakantie nou echt even wilt bijtanken, of u wilt terugtrekken in een natuurlijke omgeving, cultureel en historisch erfgoed wilt kunnen bezichtigen, of juist veel wil fietsen of wandelen, in al die gevallen is camping Mas de la Cam in <a href=\"https:\/\/www.camping-cevennes.info\/nl\/vakantie-gard\/kamperen-saint-jean-du-gard\/\">Saint Jean du Gard<\/a> wellicht een ideale bestemming voor u. Onze luxueuze, bloemrijke camping heeft ruime <a href=\"https:\/\/www.camping-cevennes.info\/nl\/kampeerplaatsen-camping-gard\/\">kampeerplaatsen<\/a> voor tent, camper of caravan.<\/p>\n\n\n\n<p class=\"ls-paragraph\">Bent u opzoek naar een vakantiewoning ? We verhuren ook <a href=\"https:\/\/www.camping-cevennes.info\/nl\/huisje-van-frankrijk-gard\/\">vakantieappartementen<\/a> in de Mas, een gerestaureerde, uit natuursteen opgetrokken herenboerderij op de camping. Deze appartementen zijn volledig uitgerust <strong>voor 4 \u00e0 6 personen<\/strong>. U kunt gebruik maken van alle faciliteiten van de camping, zoals het ruime zwembad, dat in het voorseizoen gedeeltelijk verwarmd wordt. U kunt er ook zwemmen in de rivier die direct langs de camping loopt. Verder is er een enorm speelterrein voor sport en spel, en u kunt meedoen aan de activiteiten van het animatieprogramma.<\/p>\n<\/div>\n<\/div>\n\n\n    <\/div>\n<\/section>\n\n<section id=\"ls-section-block_e66c4346e13cf4ee9bbf509ede4733b5\" class=\"ls-section \" >\n        <div class=\"container container--wide\">\n        \n\n<div class=\"wp-block-columns is-layout-flex wp-container-core-columns-is-layout-9d6595d7 wp-block-columns-is-layout-flex\">\n<div class=\"wp-block-column is-vertically-aligned-center is-layout-flow wp-block-column-is-layout-flow\">\n<h2 class=\"ls__heading deco wp-block-heading\">WAT KUNT U DOEN IN N\u00ceMES?<\/h2>\n\n\n\n<p class=\"ls-paragraph\">Deze stad die in de Romeinse tijd gesticht werd herbergt een schat aan<strong> historische monumenten<\/strong>, zoals de Romeinse Arena, het <strong>Maison Carr\u00e9<\/strong>, la Tour Magne, Les Jardins de la Fontaine, waar vroeger het water van de Pont du Gard naartoe geleid werd. Verder zijn er verschillende religieuze monumenten en kerken te bezichtigen, evenals recente gebouwen zoals het Carr\u00e9 d\u2019Art dat een museum en de stadsbibliotheek van N\u00eemes onderdak biedt.<\/p>\n\n\n\n<figure class=\"wp-block-image size-full animated fadeInRight delay-500ms slow\"><a href=\"https:\/\/www.camping-cevennes.info\/wp-content\/uploads\/2022\/10\/nimes-ville.jpg\"><img decoding=\"async\" width=\"900\" height=\"600\" src=\"https:\/\/www.camping-cevennes.info\/wp-content\/uploads\/2022\/10\/nimes-ville.jpg\" alt=\"nimes ville\" class=\"wp-image-3011\" srcset=\"https:\/\/www.camping-cevennes.info\/wp-content\/uploads\/2022\/10\/nimes-ville.jpg 900w, https:\/\/www.camping-cevennes.info\/wp-content\/uploads\/2022\/10\/nimes-ville-300x200.jpg 300w, https:\/\/www.camping-cevennes.info\/wp-content\/uploads\/2022\/10\/nimes-ville-768x512.jpg 768w\" sizes=\"(max-width: 900px) 100vw, 900px\" \/><\/a><\/figure>\n<\/div>\n\n\n\n<div class=\"wp-block-column is-vertically-aligned-center is-layout-flow wp-block-column-is-layout-flow\">\n<figure class=\"wp-block-image size-full animated fadeInLeft delay-500ms slow\"><a href=\"https:\/\/www.camping-cevennes.info\/wp-content\/uploads\/2022\/10\/arene-de-nimes-1.jpg\"><img decoding=\"async\" width=\"900\" height=\"600\" src=\"https:\/\/www.camping-cevennes.info\/wp-content\/uploads\/2022\/10\/arene-de-nimes-1.jpg\" alt=\"arene de nimes\" class=\"wp-image-4036\" srcset=\"https:\/\/www.camping-cevennes.info\/wp-content\/uploads\/2022\/10\/arene-de-nimes-1.jpg 900w, https:\/\/www.camping-cevennes.info\/wp-content\/uploads\/2022\/10\/arene-de-nimes-1-300x200.jpg 300w, https:\/\/www.camping-cevennes.info\/wp-content\/uploads\/2022\/10\/arene-de-nimes-1-768x512.jpg 768w\" sizes=\"(max-width: 900px) 100vw, 900px\" \/><\/a><\/figure>\n\n\n\n<p class=\"ls-paragraph\">Verschillende musea bieden u de mogelijkheid de diverse facetten van N\u00eemes en omgeving te ontdekken, zoals het Mus\u00e9e du<strong> Vieux N\u00eemes<\/strong>, Le Mus\u00e9e de la Romanit\u00e9, le Mus\u00e9e Paul Raymond, Le Mus\u00e9e des Cultures Taurines, Le mus\u00e9e des beaux arts, of het Natuurhistorisch museum. Wilt u even weg uit de stadse drukte ? Ga dan naar de Jardins de la Fontaine. En als u benieuwd bent naar de Zuid-Franse tauromachie cultuur, dan kunt u tijdens \u00e9\u00e9n van de <strong>Ferias van N\u00eemes<\/strong> een echt stierengevecht bijwonen in de Romeinse Arena !<\/p>\n<\/div>\n<\/div>\n\n\n    <\/div>\n<\/section>\n\n<section id=\"ls-section-block_b42ce71c12c147e5503e72f5f0436915\" class=\"ls-section  has-p-t p-t-0 has-p-b p-b-0\" >\n        <div class=\"container \">\n        \n    <\/div>\n<\/section>\n\n<section id=\"ls-section-block_f63cc013da65f4335d5a6507b72e0a10\" class=\"ls-section  has-p-t p-t-0\" >\n        <div class=\"container container--wide\">\n        \n\n<div id=\"ls-heading ls-titre-div-block_9a91f14ea288b1178fded01ec6e26d24\" class=\"ls-titre-div deco-centree aligncenter h2-like\" >\n    Ontdek andere steden in de omgeving<\/div>\n\n\n<div id=\"ls-maillage-block_0ddf1886e764f84f64f0f3a1f6bf0c67\" class=\"ls-maillage cta-style-normal\" data-rows=\"3\">\n    <div class=\"wp-block-columns\"><div class=\"wp-block-column\">\n\n<a href=\"https:\/\/www.camping-cevennes.info\/nl\/vakantie-gard\/kamperen-ales\/\" target=\"\" rel=\"noopener\" class=\"ls-cta__link\">\n\n\t<div class=\"ls-cta__image\"><img decoding=\"async\" src=\"https:\/\/www.camping-cevennes.info\/wp-content\/uploads\/2022\/10\/ales-1024x480.jpg\" alt=\"al\u00e8s\"><\/div>\n\t<div class=\"ls-cta__title\">\n\t\tAl\u00e8s\t<\/div>\n\n\t\t\n<\/a><\/div><div class=\"wp-block-column\">\n\n<a href=\"https:\/\/www.camping-cevennes.info\/nl\/vakantie-gard\/kemperen-anduze\/\" target=\"\" rel=\"noopener\" class=\"ls-cta__link\">\n\n\t<div class=\"ls-cta__image\"><img decoding=\"async\" src=\"https:\/\/www.camping-cevennes.info\/wp-content\/uploads\/2022\/10\/anduze-1024x480.jpg\" alt=\"anduze\"><\/div>\n\t<div class=\"ls-cta__title\">\n\t\tAnduze\t<\/div>\n\n\t\t\n<\/a><\/div><div class=\"wp-block-column\">\n\n<a href=\"https:\/\/www.camping-cevennes.info\/nl\/vakantie-gard\/kamperen-mialet\/\" target=\"\" rel=\"noopener\" class=\"ls-cta__link\">\n\n\t<div class=\"ls-cta__image\"><img decoding=\"async\" src=\"https:\/\/www.camping-cevennes.info\/wp-content\/uploads\/2022\/11\/tourisme-mialet.jpg\" alt=\"tourisme mialet\"><\/div>\n\t<div class=\"ls-cta__title\">\n\t\tMialet\t<\/div>\n\n\t\t\n<\/a><\/div><\/div><\/div>\n\n    <\/div>\n<\/section>","protected":false},"excerpt":{"rendered":"","protected":false},"author":1,"featured_media":3017,"parent":4786,"menu_order":0,"comment_status":"closed","ping_status":"closed","template":"","meta":{"_acf_changed":false,"footnotes":""},"sujet":[],"class_list":["post-4875","page","type-page","status-publish","has-post-thumbnail","hentry"],"acf":[],"yoast_head":"<!-- This site is optimized with the Yoast SEO plugin v25.3 - https:\/\/yoast.com\/wordpress\/plugins\/seo\/ -->\n<title>Camping N\u00eemes | Cottage in N\u00eemes | Vakantie in Nimes in de Gard<\/title>\n<meta name=\"description\" content=\"Toeristische activiteiten in N\u00eemes, plaatsen die u niet mag missen, wat u moet zien, wat te doen tijdens zijn vakantie in N\u00eemes\" \/>\n<meta name=\"robots\" content=\"index, follow, max-snippet:-1, max-image-preview:large, max-video-preview:-1\" \/>\n<link rel=\"canonical\" href=\"https:\/\/www.camping-cevennes.info\/nl\/vakantie-gard\/kamperen-nimes\/\" \/>\n<meta property=\"og:locale\" content=\"nl_NL\" \/>\n<meta property=\"og:type\" content=\"article\" \/>\n<meta property=\"og:title\" content=\"Camping N\u00eemes | Cottage in N\u00eemes | Vakantie in Nimes in de Gard\" \/>\n<meta property=\"og:description\" content=\"Toeristische activiteiten in N\u00eemes, plaatsen die u niet mag missen, wat u moet zien, wat te doen tijdens zijn vakantie in N\u00eemes\" \/>\n<meta property=\"og:url\" content=\"https:\/\/www.camping-cevennes.info\/nl\/vakantie-gard\/kamperen-nimes\/\" \/>\n<meta property=\"og:site_name\" content=\"Camping Mas de la Cam\" \/>\n<meta property=\"article:modified_time\" content=\"2022-11-14T12:37:12+00:00\" \/>\n<meta property=\"og:image\" content=\"https:\/\/www.camping-cevennes.info\/wp-content\/uploads\/2022\/10\/nimes-cathedrale.jpg\" \/>\n\t<meta property=\"og:image:width\" content=\"1920\" \/>\n\t<meta property=\"og:image:height\" content=\"900\" \/>\n\t<meta property=\"og:image:type\" content=\"image\/jpeg\" \/>\n<meta name=\"twitter:card\" content=\"summary_large_image\" \/>\n<meta name=\"twitter:label1\" content=\"Geschatte leestijd\" \/>\n\t<meta name=\"twitter:data1\" content=\"3 minuten\" \/>\n<script type=\"application\/ld+json\" class=\"yoast-schema-graph\">{\"@context\":\"https:\/\/schema.org\",\"@graph\":[{\"@type\":\"WebPage\",\"@id\":\"https:\/\/www.camping-cevennes.info\/nl\/vakantie-gard\/kamperen-nimes\/\",\"url\":\"https:\/\/www.camping-cevennes.info\/nl\/vakantie-gard\/kamperen-nimes\/\",\"name\":\"Camping N\u00eemes | Cottage in N\u00eemes | Vakantie in Nimes in de Gard\",\"isPartOf\":{\"@id\":\"https:\/\/www.camping-cevennes.info\/nl\/#website\"},\"primaryImageOfPage\":{\"@id\":\"https:\/\/www.camping-cevennes.info\/nl\/vakantie-gard\/kamperen-nimes\/#primaryimage\"},\"image\":{\"@id\":\"https:\/\/www.camping-cevennes.info\/nl\/vakantie-gard\/kamperen-nimes\/#primaryimage\"},\"thumbnailUrl\":\"https:\/\/www.camping-cevennes.info\/wp-content\/uploads\/2022\/10\/nimes-cathedrale.jpg\",\"datePublished\":\"2022-10-19T14:25:30+00:00\",\"dateModified\":\"2022-11-14T12:37:12+00:00\",\"description\":\"Toeristische activiteiten in N\u00eemes, plaatsen die u niet mag missen, wat u moet zien, wat te doen tijdens zijn vakantie in N\u00eemes\",\"breadcrumb\":{\"@id\":\"https:\/\/www.camping-cevennes.info\/nl\/vakantie-gard\/kamperen-nimes\/#breadcrumb\"},\"inLanguage\":\"nl-NL\",\"potentialAction\":[{\"@type\":\"ReadAction\",\"target\":[\"https:\/\/www.camping-cevennes.info\/nl\/vakantie-gard\/kamperen-nimes\/\"]}]},{\"@type\":\"ImageObject\",\"inLanguage\":\"nl-NL\",\"@id\":\"https:\/\/www.camping-cevennes.info\/nl\/vakantie-gard\/kamperen-nimes\/#primaryimage\",\"url\":\"https:\/\/www.camping-cevennes.info\/wp-content\/uploads\/2022\/10\/nimes-cathedrale.jpg\",\"contentUrl\":\"https:\/\/www.camping-cevennes.info\/wp-content\/uploads\/2022\/10\/nimes-cathedrale.jpg\",\"width\":1920,\"height\":900,\"caption\":\"nimes cathedrale\"},{\"@type\":\"BreadcrumbList\",\"@id\":\"https:\/\/www.camping-cevennes.info\/nl\/vakantie-gard\/kamperen-nimes\/#breadcrumb\",\"itemListElement\":[{\"@type\":\"ListItem\",\"position\":1,\"name\":\"Kamperen C\u00e9vennes\",\"item\":\"https:\/\/www.camping-cevennes.info\/nl\/\"},{\"@type\":\"ListItem\",\"position\":2,\"name\":\"De Gard\",\"item\":\"https:\/\/www.camping-cevennes.info\/nl\/vakantie-gard\/\"},{\"@type\":\"ListItem\",\"position\":3,\"name\":\"Camping in buurt van N\u00eemes\"}]},{\"@type\":\"WebSite\",\"@id\":\"https:\/\/www.camping-cevennes.info\/nl\/#website\",\"url\":\"https:\/\/www.camping-cevennes.info\/nl\/\",\"name\":\"Camping Mas de la Cam\",\"description\":\"\",\"publisher\":{\"@id\":\"https:\/\/www.camping-cevennes.info\/nl\/#organization\"},\"potentialAction\":[{\"@type\":\"SearchAction\",\"target\":{\"@type\":\"EntryPoint\",\"urlTemplate\":\"https:\/\/www.camping-cevennes.info\/nl\/?s={search_term_string}\"},\"query-input\":{\"@type\":\"PropertyValueSpecification\",\"valueRequired\":true,\"valueName\":\"search_term_string\"}}],\"inLanguage\":\"nl-NL\"},{\"@type\":\"Organization\",\"@id\":\"https:\/\/www.camping-cevennes.info\/nl\/#organization\",\"name\":\"Camping Mas de la Cam\",\"url\":\"https:\/\/www.camping-cevennes.info\/nl\/\",\"logo\":{\"@type\":\"ImageObject\",\"inLanguage\":\"nl-NL\",\"@id\":\"https:\/\/www.camping-cevennes.info\/nl\/#\/schema\/logo\/image\/\",\"url\":\"https:\/\/www.camping-cevennes.info\/wp-content\/uploads\/2022\/09\/logo-camping-mas-de-la-cam-noir-1.png\",\"contentUrl\":\"https:\/\/www.camping-cevennes.info\/wp-content\/uploads\/2022\/09\/logo-camping-mas-de-la-cam-noir-1.png\",\"width\":625,\"height\":190,\"caption\":\"Camping Mas de la Cam\"},\"image\":{\"@id\":\"https:\/\/www.camping-cevennes.info\/nl\/#\/schema\/logo\/image\/\"}}]}<\/script>\n<!-- \/ Yoast SEO plugin. -->","yoast_head_json":{"title":"Camping N\u00eemes | Cottage in N\u00eemes | Vakantie in Nimes in de Gard","description":"Toeristische activiteiten in N\u00eemes, plaatsen die u niet mag missen, wat u moet zien, wat te doen tijdens zijn vakantie in N\u00eemes","robots":{"index":"index","follow":"follow","max-snippet":"max-snippet:-1","max-image-preview":"max-image-preview:large","max-video-preview":"max-video-preview:-1"},"canonical":"https:\/\/www.camping-cevennes.info\/nl\/vakantie-gard\/kamperen-nimes\/","og_locale":"nl_NL","og_type":"article","og_title":"Camping N\u00eemes | Cottage in N\u00eemes | Vakantie in Nimes in de Gard","og_description":"Toeristische activiteiten in N\u00eemes, plaatsen die u niet mag missen, wat u moet zien, wat te doen tijdens zijn vakantie in N\u00eemes","og_url":"https:\/\/www.camping-cevennes.info\/nl\/vakantie-gard\/kamperen-nimes\/","og_site_name":"Camping Mas de la Cam","article_modified_time":"2022-11-14T12:37:12+00:00","og_image":[{"width":1920,"height":900,"url":"https:\/\/www.camping-cevennes.info\/wp-content\/uploads\/2022\/10\/nimes-cathedrale.jpg","type":"image\/jpeg"}],"twitter_card":"summary_large_image","twitter_misc":{"Geschatte leestijd":"3 minuten"},"schema":{"@context":"https:\/\/schema.org","@graph":[{"@type":"WebPage","@id":"https:\/\/www.camping-cevennes.info\/nl\/vakantie-gard\/kamperen-nimes\/","url":"https:\/\/www.camping-cevennes.info\/nl\/vakantie-gard\/kamperen-nimes\/","name":"Camping N\u00eemes | Cottage in N\u00eemes | Vakantie in Nimes in de Gard","isPartOf":{"@id":"https:\/\/www.camping-cevennes.info\/nl\/#website"},"primaryImageOfPage":{"@id":"https:\/\/www.camping-cevennes.info\/nl\/vakantie-gard\/kamperen-nimes\/#primaryimage"},"image":{"@id":"https:\/\/www.camping-cevennes.info\/nl\/vakantie-gard\/kamperen-nimes\/#primaryimage"},"thumbnailUrl":"https:\/\/www.camping-cevennes.info\/wp-content\/uploads\/2022\/10\/nimes-cathedrale.jpg","datePublished":"2022-10-19T14:25:30+00:00","dateModified":"2022-11-14T12:37:12+00:00","description":"Toeristische activiteiten in N\u00eemes, plaatsen die u niet mag missen, wat u moet zien, wat te doen tijdens zijn vakantie in N\u00eemes","breadcrumb":{"@id":"https:\/\/www.camping-cevennes.info\/nl\/vakantie-gard\/kamperen-nimes\/#breadcrumb"},"inLanguage":"nl-NL","potentialAction":[{"@type":"ReadAction","target":["https:\/\/www.camping-cevennes.info\/nl\/vakantie-gard\/kamperen-nimes\/"]}]},{"@type":"ImageObject","inLanguage":"nl-NL","@id":"https:\/\/www.camping-cevennes.info\/nl\/vakantie-gard\/kamperen-nimes\/#primaryimage","url":"https:\/\/www.camping-cevennes.info\/wp-content\/uploads\/2022\/10\/nimes-cathedrale.jpg","contentUrl":"https:\/\/www.camping-cevennes.info\/wp-content\/uploads\/2022\/10\/nimes-cathedrale.jpg","width":1920,"height":900,"caption":"nimes cathedrale"},{"@type":"BreadcrumbList","@id":"https:\/\/www.camping-cevennes.info\/nl\/vakantie-gard\/kamperen-nimes\/#breadcrumb","itemListElement":[{"@type":"ListItem","position":1,"name":"Kamperen C\u00e9vennes","item":"https:\/\/www.camping-cevennes.info\/nl\/"},{"@type":"ListItem","position":2,"name":"De Gard","item":"https:\/\/www.camping-cevennes.info\/nl\/vakantie-gard\/"},{"@type":"ListItem","position":3,"name":"Camping in buurt van N\u00eemes"}]},{"@type":"WebSite","@id":"https:\/\/www.camping-cevennes.info\/nl\/#website","url":"https:\/\/www.camping-cevennes.info\/nl\/","name":"Camping Mas de la Cam","description":"","publisher":{"@id":"https:\/\/www.camping-cevennes.info\/nl\/#organization"},"potentialAction":[{"@type":"SearchAction","target":{"@type":"EntryPoint","urlTemplate":"https:\/\/www.camping-cevennes.info\/nl\/?s={search_term_string}"},"query-input":{"@type":"PropertyValueSpecification","valueRequired":true,"valueName":"search_term_string"}}],"inLanguage":"nl-NL"},{"@type":"Organization","@id":"https:\/\/www.camping-cevennes.info\/nl\/#organization","name":"Camping Mas de la Cam","url":"https:\/\/www.camping-cevennes.info\/nl\/","logo":{"@type":"ImageObject","inLanguage":"nl-NL","@id":"https:\/\/www.camping-cevennes.info\/nl\/#\/schema\/logo\/image\/","url":"https:\/\/www.camping-cevennes.info\/wp-content\/uploads\/2022\/09\/logo-camping-mas-de-la-cam-noir-1.png","contentUrl":"https:\/\/www.camping-cevennes.info\/wp-content\/uploads\/2022\/09\/logo-camping-mas-de-la-cam-noir-1.png","width":625,"height":190,"caption":"Camping Mas de la Cam"},"image":{"@id":"https:\/\/www.camping-cevennes.info\/nl\/#\/schema\/logo\/image\/"}}]}},"_links":{"self":[{"href":"https:\/\/www.camping-cevennes.info\/nl\/wp-json\/wp\/v2\/pages\/4875","targetHints":{"allow":["GET"]}}],"collection":[{"href":"https:\/\/www.camping-cevennes.info\/nl\/wp-json\/wp\/v2\/pages"}],"about":[{"href":"https:\/\/www.camping-cevennes.info\/nl\/wp-json\/wp\/v2\/types\/page"}],"author":[{"embeddable":true,"href":"https:\/\/www.camping-cevennes.info\/nl\/wp-json\/wp\/v2\/users\/1"}],"replies":[{"embeddable":true,"href":"https:\/\/www.camping-cevennes.info\/nl\/wp-json\/wp\/v2\/comments?post=4875"}],"version-history":[{"count":7,"href":"https:\/\/www.camping-cevennes.info\/nl\/wp-json\/wp\/v2\/pages\/4875\/revisions"}],"predecessor-version":[{"id":6083,"href":"https:\/\/www.camping-cevennes.info\/nl\/wp-json\/wp\/v2\/pages\/4875\/revisions\/6083"}],"up":[{"embeddable":true,"href":"https:\/\/www.camping-cevennes.info\/nl\/wp-json\/wp\/v2\/pages\/4786"}],"wp:featuredmedia":[{"embeddable":true,"href":"https:\/\/www.camping-cevennes.info\/nl\/wp-json\/wp\/v2\/media\/3017"}],"wp:attachment":[{"href":"https:\/\/www.camping-cevennes.info\/nl\/wp-json\/wp\/v2\/media?parent=4875"}],"wp:term":[{"taxonomy":"sujet","embeddable":true,"href":"https:\/\/www.camping-cevennes.info\/nl\/wp-json\/wp\/v2\/sujet?post=4875"}],"curies":[{"name":"wp","href":"https:\/\/api.w.org\/{rel}","templated":true}]}}