{"id":4863,"date":"2022-10-25T13:54:51","date_gmt":"2022-10-25T11:54:51","guid":{"rendered":"https:\/\/www.camping-cevennes.info\/vacances-gard\/vacances-cevennes\/"},"modified":"2022-11-14T16:26:33","modified_gmt":"2022-11-14T15:26:33","slug":"vakantie-cevennes","status":"publish","type":"page","link":"https:\/\/www.camping-cevennes.info\/nl\/vakantie-gard\/vakantie-cevennes\/","title":{"rendered":"Les C\u00e9vennes"},"content":{"rendered":"<section id=\"ls-section-block_82da76f0dbd1d84b197d14d6ba9e8f69\" class=\"ls-section  page-intro has-p-t p-t-14\" >\n        <div class=\"container container--wide\">\n        \n\n<div class=\"wp-block-columns columns-parent is-layout-flex wp-container-core-columns-is-layout-9d6595d7 wp-block-columns-is-layout-flex\">\n<div class=\"wp-block-column is-vertically-aligned-center left is-layout-flow wp-block-column-is-layout-flow\">\n<h1 class=\"ls__heading animated fadeInLeft delay-200ms wp-block-heading\"><span class=\"small\">VAKANTIE IN<\/span><br><span class=\"bold\">DE C\u00c9VENNES<\/span><\/h1>\n\n\n\n<p class=\"ls-paragraph deco\"><a href=\"\/nl\/vakantie-gard\/\">Camping in de Ga<\/a><a href=\"\/nl\/\">r<\/a><a href=\"\/nl\/vakantie-gard\/\">d<\/a>&nbsp;Mas de la Cam ligt aan de oevers van de rivier Le Gardon in Saint Jean du Gard aan de rand van het beschermde natuurgebied De Cevennen, dat op de <strong>UNESCO Werelderfgoedlijst staat<\/strong> als onderdeel van Causses en C\u00e9vennes, mediterraan cultureel landbouw- en weidelandschap.<\/p>\n<\/div>\n\n\n\n<div class=\"wp-block-column is-vertically-aligned-center right is-layout-flow wp-block-column-is-layout-flow\">\n<div class=\"wp-block-columns columns-child is-layout-flex wp-container-core-columns-is-layout-9d6595d7 wp-block-columns-is-layout-flex\">\n<div class=\"wp-block-column image-two is-layout-flow wp-block-column-is-layout-flow\">\n<figure class=\"wp-block-image size-full animated fadeInLeft delay-500ms slow\"><a href=\"https:\/\/www.camping-cevennes.info\/wp-content\/uploads\/2022\/10\/sentiers-velo-mas-de-la-cam.jpg\"><img decoding=\"async\" width=\"900\" height=\"600\" src=\"https:\/\/www.camping-cevennes.info\/wp-content\/uploads\/2022\/10\/sentiers-velo-mas-de-la-cam.jpg\" alt=\"sentier velo mas de la cam\" class=\"wp-image-1705\" srcset=\"https:\/\/www.camping-cevennes.info\/wp-content\/uploads\/2022\/10\/sentiers-velo-mas-de-la-cam.jpg 900w, https:\/\/www.camping-cevennes.info\/wp-content\/uploads\/2022\/10\/sentiers-velo-mas-de-la-cam-300x200.jpg 300w, https:\/\/www.camping-cevennes.info\/wp-content\/uploads\/2022\/10\/sentiers-velo-mas-de-la-cam-768x512.jpg 768w\" sizes=\"(max-width: 900px) 100vw, 900px\" \/><\/a><\/figure>\n<\/div>\n<\/div>\n<\/div>\n<\/div>\n\n\n    <\/div>\n<\/section>\n\n<section id=\"ls-section-block_fe5fae3152b597259513ce1b11db0a88\" class=\"ls-section  page-one has-p-t p-t-0\" >\n        <div class=\"container container--wide\">\n        \n\n<div class=\"wp-block-columns is-layout-flex wp-container-core-columns-is-layout-9d6595d7 wp-block-columns-is-layout-flex\">\n<div class=\"wp-block-column is-vertically-aligned-center is-layout-flow wp-block-column-is-layout-flow\">\n<iframe src=\"https:\/\/www.google.com\/maps\/embed?pb=!1m28!1m12!1m3!1d298696.5360376475!2d3.67367363908097!3d44.28094499126273!2m3!1f0!2f0!3f0!3m2!1i1024!2i768!4f13.1!4m13!3e0!4m5!1s0x12b47164841558ad%3A0x62d813088da27348!2sCamping%20Mas%20de%20la%20Cam%20Saint%20Jean%20du%20Gard%2C%20Saint-Jean-du-Gard!3m2!1d44.112383099999995!2d3.8543309999999997!4m5!1s0x12b37c352b795c9b%3A0xea3440176981c007!2sC%C3%A9vennes%2C%2048220%20Pont-de-Montvert-Sud-Mont-Loz%C3%A8re!3m2!1d44.4317226!2d3.7027593999999997!5e0!3m2!1sfr!2sfr!4v1666699359961!5m2!1sfr!2sfr\" width=\"100%\" height=\"450\" style=\"border:0;\" allowfullscreen=\"\" loading=\"lazy\" referrerpolicy=\"no-referrer-when-downgrade\"><\/iframe>\n<\/div>\n\n\n\n<div class=\"wp-block-column is-layout-flow wp-block-column-is-layout-flow\">\n<h2 class=\"ls__heading deco wp-block-heading\">TOERISTISCHE VAKANTIE IN DE CEVENNEN<\/h2>\n\n\n\n<p class=\"ls-paragraph\">U kunt zo de grote verscheidenheid aan <strong>landschappen<\/strong> ontdekken, die zich over de departementen Gard, Loz\u00e8re, Ard\u00e8che en Aveyron uitstrekken. Er zijn vier geografische zones die de Cevennen als natuurgebied zo bijzonder maken : ontelbare valleien en dalen waarin heldere riviertjes kronkelen die zomers veel badgasten trekken aan de zuidkant ; het Aigoual-massief, met op de top, op 1567m hoogte, een weerstation ; de causse M\u00e9jean begrensd door de <a href=\"https:\/\/www.camping-cevennes.info\/nl\/vakantie-gard\/kamperen-gorges-du-tarn\/\">Gorges du Tarn<\/a> en de Gorges de la Jonte, en aan de noordkant de Mont-Loz\u00e8re.<\/p>\n<\/div>\n<\/div>\n\n\n    <\/div>\n<\/section>\n\n<section id=\"ls-section-block_fe5fae3152b597259513ce1b11db0a88\" class=\"ls-section  page-one has-p-t p-t-0\" >\n        <div class=\"container container--wide\">\n        \n\n<div class=\"wp-block-columns is-layout-flex wp-container-core-columns-is-layout-9d6595d7 wp-block-columns-is-layout-flex\">\n<div class=\"wp-block-column is-vertically-aligned-center is-layout-flow wp-block-column-is-layout-flow\">\n<figure class=\"wp-block-image size-full animated fadeInLeft delay-500ms slow\"><a href=\"https:\/\/www.camping-cevennes.info\/wp-content\/uploads\/2022\/10\/cevennes-montagne.jpg\"><img decoding=\"async\" width=\"900\" height=\"600\" src=\"https:\/\/www.camping-cevennes.info\/wp-content\/uploads\/2022\/10\/cevennes-montagne.jpg\" alt=\"cevennes montagne\" class=\"wp-image-2927\" srcset=\"https:\/\/www.camping-cevennes.info\/wp-content\/uploads\/2022\/10\/cevennes-montagne.jpg 900w, https:\/\/www.camping-cevennes.info\/wp-content\/uploads\/2022\/10\/cevennes-montagne-300x200.jpg 300w, https:\/\/www.camping-cevennes.info\/wp-content\/uploads\/2022\/10\/cevennes-montagne-768x512.jpg 768w\" sizes=\"(max-width: 900px) 100vw, 900px\" \/><\/a><\/figure>\n\n\n\n<p class=\"ls-paragraph\">Abseilen in de Gorges du Soucy, op 7 km van camping Mas de la Cam, of voor de nog sportievere gasten in de Gorges de Tapoul, is \u00e9\u00e9n van de vele <strong>mogelijkheden<\/strong> om zich op of bij het water te vermaken in de Cevennen. Verschillende activiteiten worden door gediplomeerde begeleiders georganiseerd, u kunt ze reserveren via een vereniging in het dorp.<\/p>\n\n\n\n<p class=\"ls-paragraph\"><br>Kano\u00ebn of kajakken kan ook tijdens uw vakantie in de Cevennen : bijvoorbeeld in de Gorges de l\u2019H\u00e9rault, in de Gorges du Tarn, of in de Gorges du Gardon bij de Pont du Gard.<br>De Corniche des C\u00e9vennes is een prachtige route met de auto van Saint Jean du Gard naar Florac; u heeft er schitterend uitzicht over de <strong>verschillende landschapstypes<\/strong> van de Cevennen, en u kunt deze autotrip combineren met een dagje kano\u00ebn op de Tarn, of een bezoek aan de Mont Aigoual !<\/p>\n<\/div>\n\n\n\n<div class=\"wp-block-column is-vertically-aligned-center is-layout-flow wp-block-column-is-layout-flow\">\n<h2 class=\"ls__heading deco wp-block-heading\">WAT TE DOEN IN DE CEVENNEN?<\/h2>\n\n\n\n<p class=\"ls-paragraph\">De Cevennen zijn een paradijs voor wielrenners ; er zijn vele autoluwe kleine weggetjes die zich langs cols en door valleien heen kronkelen. Als fanatieke fietsers hebben we zelf meer dan 160 routebeschrijvingen gemaakt, met een totale lengte van meer dan 12 000 km. U kunt al deze routes downloaden vanaf een website.<\/p>\n\n\n\n<p class=\"ls-paragraph\"><br>De GR70, ofwel de <strong>Stevenson-wandelroute<\/strong> doorkruist de Cevennen over een lengte van 274km, van Le-Puy-en-Velay tot aan Saint-Jean-du-Gard. De gehele route neemt 10 tot 12 dagen in beslag en kan worden afgesloten met een bezoek aan het volledige gerenoveerde Mus\u00e9e des Vall\u00e9es C\u00e9venoles dat zich nu in een oorspronkelijke zijdespinnerij bevindt in het hart van Saint Jean du Gard.<\/p>\n\n\n\n<figure class=\"wp-block-image size-full animated fadeInRight delay-500ms slow\"><a href=\"https:\/\/www.camping-cevennes.info\/wp-content\/uploads\/2022\/10\/gorges-ardeche.jpg\"><img decoding=\"async\" width=\"900\" height=\"600\" src=\"https:\/\/www.camping-cevennes.info\/wp-content\/uploads\/2022\/10\/gorges-ardeche.jpg\" alt=\"gorge ardeche kayak\" class=\"wp-image-2906\" srcset=\"https:\/\/www.camping-cevennes.info\/wp-content\/uploads\/2022\/10\/gorges-ardeche.jpg 900w, https:\/\/www.camping-cevennes.info\/wp-content\/uploads\/2022\/10\/gorges-ardeche-300x200.jpg 300w, https:\/\/www.camping-cevennes.info\/wp-content\/uploads\/2022\/10\/gorges-ardeche-768x512.jpg 768w\" sizes=\"(max-width: 900px) 100vw, 900px\" \/><\/a><\/figure>\n<\/div>\n<\/div>\n\n\n    <\/div>\n<\/section>\n\n<section id=\"ls-section-block_10de95f7cb77de2586642a2ea177a086\" class=\"ls-section \" >\n        <div class=\"container container--wide\">\n        \n\n<div id=\"ls-heading ls-titre-div-block_fe07a6c031cfb27ea4b5a65a3ad5f911\" class=\"ls-titre-div deco-centree aligncenter h2-like\" >\n    Te ontdekken in de regio<\/div>\n\n\n<div id=\"ls-maillage-block_56f7411457e6cdbee31a3a89a568d57d\" class=\"ls-maillage cta-style-normal\" data-rows=\"3\">\n    <div class=\"wp-block-columns\"><div class=\"wp-block-column\">\n\n<a href=\"https:\/\/www.camping-cevennes.info\/nl\/vakantie-gard\/bamboebos-cevennen\/\" target=\"\" rel=\"noopener\" class=\"ls-cta__link\">\n\n\t<div class=\"ls-cta__image\"><img decoding=\"async\" src=\"https:\/\/www.camping-cevennes.info\/wp-content\/uploads\/2022\/10\/bamboo-1024x480.jpg\" alt=\"bamboo\"><\/div>\n\t<div class=\"ls-cta__title\">\n\t\tBambouseraie\t<\/div>\n\n\t\t\n<\/a><\/div><div class=\"wp-block-column\">\n\n<a href=\"https:\/\/www.camping-cevennes.info\/nl\/vakantie-gard\/kamperen-gorge-de-lardeche\/\" target=\"\" rel=\"noopener\" class=\"ls-cta__link\">\n\n\t<div class=\"ls-cta__image\"><img decoding=\"async\" src=\"https:\/\/www.camping-cevennes.info\/wp-content\/uploads\/2022\/10\/gorges-ardeche.jpg\" alt=\"gorge ardeche kayak\"><\/div>\n\t<div class=\"ls-cta__title\">\n\t\tGorges de l&#8217;Ard\u00e8che\t<\/div>\n\n\t\t\n<\/a><\/div><div class=\"wp-block-column\">\n\n<a href=\"https:\/\/www.camping-cevennes.info\/nl\/vakantie-gard\/kamperen-gorges-du-tarn\/\" target=\"\" rel=\"noopener\" class=\"ls-cta__link\">\n\n\t<div class=\"ls-cta__image\"><img decoding=\"async\" src=\"https:\/\/www.camping-cevennes.info\/wp-content\/uploads\/2022\/11\/gorge-du-tarn-1024x480.jpg\" alt=\"gorge du tarn\"><\/div>\n\t<div class=\"ls-cta__title\">\n\t\tGorges du Tarn\t<\/div>\n\n\t\t\n<\/a><\/div><\/div><\/div>\n\n    <\/div>\n<\/section>","protected":false},"excerpt":{"rendered":"","protected":false},"author":1,"featured_media":3099,"parent":4786,"menu_order":0,"comment_status":"closed","ping_status":"closed","template":"","meta":{"_acf_changed":false,"footnotes":""},"sujet":[],"class_list":["post-4863","page","type-page","status-publish","has-post-thumbnail","hentry"],"acf":[],"yoast_head":"<!-- This site is optimized with the Yoast SEO plugin v25.3 - https:\/\/yoast.com\/wordpress\/plugins\/seo\/ -->\n<title>Camping Cevennes | Wat te zien en te doen in de Cevennen ?<\/title>\n<meta name=\"description\" content=\"Ontdek alle toeristische activiteiten in de Cevennen tijdens zijn vakantie: lees hier meer op deze pagina\" \/>\n<meta name=\"robots\" content=\"index, follow, max-snippet:-1, max-image-preview:large, max-video-preview:-1\" \/>\n<link rel=\"canonical\" href=\"https:\/\/www.camping-cevennes.info\/nl\/vakantie-gard\/vakantie-cevennes\/\" \/>\n<meta property=\"og:locale\" content=\"nl_NL\" \/>\n<meta property=\"og:type\" content=\"article\" \/>\n<meta property=\"og:title\" content=\"Camping Cevennes | Wat te zien en te doen in de Cevennen ?\" \/>\n<meta property=\"og:description\" content=\"Ontdek alle toeristische activiteiten in de Cevennen tijdens zijn vakantie: lees hier meer op deze pagina\" \/>\n<meta property=\"og:url\" content=\"https:\/\/www.camping-cevennes.info\/nl\/vakantie-gard\/vakantie-cevennes\/\" \/>\n<meta property=\"og:site_name\" content=\"Camping Mas de la Cam\" \/>\n<meta property=\"article:modified_time\" content=\"2022-11-14T15:26:33+00:00\" \/>\n<meta property=\"og:image\" content=\"https:\/\/www.camping-cevennes.info\/wp-content\/uploads\/2022\/10\/uzes-ville-gard.jpg\" \/>\n\t<meta property=\"og:image:width\" content=\"1920\" \/>\n\t<meta property=\"og:image:height\" content=\"900\" \/>\n\t<meta property=\"og:image:type\" content=\"image\/jpeg\" \/>\n<meta name=\"twitter:card\" content=\"summary_large_image\" \/>\n<meta name=\"twitter:label1\" content=\"Geschatte leestijd\" \/>\n\t<meta name=\"twitter:data1\" content=\"3 minuten\" \/>\n<script type=\"application\/ld+json\" class=\"yoast-schema-graph\">{\"@context\":\"https:\/\/schema.org\",\"@graph\":[{\"@type\":\"WebPage\",\"@id\":\"https:\/\/www.camping-cevennes.info\/nl\/vakantie-gard\/vakantie-cevennes\/\",\"url\":\"https:\/\/www.camping-cevennes.info\/nl\/vakantie-gard\/vakantie-cevennes\/\",\"name\":\"Camping Cevennes | Wat te zien en te doen in de Cevennen ?\",\"isPartOf\":{\"@id\":\"https:\/\/www.camping-cevennes.info\/nl\/#website\"},\"primaryImageOfPage\":{\"@id\":\"https:\/\/www.camping-cevennes.info\/nl\/vakantie-gard\/vakantie-cevennes\/#primaryimage\"},\"image\":{\"@id\":\"https:\/\/www.camping-cevennes.info\/nl\/vakantie-gard\/vakantie-cevennes\/#primaryimage\"},\"thumbnailUrl\":\"https:\/\/www.camping-cevennes.info\/wp-content\/uploads\/2022\/10\/uzes-ville-gard.jpg\",\"datePublished\":\"2022-10-25T11:54:51+00:00\",\"dateModified\":\"2022-11-14T15:26:33+00:00\",\"description\":\"Ontdek alle toeristische activiteiten in de Cevennen tijdens zijn vakantie: lees hier meer op deze pagina\",\"breadcrumb\":{\"@id\":\"https:\/\/www.camping-cevennes.info\/nl\/vakantie-gard\/vakantie-cevennes\/#breadcrumb\"},\"inLanguage\":\"nl-NL\",\"potentialAction\":[{\"@type\":\"ReadAction\",\"target\":[\"https:\/\/www.camping-cevennes.info\/nl\/vakantie-gard\/vakantie-cevennes\/\"]}]},{\"@type\":\"ImageObject\",\"inLanguage\":\"nl-NL\",\"@id\":\"https:\/\/www.camping-cevennes.info\/nl\/vakantie-gard\/vakantie-cevennes\/#primaryimage\",\"url\":\"https:\/\/www.camping-cevennes.info\/wp-content\/uploads\/2022\/10\/uzes-ville-gard.jpg\",\"contentUrl\":\"https:\/\/www.camping-cevennes.info\/wp-content\/uploads\/2022\/10\/uzes-ville-gard.jpg\",\"width\":1920,\"height\":900,\"caption\":\"uzes ville gard\"},{\"@type\":\"BreadcrumbList\",\"@id\":\"https:\/\/www.camping-cevennes.info\/nl\/vakantie-gard\/vakantie-cevennes\/#breadcrumb\",\"itemListElement\":[{\"@type\":\"ListItem\",\"position\":1,\"name\":\"Kamperen C\u00e9vennes\",\"item\":\"https:\/\/www.camping-cevennes.info\/nl\/\"},{\"@type\":\"ListItem\",\"position\":2,\"name\":\"De Gard\",\"item\":\"https:\/\/www.camping-cevennes.info\/nl\/vakantie-gard\/\"},{\"@type\":\"ListItem\",\"position\":3,\"name\":\"Vakantie in de C\u00e9vennes\"}]},{\"@type\":\"WebSite\",\"@id\":\"https:\/\/www.camping-cevennes.info\/nl\/#website\",\"url\":\"https:\/\/www.camping-cevennes.info\/nl\/\",\"name\":\"Camping Mas de la Cam\",\"description\":\"\",\"publisher\":{\"@id\":\"https:\/\/www.camping-cevennes.info\/nl\/#organization\"},\"potentialAction\":[{\"@type\":\"SearchAction\",\"target\":{\"@type\":\"EntryPoint\",\"urlTemplate\":\"https:\/\/www.camping-cevennes.info\/nl\/?s={search_term_string}\"},\"query-input\":{\"@type\":\"PropertyValueSpecification\",\"valueRequired\":true,\"valueName\":\"search_term_string\"}}],\"inLanguage\":\"nl-NL\"},{\"@type\":\"Organization\",\"@id\":\"https:\/\/www.camping-cevennes.info\/nl\/#organization\",\"name\":\"Camping Mas de la Cam\",\"url\":\"https:\/\/www.camping-cevennes.info\/nl\/\",\"logo\":{\"@type\":\"ImageObject\",\"inLanguage\":\"nl-NL\",\"@id\":\"https:\/\/www.camping-cevennes.info\/nl\/#\/schema\/logo\/image\/\",\"url\":\"https:\/\/www.camping-cevennes.info\/wp-content\/uploads\/2022\/09\/logo-camping-mas-de-la-cam-noir-1.png\",\"contentUrl\":\"https:\/\/www.camping-cevennes.info\/wp-content\/uploads\/2022\/09\/logo-camping-mas-de-la-cam-noir-1.png\",\"width\":625,\"height\":190,\"caption\":\"Camping Mas de la Cam\"},\"image\":{\"@id\":\"https:\/\/www.camping-cevennes.info\/nl\/#\/schema\/logo\/image\/\"}}]}<\/script>\n<!-- \/ Yoast SEO plugin. -->","yoast_head_json":{"title":"Camping Cevennes | Wat te zien en te doen in de Cevennen ?","description":"Ontdek alle toeristische activiteiten in de Cevennen tijdens zijn vakantie: lees hier meer op deze pagina","robots":{"index":"index","follow":"follow","max-snippet":"max-snippet:-1","max-image-preview":"max-image-preview:large","max-video-preview":"max-video-preview:-1"},"canonical":"https:\/\/www.camping-cevennes.info\/nl\/vakantie-gard\/vakantie-cevennes\/","og_locale":"nl_NL","og_type":"article","og_title":"Camping Cevennes | Wat te zien en te doen in de Cevennen ?","og_description":"Ontdek alle toeristische activiteiten in de Cevennen tijdens zijn vakantie: lees hier meer op deze pagina","og_url":"https:\/\/www.camping-cevennes.info\/nl\/vakantie-gard\/vakantie-cevennes\/","og_site_name":"Camping Mas de la Cam","article_modified_time":"2022-11-14T15:26:33+00:00","og_image":[{"width":1920,"height":900,"url":"https:\/\/www.camping-cevennes.info\/wp-content\/uploads\/2022\/10\/uzes-ville-gard.jpg","type":"image\/jpeg"}],"twitter_card":"summary_large_image","twitter_misc":{"Geschatte leestijd":"3 minuten"},"schema":{"@context":"https:\/\/schema.org","@graph":[{"@type":"WebPage","@id":"https:\/\/www.camping-cevennes.info\/nl\/vakantie-gard\/vakantie-cevennes\/","url":"https:\/\/www.camping-cevennes.info\/nl\/vakantie-gard\/vakantie-cevennes\/","name":"Camping Cevennes | Wat te zien en te doen in de Cevennen ?","isPartOf":{"@id":"https:\/\/www.camping-cevennes.info\/nl\/#website"},"primaryImageOfPage":{"@id":"https:\/\/www.camping-cevennes.info\/nl\/vakantie-gard\/vakantie-cevennes\/#primaryimage"},"image":{"@id":"https:\/\/www.camping-cevennes.info\/nl\/vakantie-gard\/vakantie-cevennes\/#primaryimage"},"thumbnailUrl":"https:\/\/www.camping-cevennes.info\/wp-content\/uploads\/2022\/10\/uzes-ville-gard.jpg","datePublished":"2022-10-25T11:54:51+00:00","dateModified":"2022-11-14T15:26:33+00:00","description":"Ontdek alle toeristische activiteiten in de Cevennen tijdens zijn vakantie: lees hier meer op deze pagina","breadcrumb":{"@id":"https:\/\/www.camping-cevennes.info\/nl\/vakantie-gard\/vakantie-cevennes\/#breadcrumb"},"inLanguage":"nl-NL","potentialAction":[{"@type":"ReadAction","target":["https:\/\/www.camping-cevennes.info\/nl\/vakantie-gard\/vakantie-cevennes\/"]}]},{"@type":"ImageObject","inLanguage":"nl-NL","@id":"https:\/\/www.camping-cevennes.info\/nl\/vakantie-gard\/vakantie-cevennes\/#primaryimage","url":"https:\/\/www.camping-cevennes.info\/wp-content\/uploads\/2022\/10\/uzes-ville-gard.jpg","contentUrl":"https:\/\/www.camping-cevennes.info\/wp-content\/uploads\/2022\/10\/uzes-ville-gard.jpg","width":1920,"height":900,"caption":"uzes ville gard"},{"@type":"BreadcrumbList","@id":"https:\/\/www.camping-cevennes.info\/nl\/vakantie-gard\/vakantie-cevennes\/#breadcrumb","itemListElement":[{"@type":"ListItem","position":1,"name":"Kamperen C\u00e9vennes","item":"https:\/\/www.camping-cevennes.info\/nl\/"},{"@type":"ListItem","position":2,"name":"De Gard","item":"https:\/\/www.camping-cevennes.info\/nl\/vakantie-gard\/"},{"@type":"ListItem","position":3,"name":"Vakantie in de C\u00e9vennes"}]},{"@type":"WebSite","@id":"https:\/\/www.camping-cevennes.info\/nl\/#website","url":"https:\/\/www.camping-cevennes.info\/nl\/","name":"Camping Mas de la Cam","description":"","publisher":{"@id":"https:\/\/www.camping-cevennes.info\/nl\/#organization"},"potentialAction":[{"@type":"SearchAction","target":{"@type":"EntryPoint","urlTemplate":"https:\/\/www.camping-cevennes.info\/nl\/?s={search_term_string}"},"query-input":{"@type":"PropertyValueSpecification","valueRequired":true,"valueName":"search_term_string"}}],"inLanguage":"nl-NL"},{"@type":"Organization","@id":"https:\/\/www.camping-cevennes.info\/nl\/#organization","name":"Camping Mas de la Cam","url":"https:\/\/www.camping-cevennes.info\/nl\/","logo":{"@type":"ImageObject","inLanguage":"nl-NL","@id":"https:\/\/www.camping-cevennes.info\/nl\/#\/schema\/logo\/image\/","url":"https:\/\/www.camping-cevennes.info\/wp-content\/uploads\/2022\/09\/logo-camping-mas-de-la-cam-noir-1.png","contentUrl":"https:\/\/www.camping-cevennes.info\/wp-content\/uploads\/2022\/09\/logo-camping-mas-de-la-cam-noir-1.png","width":625,"height":190,"caption":"Camping Mas de la Cam"},"image":{"@id":"https:\/\/www.camping-cevennes.info\/nl\/#\/schema\/logo\/image\/"}}]}},"_links":{"self":[{"href":"https:\/\/www.camping-cevennes.info\/nl\/wp-json\/wp\/v2\/pages\/4863","targetHints":{"allow":["GET"]}}],"collection":[{"href":"https:\/\/www.camping-cevennes.info\/nl\/wp-json\/wp\/v2\/pages"}],"about":[{"href":"https:\/\/www.camping-cevennes.info\/nl\/wp-json\/wp\/v2\/types\/page"}],"author":[{"embeddable":true,"href":"https:\/\/www.camping-cevennes.info\/nl\/wp-json\/wp\/v2\/users\/1"}],"replies":[{"embeddable":true,"href":"https:\/\/www.camping-cevennes.info\/nl\/wp-json\/wp\/v2\/comments?post=4863"}],"version-history":[{"count":9,"href":"https:\/\/www.camping-cevennes.info\/nl\/wp-json\/wp\/v2\/pages\/4863\/revisions"}],"predecessor-version":[{"id":6157,"href":"https:\/\/www.camping-cevennes.info\/nl\/wp-json\/wp\/v2\/pages\/4863\/revisions\/6157"}],"up":[{"embeddable":true,"href":"https:\/\/www.camping-cevennes.info\/nl\/wp-json\/wp\/v2\/pages\/4786"}],"wp:featuredmedia":[{"embeddable":true,"href":"https:\/\/www.camping-cevennes.info\/nl\/wp-json\/wp\/v2\/media\/3099"}],"wp:attachment":[{"href":"https:\/\/www.camping-cevennes.info\/nl\/wp-json\/wp\/v2\/media?parent=4863"}],"wp:term":[{"taxonomy":"sujet","embeddable":true,"href":"https:\/\/www.camping-cevennes.info\/nl\/wp-json\/wp\/v2\/sujet?post=4863"}],"curies":[{"name":"wp","href":"https:\/\/api.w.org\/{rel}","templated":true}]}}