{"id":4864,"date":"2022-10-25T13:54:51","date_gmt":"2022-10-25T11:54:51","guid":{"rendered":"https:\/\/www.camping-cevennes.info\/holidays-in-the-gard\/vacances-cevennes\/"},"modified":"2022-11-14T11:00:18","modified_gmt":"2022-11-14T10:00:18","slug":"holidays-cevennes","status":"publish","type":"page","link":"https:\/\/www.camping-cevennes.info\/en\/holidays-in-the-gard\/holidays-cevennes\/","title":{"rendered":"Les C\u00e9vennes"},"content":{"rendered":"<section id=\"ls-section-block_c5d8de016084095daaf0767c701dcbe8\" class=\"ls-section  page-intro has-p-t p-t-14\" >\n        <div class=\"container container--wide\">\n        \n\n<div class=\"wp-block-columns columns-parent is-layout-flex wp-container-core-columns-is-layout-9d6595d7 wp-block-columns-is-layout-flex\">\n<div class=\"wp-block-column is-vertically-aligned-center left is-layout-flow wp-block-column-is-layout-flow\">\n<h1 class=\"ls__heading animated fadeInLeft delay-200ms wp-block-heading\"><span class=\"small\">HOLIDAYS IN <\/span><br><span class=\"bold\">the C\u00e9vennes<\/span><\/h1>\n\n\n\n<p class=\"ls-paragraph deco\">Bordering the Gardon River in Saint Jean du Gard,&nbsp;<a href=\"\/en\/\">campsite Mas de la Cam in the Gard<\/a>&nbsp;is in the immediate vicinity of the C\u00e9vennes National Park, which is on <strong>UNESCO\u2019s World heritage list<\/strong> because of the exceptional natural beauty of the Grand Causses limestone plateaux and the Cevennes mountains, as well as for the work over the centuries of the shepherds, who have contributed to shaping the landscape.<\/p>\n<\/div>\n\n\n\n<div class=\"wp-block-column is-vertically-aligned-center right is-layout-flow wp-block-column-is-layout-flow\">\n<figure class=\"wp-block-image size-full animated fadeInLeft delay-500ms slow\"><a href=\"https:\/\/www.camping-cevennes.info\/wp-content\/uploads\/2022\/10\/sentiers-velo-mas-de-la-cam.jpg\"><img decoding=\"async\" width=\"900\" height=\"600\" src=\"https:\/\/www.camping-cevennes.info\/wp-content\/uploads\/2022\/10\/sentiers-velo-mas-de-la-cam.jpg\" alt=\"sentier velo mas de la cam\" class=\"wp-image-1705\" srcset=\"https:\/\/www.camping-cevennes.info\/wp-content\/uploads\/2022\/10\/sentiers-velo-mas-de-la-cam.jpg 900w, https:\/\/www.camping-cevennes.info\/wp-content\/uploads\/2022\/10\/sentiers-velo-mas-de-la-cam-300x200.jpg 300w, https:\/\/www.camping-cevennes.info\/wp-content\/uploads\/2022\/10\/sentiers-velo-mas-de-la-cam-768x512.jpg 768w\" sizes=\"(max-width: 900px) 100vw, 900px\" \/><\/a><\/figure>\n<\/div>\n<\/div>\n\n\n    <\/div>\n<\/section>\n\n<section id=\"ls-section-block_53fa5fa42a89f12d346fbd2d80e2a00d\" class=\"ls-section  page-one has-p-t p-t-0\" >\n        <div class=\"container container--wide\">\n        \n\n<div class=\"wp-block-columns is-layout-flex wp-container-core-columns-is-layout-9d6595d7 wp-block-columns-is-layout-flex\">\n<div class=\"wp-block-column is-vertically-aligned-center is-layout-flow wp-block-column-is-layout-flow\">\n<iframe src=\"https:\/\/www.google.com\/maps\/embed?pb=!1m28!1m12!1m3!1d298696.5360376475!2d3.67367363908097!3d44.28094499126273!2m3!1f0!2f0!3f0!3m2!1i1024!2i768!4f13.1!4m13!3e0!4m5!1s0x12b47164841558ad%3A0x62d813088da27348!2sCamping%20Mas%20de%20la%20Cam%20Saint%20Jean%20du%20Gard%2C%20Saint-Jean-du-Gard!3m2!1d44.112383099999995!2d3.8543309999999997!4m5!1s0x12b37c352b795c9b%3A0xea3440176981c007!2sC%C3%A9vennes%2C%2048220%20Pont-de-Montvert-Sud-Mont-Loz%C3%A8re!3m2!1d44.4317226!2d3.7027593999999997!5e0!3m2!1sfr!2sfr!4v1666699359961!5m2!1sfr!2sfr\" width=\"100%\" height=\"450\" style=\"border:0;\" allowfullscreen=\"\" loading=\"lazy\" referrerpolicy=\"no-referrer-when-downgrade\"><\/iframe>\n<\/div>\n\n\n\n<div class=\"wp-block-column is-layout-flow wp-block-column-is-layout-flow\">\n<h2 class=\"ls__heading deco wp-block-heading\">c\u00e9vennes tourist vacations<\/h2>\n\n\n\n<p class=\"ls-paragraph\">From our campsite as a starting point you can discover a <strong>great variety of landscapes<\/strong>, which stretches out over several departments: the Loz\u00e8re, Gard, H\u00e9rault and Aveyron. There are four distinct geographical zones which make the Cevennes such a <strong>special area<\/strong>: the numerous valleys, where sparkling streams find their way and attract plenty of sun-adoring bathers in summertime on the south side; the Aigoual mountain, with, at it\u2019s summit of 1,567m a meteorology station; the M\u00e9jean Causse bordered by the Gorges du Tarn and Gorges de la Jonte, and on the north side the Mont-Loz\u00e8re.<\/p>\n<\/div>\n<\/div>\n\n\n    <\/div>\n<\/section>\n\n<section id=\"ls-section-block_53fa5fa42a89f12d346fbd2d80e2a00d\" class=\"ls-section  page-one has-p-t p-t-0\" >\n        <div class=\"container container--wide\">\n        \n\n<div class=\"wp-block-columns is-layout-flex wp-container-core-columns-is-layout-9d6595d7 wp-block-columns-is-layout-flex\">\n<div class=\"wp-block-column is-vertically-aligned-center is-layout-flow wp-block-column-is-layout-flow\">\n<h2 class=\"ls__heading deco wp-block-heading\">what to do in the c\u00e9vennes ?<\/h2>\n\n\n\n<p class=\"ls-paragraph\">The Cevennes are a<strong> paradise for cyclists<\/strong>; there are many small roads into the mountains or in the valleys where cars are scarce but where the scenery is breath-taking. Passionate cyclists ourselves, we have established over <strong>160 cycling trips<\/strong>, with a total length of over 12 000km. The descriptions of these cycling trips can be downloaded from the Internet.<\/p>\n\n\n\n<p class=\"ls-paragraph\"><br>GR70, or the Stevenson footpath, winds through a good part of the Cevennes. This particular path is 274km long and leads from Le-Puy-en-Velay up to St-Jean-du-Gard, in the footsteps of R.L. Stevenson and his donkey Modestine. To walk the entire path will take you about 10 to 12 days, and you can complete this <strong>beautiful experience<\/strong> with a visit to the entirely renovated Mus\u00e9e de Vall\u00e9es C\u00e9venoles, now established in an ancient silk spinning mill in the heart of St-Jean-du-Gard.<\/p>\n\n\n\n<figure class=\"wp-block-image size-full animated fadeInRight delay-500ms slow\"><a href=\"https:\/\/www.camping-cevennes.info\/wp-content\/uploads\/2022\/10\/gorges-ardeche.jpg\"><img decoding=\"async\" width=\"900\" height=\"600\" src=\"https:\/\/www.camping-cevennes.info\/wp-content\/uploads\/2022\/10\/gorges-ardeche.jpg\" alt=\"gorge ardeche kayak\" class=\"wp-image-2906\" srcset=\"https:\/\/www.camping-cevennes.info\/wp-content\/uploads\/2022\/10\/gorges-ardeche.jpg 900w, https:\/\/www.camping-cevennes.info\/wp-content\/uploads\/2022\/10\/gorges-ardeche-300x200.jpg 300w, https:\/\/www.camping-cevennes.info\/wp-content\/uploads\/2022\/10\/gorges-ardeche-768x512.jpg 768w\" sizes=\"(max-width: 900px) 100vw, 900px\" \/><\/a><\/figure>\n<\/div>\n\n\n\n<div class=\"wp-block-column is-vertically-aligned-center is-layout-flow wp-block-column-is-layout-flow\">\n<figure class=\"wp-block-image size-full animated fadeInLeft delay-500ms slow\"><a href=\"https:\/\/www.camping-cevennes.info\/wp-content\/uploads\/2022\/10\/cevennes-montagne.jpg\"><img decoding=\"async\" width=\"900\" height=\"600\" src=\"https:\/\/www.camping-cevennes.info\/wp-content\/uploads\/2022\/10\/cevennes-montagne.jpg\" alt=\"cevennes montagne\" class=\"wp-image-2927\" srcset=\"https:\/\/www.camping-cevennes.info\/wp-content\/uploads\/2022\/10\/cevennes-montagne.jpg 900w, https:\/\/www.camping-cevennes.info\/wp-content\/uploads\/2022\/10\/cevennes-montagne-300x200.jpg 300w, https:\/\/www.camping-cevennes.info\/wp-content\/uploads\/2022\/10\/cevennes-montagne-768x512.jpg 768w\" sizes=\"(max-width: 900px) 100vw, 900px\" \/><\/a><\/figure>\n\n\n\n<p class=\"ls-paragraph\"><strong>\u201cCanyoning\u201d <\/strong>or<strong> water-hiking<\/strong> in the Gorges du Soucy at only 7kmfor the campsite, or, for the more enduring, in the Gorges de Tapoul, is just one of the many possible ways to <strong>enjoy the rivers<\/strong> and streams in the Cevennes. There are several groups of certified guides who organize these various activities that will allow you to enjoy the cool water in the summer.<br>To go canoeing or kayaking during your stay in the Cevennen is also a good idea: for example in the Gorges de l\u2019H\u00e9rault, Gorges du Tarn or in the Gorges du Gardon nearby the Pont du Gard.<\/p>\n\n\n\n<p class=\"ls-paragraph\"><br>The <strong>Corniche des C\u00e9vennes<\/strong> is a <strong>road trip<\/strong> that will allow you to enjoy the beautiful sceneries of the Cevennes, on the road from St-Jean-du-Gard up to Florac. And once you\u2019re there you can either go canoeing for the day in the Gorges du Tarn, or drive on to the Mont Aigoual!<\/p>\n<\/div>\n<\/div>\n\n\n    <\/div>\n<\/section>\n\n<section id=\"ls-section-block_340ff2d90c7b3ce09758caca58173e50\" class=\"ls-section \" >\n        <div class=\"container container--wide\">\n        \n\n<div id=\"ls-heading ls-titre-div-block_1c3f5108b2f1eaa289b9613b65c12d90\" class=\"ls-titre-div deco-centree aligncenter h2-like\" >\n    To discover in the region<\/div>\n\n\n<div id=\"ls-maillage-block_24003c63fde4d957c5f0c9afbaa7acee\" class=\"ls-maillage cta-style-normal\" data-rows=\"3\">\n    <div class=\"wp-block-columns\"><div class=\"wp-block-column\">\n\n<a href=\"https:\/\/www.camping-cevennes.info\/en\/holidays-in-the-gard\/bamboo-gardens-cevennes\/\" target=\"\" rel=\"noopener\" class=\"ls-cta__link\">\n\n\t<div class=\"ls-cta__image\"><img decoding=\"async\" src=\"https:\/\/www.camping-cevennes.info\/wp-content\/uploads\/2022\/10\/bamboo-1024x480.jpg\" alt=\"bamboo\"><\/div>\n\t<div class=\"ls-cta__title\">\n\t\tBambouseraie\t<\/div>\n\n\t\t\n<\/a><\/div><div class=\"wp-block-column\">\n\n<a href=\"https:\/\/www.camping-cevennes.info\/en\/holidays-in-the-gard\/camping-in-the-ardeches-gorges\/\" target=\"\" rel=\"noopener\" class=\"ls-cta__link\">\n\n\t<div class=\"ls-cta__image\"><img decoding=\"async\" src=\"https:\/\/www.camping-cevennes.info\/wp-content\/uploads\/2022\/10\/gorges-ardeche.jpg\" alt=\"gorge ardeche kayak\"><\/div>\n\t<div class=\"ls-cta__title\">\n\t\tArd\u00e8che gorges\t<\/div>\n\n\t\t\n<\/a><\/div><div class=\"wp-block-column\">\n\n<a href=\"https:\/\/www.camping-cevennes.info\/en\/holidays-in-the-gard\/camping-in-the-tarn-gorges\/\" target=\"\" rel=\"noopener\" class=\"ls-cta__link\">\n\n\t<div class=\"ls-cta__image\"><img decoding=\"async\" src=\"https:\/\/www.camping-cevennes.info\/wp-content\/uploads\/2022\/11\/gorge-du-tarn-1024x480.jpg\" alt=\"gorge du tarn\"><\/div>\n\t<div class=\"ls-cta__title\">\n\t\tTarn Gorges\t<\/div>\n\n\t\t\n<\/a><\/div><\/div><\/div>\n\n    <\/div>\n<\/section>","protected":false},"excerpt":{"rendered":"","protected":false},"author":1,"featured_media":3100,"parent":4787,"menu_order":0,"comment_status":"closed","ping_status":"closed","template":"","meta":{"_acf_changed":false,"footnotes":""},"sujet":[],"class_list":["post-4864","page","type-page","status-publish","has-post-thumbnail","hentry"],"acf":[],"yoast_head":"<!-- This site is optimized with the Yoast SEO plugin v25.3 - https:\/\/yoast.com\/wordpress\/plugins\/seo\/ -->\n<title>Campsite Cevennes | What to see and do in the Cevennes?<\/title>\n<meta name=\"description\" content=\"Discover all the tourist activities to do in the C\u00e9vennes during his holidays: learn more here on this page\" \/>\n<meta name=\"robots\" content=\"index, follow, max-snippet:-1, max-image-preview:large, max-video-preview:-1\" \/>\n<link rel=\"canonical\" href=\"https:\/\/www.camping-cevennes.info\/en\/holidays-in-the-gard\/holidays-cevennes\/\" \/>\n<meta property=\"og:locale\" content=\"en_US\" \/>\n<meta property=\"og:type\" content=\"article\" \/>\n<meta property=\"og:title\" content=\"Campsite Cevennes | What to see and do in the Cevennes?\" \/>\n<meta property=\"og:description\" content=\"Discover all the tourist activities to do in the C\u00e9vennes during his holidays: learn more here on this page\" \/>\n<meta property=\"og:url\" content=\"https:\/\/www.camping-cevennes.info\/en\/holidays-in-the-gard\/holidays-cevennes\/\" \/>\n<meta property=\"og:site_name\" content=\"Camping Mas de la Cam\" \/>\n<meta property=\"article:modified_time\" content=\"2022-11-14T10:00:18+00:00\" \/>\n<meta property=\"og:image\" content=\"https:\/\/www.camping-cevennes.info\/wp-content\/uploads\/2022\/10\/uzes-ville-gard.jpg\" \/>\n\t<meta property=\"og:image:width\" content=\"1920\" \/>\n\t<meta property=\"og:image:height\" content=\"900\" \/>\n\t<meta property=\"og:image:type\" content=\"image\/jpeg\" \/>\n<meta name=\"twitter:card\" content=\"summary_large_image\" \/>\n<meta name=\"twitter:label1\" content=\"Est. reading time\" \/>\n\t<meta name=\"twitter:data1\" content=\"4 minutes\" \/>\n<script type=\"application\/ld+json\" class=\"yoast-schema-graph\">{\"@context\":\"https:\/\/schema.org\",\"@graph\":[{\"@type\":\"WebPage\",\"@id\":\"https:\/\/www.camping-cevennes.info\/en\/holidays-in-the-gard\/holidays-cevennes\/\",\"url\":\"https:\/\/www.camping-cevennes.info\/en\/holidays-in-the-gard\/holidays-cevennes\/\",\"name\":\"Campsite Cevennes | What to see and do in the Cevennes?\",\"isPartOf\":{\"@id\":\"https:\/\/www.camping-cevennes.info\/en\/#website\"},\"primaryImageOfPage\":{\"@id\":\"https:\/\/www.camping-cevennes.info\/en\/holidays-in-the-gard\/holidays-cevennes\/#primaryimage\"},\"image\":{\"@id\":\"https:\/\/www.camping-cevennes.info\/en\/holidays-in-the-gard\/holidays-cevennes\/#primaryimage\"},\"thumbnailUrl\":\"https:\/\/www.camping-cevennes.info\/wp-content\/uploads\/2022\/10\/uzes-ville-gard.jpg\",\"datePublished\":\"2022-10-25T11:54:51+00:00\",\"dateModified\":\"2022-11-14T10:00:18+00:00\",\"description\":\"Discover all the tourist activities to do in the C\u00e9vennes during his holidays: learn more here on this page\",\"breadcrumb\":{\"@id\":\"https:\/\/www.camping-cevennes.info\/en\/holidays-in-the-gard\/holidays-cevennes\/#breadcrumb\"},\"inLanguage\":\"en-US\",\"potentialAction\":[{\"@type\":\"ReadAction\",\"target\":[\"https:\/\/www.camping-cevennes.info\/en\/holidays-in-the-gard\/holidays-cevennes\/\"]}]},{\"@type\":\"ImageObject\",\"inLanguage\":\"en-US\",\"@id\":\"https:\/\/www.camping-cevennes.info\/en\/holidays-in-the-gard\/holidays-cevennes\/#primaryimage\",\"url\":\"https:\/\/www.camping-cevennes.info\/wp-content\/uploads\/2022\/10\/uzes-ville-gard.jpg\",\"contentUrl\":\"https:\/\/www.camping-cevennes.info\/wp-content\/uploads\/2022\/10\/uzes-ville-gard.jpg\",\"width\":1920,\"height\":900,\"caption\":\"uzes ville gard\"},{\"@type\":\"BreadcrumbList\",\"@id\":\"https:\/\/www.camping-cevennes.info\/en\/holidays-in-the-gard\/holidays-cevennes\/#breadcrumb\",\"itemListElement\":[{\"@type\":\"ListItem\",\"position\":1,\"name\":\"Campsite C\u00e9vennes\",\"item\":\"https:\/\/www.camping-cevennes.info\/en\/\"},{\"@type\":\"ListItem\",\"position\":2,\"name\":\"The Gard\",\"item\":\"https:\/\/www.camping-cevennes.info\/en\/holidays-in-the-gard\/\"},{\"@type\":\"ListItem\",\"position\":3,\"name\":\"Holidays in the C\u00e9vennes\"}]},{\"@type\":\"WebSite\",\"@id\":\"https:\/\/www.camping-cevennes.info\/en\/#website\",\"url\":\"https:\/\/www.camping-cevennes.info\/en\/\",\"name\":\"Camping Mas de la Cam\",\"description\":\"\",\"publisher\":{\"@id\":\"https:\/\/www.camping-cevennes.info\/en\/#organization\"},\"potentialAction\":[{\"@type\":\"SearchAction\",\"target\":{\"@type\":\"EntryPoint\",\"urlTemplate\":\"https:\/\/www.camping-cevennes.info\/en\/?s={search_term_string}\"},\"query-input\":{\"@type\":\"PropertyValueSpecification\",\"valueRequired\":true,\"valueName\":\"search_term_string\"}}],\"inLanguage\":\"en-US\"},{\"@type\":\"Organization\",\"@id\":\"https:\/\/www.camping-cevennes.info\/en\/#organization\",\"name\":\"Camping Mas de la Cam\",\"url\":\"https:\/\/www.camping-cevennes.info\/en\/\",\"logo\":{\"@type\":\"ImageObject\",\"inLanguage\":\"en-US\",\"@id\":\"https:\/\/www.camping-cevennes.info\/en\/#\/schema\/logo\/image\/\",\"url\":\"https:\/\/www.camping-cevennes.info\/wp-content\/uploads\/2022\/09\/logo-camping-mas-de-la-cam-noir-1.png\",\"contentUrl\":\"https:\/\/www.camping-cevennes.info\/wp-content\/uploads\/2022\/09\/logo-camping-mas-de-la-cam-noir-1.png\",\"width\":625,\"height\":190,\"caption\":\"Camping Mas de la Cam\"},\"image\":{\"@id\":\"https:\/\/www.camping-cevennes.info\/en\/#\/schema\/logo\/image\/\"}}]}<\/script>\n<!-- \/ Yoast SEO plugin. -->","yoast_head_json":{"title":"Campsite Cevennes | What to see and do in the Cevennes?","description":"Discover all the tourist activities to do in the C\u00e9vennes during his holidays: learn more here on this page","robots":{"index":"index","follow":"follow","max-snippet":"max-snippet:-1","max-image-preview":"max-image-preview:large","max-video-preview":"max-video-preview:-1"},"canonical":"https:\/\/www.camping-cevennes.info\/en\/holidays-in-the-gard\/holidays-cevennes\/","og_locale":"en_US","og_type":"article","og_title":"Campsite Cevennes | What to see and do in the Cevennes?","og_description":"Discover all the tourist activities to do in the C\u00e9vennes during his holidays: learn more here on this page","og_url":"https:\/\/www.camping-cevennes.info\/en\/holidays-in-the-gard\/holidays-cevennes\/","og_site_name":"Camping Mas de la Cam","article_modified_time":"2022-11-14T10:00:18+00:00","og_image":[{"width":1920,"height":900,"url":"https:\/\/www.camping-cevennes.info\/wp-content\/uploads\/2022\/10\/uzes-ville-gard.jpg","type":"image\/jpeg"}],"twitter_card":"summary_large_image","twitter_misc":{"Est. reading time":"4 minutes"},"schema":{"@context":"https:\/\/schema.org","@graph":[{"@type":"WebPage","@id":"https:\/\/www.camping-cevennes.info\/en\/holidays-in-the-gard\/holidays-cevennes\/","url":"https:\/\/www.camping-cevennes.info\/en\/holidays-in-the-gard\/holidays-cevennes\/","name":"Campsite Cevennes | What to see and do in the Cevennes?","isPartOf":{"@id":"https:\/\/www.camping-cevennes.info\/en\/#website"},"primaryImageOfPage":{"@id":"https:\/\/www.camping-cevennes.info\/en\/holidays-in-the-gard\/holidays-cevennes\/#primaryimage"},"image":{"@id":"https:\/\/www.camping-cevennes.info\/en\/holidays-in-the-gard\/holidays-cevennes\/#primaryimage"},"thumbnailUrl":"https:\/\/www.camping-cevennes.info\/wp-content\/uploads\/2022\/10\/uzes-ville-gard.jpg","datePublished":"2022-10-25T11:54:51+00:00","dateModified":"2022-11-14T10:00:18+00:00","description":"Discover all the tourist activities to do in the C\u00e9vennes during his holidays: learn more here on this page","breadcrumb":{"@id":"https:\/\/www.camping-cevennes.info\/en\/holidays-in-the-gard\/holidays-cevennes\/#breadcrumb"},"inLanguage":"en-US","potentialAction":[{"@type":"ReadAction","target":["https:\/\/www.camping-cevennes.info\/en\/holidays-in-the-gard\/holidays-cevennes\/"]}]},{"@type":"ImageObject","inLanguage":"en-US","@id":"https:\/\/www.camping-cevennes.info\/en\/holidays-in-the-gard\/holidays-cevennes\/#primaryimage","url":"https:\/\/www.camping-cevennes.info\/wp-content\/uploads\/2022\/10\/uzes-ville-gard.jpg","contentUrl":"https:\/\/www.camping-cevennes.info\/wp-content\/uploads\/2022\/10\/uzes-ville-gard.jpg","width":1920,"height":900,"caption":"uzes ville gard"},{"@type":"BreadcrumbList","@id":"https:\/\/www.camping-cevennes.info\/en\/holidays-in-the-gard\/holidays-cevennes\/#breadcrumb","itemListElement":[{"@type":"ListItem","position":1,"name":"Campsite C\u00e9vennes","item":"https:\/\/www.camping-cevennes.info\/en\/"},{"@type":"ListItem","position":2,"name":"The Gard","item":"https:\/\/www.camping-cevennes.info\/en\/holidays-in-the-gard\/"},{"@type":"ListItem","position":3,"name":"Holidays in the C\u00e9vennes"}]},{"@type":"WebSite","@id":"https:\/\/www.camping-cevennes.info\/en\/#website","url":"https:\/\/www.camping-cevennes.info\/en\/","name":"Camping Mas de la Cam","description":"","publisher":{"@id":"https:\/\/www.camping-cevennes.info\/en\/#organization"},"potentialAction":[{"@type":"SearchAction","target":{"@type":"EntryPoint","urlTemplate":"https:\/\/www.camping-cevennes.info\/en\/?s={search_term_string}"},"query-input":{"@type":"PropertyValueSpecification","valueRequired":true,"valueName":"search_term_string"}}],"inLanguage":"en-US"},{"@type":"Organization","@id":"https:\/\/www.camping-cevennes.info\/en\/#organization","name":"Camping Mas de la Cam","url":"https:\/\/www.camping-cevennes.info\/en\/","logo":{"@type":"ImageObject","inLanguage":"en-US","@id":"https:\/\/www.camping-cevennes.info\/en\/#\/schema\/logo\/image\/","url":"https:\/\/www.camping-cevennes.info\/wp-content\/uploads\/2022\/09\/logo-camping-mas-de-la-cam-noir-1.png","contentUrl":"https:\/\/www.camping-cevennes.info\/wp-content\/uploads\/2022\/09\/logo-camping-mas-de-la-cam-noir-1.png","width":625,"height":190,"caption":"Camping Mas de la Cam"},"image":{"@id":"https:\/\/www.camping-cevennes.info\/en\/#\/schema\/logo\/image\/"}}]}},"_links":{"self":[{"href":"https:\/\/www.camping-cevennes.info\/en\/wp-json\/wp\/v2\/pages\/4864","targetHints":{"allow":["GET"]}}],"collection":[{"href":"https:\/\/www.camping-cevennes.info\/en\/wp-json\/wp\/v2\/pages"}],"about":[{"href":"https:\/\/www.camping-cevennes.info\/en\/wp-json\/wp\/v2\/types\/page"}],"author":[{"embeddable":true,"href":"https:\/\/www.camping-cevennes.info\/en\/wp-json\/wp\/v2\/users\/1"}],"replies":[{"embeddable":true,"href":"https:\/\/www.camping-cevennes.info\/en\/wp-json\/wp\/v2\/comments?post=4864"}],"version-history":[{"count":13,"href":"https:\/\/www.camping-cevennes.info\/en\/wp-json\/wp\/v2\/pages\/4864\/revisions"}],"predecessor-version":[{"id":6015,"href":"https:\/\/www.camping-cevennes.info\/en\/wp-json\/wp\/v2\/pages\/4864\/revisions\/6015"}],"up":[{"embeddable":true,"href":"https:\/\/www.camping-cevennes.info\/en\/wp-json\/wp\/v2\/pages\/4787"}],"wp:featuredmedia":[{"embeddable":true,"href":"https:\/\/www.camping-cevennes.info\/en\/wp-json\/wp\/v2\/media\/3100"}],"wp:attachment":[{"href":"https:\/\/www.camping-cevennes.info\/en\/wp-json\/wp\/v2\/media?parent=4864"}],"wp:term":[{"taxonomy":"sujet","embeddable":true,"href":"https:\/\/www.camping-cevennes.info\/en\/wp-json\/wp\/v2\/sujet?post=4864"}],"curies":[{"name":"wp","href":"https:\/\/api.w.org\/{rel}","templated":true}]}}