{"id":4624,"date":"2022-09-26T12:24:17","date_gmt":"2022-09-26T10:24:17","guid":{"rendered":"https:\/\/www.camping-cevennes.info\/accueil\/"},"modified":"2025-12-02T11:34:12","modified_gmt":"2025-12-02T10:34:12","slug":"home","status":"publish","type":"page","link":"https:\/\/www.camping-cevennes.info\/en\/","title":{"rendered":"Accueil"},"content":{"rendered":"<section id=\"ls-section-block_d0e016ba4639e36f7e664bd80c9f52c4\" class=\"ls-section  home-intro has-p-t p-t-14\" >\n        <div class=\"container container--wide\">\n        \n\n<div style=\"height:275px;\">\n<div id=\"elaia-window\" class=\"elaia-window-close\"><\/div>\n<\/div>\n\n\n\n<div class=\"wp-block-columns columns-parent is-layout-flex wp-container-core-columns-is-layout-9d6595d7 wp-block-columns-is-layout-flex\">\n<div class=\"wp-block-column left is-layout-flow wp-block-column-is-layout-flow\">\n<div id=\"ls-heading ls-titre-div-block_41dde4ccb6a9debbb8e3a12e2d53f767\" class=\"ls-titre-div deco-h1 animated fadeInLeft h1-like\" >\n    <span class=\"small\">Welcome<\/span><br>In <strong>the Gard<\/strong><\/div>\n\n\n\n<h1 class=\"ls__heading wp-block-heading\">Campsite Gard in the Cevennes<\/h1>\n\n\n\n<p class=\"ls-paragraph\">Welcome to <strong>Mas de la Cam **** campsite<\/strong>, with no mobile homes at the gateway to the C\u00e9vennes national park in Saint-Jean-du-Gard. A vast terrain where you can enjoy traditional campsite. A luxurious green haven of 65 hectares, lined with a pretty river in the heart of the C\u00e9vennes first peaks. The campsite is set in an untouched <strong>natural environment<\/strong>. Bring your tent, camper or caravan to the Gardon gorges, and set up on our grassy, shaded pitches of an average of 100 m\u00b2.<\/p>\n\n\n\n<figure class=\"wp-block-image size-full image-one animated fadeInLeft delay-500ms\"><a href=\"https:\/\/www.camping-cevennes.info\/wp-content\/uploads\/2022\/10\/camping-aire-jeux-gard.jpg\"><img decoding=\"async\" width=\"900\" height=\"600\" src=\"https:\/\/www.camping-cevennes.info\/wp-content\/uploads\/2022\/10\/camping-aire-jeux-gard.jpg\" alt=\"camping aire de jeux gard\" class=\"wp-image-1248\" srcset=\"https:\/\/www.camping-cevennes.info\/wp-content\/uploads\/2022\/10\/camping-aire-jeux-gard.jpg 900w, https:\/\/www.camping-cevennes.info\/wp-content\/uploads\/2022\/10\/camping-aire-jeux-gard-300x200.jpg 300w, https:\/\/www.camping-cevennes.info\/wp-content\/uploads\/2022\/10\/camping-aire-jeux-gard-768x512.jpg 768w\" sizes=\"(max-width: 900px) 100vw, 900px\" \/><\/a><\/figure>\n\n\n\n<div class=\"wp-block-columns columns-child is-layout-flex wp-container-core-columns-is-layout-9d6595d7 wp-block-columns-is-layout-flex\">\n<div class=\"wp-block-column left is-layout-flow wp-block-column-is-layout-flow\">\n<figure class=\"wp-block-image size-full animated fadeInLeft delay-500ms\"><a href=\"https:\/\/www.camping-cevennes.info\/wp-content\/uploads\/2022\/10\/cevennes.jpg\"><img decoding=\"async\" width=\"900\" height=\"600\" src=\"https:\/\/www.camping-cevennes.info\/wp-content\/uploads\/2022\/10\/cevennes.jpg\" alt=\"cevennes\" class=\"wp-image-1270\" srcset=\"https:\/\/www.camping-cevennes.info\/wp-content\/uploads\/2022\/10\/cevennes.jpg 900w, https:\/\/www.camping-cevennes.info\/wp-content\/uploads\/2022\/10\/cevennes-300x200.jpg 300w, https:\/\/www.camping-cevennes.info\/wp-content\/uploads\/2022\/10\/cevennes-768x512.jpg 768w\" sizes=\"(max-width: 900px) 100vw, 900px\" \/><\/a><\/figure>\n<\/div>\n\n\n\n<div class=\"wp-block-column right is-layout-flow wp-block-column-is-layout-flow\">\n<figure class=\"wp-block-image size-full animated fadeInLeft delay-200ms\"><a href=\"https:\/\/www.camping-cevennes.info\/wp-content\/uploads\/2022\/10\/pumptrack-camping.jpg\"><img decoding=\"async\" width=\"900\" height=\"600\" src=\"https:\/\/www.camping-cevennes.info\/wp-content\/uploads\/2022\/10\/pumptrack-camping.jpg\" alt=\"pumptrack camping\" class=\"wp-image-1312\" srcset=\"https:\/\/www.camping-cevennes.info\/wp-content\/uploads\/2022\/10\/pumptrack-camping.jpg 900w, https:\/\/www.camping-cevennes.info\/wp-content\/uploads\/2022\/10\/pumptrack-camping-300x200.jpg 300w, https:\/\/www.camping-cevennes.info\/wp-content\/uploads\/2022\/10\/pumptrack-camping-768x512.jpg 768w\" sizes=\"(max-width: 900px) 100vw, 900px\" \/><\/a><\/figure>\n<\/div>\n<\/div>\n<\/div>\n\n\n\n<div class=\"wp-block-column right is-layout-flow wp-block-column-is-layout-flow\">\n<figure class=\"wp-block-image size-full image-one animated fadeInRight delay-500ms\"><a href=\"https:\/\/www.camping-cevennes.info\/wp-content\/uploads\/2022\/10\/camping-cevennes-animations.jpg\"><img decoding=\"async\" width=\"900\" height=\"600\" src=\"https:\/\/www.camping-cevennes.info\/wp-content\/uploads\/2022\/10\/camping-cevennes-animations.jpg\" alt=\"camping cevennes animations\" class=\"wp-image-1242\" srcset=\"https:\/\/www.camping-cevennes.info\/wp-content\/uploads\/2022\/10\/camping-cevennes-animations.jpg 900w, https:\/\/www.camping-cevennes.info\/wp-content\/uploads\/2022\/10\/camping-cevennes-animations-300x200.jpg 300w, https:\/\/www.camping-cevennes.info\/wp-content\/uploads\/2022\/10\/camping-cevennes-animations-768x512.jpg 768w\" sizes=\"(max-width: 900px) 100vw, 900px\" \/><\/a><\/figure>\n\n\n\n<figure class=\"wp-block-image size-full image-two animated fadeInRight delay-500ms\"><a href=\"https:\/\/www.camping-cevennes.info\/wp-content\/uploads\/2022\/10\/mas-de-la-cam.jpg\"><img decoding=\"async\" width=\"900\" height=\"600\" src=\"https:\/\/www.camping-cevennes.info\/wp-content\/uploads\/2022\/10\/mas-de-la-cam.jpg\" alt=\"mas de la cam\" class=\"wp-image-1214\" srcset=\"https:\/\/www.camping-cevennes.info\/wp-content\/uploads\/2022\/10\/mas-de-la-cam.jpg 900w, https:\/\/www.camping-cevennes.info\/wp-content\/uploads\/2022\/10\/mas-de-la-cam-300x200.jpg 300w, https:\/\/www.camping-cevennes.info\/wp-content\/uploads\/2022\/10\/mas-de-la-cam-768x512.jpg 768w\" sizes=\"(max-width: 900px) 100vw, 900px\" \/><\/a><\/figure>\n\n\n\n<p class=\"ls-paragraph\">Basic pitches have electricity (6 or 10 amp). The shower blocks have been renovated and many other services are provided on-site. Discover or rediscover pure campsite pleasure \u2013 with no mobile homes.<\/p>\n\n\n\n<a href=\"https:\/\/www.camping-cevennes.info\/wp-content\/uploads\/2022\/09\/plan2024.pdf\" id=\"ls-button-block_dee1f27d7aa4cafeed6bca715db81d33\" target=\"_blank\" rel=\"noopener\" class=\"ls-button has-m-b m-b-0\" ><span>Map of the <\/br>campsite<\/span> <i class='icon-arrow-right'><\/i><\/a>\n\n\n\n<a href=\"https:\/\/www.camping-cevennes.info\/wp-content\/uploads\/2022\/09\/resa26.gb_-1.pdf\" id=\"ls-button-block_c37e5990b122e9ca5d0e7de812e41915\" target=\"_blank\" rel=\"noopener\" class=\"ls-button has-m-t m-t-0\" ><span>Rates 2026<\/span> <i class='icon-arrow-right'><\/i><\/a>\n<\/div>\n<\/div>\n\n\n    <\/div>\n<\/section>\n\n<section id=\"ls-section-block_fe62ba4a026fab13402ad356993cf66f\" class=\"ls-section  home-services has-p-b p-b-0\" >\n        <div class=\"container container--wide\">\n        \n\n<h2 class=\"ls__heading wp-block-heading deco\">4 star campsite in the C\u00e9vennes<\/h2>\n\n\n\n<p class=\"ls-paragraph\">Nestled in the peaks of the C\u00e9vennes national park, Mas de la Cam campsite is set in a luxurious natural environment, but we\u2019ve thought of your comfort too. The campsite offers all the services and facilities necessary for a <strong>lovely holiday<\/strong> in the Gard. Every night the campsite restaurant (open from June to the 10th of September) serves a menu including the traditional pizzas and French fries, but also <strong>regional specialities<\/strong> such as P\u00e9lardon goat\u2019s cheese. Come and have a drink with friends at the campsite bar or watch major sporting events broadcast on the giant screen. And for breakfast, the grocery store sells bread and pastries. Three washing machines and a dryer are available at all times.<\/p>\n\n\n    <\/div>\n<\/section>\n\n<section id=\"ls-section-block_206601c8617e519da7035b5732e234ad\" class=\"ls-section  home-services-bis\" >\n        <div class=\"container container--full\">\n        \n\n<div class=\"wp-block-columns cta-services-container is-layout-flex wp-container-core-columns-is-layout-9d6595d7 wp-block-columns-is-layout-flex\">\n<div class=\"wp-block-column is-layout-flow wp-block-column-is-layout-flow\">\n<div id=\"ls-cta-block_ac29e6224313f7ccf65ce223e7a2aed3\" class=\"ls-cta cta-services\">  \n    \n\n<a href=\"https:\/\/www.camping-cevennes.info\/en\/pumptracks-in-cevennes\/\" target=\"\" rel=\"noopener\" class=\"ls-cta__link\">\n\n\t<div class=\"ls-cta__image\"><img decoding=\"async\" src=\"https:\/\/www.camping-cevennes.info\/wp-content\/uploads\/2022\/09\/pump-track-au-camping-mas-de-la-cam.jpg\" alt=\"pump track au camping mas de la cam\"><\/div>\n\t<div class=\"ls-cta__title\">\n\t\tSport\t<\/div>\n\n\t\t\t<div class=\"ls-cta__description\">\n\t\t\tTake advantage of your holidays to look after yourself and do some sport.\t\t\n\t\t<\/div>\n\t\t\n<\/a><\/div><\/div>\n\n\n\n<div class=\"wp-block-column is-layout-flow wp-block-column-is-layout-flow\">\n<div id=\"ls-cta-block_be8aa852accac0de6a6650654d255af4\" class=\"ls-cta cta-services\">  \n    \n\n<a href=\"https:\/\/www.camping-cevennes.info\/en\/camping-cevennes-bike\/\" target=\"\" rel=\"noopener\" class=\"ls-cta__link\">\n\n\t<div class=\"ls-cta__image\"><img decoding=\"async\" src=\"https:\/\/www.camping-cevennes.info\/wp-content\/uploads\/2022\/09\/sorties-velo-au-camping-mas-de-la-cam.jpg\" alt=\"sorties velo au camping mas de la cam\"><\/div>\n\t<div class=\"ls-cta__title\">\n\t\tBike Rides\t<\/div>\n\n\t\t\t<div class=\"ls-cta__description\">\n\t\t\tExplore the bike paths with family or friends and discover beautiful scenery.\t\t\n\t\t<\/div>\n\t\t\n<\/a><\/div><\/div>\n\n\n\n<div class=\"wp-block-column is-layout-flow wp-block-column-is-layout-flow\">\n<div id=\"ls-cta-block_a165e4f73ca63697319930b800f57033\" class=\"ls-cta cta-services\">  \n    \n\n<a href=\"https:\/\/www.camping-cevennes.info\/en\/services-4-stars-cevennes\/\" target=\"\" rel=\"noopener\" class=\"ls-cta__link\">\n\n\t<div class=\"ls-cta__image\"><img decoding=\"async\" src=\"https:\/\/www.camping-cevennes.info\/wp-content\/uploads\/2022\/09\/bar-restaurant-au-camping-mas-de-la-cam.jpg\" alt=\"bar restaurant camping\"><\/div>\n\t<div class=\"ls-cta__title\">\n\t\tBar \/ Restaurant\t<\/div>\n\n\t\t\t<div class=\"ls-cta__description\">\n\t\t\tTake time out during your holidays to relax in the campsite bar and restaurant.\t\t\n\t\t<\/div>\n\t\t\n<\/a><\/div><\/div>\n\n\n\n<div class=\"wp-block-column is-layout-flow wp-block-column-is-layout-flow\">\n<div id=\"ls-cta-block_6f9553d8c7ae714bd59b504725b89e1d\" class=\"ls-cta cta-services\">  \n    \n\n<a href=\"https:\/\/www.camping-cevennes.info\/en\/activities-at-the-cevennes-campsite\/\" target=\"\" rel=\"noopener\" class=\"ls-cta__link\">\n\n\t<div class=\"ls-cta__image\"><img decoding=\"async\" src=\"https:\/\/www.camping-cevennes.info\/wp-content\/uploads\/2022\/09\/activites-au-camping-mas-de-la-cam.jpg\" alt=\"activites au camping mas de la cam\"><\/div>\n\t<div class=\"ls-cta__title\">\n\t\tActivities\t<\/div>\n\n\t\t\t<div class=\"ls-cta__description\">\n\t\t\tWe propose fun activities to make sure your children have a great holiday.\t\t\n\t\t<\/div>\n\t\t\n<\/a><\/div><\/div>\n\n\n\n<div class=\"wp-block-column is-layout-flow wp-block-column-is-layout-flow\">\n<div id=\"ls-cta-block_2727c699c11d2ac650a186c6697a78cf\" class=\"ls-cta cta-services\">  \n    \n\n<a href=\"https:\/\/www.camping-cevennes.info\/en\/services-4-stars-cevennes\/\" target=\"\" rel=\"noopener\" class=\"ls-cta__link\">\n\n\t<div class=\"ls-cta__image\"><img decoding=\"async\" src=\"https:\/\/www.camping-cevennes.info\/wp-content\/uploads\/2022\/10\/pain-viennoiseries.jpg\" alt=\"pain viennoiseries\"><\/div>\n\t<div class=\"ls-cta__title\">\n\t\tOther services\t<\/div>\n\n\t\t\t<div class=\"ls-cta__description\">\n\t\t\tTake advantage of your holidays to look after yourself and do some sport.\t\t\n\t\t<\/div>\n\t\t\n<\/a><\/div><\/div>\n<\/div>\n\n\n    <\/div>\n<\/section>\n\n<section id=\"ls-section-block_c53939f30caa465ca9fe5c2c956a0949\" class=\"ls-section  home-piscine has-p-t p-t-0\" >\n        <div class=\"container container--wide\">\n        \n\n<h2 class=\"ls__heading wp-block-heading has-text-align-center deco-centree\">CAMPSITE WITH POOL AND RIVER IN THE GARD<\/h2>\n\n\n\n<div class=\"wp-block-columns is-layout-flex wp-container-core-columns-is-layout-9d6595d7 wp-block-columns-is-layout-flex\">\n<div class=\"wp-block-column is-vertically-aligned-center left is-layout-flow wp-block-column-is-layout-flow\" style=\"flex-basis:55%\">\n<p class=\"ls-paragraph\">The aquatic area caters to all ages. A<strong> fun space<\/strong> for swimming and playing throughout your holidays at this C\u00e9vennes, in both high and low season. And there are many other aquatic activities in the Gardon river which flows by our campsite in the heart of the C\u00e9vennes, which also has p\u00e9tanque and tennis courts.<\/p>\n\n\n\n<p class=\"ls-paragraph\">Our campsite, set in the heart of the C\u00e9vennes, has a magnificent aquatic area. Get back to nature and enjoy playing in the water. The enormous 500m\u00b2 pool is a paradise for swimming and splashing around. Part of our outdoor pool is converted into a heated pool in the low season.<\/p>\n\n\n\n<p class=\"ls-paragraph\">Mas de la Cam campsite in the Gard has added a <strong>new aquatic playground<\/strong> to <a href=\"https:\/\/www.camping-cevennes.info\/en\/campsite-with-swimming-pool-in-the-cevennes\/\">the swimming pool<\/a> so children can have even more fun splashing around during their holiday. And the parents can relax in the sunloungers around the pools.<\/p>\n\n\n\n<p class=\"ls-paragraph\">Mas de la Cam campsite in C\u00e9vennes is ideally situated on the banks of Gardon river, near neighbouring C\u00e8ze and Ard\u00e8che in the Gard department. So the pool is not the only place to splash around\u2026<\/p>\n\n\n\n<p class=\"ls-paragraph\"><a href=\"https:\/\/www.camping-cevennes.info\/en\/camping-gard-on-the-banks-of-the-river\/\">The river<\/a> is ideal for cooling down on hot summer days, not just for swimming but also for games, inflatable boat rides and lots of other nautical activities. You can even go canyoning in the Soucy gorges, situated 7km upriver from the campsite.<\/p>\n<\/div>\n\n\n\n<div class=\"wp-block-column right is-layout-flow wp-block-column-is-layout-flow\" style=\"flex-basis:45%\">\n<figure class=\"wp-block-image size-full animated fadeInUp delay-500ms slow\"><a href=\"https:\/\/www.camping-cevennes.info\/wp-content\/uploads\/2022\/10\/camping-bord-de-riviere-1.jpg\"><img decoding=\"async\" width=\"900\" height=\"600\" src=\"https:\/\/www.camping-cevennes.info\/wp-content\/uploads\/2022\/10\/camping-bord-de-riviere-1.jpg\" alt=\"camping bord de riviere\" class=\"wp-image-1409\" srcset=\"https:\/\/www.camping-cevennes.info\/wp-content\/uploads\/2022\/10\/camping-bord-de-riviere-1.jpg 900w, https:\/\/www.camping-cevennes.info\/wp-content\/uploads\/2022\/10\/camping-bord-de-riviere-1-300x200.jpg 300w, https:\/\/www.camping-cevennes.info\/wp-content\/uploads\/2022\/10\/camping-bord-de-riviere-1-768x512.jpg 768w\" sizes=\"(max-width: 900px) 100vw, 900px\" \/><\/a><\/figure>\n\n\n\n<div class=\"wp-block-columns is-layout-flex wp-container-core-columns-is-layout-9d6595d7 wp-block-columns-is-layout-flex\">\n<div class=\"wp-block-column is-layout-flow wp-block-column-is-layout-flow\">\n<a href=\"https:\/\/www.camping-cevennes.info\/en\/campsite-with-swimming-pool-in-the-cevennes\/\" id=\"ls-button-block_c3208f2e9c8379d42fcbe9a8a14a1b78\" target=\"\" rel=\"\" class=\"ls-button aligncenter has-m-t m-t-4 has-m-b m-b-0\" ><span>The pool<\/span> <i class='icon-arrow-right'><\/i><\/a>\n<\/div>\n\n\n\n<div class=\"wp-block-column is-layout-flow wp-block-column-is-layout-flow\">\n<a href=\"https:\/\/www.camping-cevennes.info\/en\/camping-gard-on-the-banks-of-the-river\/\" id=\"ls-button-block_24976fdad981c9b95fa7ff034083a764\" target=\"\" rel=\"\" class=\"ls-button m-t-0 aligncenter has-m-t m-t-4 has-m-b m-b-0\" ><span>The river<\/span> <i class='icon-arrow-right'><\/i><\/a>\n<\/div>\n<\/div>\n<\/div>\n<\/div>\n\n\n    <\/div>\n<\/section>\n\n<section id=\"ls-section-block_fc5533fd1f97a3338403e14847f47827\" class=\"ls-section  home-hebergements has-p-t p-t-14 has-p-b p-b-20\" >\n        <div class=\"container container--wide\">\n        \n\n<div class=\"wp-block-columns gites is-layout-flex wp-container-core-columns-is-layout-9d6595d7 wp-block-columns-is-layout-flex\">\n<div class=\"wp-block-column is-vertically-aligned-top is-layout-flow wp-block-column-is-layout-flow\">\n<h2 class=\"ls__heading wp-block-heading deco\">LOCATION OF pitches AND HOUSES IN SAINT JEAN DU GARD<\/h2>\n\n\n\n<p class=\"ls-paragraph\">The Gard campsite doesn\u2019t have mobile homes, but we do <a href=\"https:\/\/www.camping-cevennes.info\/en\/rent-cottage-gard-cevennes\/\">rent holiday cottages<\/a>. Our apartments are spacious with a range of accommodation solutions. They are ideal for a holiday with family, friends or in a couple.<\/p>\n\n\n\n<p class=\"ls-paragraph\">Each holiday cottage is different. The smallest has a surface area of 28m\u00b2, and the 56m\u00b2 traditional \u201cmas\u201d sleeps six people and has an enormous private garden. Some even have a courtyard, ideal if you like some outdoor space. Our cottages sleep up to six, ideal for a <strong>family holiday<\/strong> in the Gard. Stay in a cosy, comfortable 17th-century traditional C\u00e9vennes \u201cmas\u201d with a kitchen and separate bathroom.<\/p>\n\n\n\n<p class=\"ls-paragraph\">And when you book your holiday cottage in our Gard campsite, you have automatic access to all our activities, facilities and services, including the pool and the river.<\/p>\n<\/div>\n\n\n\n<div class=\"wp-block-column is-layout-flow wp-block-column-is-layout-flow\">\n<figure class=\"wp-block-image size-full animated fadeInUp delay-500ms slow\"><a href=\"https:\/\/www.camping-cevennes.info\/wp-content\/uploads\/2022\/10\/gite-saint-jean-du-gard.jpg\"><img decoding=\"async\" width=\"900\" height=\"600\" src=\"https:\/\/www.camping-cevennes.info\/wp-content\/uploads\/2022\/10\/gite-saint-jean-du-gard.jpg\" alt=\"gite saint jean du gard\" class=\"wp-image-1326\" srcset=\"https:\/\/www.camping-cevennes.info\/wp-content\/uploads\/2022\/10\/gite-saint-jean-du-gard.jpg 900w, https:\/\/www.camping-cevennes.info\/wp-content\/uploads\/2022\/10\/gite-saint-jean-du-gard-300x200.jpg 300w, https:\/\/www.camping-cevennes.info\/wp-content\/uploads\/2022\/10\/gite-saint-jean-du-gard-768x512.jpg 768w\" sizes=\"(max-width: 900px) 100vw, 900px\" \/><\/a><\/figure>\n\n\n\n<div class=\"wp-block-columns is-layout-flex wp-container-core-columns-is-layout-9d6595d7 wp-block-columns-is-layout-flex\">\n<div class=\"wp-block-column is-layout-flow wp-block-column-is-layout-flow\">\n<a href=\"https:\/\/www.camping-cevennes.info\/en\/rent-cottage-gard-cevennes\/\" id=\"ls-button-block_f21f9536586d9b71b260cb84a2f24e66\" target=\"\" rel=\"\" class=\"ls-button\" ><span>The cottages<\/span> <i class='icon-arrow-right'><\/i><\/a>\n<\/div>\n\n\n\n<div class=\"wp-block-column is-layout-flow wp-block-column-is-layout-flow\">\n<a href=\"https:\/\/www.camping-cevennes.info\/en\/pitches-camping-gard\/\" id=\"ls-button-block_b9060d23dbb5cc01cfe98799ca6a1761\" target=\"\" rel=\"\" class=\"ls-button\" ><span>The pitches<\/span> <i class='icon-arrow-right'><\/i><\/a>\n<\/div>\n<\/div>\n<\/div>\n<\/div>\n\n\n    <\/div>\n<\/section>\n\n<section id=\"ls-section-block_030e7f44762580e052a101015e18167e\" class=\"ls-section  home-economies has-background has-color-3-background-color has-p-t p-t-14 has-p-b p-b-14\" >\n        <div class=\"container container--wide\">\n        \n\n<div class=\"wp-block-columns colonnes-boutons is-layout-flex wp-container-core-columns-is-layout-9d6595d7 wp-block-columns-is-layout-flex\">\n<div class=\"wp-block-column is-layout-flow wp-block-column-is-layout-flow\">\n<a href=\"https:\/\/www.camping-cevennes.info\/en\/camping-gard-cheap\/\" id=\"ls-button-block_3e5347087cf992af7db3293c969433c1\" target=\"\" rel=\"\" class=\"ls-button white-background aligncenter has-background has-color-white-background-color has-text-color has-color-1-color\" ><span>Our rates +<\/span> <i class='icon-arrow-right'><\/i><\/a>\n<\/div>\n<\/div>\n\n\n\n<h2 class=\"ls__heading wp-block-heading has-text-align-left deco\">A CAMPSITE WITH TOP VALUE FOR MONEY IN THE CEVENNES<\/h2>\n\n\n\n<p class=\"ls-paragraph\">If you are looking for a <strong>reasonably priced<\/strong> campsite for your holiday in the C\u00e9vennes, don\u2019t forget: our outdoor pitches are eligible for ADAC and ACSI cards in the low season. So join us at our C\u00e9vennes campsite on the border of the Gard and Loz\u00e8re, in the heart of one of the Languedoc Roussillon area\u2019s most beautiful sites.<\/p>\n\n\n    <\/div>\n<\/section>\n\n<section id=\"ls-section-block_8fe9a9ecdb90e3de8bc59251eae342a4\" class=\"ls-section  home-destination has-p-t p-t-14 has-p-b p-b-14\" >\n        <div class=\"container container--full\">\n        \n\n<h2 class=\"ls__heading wp-block-heading has-text-align-center deco-centree\">A CAMPSITE HOLIDAY IN THE GARD<\/h2>\n\n\n\n<div class=\"wp-block-columns is-layout-flex wp-container-core-columns-is-layout-9d6595d7 wp-block-columns-is-layout-flex\">\n<div class=\"wp-block-column is-layout-flow wp-block-column-is-layout-flow\">\n<div id=\"ls-cta-block_dad280671dfaae234e28e35ebb686b9d\" class=\"ls-cta animated fadeIn delay-100ms slow\">  \n    \n\n<a href=\"https:\/\/www.camping-cevennes.info\/en\/holidays-in-the-gard\/\" target=\"\" rel=\"noopener\" class=\"ls-cta__link\">\n\n\t<div class=\"ls-cta__image\"><img decoding=\"async\" src=\"https:\/\/www.camping-cevennes.info\/wp-content\/uploads\/2022\/10\/camping-gard.jpg\" alt=\"camping gard\"><\/div>\n\t<div class=\"ls-cta__title\">\n\t\tThe Gard\t<\/div>\n\n\t\t\n<\/a><\/div><\/div>\n\n\n\n<div class=\"wp-block-column is-layout-flow wp-block-column-is-layout-flow\">\n<div id=\"ls-cta-block_17bd659c27444947e7b73ce259eae60e\" class=\"ls-cta animated fadeIn delay-200ms slow\">  \n    \n\n<a href=\"https:\/\/www.camping-cevennes.info\/en\/holidays-in-the-gard\/holidays-in-saint-jean-du-gard\/\" target=\"\" rel=\"noopener\" class=\"ls-cta__link\">\n\n\t<div class=\"ls-cta__image\"><img decoding=\"async\" src=\"https:\/\/www.camping-cevennes.info\/wp-content\/uploads\/2022\/10\/camping-saint-jean-du-gard.jpg\" alt=\"camping saint jean du gard\"><\/div>\n\t<div class=\"ls-cta__title\">\n\t\tSaint-Jean-du-Gard\t<\/div>\n\n\t\t\n<\/a><\/div><\/div>\n\n\n\n<div class=\"wp-block-column is-layout-flow wp-block-column-is-layout-flow\">\n<div id=\"ls-cta-block_2d9a0263268057cb560fe37a96dbf1d2\" class=\"ls-cta animated fadeIn delay-500ms slow\">  \n    \n\n<a href=\"https:\/\/www.camping-cevennes.info\/en\/holidays-in-the-gard\/holidays-cevennes\/\" target=\"\" rel=\"noopener\" class=\"ls-cta__link\">\n\n\t<div class=\"ls-cta__image\"><img decoding=\"async\" src=\"https:\/\/www.camping-cevennes.info\/wp-content\/uploads\/2022\/09\/camping-mas-de-la-cam-cevennes.jpg\" alt=\"camping cevennes\"><\/div>\n\t<div class=\"ls-cta__title\">\n\t\tThe C\u00e9vennes\t<\/div>\n\n\t\t\n<\/a><\/div><\/div>\n<\/div>\n\n\n\n<p class=\"ls-paragraph has-text-align-center\">Use the Mas de la Cam campsite in the Languedoc Roussillon as a base for<strong> visiting the region<\/strong>, recently named Occitanie; a <strong>beautiful destination<\/strong> that is still sometimes referred to as Languedoc-Roussillon-Midi-Pyr\u00e9n\u00e9es. There are many attractions near the family-friendly campsite in the Gard, including the village of the Saint-Jean-du-Gard, just 3km away and rich in historical and cultural heritage. Visit the museum and architectural monuments, and go shopping in the market and taste local produce.<\/p>\n\n\n\n<p class=\"ls-paragraph has-text-align-center\">Just a few minutes from the campsite, visit the charming village of Anduze with many historical monuments, the bamboo gardens, the magnificent Cordeliers park and many other beautiful sites. There is also Mialet, with the Trabuc grotto, the D\u00e9sert museum and other interesting attractions.<\/p>\n\n\n    <\/div>\n<\/section>\n\n<section id=\"ls-section-block_e1468480eec88ef28f0c109b936b175b\" class=\"ls-section  home-visites has-background has-color-3-background-color has-p-b p-b-20\" >\n        <div class=\"container container--wide\">\n        \n\n<h2 class=\"ls__heading wp-block-heading has-text-align-left deco\">THE 6 MUST-SEE VISITS IN THE CEVENNES<\/h2>\n\n\n\n<div class=\"wp-block-columns is-layout-flex wp-container-core-columns-is-layout-9d6595d7 wp-block-columns-is-layout-flex\">\n<div class=\"wp-block-column left is-layout-flow wp-block-column-is-layout-flow\" style=\"flex-basis:60%\">\n<figure class=\"wp-block-image size-full\"><img decoding=\"async\" width=\"800\" height=\"800\" src=\"https:\/\/www.camping-cevennes.info\/wp-content\/uploads\/2022\/10\/carte-situation-1.png\" alt=\"situation du camping\" class=\"wp-image-1434\" srcset=\"https:\/\/www.camping-cevennes.info\/wp-content\/uploads\/2022\/10\/carte-situation-1.png 800w, https:\/\/www.camping-cevennes.info\/wp-content\/uploads\/2022\/10\/carte-situation-1-300x300.png 300w, https:\/\/www.camping-cevennes.info\/wp-content\/uploads\/2022\/10\/carte-situation-1-150x150.png 150w, https:\/\/www.camping-cevennes.info\/wp-content\/uploads\/2022\/10\/carte-situation-1-768x768.png 768w\" sizes=\"(max-width: 800px) 100vw, 800px\" \/><\/figure>\n<\/div>\n\n\n\n<div class=\"wp-block-column right is-layout-flow wp-block-column-is-layout-flow\" style=\"flex-basis:40%\">\n<p class=\"ls-paragraph\">The C\u00e9vennes abounds with surprises for a <strong>delightful and unforgettable stay.<\/strong> Tourist train, the Portes castle, Ard\u00e8che and Tarn gorges, N\u00eemes arena, Monts Loz\u00e9re and Aiguoual, the Maison Carr\u00e9e, the Prafrance bamboo gardens, the Sautadet waterfall, the Gard bridge, the petite Camargue, the town of Al\u00e8s, Allegre les Fumades, the Grua de Roi, typical villages\u2026so many beautiful attractions.<\/p>\n\n\n\n<div class=\"wp-block-columns is-layout-flex wp-container-core-columns-is-layout-9d6595d7 wp-block-columns-is-layout-flex\">\n<div class=\"wp-block-column is-layout-flow wp-block-column-is-layout-flow\">\n<ul class=\"ls-list ls-list-undefined wp-block-list has-color-1-color has-text-color\">\n<li>Gorges of Tarn<\/li>\n\n\n\n<li>Anduze<\/li>\n\n\n\n<li>Mialet<\/li>\n\n\n\n<li>Bamboo garden<\/li>\n\n\n\n<li>N\u00eemes<\/li>\n<\/ul>\n<\/div>\n\n\n\n<div class=\"wp-block-column is-layout-flow wp-block-column-is-layout-flow\">\n<ul class=\"ls-list ls-list-undefined wp-block-list has-color-1-color has-text-color\">\n<li>Aigues Mortes<\/li>\n\n\n\n<li>Bridge of Gard<\/li>\n\n\n\n<li>Mont Aigoual<\/li>\n\n\n\n<li>Gorges of Ard\u00e8che<\/li>\n\n\n\n<li>Uz\u00e8s<\/li>\n<\/ul>\n<\/div>\n<\/div>\n\n\n\n<p class=\"ls-paragraph\">The area is also a paradise for sports enthusiasts. Valleys, rivers, many marked hiking trails, the GR 70 also known as the Stevenson trail, the C\u00e9vennes national park \u2013 so many natural playgrounds for leisure activities, including walking, cycling, nature walks, climbing, paragliding, adventure parks, canoeing, fishing, canyoning, potholing\u2026just to name a few. And if you prefer to relax and treat yourself, the C\u00e9vennes has many places where you can pamper yourself.<\/p>\n<\/div>\n<\/div>\n\n\n    <\/div>\n<\/section>\n\n<section id=\"ls-section-block_8d4d566033e023071c961fed437f842a\" class=\"ls-section  home-visites-galerie has-p-t p-t-0 has-p-b p-b-0\" >\n        <div class=\"container container--full\">\n        \n\n<figure class=\"wp-block-gallery has-nested-images columns-5 is-cropped animated fadeInUp delay-500ms slow wp-block-gallery-1 is-layout-flex wp-block-gallery-is-layout-flex\">\n<figure class=\"wp-block-image size-full\"><a href=\"https:\/\/www.camping-cevennes.info\/wp-content\/uploads\/2022\/10\/gorges-du-tarn.jpg\"><img decoding=\"async\" width=\"900\" height=\"600\" data-id=\"1257\" src=\"https:\/\/www.camping-cevennes.info\/wp-content\/uploads\/2022\/10\/gorges-du-tarn.jpg\" alt=\"gorges du tarn\" class=\"wp-image-1257\" srcset=\"https:\/\/www.camping-cevennes.info\/wp-content\/uploads\/2022\/10\/gorges-du-tarn.jpg 900w, https:\/\/www.camping-cevennes.info\/wp-content\/uploads\/2022\/10\/gorges-du-tarn-300x200.jpg 300w, https:\/\/www.camping-cevennes.info\/wp-content\/uploads\/2022\/10\/gorges-du-tarn-768x512.jpg 768w\" sizes=\"(max-width: 900px) 100vw, 900px\" \/><\/a><\/figure>\n\n\n\n<figure class=\"wp-block-image size-full\"><a href=\"https:\/\/www.camping-cevennes.info\/wp-content\/uploads\/2022\/10\/grottes.jpg\"><img decoding=\"async\" width=\"900\" height=\"600\" data-id=\"1358\" src=\"https:\/\/www.camping-cevennes.info\/wp-content\/uploads\/2022\/10\/grottes.jpg\" alt=\"grottes\" class=\"wp-image-1358\" srcset=\"https:\/\/www.camping-cevennes.info\/wp-content\/uploads\/2022\/10\/grottes.jpg 900w, https:\/\/www.camping-cevennes.info\/wp-content\/uploads\/2022\/10\/grottes-300x200.jpg 300w, https:\/\/www.camping-cevennes.info\/wp-content\/uploads\/2022\/10\/grottes-768x512.jpg 768w\" sizes=\"(max-width: 900px) 100vw, 900px\" \/><\/a><\/figure>\n\n\n\n<figure class=\"wp-block-image size-full\"><a href=\"https:\/\/www.camping-cevennes.info\/wp-content\/uploads\/2022\/10\/canyoning-gard.jpg\"><img decoding=\"async\" width=\"900\" height=\"600\" data-id=\"1340\" src=\"https:\/\/www.camping-cevennes.info\/wp-content\/uploads\/2022\/10\/canyoning-gard.jpg\" alt=\"canyoning gard\" class=\"wp-image-1340\" srcset=\"https:\/\/www.camping-cevennes.info\/wp-content\/uploads\/2022\/10\/canyoning-gard.jpg 900w, https:\/\/www.camping-cevennes.info\/wp-content\/uploads\/2022\/10\/canyoning-gard-300x200.jpg 300w, https:\/\/www.camping-cevennes.info\/wp-content\/uploads\/2022\/10\/canyoning-gard-768x512.jpg 768w\" sizes=\"(max-width: 900px) 100vw, 900px\" \/><\/a><\/figure>\n\n\n\n<figure class=\"wp-block-image size-full\"><a href=\"https:\/\/www.camping-cevennes.info\/wp-content\/uploads\/2022\/10\/arenes-de-nimes.jpg\"><img decoding=\"async\" width=\"900\" height=\"600\" data-id=\"1348\" src=\"https:\/\/www.camping-cevennes.info\/wp-content\/uploads\/2022\/10\/arenes-de-nimes.jpg\" alt=\"arenes de nimes\" class=\"wp-image-1348\" srcset=\"https:\/\/www.camping-cevennes.info\/wp-content\/uploads\/2022\/10\/arenes-de-nimes.jpg 900w, https:\/\/www.camping-cevennes.info\/wp-content\/uploads\/2022\/10\/arenes-de-nimes-300x200.jpg 300w, https:\/\/www.camping-cevennes.info\/wp-content\/uploads\/2022\/10\/arenes-de-nimes-768x512.jpg 768w\" sizes=\"(max-width: 900px) 100vw, 900px\" \/><\/a><\/figure>\n\n\n\n<figure class=\"wp-block-image size-full\"><a href=\"https:\/\/www.camping-cevennes.info\/wp-content\/uploads\/2022\/10\/tourisme-anduze.jpg\"><img decoding=\"async\" width=\"900\" height=\"600\" data-id=\"1352\" src=\"https:\/\/www.camping-cevennes.info\/wp-content\/uploads\/2022\/10\/tourisme-anduze.jpg\" alt=\"tourisme anduze\" class=\"wp-image-1352\" srcset=\"https:\/\/www.camping-cevennes.info\/wp-content\/uploads\/2022\/10\/tourisme-anduze.jpg 900w, https:\/\/www.camping-cevennes.info\/wp-content\/uploads\/2022\/10\/tourisme-anduze-300x200.jpg 300w, https:\/\/www.camping-cevennes.info\/wp-content\/uploads\/2022\/10\/tourisme-anduze-768x512.jpg 768w\" sizes=\"(max-width: 900px) 100vw, 900px\" \/><\/a><\/figure>\n<\/figure>\n\n\n    <\/div>\n<\/section>\n\n<section id=\"ls-section-block_41f66ed361a6b898c1dde76a60884800\" class=\"ls-section  home-faq has-p-t p-t-14 has-p-b p-b-20\" >\n        <div class=\"container \">\n        \n\n<div id=\"ls-heading ls-titre-div-block_832cbdd72de9ffe980d6dc836f878945\" class=\"ls-titre-div deco-centree aligncenter h2-like\" >\n    A question <strong>on the campsite?<\/strong><\/div>\n\n\n<div id=\"faq\"><div itemscope=\"\" itemtype=\"https:\/\/schema.org\/FAQPage\"><div class=\"faq__box\"><div class=\"faq__container\"><div class=\"faq__block\" itemscope=\"\" itemprop=\"mainEntity\" itemtype=\"https:\/\/schema.org\/Question\"><details><summary itemprop=\"name\"><p>What are the opening dates of the campsite?<\/p>\n<span class=\"plus-royan\"><\/span><\/summary><div itemscope=\"\" itemprop=\"acceptedAnswer\" itemtype=\"https:\/\/schema.org\/Answer\"><div itemprop=\"text\"><p>The campsite from 12 May to 20 September<\/p>\n<p>The bar from mid-May to September 10<\/p>\n<p>The restaurant from the beginning of June to September 10<\/p>\n<p>The grocery store in July\/August, bread deposit from the opening<\/p>\n<p>The swimming pool from mid May to mid September<\/p>\n<\/div><\/div><\/details><\/div><\/div><\/div><div class=\"faq__box\"><div class=\"faq__container\"><div class=\"faq__block\" itemscope=\"\" itemprop=\"mainEntity\" itemtype=\"https:\/\/schema.org\/Question\"><details><summary itemprop=\"name\"><p>Are there any animations?<\/p>\n<span class=\"plus-royan\"><\/span><\/summary><div itemscope=\"\" itemprop=\"acceptedAnswer\" itemtype=\"https:\/\/schema.org\/Answer\"><div itemprop=\"text\"><p>For children in July\/August<\/p>\n<p>Bicycle outings: 4 times\/week in July\/August, on request in the off season<\/p>\n<p>One musical evening\/week in July\/August<\/p>\n<\/div><\/div><\/details><\/div><\/div><\/div><div class=\"faq__box\"><div class=\"faq__container\"><div class=\"faq__block\" itemscope=\"\" itemprop=\"mainEntity\" itemtype=\"https:\/\/schema.org\/Question\"><details><summary itemprop=\"name\"><p>Are pets allowed?<\/p>\n<span class=\"plus-royan\"><\/span><\/summary><div itemscope=\"\" itemprop=\"acceptedAnswer\" itemtype=\"https:\/\/schema.org\/Answer\"><div itemprop=\"text\"><p>In the rentals :<br \/>\nDogs and cats are not allowed<\/p>\n<p>On the pitches :<br \/>\nDogs (except cat. 1 &amp; 2) and cats are accepted<\/p>\n<\/div><\/div><\/details><\/div><\/div><\/div><div class=\"faq__box\"><div class=\"faq__container\"><div class=\"faq__block\" itemscope=\"\" itemprop=\"mainEntity\" itemtype=\"https:\/\/schema.org\/Question\"><details><summary itemprop=\"name\"><p>What are the pool rules?<\/p>\n<span class=\"plus-royan\"><\/span><\/summary><div itemscope=\"\" itemprop=\"acceptedAnswer\" itemtype=\"https:\/\/schema.org\/Answer\"><div itemprop=\"text\"><p>Unsupervised swimming pool.<\/p>\n<p>Shorts not allowed, even the special pool models, also in the area around the pool.<\/p>\n<p>Shower compulsary at the entrance of the pool area<\/p>\n<p>&nbsp;<\/p>\n<p>&nbsp;<\/p>\n<\/div><\/div><\/details><\/div><\/div><\/div><div class=\"faq__box\"><div class=\"faq__container\"><div class=\"faq__block\" itemscope=\"\" itemprop=\"mainEntity\" itemtype=\"https:\/\/schema.org\/Question\"><details><summary itemprop=\"name\"><p>Can we shop on site?<\/p>\n<span class=\"plus-royan\"><\/span><\/summary><div itemscope=\"\" itemprop=\"acceptedAnswer\" itemtype=\"https:\/\/schema.org\/Answer\"><div itemprop=\"text\"><p>There is a small grocery store on the camp for your basic shopping open in July\/August.<\/p>\n<p>You will find all the shops at 3 km, in Saint Jean du Gard<\/p>\n<\/div><\/div><\/details><\/div><\/div><\/div><\/div><\/div>\n\n\n    <\/div>\n<\/section>\n\n<section id=\"ls-section-block_fde29aa611d26fac69fe7084a1f1d036\" class=\"ls-section  home-avis has-background-image has-p-t p-t-20 has-p-b p-b-14\" >\n    <div class=\"ls-section__background-image opacity-100\"><img decoding=\"async\" src=\"https:\/\/www.camping-cevennes.info\/wp-content\/uploads\/2022\/09\/camping-mas-de-la-cam-champ-de-lavande.jpg\" alt=\"campingh mas de la cam champ de lavande\"><\/div>    <div class=\"container container--wide\">\n        \n\n<div id=\"ls-pdf-block_98b8ff5c78b939d81cb3f743e09be34c\" class=\"ls-pdf\" >\n    <div class=\"ls-pdf__list\">\n                            <a href=\"https:\/\/www.camping-cevennes.info\/wp-content\/uploads\/2022\/09\/plan2024.pdf\" title=\"Map of the campsite\" class=\"ls-pdf__list__item\" target=\"_blank\">\n\n                \n                <div>Map of the campsite <span>+<\/span><\/div>\n            <\/a>\n                    <a href=\"https:\/\/www.camping-cevennes.info\/wp-content\/uploads\/2022\/09\/brochure.pdf\" title=\"Brochure\" class=\"ls-pdf__list__item\" target=\"_blank\">\n\n                \n                <div>Brochure <span>+<\/span><\/div>\n            <\/a>\n                    <a href=\"https:\/\/www.camping-cevennes.info\/wp-content\/uploads\/2022\/09\/insurance-2022.pdf\" title=\"Insurance\" class=\"ls-pdf__list__item\" target=\"_blank\">\n\n                \n                <div>Insurance <span>+<\/span><\/div>\n            <\/a>\n                    <a href=\"https:\/\/www.camping-cevennes.info\/wp-content\/uploads\/2022\/09\/resa26.gb_-1.pdf\" title=\"Rates\" class=\"ls-pdf__list__item\" target=\"_blank\">\n\n                \n                <div>Rates <span>+<\/span><\/div>\n            <\/a>\n                    <\/div>\n<\/div>\n\n\n<div id=\"ls-heading ls-titre-div-block_7f279d0ab5bf59e01df96a301de555d4\" class=\"ls-titre-div aligncenter h2-like has-text-color has-color-white-color\" >\n    Our clients, <strong>what do they think?<\/strong><\/div>\n\n\n<div class=\"avis-container\"><div class=\"avis\"><div class=\"avis-image\"><img decoding=\"async\" src=\"https:\/\/www.camping-cevennes.info\/wp-content\/uploads\/2022\/10\/canyoning-gard.jpg\" alt=\"canyoning-gard\"><\/div><div class=\"avis-note\">\n                                <span><i class=\"icon-etoile_avis\"><\/i><\/span><span><i class=\"icon-etoile_avis\"><\/i><\/span><span><i class=\"icon-etoile_avis\"><\/i><\/span><span><i class=\"icon-etoile_avis\"><\/i><\/span><span><i class=\"icon-etoile_avis\"><\/i><\/span>\n                            <\/div><div class=\"avis-content-container\"><div class=\"avis-text-container\"><div class=\"avis-name\">Jess B.<\/div><div class=\"avis-content\"><p>The welcome is warm, you feel at ease right away. The campsite is really very very clean and very well arranged. The pitches are large and shaded. Close to the forest with departures of hikes, it is also very quiet. For the children it is perfect: a big swimming pool, activities, a great park with also pumptracks. The restaurant is very good with a special mention for the pizzas!<\/p>\n<\/div><\/div><\/div><\/div><div class=\"avis\"><div class=\"avis-image\"><img decoding=\"async\" src=\"https:\/\/www.camping-cevennes.info\/wp-content\/uploads\/2022\/09\/camping-mas-de-la-cam-cevennes.jpg\" alt=\"camping-mas-de-la-cam-cevennes\"><\/div><div class=\"avis-note\">\n                                <span><i class=\"icon-etoile_avis\"><\/i><\/span><span><i class=\"icon-etoile_avis\"><\/i><\/span><span><i class=\"icon-etoile_avis\"><\/i><\/span><span><i class=\"icon-etoile_avis\"><\/i><\/span><span><i class=\"icon-etoile_avis\"><\/i><\/span>\n                            <\/div><div class=\"avis-content-container\"><div class=\"avis-text-container\"><div class=\"avis-name\">Renaud H.<\/div><div class=\"avis-content\"><p>My wife, my 2 year old daughter and I had an excellent stay at the Mas de la Cam campsite: everything was there: the natural setting of the campsite, the calm, the extreme kindness of Fran\u00e7oise and Christopher who are always ready to help you, to give you service and to answer your questions.<br \/>\nWe stayed in a g\u00eete and we must point out the great cleanliness of this one as well as the campsite in general, a very important point for us!<br \/>\nOur Dutch neighbors were very friendly, the swimming pool always very clean and quiet: a real happiness!<br \/>\nFor sure, we will come back as soon as possible ! \ud83d\ude42<\/p>\n<\/div><\/div><\/div><\/div><div class=\"avis\"><div class=\"avis-image\"><img decoding=\"async\" src=\"https:\/\/www.camping-cevennes.info\/wp-content\/uploads\/2022\/10\/grottes.jpg\" alt=\"grottes\"><\/div><div class=\"avis-note\">\n                                <span><i class=\"icon-etoile_avis\"><\/i><\/span><span><i class=\"icon-etoile_avis\"><\/i><\/span><span><i class=\"icon-etoile_avis\"><\/i><\/span><span><i class=\"icon-etoile_avis\"><\/i><\/span><span><i class=\"icon-etoile_avis\"><\/i><\/span>\n                            <\/div><div class=\"avis-content-container\"><div class=\"avis-text-container\"><div class=\"avis-name\">Marianne De G.<\/div><div class=\"avis-content\"><p>We have been camping for several years and have had the opportunity to visit hundreds of campsites&#8230;and we can tell you that Mas de la Cam is in the top 3 of our favorite campsites. The quality of the place, the environment, the cleanliness and the kindness of our hosts are the essential assets of this campsite&#8230;<br \/>\nWe feel good here and congratulations to the team.<\/p>\n<\/div><\/div><\/div><\/div><div class=\"avis\"><div class=\"avis-image\"><img decoding=\"async\" src=\"https:\/\/www.camping-cevennes.info\/wp-content\/uploads\/2022\/10\/tourisme-anduze.jpg\" alt=\"tourisme-anduze\"><\/div><div class=\"avis-note\">\n                                <span><i class=\"icon-etoile_avis\"><\/i><\/span><span><i class=\"icon-etoile_avis\"><\/i><\/span><span><i class=\"icon-etoile_avis\"><\/i><\/span><span><i class=\"icon-etoile_avis\"><\/i><\/span><span><i class=\"icon-etoile_avis\"><\/i><\/span>\n                            <\/div><div class=\"avis-content-container\"><div class=\"avis-text-container\"><div class=\"avis-name\">Anaelle M.<\/div><div class=\"avis-content\"><p>Superb week spent at the mas de la cam. We are fans of camping and this is the first one that we find so suitable for children. Everything is there for children and parents to spend a great vacation. Idyllic setting. We have already found our place for next year\ud83d\ude01<\/p>\n<\/div><\/div><\/div><\/div><\/div>\n\n\n    <\/div>\n<\/section>","protected":false},"excerpt":{"rendered":"","protected":false},"author":1,"featured_media":0,"parent":0,"menu_order":0,"comment_status":"closed","ping_status":"closed","template":"","meta":{"_acf_changed":false,"footnotes":""},"sujet":[],"class_list":["post-4624","page","type-page","status-publish","hentry"],"acf":[],"yoast_head":"<!-- This site is optimized with the Yoast SEO plugin v25.3 - https:\/\/yoast.com\/wordpress\/plugins\/seo\/ -->\n<title>Campsite Cevennes in Saint Jean du Gard 30270 | Campsite in the Gard<\/title>\n<meta name=\"description\" content=\"Discover the campsite Le Mas de la Cam, Cevennes. Camping without a mobile home by the river Gardon. Book our camping pitches or our cottages in the Cevennes Natural Park\" \/>\n<meta name=\"robots\" content=\"index, follow, max-snippet:-1, max-image-preview:large, max-video-preview:-1\" \/>\n<link rel=\"canonical\" href=\"https:\/\/www.camping-cevennes.info\/en\/\" \/>\n<meta property=\"og:locale\" content=\"en_US\" \/>\n<meta property=\"og:type\" content=\"article\" \/>\n<meta property=\"og:title\" content=\"Campsite Cevennes in Saint Jean du Gard 30270 | Campsite in the Gard\" \/>\n<meta property=\"og:description\" content=\"Discover the campsite Le Mas de la Cam, Cevennes. Camping without a mobile home by the river Gardon. Book our camping pitches or our cottages in the Cevennes Natural Park\" \/>\n<meta property=\"og:url\" content=\"https:\/\/www.camping-cevennes.info\/en\/\" \/>\n<meta property=\"og:site_name\" content=\"Camping Mas de la Cam\" \/>\n<meta property=\"article:modified_time\" content=\"2025-12-02T10:34:12+00:00\" \/>\n<meta property=\"og:image\" content=\"https:\/\/www.camping-cevennes.info\/wp-content\/uploads\/2022\/10\/camping-aire-jeux-gard.jpg\" \/>\n\t<meta property=\"og:image:width\" content=\"900\" \/>\n\t<meta property=\"og:image:height\" content=\"600\" \/>\n\t<meta property=\"og:image:type\" content=\"image\/jpeg\" \/>\n<meta name=\"twitter:card\" content=\"summary_large_image\" \/>\n<meta name=\"twitter:label1\" content=\"Est. reading time\" \/>\n\t<meta name=\"twitter:data1\" content=\"8 minutes\" \/>\n<script type=\"application\/ld+json\" class=\"yoast-schema-graph\">{\"@context\":\"https:\/\/schema.org\",\"@graph\":[{\"@type\":\"WebPage\",\"@id\":\"https:\/\/www.camping-cevennes.info\/en\/\",\"url\":\"https:\/\/www.camping-cevennes.info\/en\/\",\"name\":\"Campsite Cevennes in Saint Jean du Gard 30270 | Campsite in the Gard\",\"isPartOf\":{\"@id\":\"https:\/\/www.camping-cevennes.info\/en\/#website\"},\"primaryImageOfPage\":{\"@id\":\"https:\/\/www.camping-cevennes.info\/en\/#primaryimage\"},\"image\":{\"@id\":\"https:\/\/www.camping-cevennes.info\/en\/#primaryimage\"},\"thumbnailUrl\":\"https:\/\/www.camping-cevennes.info\/wp-content\/uploads\/2022\/10\/camping-aire-jeux-gard.jpg\",\"datePublished\":\"2022-09-26T10:24:17+00:00\",\"dateModified\":\"2025-12-02T10:34:12+00:00\",\"description\":\"Discover the campsite Le Mas de la Cam, Cevennes. Camping without a mobile home by the river Gardon. Book our camping pitches or our cottages in the Cevennes Natural Park\",\"breadcrumb\":{\"@id\":\"https:\/\/www.camping-cevennes.info\/en\/#breadcrumb\"},\"inLanguage\":\"en-US\",\"potentialAction\":[{\"@type\":\"ReadAction\",\"target\":[\"https:\/\/www.camping-cevennes.info\/en\/\"]}]},{\"@type\":\"ImageObject\",\"inLanguage\":\"en-US\",\"@id\":\"https:\/\/www.camping-cevennes.info\/en\/#primaryimage\",\"url\":\"https:\/\/www.camping-cevennes.info\/wp-content\/uploads\/2022\/10\/camping-aire-jeux-gard.jpg\",\"contentUrl\":\"https:\/\/www.camping-cevennes.info\/wp-content\/uploads\/2022\/10\/camping-aire-jeux-gard.jpg\"},{\"@type\":\"BreadcrumbList\",\"@id\":\"https:\/\/www.camping-cevennes.info\/en\/#breadcrumb\",\"itemListElement\":[{\"@type\":\"ListItem\",\"position\":1,\"name\":\"Campsite C\u00e9vennes\",\"item\":\"https:\/\/www.camping-cevennes.info\/en\/\"},{\"@type\":\"ListItem\",\"position\":2,\"name\":\"Accueil\"}]},{\"@type\":\"WebSite\",\"@id\":\"https:\/\/www.camping-cevennes.info\/en\/#website\",\"url\":\"https:\/\/www.camping-cevennes.info\/en\/\",\"name\":\"Camping Mas de la Cam\",\"description\":\"\",\"publisher\":{\"@id\":\"https:\/\/www.camping-cevennes.info\/en\/#organization\"},\"potentialAction\":[{\"@type\":\"SearchAction\",\"target\":{\"@type\":\"EntryPoint\",\"urlTemplate\":\"https:\/\/www.camping-cevennes.info\/en\/?s={search_term_string}\"},\"query-input\":{\"@type\":\"PropertyValueSpecification\",\"valueRequired\":true,\"valueName\":\"search_term_string\"}}],\"inLanguage\":\"en-US\"},{\"@type\":\"Organization\",\"@id\":\"https:\/\/www.camping-cevennes.info\/en\/#organization\",\"name\":\"Camping Mas de la Cam\",\"url\":\"https:\/\/www.camping-cevennes.info\/en\/\",\"logo\":{\"@type\":\"ImageObject\",\"inLanguage\":\"en-US\",\"@id\":\"https:\/\/www.camping-cevennes.info\/en\/#\/schema\/logo\/image\/\",\"url\":\"https:\/\/www.camping-cevennes.info\/wp-content\/uploads\/2022\/09\/logo-camping-mas-de-la-cam-noir-1.png\",\"contentUrl\":\"https:\/\/www.camping-cevennes.info\/wp-content\/uploads\/2022\/09\/logo-camping-mas-de-la-cam-noir-1.png\",\"width\":625,\"height\":190,\"caption\":\"Camping Mas de la Cam\"},\"image\":{\"@id\":\"https:\/\/www.camping-cevennes.info\/en\/#\/schema\/logo\/image\/\"}}]}<\/script>\n<!-- \/ Yoast SEO plugin. -->","yoast_head_json":{"title":"Campsite Cevennes in Saint Jean du Gard 30270 | Campsite in the Gard","description":"Discover the campsite Le Mas de la Cam, Cevennes. Camping without a mobile home by the river Gardon. Book our camping pitches or our cottages in the Cevennes Natural Park","robots":{"index":"index","follow":"follow","max-snippet":"max-snippet:-1","max-image-preview":"max-image-preview:large","max-video-preview":"max-video-preview:-1"},"canonical":"https:\/\/www.camping-cevennes.info\/en\/","og_locale":"en_US","og_type":"article","og_title":"Campsite Cevennes in Saint Jean du Gard 30270 | Campsite in the Gard","og_description":"Discover the campsite Le Mas de la Cam, Cevennes. Camping without a mobile home by the river Gardon. Book our camping pitches or our cottages in the Cevennes Natural Park","og_url":"https:\/\/www.camping-cevennes.info\/en\/","og_site_name":"Camping Mas de la Cam","article_modified_time":"2025-12-02T10:34:12+00:00","og_image":[{"width":900,"height":600,"url":"https:\/\/www.camping-cevennes.info\/wp-content\/uploads\/2022\/10\/camping-aire-jeux-gard.jpg","type":"image\/jpeg"}],"twitter_card":"summary_large_image","twitter_misc":{"Est. reading time":"8 minutes"},"schema":{"@context":"https:\/\/schema.org","@graph":[{"@type":"WebPage","@id":"https:\/\/www.camping-cevennes.info\/en\/","url":"https:\/\/www.camping-cevennes.info\/en\/","name":"Campsite Cevennes in Saint Jean du Gard 30270 | Campsite in the Gard","isPartOf":{"@id":"https:\/\/www.camping-cevennes.info\/en\/#website"},"primaryImageOfPage":{"@id":"https:\/\/www.camping-cevennes.info\/en\/#primaryimage"},"image":{"@id":"https:\/\/www.camping-cevennes.info\/en\/#primaryimage"},"thumbnailUrl":"https:\/\/www.camping-cevennes.info\/wp-content\/uploads\/2022\/10\/camping-aire-jeux-gard.jpg","datePublished":"2022-09-26T10:24:17+00:00","dateModified":"2025-12-02T10:34:12+00:00","description":"Discover the campsite Le Mas de la Cam, Cevennes. Camping without a mobile home by the river Gardon. Book our camping pitches or our cottages in the Cevennes Natural Park","breadcrumb":{"@id":"https:\/\/www.camping-cevennes.info\/en\/#breadcrumb"},"inLanguage":"en-US","potentialAction":[{"@type":"ReadAction","target":["https:\/\/www.camping-cevennes.info\/en\/"]}]},{"@type":"ImageObject","inLanguage":"en-US","@id":"https:\/\/www.camping-cevennes.info\/en\/#primaryimage","url":"https:\/\/www.camping-cevennes.info\/wp-content\/uploads\/2022\/10\/camping-aire-jeux-gard.jpg","contentUrl":"https:\/\/www.camping-cevennes.info\/wp-content\/uploads\/2022\/10\/camping-aire-jeux-gard.jpg"},{"@type":"BreadcrumbList","@id":"https:\/\/www.camping-cevennes.info\/en\/#breadcrumb","itemListElement":[{"@type":"ListItem","position":1,"name":"Campsite C\u00e9vennes","item":"https:\/\/www.camping-cevennes.info\/en\/"},{"@type":"ListItem","position":2,"name":"Accueil"}]},{"@type":"WebSite","@id":"https:\/\/www.camping-cevennes.info\/en\/#website","url":"https:\/\/www.camping-cevennes.info\/en\/","name":"Camping Mas de la Cam","description":"","publisher":{"@id":"https:\/\/www.camping-cevennes.info\/en\/#organization"},"potentialAction":[{"@type":"SearchAction","target":{"@type":"EntryPoint","urlTemplate":"https:\/\/www.camping-cevennes.info\/en\/?s={search_term_string}"},"query-input":{"@type":"PropertyValueSpecification","valueRequired":true,"valueName":"search_term_string"}}],"inLanguage":"en-US"},{"@type":"Organization","@id":"https:\/\/www.camping-cevennes.info\/en\/#organization","name":"Camping Mas de la Cam","url":"https:\/\/www.camping-cevennes.info\/en\/","logo":{"@type":"ImageObject","inLanguage":"en-US","@id":"https:\/\/www.camping-cevennes.info\/en\/#\/schema\/logo\/image\/","url":"https:\/\/www.camping-cevennes.info\/wp-content\/uploads\/2022\/09\/logo-camping-mas-de-la-cam-noir-1.png","contentUrl":"https:\/\/www.camping-cevennes.info\/wp-content\/uploads\/2022\/09\/logo-camping-mas-de-la-cam-noir-1.png","width":625,"height":190,"caption":"Camping Mas de la Cam"},"image":{"@id":"https:\/\/www.camping-cevennes.info\/en\/#\/schema\/logo\/image\/"}}]}},"_links":{"self":[{"href":"https:\/\/www.camping-cevennes.info\/en\/wp-json\/wp\/v2\/pages\/4624","targetHints":{"allow":["GET"]}}],"collection":[{"href":"https:\/\/www.camping-cevennes.info\/en\/wp-json\/wp\/v2\/pages"}],"about":[{"href":"https:\/\/www.camping-cevennes.info\/en\/wp-json\/wp\/v2\/types\/page"}],"author":[{"embeddable":true,"href":"https:\/\/www.camping-cevennes.info\/en\/wp-json\/wp\/v2\/users\/1"}],"replies":[{"embeddable":true,"href":"https:\/\/www.camping-cevennes.info\/en\/wp-json\/wp\/v2\/comments?post=4624"}],"version-history":[{"count":89,"href":"https:\/\/www.camping-cevennes.info\/en\/wp-json\/wp\/v2\/pages\/4624\/revisions"}],"predecessor-version":[{"id":8062,"href":"https:\/\/www.camping-cevennes.info\/en\/wp-json\/wp\/v2\/pages\/4624\/revisions\/8062"}],"wp:attachment":[{"href":"https:\/\/www.camping-cevennes.info\/en\/wp-json\/wp\/v2\/media?parent=4624"}],"wp:term":[{"taxonomy":"sujet","embeddable":true,"href":"https:\/\/www.camping-cevennes.info\/en\/wp-json\/wp\/v2\/sujet?post=4624"}],"curies":[{"name":"wp","href":"https:\/\/api.w.org\/{rel}","templated":true}]}}