{"id":5229,"date":"2022-09-30T10:10:59","date_gmt":"2022-09-30T08:10:59","guid":{"rendered":"https:\/\/www.camping-cevennes.info\/camping-gard-pas-cher\/"},"modified":"2025-12-02T11:40:31","modified_gmt":"2025-12-02T10:40:31","slug":"camping-gard-billig","status":"publish","type":"page","link":"https:\/\/www.camping-cevennes.info\/de\/camping-gard-billig\/","title":{"rendered":"Tarifs"},"content":{"rendered":"<section id=\"ls-section-block_f623b1e64a5f3924a687cf2bcadbdd92\" class=\"ls-section  page-intro has-p-t p-t-14 has-p-b p-b-0\" >\n        <div class=\"container container--wide\">\n        \n\n<div class=\"wp-block-columns columns-parent is-layout-flex wp-container-core-columns-is-layout-9d6595d7 wp-block-columns-is-layout-flex\">\n<div class=\"wp-block-column left is-layout-flow wp-block-column-is-layout-flow\" style=\"flex-basis:30%\">\n<h1 class=\"ls__heading wp-block-heading deco-h1 animated fadeInLeft delay-200ms\">CAMPINGPREISE<span class=\"small\"> <\/span><br><span class=\"bold\">IM GARD<\/span><\/h1>\n\n\n\n<a href=\"https:\/\/www.camping-cevennes.info\/wp-content\/uploads\/2022\/09\/resa26.d-1.pdf\" id=\"ls-button-block_c04fd82c5a7a5cbf715664b936342257\" target=\"_blank\" rel=\"noopener\" class=\"ls-button\" ><span>Unsere Preise PDF<\/span> <i class='icon-arrow-right'><\/i><\/a>\n<\/div>\n\n\n\n<div class=\"wp-block-column is-layout-flow wp-block-column-is-layout-flow\">\n<script>\n    window.ctoutvert = {\n\t\tid: 6345, \n\t\tlang: 'auto', \n\t\turl: 'https:\/\/bookingpremium.secureholiday.net\/widgets\/'\n    };\n\n    (function (w, d, s, ctv, r, js, fjs) {\n        r=new XMLHttpRequest();r.open('GET',w[ctv].url+'js\/src.json');\n        r.responseType='json';r.json=true;r.send();\n        r.onload=function(){w[ctv].src=r.responseType=='json'?r.response:JSON.parse(r.response);\n        js.src=w[ctv].src[0];fjs.parentNode.insertBefore(js, fjs);}\n        js=d.createElement(s),fjs=d.getElementsByTagName(s)[0];\n        js.id='ctvwidget';js.async=1;\n    }(window, document, 'script', 'ctoutvert'));\n<\/script>\n<ctv-availability data-product-type=\"pitch\" data-background-color=\"#FFFFFFFF\"><\/ctv-availability>\n<\/div>\n<\/div>\n\n\n    <\/div>\n<\/section>\n\n<section id=\"ls-section-block_fd6a3956c673ebffb05d97f94c6b86d7\" class=\"ls-section  page-one has-p-t p-t-0\" >\n        <div class=\"container container--wide\">\n        \n\n<div class=\"wp-block-columns is-layout-flex wp-container-core-columns-is-layout-9d6595d7 wp-block-columns-is-layout-flex\">\n<div class=\"wp-block-column is-layout-flow wp-block-column-is-layout-flow\">\n<figure class=\"wp-block-image size-full animated fadeInLeft delay-500ms slow\"><a href=\"https:\/\/www.camping-cevennes.info\/wp-content\/uploads\/2022\/10\/mas-de-la-cam-1.jpg\"><img decoding=\"async\" width=\"900\" height=\"600\" src=\"https:\/\/www.camping-cevennes.info\/wp-content\/uploads\/2022\/10\/mas-de-la-cam-1.jpg\" alt=\"mas de la cam cevennes\" class=\"wp-image-2297\" srcset=\"https:\/\/www.camping-cevennes.info\/wp-content\/uploads\/2022\/10\/mas-de-la-cam-1.jpg 900w, https:\/\/www.camping-cevennes.info\/wp-content\/uploads\/2022\/10\/mas-de-la-cam-1-300x200.jpg 300w, https:\/\/www.camping-cevennes.info\/wp-content\/uploads\/2022\/10\/mas-de-la-cam-1-768x512.jpg 768w\" sizes=\"(max-width: 900px) 100vw, 900px\" \/><\/a><\/figure>\n\n\n\n<p class=\"ls-paragraph\">Wir bieten zu niedrigeren Kosten Standorte f\u00fcr Familien von 2 bis 6 Personen. Sie k\u00f6nnen sich auch f\u00fcr das Paket Ort + Auto + Strom 6A entscheiden. Auf einer durchschnittlichen Fl\u00e4che von 100m\u00b2 ist dieser Standort von einer Pflanzgrenze begrenzt, die auch zur Dekoration dient. Sie werden auch eine Verbindung zu Elektrizit\u00e4t haben.<br>Wenn Sie gr\u00f6\u00dfere Stellpl\u00e4tze suchen, bieten wir Stellpl\u00e4tze f\u00fcr 5 bis 7 Personen, entscheiden sich f\u00fcr den Stellplatz +\/- 120m\u00b2 + Auto + Strom 10A., Es hat eine Verbindung zu europ\u00e4ischen Steckdosen f\u00fcr Sie das Leben leichter machen. F\u00fcr Ihren ultimativen Komfort stellen wir Ihnen einen sehr ger\u00e4umigen und sauberen Sanit\u00e4rraum zur Verf\u00fcgung. Die Seiten des Campingplatzes Mas de la Cam genie\u00dfen eine WiFi-Abdeckung, so dass Sie die H\u00f6hepunkte Ihres Urlaubs mit Ihren Lieben teilen k\u00f6nnen. Wenn Sie hier \u00fcbernachten, k\u00f6nnen Sie alle Dienstleistungen des Campingplatzes genie\u00dfen.<\/p>\n<\/div>\n\n\n\n<div class=\"wp-block-column is-layout-flow wp-block-column-is-layout-flow\">\n<h2 class=\"ls__heading wp-block-heading deco\">Mietwohnwagenpl\u00e4tze g\u00fcnstig im Gard<\/h2>\n\n\n\n<p class=\"ls-paragraph\">Wenn Sie einen Platz mieten m\u00f6chten, um sich im Zuhause oder in einem Zelt niederzulassen, bieten wir Camping Gard verschiedene Caravan-Stellpl\u00e4tze in einer einzigartigen nat\u00fcrlichen Umgebung. Mit unseren g\u00fcnstigen Standorten geben wir Ihnen die M\u00f6glichkeit, Ihren Familienurlaub zu genie\u00dfen und gleichzeitig Ihre Privatsph\u00e4re zu bewahren. Deshalb ist jeder unserer Pl\u00e4tze abgegrenzt und ger\u00e4umig, so dass Sie die Ruhe der umliegenden Natur genie\u00dfen k\u00f6nnen. Sie k\u00f6nnen ein Location + Auto-Paket g\u00fcnstig an einem schattigen Platz mieten. Dies erm\u00f6glicht Ihnen, einen Blick auf die Berge zu genie\u00dfen. Es ist von B\u00e4umen und Hecken begrenzt. Sie haben leichten Zugang zu Trinkwasser, da sich in der N\u00e4he dieser Standorte ein Zugangspunkt befindet.<\/p>\n\n\n\n<figure class=\"wp-block-image size-full animated fadeInRight delay-500ms slow\"><a href=\"https:\/\/www.camping-cevennes.info\/wp-content\/uploads\/2022\/10\/masdelacamgites.jpg\"><img decoding=\"async\" width=\"900\" height=\"600\" src=\"https:\/\/www.camping-cevennes.info\/wp-content\/uploads\/2022\/10\/masdelacamgites.jpg\" alt=\"mas de la cam gite\" class=\"wp-image-2350\" srcset=\"https:\/\/www.camping-cevennes.info\/wp-content\/uploads\/2022\/10\/masdelacamgites.jpg 900w, https:\/\/www.camping-cevennes.info\/wp-content\/uploads\/2022\/10\/masdelacamgites-300x200.jpg 300w, https:\/\/www.camping-cevennes.info\/wp-content\/uploads\/2022\/10\/masdelacamgites-768x512.jpg 768w\" sizes=\"(max-width: 900px) 100vw, 900px\" \/><\/a><\/figure>\n<\/div>\n<\/div>\n\n\n    <\/div>\n<\/section>\n\n<section id=\"ls-section-block_fd6a3956c673ebffb05d97f94c6b86d7\" class=\"ls-section  page-one has-p-t p-t-0\" >\n        <div class=\"container container--wide\">\n        \n\n<div class=\"wp-block-columns is-layout-flex wp-container-core-columns-is-layout-9d6595d7 wp-block-columns-is-layout-flex\">\n<div class=\"wp-block-column is-layout-flow wp-block-column-is-layout-flow\">\n<figure class=\"wp-block-image size-full animated fadeInLeft delay-500ms slow\"><a href=\"https:\/\/www.camping-cevennes.info\/wp-content\/uploads\/2022\/10\/piscine-mas-de-la-cam-gard-1.jpg\"><img decoding=\"async\" width=\"900\" height=\"600\" src=\"https:\/\/www.camping-cevennes.info\/wp-content\/uploads\/2022\/10\/piscine-mas-de-la-cam-gard-1.jpg\" alt=\"piscine mas de la cam\" class=\"wp-image-2362\" srcset=\"https:\/\/www.camping-cevennes.info\/wp-content\/uploads\/2022\/10\/piscine-mas-de-la-cam-gard-1.jpg 900w, https:\/\/www.camping-cevennes.info\/wp-content\/uploads\/2022\/10\/piscine-mas-de-la-cam-gard-1-300x200.jpg 300w, https:\/\/www.camping-cevennes.info\/wp-content\/uploads\/2022\/10\/piscine-mas-de-la-cam-gard-1-768x512.jpg 768w\" sizes=\"(max-width: 900px) 100vw, 900px\" \/><\/a><\/figure>\n<\/div>\n\n\n\n<div class=\"wp-block-column is-vertically-aligned-top is-layout-flow wp-block-column-is-layout-flow\">\n<h2 class=\"ls__heading wp-block-heading deco\">Vermietung von billigen Ferienh\u00e4usern in den Cevennen<\/h2>\n\n\n\n<p class=\"ls-paragraph\">F\u00fcr Ihre Ferienvermietung bieten wir Unterkunft zu attraktiven Preisen von h\u00f6chster Qualit\u00e4t an. Unsere verschiedenen Unterk\u00fcnfte sind f\u00fcr 4 bis 6 Personen geplant, alle perfekt f\u00fcr Ihren Komfort eingerichtet. Das notwendige f\u00fcr Ihren Aufenthalt ist inbegriffen: Betten, Besteck, K\u00fcchenutensilien usw. Sie k\u00f6nnen jedoch auf Wunsch zus\u00e4tzliche Dienste in Anspruch nehmen. Die Cottages des Campingplatzes Mas de la Cam sind mit ihrer au\u00dfergew\u00f6hnlichen Architektur (in Stein) in einer ruhigen Umgebung abseits der Stra\u00dfen und in einer gr\u00fcnen Umgebung gelegen. Sie werden eine gute Zeit mit Ihrer Familie haben. Einige Cottages verf\u00fcgen \u00fcber Gartenm\u00f6bel oder eine Terrasse, damit Urlauber die Sch\u00f6nheit der Cevennen genie\u00dfen k\u00f6nnen.<\/p>\n<\/div>\n<\/div>\n\n\n    <\/div>\n<\/section>\n\n<section id=\"ls-section-block_ce7fa268358c178b7f2027c282f73591\" class=\"ls-section  page-maillage has-background has-color-3-background-color has-p-t p-t-14 has-p-b p-b-14\" >\n        <div class=\"container container--wide\">\n        \n\n<div id=\"ls-heading ls-titre-div-block_20ef76724668a20b773df9b1120c63d9\" class=\"ls-titre-div deco-centree aligncenter h2-like\" >\n    Entdecken Sie die Aktivit\u00e4ten, Dienstleistungen und Vermietungen unseres Campingplatzes<\/div>\n\n\n<div id=\"ls-maillage-block_5a1a49072e61bb9447bc48677525488a\" class=\"ls-maillage cta-style-normal\" data-rows=\"3\">\n    <div class=\"wp-block-columns\"><div class=\"wp-block-column\">\n\n<a href=\"https:\/\/www.camping-cevennes.info\/de\/aktivitaten-auf-dem-campingplatz-cevennes-cevennes\/\" target=\"\" rel=\"noopener\" class=\"ls-cta__link\">\n\n\t<div class=\"ls-cta__image\"><img decoding=\"async\" src=\"https:\/\/www.camping-cevennes.info\/wp-content\/uploads\/2022\/10\/enfants-camping.jpg\" alt=\"enfants camping\"><\/div>\n\t<div class=\"ls-cta__title\">\n\t\tAktivit\u00e4ten\t<\/div>\n\n\t\t\n<\/a><\/div><div class=\"wp-block-column\">\n\n<a href=\"https:\/\/www.camping-cevennes.info\/de\/service-4-sterne-cevennes\/\" target=\"\" rel=\"noopener\" class=\"ls-cta__link\">\n\n\t<div class=\"ls-cta__image\"><img decoding=\"async\" src=\"https:\/\/www.camping-cevennes.info\/wp-content\/uploads\/2022\/10\/restauration-pizza.jpg\" alt=\"restauration pizza\"><\/div>\n\t<div class=\"ls-cta__title\">\n\t\tDienste\t<\/div>\n\n\t\t\n<\/a><\/div><div class=\"wp-block-column\">\n\n<a href=\"https:\/\/www.camping-cevennes.info\/location-vacances-cevennes\/\" target=\"\" rel=\"noopener\" class=\"ls-cta__link\">\n\n\t<div class=\"ls-cta__image\"><img decoding=\"async\" src=\"https:\/\/www.camping-cevennes.info\/wp-content\/uploads\/2022\/10\/location-mas-de-la-cam.jpg\" alt=\"location mas de la cam\"><\/div>\n\t<div class=\"ls-cta__title\">\n\t\tLocation vacances C\u00e9vennes\t<\/div>\n\n\t\t\n<\/a><\/div><\/div><\/div>\n\n    <\/div>\n<\/section>","protected":false},"excerpt":{"rendered":"","protected":false},"author":1,"featured_media":2050,"parent":0,"menu_order":0,"comment_status":"closed","ping_status":"closed","template":"","meta":{"_acf_changed":false,"footnotes":""},"sujet":[],"class_list":["post-5229","page","type-page","status-publish","has-post-thumbnail","hentry"],"acf":[],"yoast_head":"<!-- This site is optimized with the Yoast SEO plugin v25.3 - https:\/\/yoast.com\/wordpress\/plugins\/seo\/ -->\n<title>Campingplatz Gard billig | Campingplatz cevennes billiger | Holiday Gard<\/title>\n<meta name=\"description\" content=\"Erfahren Sie mehr \u00fcber unseren g\u00fcnstigen Campingplatz in Gars: Vermietung von Ferienh\u00e4usern und g\u00fcnstigen Standorten in den Cevennen\" \/>\n<meta name=\"robots\" content=\"index, follow, max-snippet:-1, max-image-preview:large, max-video-preview:-1\" \/>\n<link rel=\"canonical\" href=\"https:\/\/www.camping-cevennes.info\/de\/camping-gard-billig\/\" \/>\n<meta property=\"og:locale\" content=\"de_DE\" \/>\n<meta property=\"og:type\" content=\"article\" \/>\n<meta property=\"og:title\" content=\"Campingplatz Gard billig | Campingplatz cevennes billiger | Holiday Gard\" \/>\n<meta property=\"og:description\" content=\"Erfahren Sie mehr \u00fcber unseren g\u00fcnstigen Campingplatz in Gars: Vermietung von Ferienh\u00e4usern und g\u00fcnstigen Standorten in den Cevennen\" \/>\n<meta property=\"og:url\" content=\"https:\/\/www.camping-cevennes.info\/de\/camping-gard-billig\/\" \/>\n<meta property=\"og:site_name\" content=\"Camping Mas de la Cam\" \/>\n<meta property=\"article:modified_time\" content=\"2025-12-02T10:40:31+00:00\" \/>\n<meta property=\"og:image\" content=\"https:\/\/www.camping-cevennes.info\/wp-content\/uploads\/2022\/10\/gite-6-personnes-1.jpg\" \/>\n\t<meta property=\"og:image:width\" content=\"1900\" \/>\n\t<meta property=\"og:image:height\" content=\"700\" \/>\n\t<meta property=\"og:image:type\" content=\"image\/jpeg\" \/>\n<meta name=\"twitter:card\" content=\"summary_large_image\" \/>\n<meta name=\"twitter:label1\" content=\"Gesch\u00e4tzte Lesezeit\" \/>\n\t<meta name=\"twitter:data1\" content=\"3\u00a0Minuten\" \/>\n<script type=\"application\/ld+json\" class=\"yoast-schema-graph\">{\"@context\":\"https:\/\/schema.org\",\"@graph\":[{\"@type\":\"WebPage\",\"@id\":\"https:\/\/www.camping-cevennes.info\/de\/camping-gard-billig\/\",\"url\":\"https:\/\/www.camping-cevennes.info\/de\/camping-gard-billig\/\",\"name\":\"Campingplatz Gard billig | Campingplatz cevennes billiger | Holiday Gard\",\"isPartOf\":{\"@id\":\"https:\/\/www.camping-cevennes.info\/de\/#website\"},\"primaryImageOfPage\":{\"@id\":\"https:\/\/www.camping-cevennes.info\/de\/camping-gard-billig\/#primaryimage\"},\"image\":{\"@id\":\"https:\/\/www.camping-cevennes.info\/de\/camping-gard-billig\/#primaryimage\"},\"thumbnailUrl\":\"https:\/\/www.camping-cevennes.info\/wp-content\/uploads\/2022\/10\/gite-6-personnes-1.jpg\",\"datePublished\":\"2022-09-30T08:10:59+00:00\",\"dateModified\":\"2025-12-02T10:40:31+00:00\",\"description\":\"Erfahren Sie mehr \u00fcber unseren g\u00fcnstigen Campingplatz in Gars: Vermietung von Ferienh\u00e4usern und g\u00fcnstigen Standorten in den Cevennen\",\"breadcrumb\":{\"@id\":\"https:\/\/www.camping-cevennes.info\/de\/camping-gard-billig\/#breadcrumb\"},\"inLanguage\":\"de\",\"potentialAction\":[{\"@type\":\"ReadAction\",\"target\":[\"https:\/\/www.camping-cevennes.info\/de\/camping-gard-billig\/\"]}]},{\"@type\":\"ImageObject\",\"inLanguage\":\"de\",\"@id\":\"https:\/\/www.camping-cevennes.info\/de\/camping-gard-billig\/#primaryimage\",\"url\":\"https:\/\/www.camping-cevennes.info\/wp-content\/uploads\/2022\/10\/gite-6-personnes-1.jpg\",\"contentUrl\":\"https:\/\/www.camping-cevennes.info\/wp-content\/uploads\/2022\/10\/gite-6-personnes-1.jpg\",\"width\":1900,\"height\":700,\"caption\":\"gite 6 personnes\"},{\"@type\":\"BreadcrumbList\",\"@id\":\"https:\/\/www.camping-cevennes.info\/de\/camping-gard-billig\/#breadcrumb\",\"itemListElement\":[{\"@type\":\"ListItem\",\"position\":1,\"name\":\"Campingplatz C\u00e9vennes\",\"item\":\"https:\/\/www.camping-cevennes.info\/de\/\"},{\"@type\":\"ListItem\",\"position\":2,\"name\":\"Campingpreise im Gard\"}]},{\"@type\":\"WebSite\",\"@id\":\"https:\/\/www.camping-cevennes.info\/de\/#website\",\"url\":\"https:\/\/www.camping-cevennes.info\/de\/\",\"name\":\"Camping Mas de la Cam\",\"description\":\"\",\"publisher\":{\"@id\":\"https:\/\/www.camping-cevennes.info\/de\/#organization\"},\"potentialAction\":[{\"@type\":\"SearchAction\",\"target\":{\"@type\":\"EntryPoint\",\"urlTemplate\":\"https:\/\/www.camping-cevennes.info\/de\/?s={search_term_string}\"},\"query-input\":{\"@type\":\"PropertyValueSpecification\",\"valueRequired\":true,\"valueName\":\"search_term_string\"}}],\"inLanguage\":\"de\"},{\"@type\":\"Organization\",\"@id\":\"https:\/\/www.camping-cevennes.info\/de\/#organization\",\"name\":\"Camping Mas de la Cam\",\"url\":\"https:\/\/www.camping-cevennes.info\/de\/\",\"logo\":{\"@type\":\"ImageObject\",\"inLanguage\":\"de\",\"@id\":\"https:\/\/www.camping-cevennes.info\/de\/#\/schema\/logo\/image\/\",\"url\":\"https:\/\/www.camping-cevennes.info\/wp-content\/uploads\/2022\/09\/logo-camping-mas-de-la-cam-noir-1.png\",\"contentUrl\":\"https:\/\/www.camping-cevennes.info\/wp-content\/uploads\/2022\/09\/logo-camping-mas-de-la-cam-noir-1.png\",\"width\":625,\"height\":190,\"caption\":\"Camping Mas de la Cam\"},\"image\":{\"@id\":\"https:\/\/www.camping-cevennes.info\/de\/#\/schema\/logo\/image\/\"}}]}<\/script>\n<!-- \/ Yoast SEO plugin. -->","yoast_head_json":{"title":"Campingplatz Gard billig | Campingplatz cevennes billiger | Holiday Gard","description":"Erfahren Sie mehr \u00fcber unseren g\u00fcnstigen Campingplatz in Gars: Vermietung von Ferienh\u00e4usern und g\u00fcnstigen Standorten in den Cevennen","robots":{"index":"index","follow":"follow","max-snippet":"max-snippet:-1","max-image-preview":"max-image-preview:large","max-video-preview":"max-video-preview:-1"},"canonical":"https:\/\/www.camping-cevennes.info\/de\/camping-gard-billig\/","og_locale":"de_DE","og_type":"article","og_title":"Campingplatz Gard billig | Campingplatz cevennes billiger | Holiday Gard","og_description":"Erfahren Sie mehr \u00fcber unseren g\u00fcnstigen Campingplatz in Gars: Vermietung von Ferienh\u00e4usern und g\u00fcnstigen Standorten in den Cevennen","og_url":"https:\/\/www.camping-cevennes.info\/de\/camping-gard-billig\/","og_site_name":"Camping Mas de la Cam","article_modified_time":"2025-12-02T10:40:31+00:00","og_image":[{"width":1900,"height":700,"url":"https:\/\/www.camping-cevennes.info\/wp-content\/uploads\/2022\/10\/gite-6-personnes-1.jpg","type":"image\/jpeg"}],"twitter_card":"summary_large_image","twitter_misc":{"Gesch\u00e4tzte Lesezeit":"3\u00a0Minuten"},"schema":{"@context":"https:\/\/schema.org","@graph":[{"@type":"WebPage","@id":"https:\/\/www.camping-cevennes.info\/de\/camping-gard-billig\/","url":"https:\/\/www.camping-cevennes.info\/de\/camping-gard-billig\/","name":"Campingplatz Gard billig | Campingplatz cevennes billiger | Holiday Gard","isPartOf":{"@id":"https:\/\/www.camping-cevennes.info\/de\/#website"},"primaryImageOfPage":{"@id":"https:\/\/www.camping-cevennes.info\/de\/camping-gard-billig\/#primaryimage"},"image":{"@id":"https:\/\/www.camping-cevennes.info\/de\/camping-gard-billig\/#primaryimage"},"thumbnailUrl":"https:\/\/www.camping-cevennes.info\/wp-content\/uploads\/2022\/10\/gite-6-personnes-1.jpg","datePublished":"2022-09-30T08:10:59+00:00","dateModified":"2025-12-02T10:40:31+00:00","description":"Erfahren Sie mehr \u00fcber unseren g\u00fcnstigen Campingplatz in Gars: Vermietung von Ferienh\u00e4usern und g\u00fcnstigen Standorten in den Cevennen","breadcrumb":{"@id":"https:\/\/www.camping-cevennes.info\/de\/camping-gard-billig\/#breadcrumb"},"inLanguage":"de","potentialAction":[{"@type":"ReadAction","target":["https:\/\/www.camping-cevennes.info\/de\/camping-gard-billig\/"]}]},{"@type":"ImageObject","inLanguage":"de","@id":"https:\/\/www.camping-cevennes.info\/de\/camping-gard-billig\/#primaryimage","url":"https:\/\/www.camping-cevennes.info\/wp-content\/uploads\/2022\/10\/gite-6-personnes-1.jpg","contentUrl":"https:\/\/www.camping-cevennes.info\/wp-content\/uploads\/2022\/10\/gite-6-personnes-1.jpg","width":1900,"height":700,"caption":"gite 6 personnes"},{"@type":"BreadcrumbList","@id":"https:\/\/www.camping-cevennes.info\/de\/camping-gard-billig\/#breadcrumb","itemListElement":[{"@type":"ListItem","position":1,"name":"Campingplatz C\u00e9vennes","item":"https:\/\/www.camping-cevennes.info\/de\/"},{"@type":"ListItem","position":2,"name":"Campingpreise im Gard"}]},{"@type":"WebSite","@id":"https:\/\/www.camping-cevennes.info\/de\/#website","url":"https:\/\/www.camping-cevennes.info\/de\/","name":"Camping Mas de la Cam","description":"","publisher":{"@id":"https:\/\/www.camping-cevennes.info\/de\/#organization"},"potentialAction":[{"@type":"SearchAction","target":{"@type":"EntryPoint","urlTemplate":"https:\/\/www.camping-cevennes.info\/de\/?s={search_term_string}"},"query-input":{"@type":"PropertyValueSpecification","valueRequired":true,"valueName":"search_term_string"}}],"inLanguage":"de"},{"@type":"Organization","@id":"https:\/\/www.camping-cevennes.info\/de\/#organization","name":"Camping Mas de la Cam","url":"https:\/\/www.camping-cevennes.info\/de\/","logo":{"@type":"ImageObject","inLanguage":"de","@id":"https:\/\/www.camping-cevennes.info\/de\/#\/schema\/logo\/image\/","url":"https:\/\/www.camping-cevennes.info\/wp-content\/uploads\/2022\/09\/logo-camping-mas-de-la-cam-noir-1.png","contentUrl":"https:\/\/www.camping-cevennes.info\/wp-content\/uploads\/2022\/09\/logo-camping-mas-de-la-cam-noir-1.png","width":625,"height":190,"caption":"Camping Mas de la Cam"},"image":{"@id":"https:\/\/www.camping-cevennes.info\/de\/#\/schema\/logo\/image\/"}}]}},"_links":{"self":[{"href":"https:\/\/www.camping-cevennes.info\/de\/wp-json\/wp\/v2\/pages\/5229","targetHints":{"allow":["GET"]}}],"collection":[{"href":"https:\/\/www.camping-cevennes.info\/de\/wp-json\/wp\/v2\/pages"}],"about":[{"href":"https:\/\/www.camping-cevennes.info\/de\/wp-json\/wp\/v2\/types\/page"}],"author":[{"embeddable":true,"href":"https:\/\/www.camping-cevennes.info\/de\/wp-json\/wp\/v2\/users\/1"}],"replies":[{"embeddable":true,"href":"https:\/\/www.camping-cevennes.info\/de\/wp-json\/wp\/v2\/comments?post=5229"}],"version-history":[{"count":10,"href":"https:\/\/www.camping-cevennes.info\/de\/wp-json\/wp\/v2\/pages\/5229\/revisions"}],"predecessor-version":[{"id":8066,"href":"https:\/\/www.camping-cevennes.info\/de\/wp-json\/wp\/v2\/pages\/5229\/revisions\/8066"}],"wp:featuredmedia":[{"embeddable":true,"href":"https:\/\/www.camping-cevennes.info\/de\/wp-json\/wp\/v2\/media\/2050"}],"wp:attachment":[{"href":"https:\/\/www.camping-cevennes.info\/de\/wp-json\/wp\/v2\/media?parent=5229"}],"wp:term":[{"taxonomy":"sujet","embeddable":true,"href":"https:\/\/www.camping-cevennes.info\/de\/wp-json\/wp\/v2\/sujet?post=5229"}],"curies":[{"name":"wp","href":"https:\/\/api.w.org\/{rel}","templated":true}]}}