{"id":5219,"date":"2022-09-30T10:10:49","date_gmt":"2022-09-30T08:10:49","guid":{"rendered":"https:\/\/www.camping-cevennes.info\/emplacements-camping-gard\/"},"modified":"2022-11-16T09:40:01","modified_gmt":"2022-11-16T08:40:01","slug":"stellplaetze-campingplatz-gard","status":"publish","type":"page","link":"https:\/\/www.camping-cevennes.info\/de\/stellplaetze-campingplatz-gard\/","title":{"rendered":"Emplacement"},"content":{"rendered":"<section id=\"ls-section-block_3f69f043b03c4b45034d4601ba9553e6\" class=\"ls-section  page-intro has-p-t p-t-12\" >\n        <div class=\"container container--wide\">\n        \n\n<div class=\"wp-block-columns columns-parent is-layout-flex wp-container-core-columns-is-layout-9d6595d7 wp-block-columns-is-layout-flex\">\n<div class=\"wp-block-column is-vertically-aligned-center left is-layout-flow wp-block-column-is-layout-flow\">\n<h1 class=\"ls__heading has-text-align-left deco-h1 animated fadeInLeft delay-200ms wp-block-heading\"><span class=\"small\">STELLPL\u00c4TZE DEM<\/span> <br>CAMPINGPLATZ GARD<\/h1>\n\n\n\n<p class=\"ls-paragraph\">Lust darauf, Campingplatz auszuprobieren, um die Berge der C\u00e9vennes ihre Umgebung im Gard zu besichtigen kennenzulernen? Ein&nbsp;<a href=\"https:\/\/www.camping-cevennes.info\/de\/\">4-Sterne-Campingplatz im Gard<\/a>&nbsp;stellt hierf\u00fcr eine interessante M\u00f6glichkeit dar.<\/p>\n<\/div>\n\n\n\n<div class=\"wp-block-column right is-layout-flow wp-block-column-is-layout-flow\">\n<div class=\"wp-block-columns columns-child is-layout-flex wp-container-core-columns-is-layout-9d6595d7 wp-block-columns-is-layout-flex\">\n<div class=\"wp-block-column image-one is-layout-flow wp-block-column-is-layout-flow\">\n<figure class=\"wp-block-image size-full animated fadeInRight delay-500ms slow\"><a href=\"https:\/\/www.camping-cevennes.info\/wp-content\/uploads\/2022\/10\/emplacement-camping-mas-de-la-cam.jpg\"><img decoding=\"async\" width=\"900\" height=\"600\" src=\"https:\/\/www.camping-cevennes.info\/wp-content\/uploads\/2022\/10\/emplacement-camping-mas-de-la-cam.jpg\" alt=\"emplacement camping mas de la cam\" class=\"wp-image-2261\" srcset=\"https:\/\/www.camping-cevennes.info\/wp-content\/uploads\/2022\/10\/emplacement-camping-mas-de-la-cam.jpg 900w, https:\/\/www.camping-cevennes.info\/wp-content\/uploads\/2022\/10\/emplacement-camping-mas-de-la-cam-300x200.jpg 300w, https:\/\/www.camping-cevennes.info\/wp-content\/uploads\/2022\/10\/emplacement-camping-mas-de-la-cam-768x512.jpg 768w\" sizes=\"(max-width: 900px) 100vw, 900px\" \/><\/a><\/figure>\n<\/div>\n<\/div>\n<\/div>\n<\/div>\n\n\n    <\/div>\n<\/section>\n\n<section id=\"ls-section-block_e8fe681638d4559b942ec066829c2201\" class=\"ls-section \" >\n        <div class=\"container container--wide\">\n        \n\n<div id=\"ls-emplacements-block_32a31c3434a3114aafa4968d18814e72\" class=\"ls-emplacements\" >\n    \n    <div class=\"ls-emplacements__results\" data-row=\"3\" data-campings=\"false\" data-types=\"false\"><!--  -->\n\n\n<div class=\"ls-emplacement \"  data-postid='6456' data-id-reservation='57435' data-id-site='' data-id1='' data-nombre_de_personnes='2' data-nombre_de_chambres='' data-type='emplacements'>\n\n<a href=\"https:\/\/www.camping-cevennes.info\/de\/stellpl\u00e4tze\/stellplatz-2-personen-ohne-strom\/\" class=\"ls-emplacement__link\">\n\t<div class=\"ls-emplacement__thumb\">\n\t\t\t\t<img decoding=\"async\" src=\"https:\/\/www.camping-cevennes.info\/wp-content\/uploads\/2022\/11\/forfait-2-perso.jpg\" alt=\"Stellplatz 2 Personen (ohne Strom)\" \/>\n\t<\/div>\n\t<div class=\"ls-emplacement__details\">\n\n\t\n\t\t<div class=\"ls-emplacement__icons\">\n\n\t\t\t\t\t\t\t<span class=\"ls-emplacement__icon\">\n\t\t\t\t\t<i class=\"icon-famille\"><\/i>\n\t\t\t\t\t2\t\t\t\t<\/span>\n\t\t\t\n\t\t\t\n\t\t\t\n\t\t\t\t\t\t\t<span class=\"ls-emplacement__icon\">\n\t\t\t\t\t<i class=\"icon-area\"><\/i>\n\t\t\t\t\t100m\u00b2\n\t\t\t\t<\/span>\n\t\t\t\t\t\t\n\t\t\t\t\t<\/div>\n\t\n\t<\/div>\n\t<div class=\"ls-emplacement__title h2-like deco\">\n\t\tStellplatz 2 Personen (ohne Strom)\t\t\n\t<\/div>\n\n\t<div class=\"ls-emplacement__disponibilite ls-button\"><span>Entdecken Sie<\/span><\/div>\n\n<\/a>\n\n\n<\/div><!--  -->\n\n\n<div class=\"ls-emplacement \"  data-postid='6450' data-id-reservation='57436' data-id-site='' data-id1='' data-nombre_de_personnes='' data-nombre_de_chambres='' data-type='emplacements'>\n\n<a href=\"https:\/\/www.camping-cevennes.info\/de\/stellpl\u00e4tze\/stellplatz-2-personen\/\" class=\"ls-emplacement__link\">\n\t<div class=\"ls-emplacement__thumb\">\n\t\t\t\t<img decoding=\"async\" src=\"https:\/\/www.camping-cevennes.info\/wp-content\/uploads\/2022\/10\/emplacement-grand-famille.jpg\" alt=\"Stellplatz 2 Personen\" \/>\n\t<\/div>\n\t<div class=\"ls-emplacement__details\">\n\n\t\n\t\t<div class=\"ls-emplacement__icons\">\n\n\t\t\t\n\t\t\t\n\t\t\t\n\t\t\t\t\t\t\t<span class=\"ls-emplacement__icon\">\n\t\t\t\t\t<i class=\"icon-area\"><\/i>\n\t\t\t\t\t100m\u00b2\n\t\t\t\t<\/span>\n\t\t\t\t\t\t\n\t\t\t\t\t<\/div>\n\t\n\t<\/div>\n\t<div class=\"ls-emplacement__title h2-like deco\">\n\t\tStellplatz 2 Personen\t\t\n\t<\/div>\n\n\t<div class=\"ls-emplacement__disponibilite ls-button\"><span>Entdecken Sie<\/span><\/div>\n\n<\/a>\n\n\n<\/div><!--  -->\n\n\n<div class=\"ls-emplacement \"  data-postid='6453' data-id-reservation='57437' data-id-site='' data-id1='' data-nombre_de_personnes='' data-nombre_de_chambres='' data-type='emplacements'>\n\n<a href=\"https:\/\/www.camping-cevennes.info\/de\/stellpl\u00e4tze\/stellplatz-120m%c2%b2-5-personen\/\" class=\"ls-emplacement__link\">\n\t<div class=\"ls-emplacement__thumb\">\n\t\t\t\t<img decoding=\"async\" src=\"https:\/\/www.camping-cevennes.info\/wp-content\/uploads\/2022\/10\/emplacement-tente-mas-de-la-cam.jpg\" alt=\"Stellplatz 120m\u00b2 5 Personen\" \/>\n\t<\/div>\n\t<div class=\"ls-emplacement__details\">\n\n\t\n\t\t<div class=\"ls-emplacement__icons\">\n\n\t\t\t\n\t\t\t\n\t\t\t\n\t\t\t\t\t\t\t<span class=\"ls-emplacement__icon\">\n\t\t\t\t\t<i class=\"icon-area\"><\/i>\n\t\t\t\t\t120m\u00b2\n\t\t\t\t<\/span>\n\t\t\t\t\t\t\n\t\t\t\t\t<\/div>\n\t\n\t<\/div>\n\t<div class=\"ls-emplacement__title h2-like deco\">\n\t\tStellplatz 120m\u00b2 5 Personen\t\t\n\t<\/div>\n\n\t<div class=\"ls-emplacement__disponibilite ls-button\"><span>Entdecken Sie<\/span><\/div>\n\n<\/a>\n\n\n<\/div><\/div><\/div>\n\n    <\/div>\n<\/section>\n\n<section id=\"ls-section-block_3db8d4b1911dd7706b26e4ef26c3d760\" class=\"ls-section  page-one has-m-b m-b-4 has-p-t p-t-0\" >\n        <div class=\"container container--wide\">\n        \n\n<div class=\"wp-block-columns is-layout-flex wp-container-core-columns-is-layout-9d6595d7 wp-block-columns-is-layout-flex\">\n<div class=\"wp-block-column is-layout-flow wp-block-column-is-layout-flow\">\n<figure class=\"wp-block-image size-full animated fadeInLeft delay-500ms slow\"><a href=\"https:\/\/www.camping-cevennes.info\/wp-content\/uploads\/2022\/10\/emplacement-famille.jpg\"><img decoding=\"async\" width=\"900\" height=\"600\" src=\"https:\/\/www.camping-cevennes.info\/wp-content\/uploads\/2022\/10\/emplacement-famille.jpg\" alt=\"emplacement famille\" class=\"wp-image-2265\" srcset=\"https:\/\/www.camping-cevennes.info\/wp-content\/uploads\/2022\/10\/emplacement-famille.jpg 900w, https:\/\/www.camping-cevennes.info\/wp-content\/uploads\/2022\/10\/emplacement-famille-300x200.jpg 300w, https:\/\/www.camping-cevennes.info\/wp-content\/uploads\/2022\/10\/emplacement-famille-768x512.jpg 768w\" sizes=\"(max-width: 900px) 100vw, 900px\" \/><\/a><\/figure>\n\n\n\n<h2 class=\"ls__heading deco wp-block-heading\">EIN CAMPINGPLATZ UND UNTERHALTUNG, UM KONTAKTE ZU KN\u00dcPFEN<\/h2>\n\n\n\n<p class=\"ls-paragraph\">Von Juni bis September \u00f6ffnet das Restaurant Mas de la Cam seine T\u00fcren, um regionale Spezialit\u00e4ten (darunter den ber\u00fchmten lokalen Ziegenk\u00e4se P\u00e9lardon) zu genie\u00dfen. Am Abend treffen wir uns in der Bar des Campingplatzes, um die Sportereignisse auf einer riesigen Leinwand zu sehen oder einfach nur mit Freunden zu plaudern. Im Juli und August organisiert unser Bar-Restaurant Musikabende. F\u00fcr die Kleinsten ist auch ein Unterhaltungsprogramm mit Outdoor-Spielen, Bastelworkshops und anderen Aktivit\u00e4ten auf dem neuen interaktiven Spielplatz geplant. Montags werden auf dem Campingplatz Ponyreiten angeboten.<\/p>\n<\/div>\n\n\n\n<div class=\"wp-block-column is-layout-flow wp-block-column-is-layout-flow\">\n<h2 class=\"ls__heading deco wp-block-heading\">CAMPINGPLATZ IN DEN CEVENNEN<\/h2>\n\n\n\n<p class=\"ls-paragraph\">In gr\u00fcner Umgebung bietet der 4-Sterne-Campingplatz Anduze 100 m2 Stellpl\u00e4tze f\u00fcr Wohnwagen (Campingplatz ohne Wohnmobil) mit hochwertigen Dienstleistungen: 3 Toiletten, Duschen und Waschbecken mit Warmwasser (haupts\u00e4chlich durch die 140 m2 Solarpanels), B\u00e4der und Toiletten f\u00fcr Babys und Toiletten f\u00fcr Menschen mit eingeschr\u00e4nkter Mobilit\u00e4t.<\/p>\n\n\n\n<p class=\"ls-paragraph\">Tiere sind erlaubt. Auf dieser Seite finden Sie Dienstleistungen, die Ihnen den t\u00e4glichen Komfort erleichtern, darunter kostenlosen WiFi-Zugang, Kinderspielpl\u00e4tze und einen Multisportplatz, Tennis-, Volleyball-, Petanque- und Tischtennispl\u00e4tze sowie eine gro\u00dfe Wasserfl\u00e4che. Ein Lebensmittelgesch\u00e4ft ist vor Ort (mit frischem Brot und Geb\u00e4ck) und eine W\u00e4scherei mit 3 Maschinen und 1 W\u00e4schetrockner.<\/p>\n\n\n\n<figure class=\"wp-block-image size-full animated fadeInRight delay-500ms slow\"><a href=\"https:\/\/www.camping-cevennes.info\/wp-content\/uploads\/2022\/11\/emplacement-camping-cevennes.jpg\"><img decoding=\"async\" width=\"900\" height=\"600\" src=\"https:\/\/www.camping-cevennes.info\/wp-content\/uploads\/2022\/11\/emplacement-camping-cevennes.jpg\" alt=\"emplacement camping cevennes\" class=\"wp-image-4511\" srcset=\"https:\/\/www.camping-cevennes.info\/wp-content\/uploads\/2022\/11\/emplacement-camping-cevennes.jpg 900w, https:\/\/www.camping-cevennes.info\/wp-content\/uploads\/2022\/11\/emplacement-camping-cevennes-300x200.jpg 300w, https:\/\/www.camping-cevennes.info\/wp-content\/uploads\/2022\/11\/emplacement-camping-cevennes-768x512.jpg 768w\" sizes=\"(max-width: 900px) 100vw, 900px\" \/><\/a><\/figure>\n<\/div>\n<\/div>\n\n\n    <\/div>\n<\/section>\n\n<section id=\"ls-section-block_cf8f6341e964dd326d4c3aff17d39e8c\" class=\"ls-section  page-two has-m-t m-t-6 has-p-t p-t-4 has-p-b p-b-4\" >\n        <div class=\"container container--wide\">\n        \n\n<h2 class=\"ls__heading has-text-align-center deco-centree wp-block-heading\">CAMPINGPLATZ IN DER NEBENSAISON<\/h2>\n\n\n\n<p class=\"ls-paragraph has-text-align-center\">Die Nebensaison hat Vorteile, wenn Sie die Freude am Campingplatz verl\u00e4ngern wollen. Im Fr\u00fchjahr und Herbst ist das Klima mild genug f\u00fcr ausgedehnte Spazierg\u00e4nge, um die Farben der Flora zu bewundern oder die ruhige Region der Cevennen zu besuchen. Auf dem Campingplatz Mas de la Cam ist der Tennisplatz in dieser Zeit kostenlos und ab Mitte Mai werden Petanque- und Br\u00fcckenturniere organisiert. Das beheizte Schwimmbad ist von Mitte Mai bis Mitte September ge\u00f6ffnet.<\/p>\n\n\n\n<p class=\"ls-paragraph has-text-align-center\">Entdecken Sie den Campingplatz Mas de la Cam, um Informationen \u00fcber Caravaning und die M\u00f6glichkeit, Ihr Wohnmobil oder Zelt f\u00fcr den traditionellen Campingplatz aufzustellen.<\/p>\n\n\n    <\/div>\n<\/section>\n\n<section id=\"ls-section-block_6b6b475be2dafe9545543c1de16c0af4\" class=\"ls-section  page-avis has-background-image has-background has-color-black-background-color has-m-t m-t-3 has-p-t p-t-14 has-p-b p-b-14\" >\n    <div class=\"ls-section__background-image opacity-60\"><img decoding=\"async\" src=\"https:\/\/www.camping-cevennes.info\/wp-content\/uploads\/2022\/10\/emplacementcaravaning.jpg\" alt=\"emplacementcaravaning\"><\/div>    <div class=\"container \">\n        \n\n<div id=\"ls-heading ls-titre-div-block_009d28a0a28abc98475863a571f13a23\" class=\"ls-titre-div aligncenter h2-like has-text-color has-color-white-color\" >\n    Und unsere Kunden, was halten sie von den Standorten?<\/div>\n\n\n<div class=\"avis-container-pages\"><div class=\"avis\"><div class=\"avis-user\"><div class=\"avis-note\">\n                <span><i class=\"icon-etoile_avis\"><\/i><\/span><span><i class=\"icon-etoile_avis\"><\/i><\/span><span><i class=\"icon-etoile_avis\"><\/i><\/span><span><i class=\"icon-etoile_avis\"><\/i><\/span><span><i class=\"icon-etoile_avis\"><\/i><\/span>\n                <\/div><div class=\"avis-name\">Emilie A.<\/div><div class=\"avis-content\"><p>Ein magischer Ort, um die Cevennen zu entdecken. Der Empfang ist herzlich und die Besitzer bieten Karten mit Fahrradtouren an, damit Sie die umliegenden P\u00e4sse erkunden k\u00f6nnen. Die Stellpl\u00e4tze sind schattig und die Sanit\u00e4ranlagen sind tadellos sauber. Das Beste ist der Pool mit D\u00fcsen f\u00fcr eine optimale Erholung nach den Radtouren.<\/p>\n<\/div><\/div><\/div><div class=\"avis\"><div class=\"avis-user\"><div class=\"avis-note\">\n                <span><i class=\"icon-etoile_avis\"><\/i><\/span><span><i class=\"icon-etoile_avis\"><\/i><\/span><span><i class=\"icon-etoile_avis\"><\/i><\/span><span><i class=\"icon-etoile_avis\"><\/i><\/span><span><i class=\"icon-etoile_avis\"><\/i><\/span>\n                <\/div><div class=\"avis-name\">Vincent D.<\/div><div class=\"avis-content\"><p>Toller Campingplatz, sehr gut gef\u00fchrt. Sehr nettes Personal und ger\u00e4umige Stellpl\u00e4tze. Sehr zu empfehlen.<\/p>\n<\/div><\/div><\/div><div class=\"avis\"><div class=\"avis-user\"><div class=\"avis-note\">\n                <span><i class=\"icon-etoile_avis\"><\/i><\/span><span><i class=\"icon-etoile_avis\"><\/i><\/span><span><i class=\"icon-etoile_avis\"><\/i><\/span><span><i class=\"icon-etoile_avis\"><\/i><\/span><span><i class=\"icon-etoile_avis\"><\/i><\/span>\n                <\/div><div class=\"avis-name\">Eric J.<\/div><div class=\"avis-content\"><p>Sehr familienfreundlicher Campingplatz. Viele Aktivit\u00e4ten f\u00fcr Kinder. Sch\u00f6ne B\u00e4ume auf den Stellpl\u00e4tzen. Sehr gute Preise vor Ort: Bar, Restaurant und Snack. Die Kinder waren begeistert.<\/p>\n<\/div><\/div><\/div><\/div>\n\n\n    <\/div>\n<\/section>\n\n<section id=\"ls-section-block_61ce27b6b10a03700ece3aa7f45ed0a8\" class=\"ls-section  page-maillage has-background has-color-3-background-color has-p-t p-t-14 has-p-b p-b-14\" >\n        <div class=\"container container--wide\">\n        \n\n<div id=\"ls-heading ls-titre-div-block_e8c68b20392debad95415e2befd543c6\" class=\"ls-titre-div deco-centree aligncenter h2-like\" >\n    Entdecken Sie die Aktivit\u00e4ten, Dienstleistungen und Vermietungen unseres Campingplatzes<\/div>\n\n\n<div id=\"ls-maillage-block_d004d42cce9172be504c816f52a5b41e\" class=\"ls-maillage cta-style-normal\" data-rows=\"3\">\n    <div class=\"wp-block-columns\"><div class=\"wp-block-column\">\n\n<a href=\"https:\/\/www.camping-cevennes.info\/de\/aktivitaten-auf-dem-campingplatz-cevennes-cevennes\/\" target=\"\" rel=\"noopener\" class=\"ls-cta__link\">\n\n\t<div class=\"ls-cta__image\"><img decoding=\"async\" src=\"https:\/\/www.camping-cevennes.info\/wp-content\/uploads\/2022\/10\/enfants-camping.jpg\" alt=\"enfants camping\"><\/div>\n\t<div class=\"ls-cta__title\">\n\t\tAktivit\u00e4ten\t<\/div>\n\n\t\t\n<\/a><\/div><div class=\"wp-block-column\">\n\n<a href=\"https:\/\/www.camping-cevennes.info\/de\/service-4-sterne-cevennes\/\" target=\"\" rel=\"noopener\" class=\"ls-cta__link\">\n\n\t<div class=\"ls-cta__image\"><img decoding=\"async\" src=\"https:\/\/www.camping-cevennes.info\/wp-content\/uploads\/2022\/10\/restauration-pizza.jpg\" alt=\"restauration pizza\"><\/div>\n\t<div class=\"ls-cta__title\">\n\t\tDienste\t<\/div>\n\n\t\t\n<\/a><\/div><div class=\"wp-block-column\">\n\n<a href=\"https:\/\/www.camping-cevennes.info\/location-vacances-cevennes\/\" target=\"\" rel=\"noopener\" class=\"ls-cta__link\">\n\n\t<div class=\"ls-cta__image\"><img decoding=\"async\" src=\"https:\/\/www.camping-cevennes.info\/wp-content\/uploads\/2022\/10\/location-mas-de-la-cam.jpg\" alt=\"location mas de la cam\"><\/div>\n\t<div class=\"ls-cta__title\">\n\t\tLocation vacances C\u00e9vennes\t<\/div>\n\n\t\t\n<\/a><\/div><\/div><\/div>\n\n    <\/div>\n<\/section>","protected":false},"excerpt":{"rendered":"","protected":false},"author":1,"featured_media":1997,"parent":0,"menu_order":0,"comment_status":"closed","ping_status":"closed","template":"","meta":{"_acf_changed":false,"footnotes":""},"sujet":[],"class_list":["post-5219","page","type-page","status-publish","has-post-thumbnail","hentry"],"acf":[],"yoast_head":"<!-- This site is optimized with the Yoast SEO plugin v25.3 - https:\/\/yoast.com\/wordpress\/plugins\/seo\/ -->\n<title>CevennesStellplatz ohne Mobilheim Gard | Zelt, Wohnwagen Cevennen<\/title>\n<meta name=\"description\" content=\"Entdecken Sie alle unsere Mietstationen auf dem 4-Sterne-Campingplatz in Gars: komfortable Camping-Caravanpl\u00e4tze\" \/>\n<meta name=\"robots\" content=\"index, follow, max-snippet:-1, max-image-preview:large, max-video-preview:-1\" \/>\n<link rel=\"canonical\" href=\"https:\/\/www.camping-cevennes.info\/de\/stellplaetze-campingplatz-gard\/\" \/>\n<meta property=\"og:locale\" content=\"de_DE\" \/>\n<meta property=\"og:type\" content=\"article\" \/>\n<meta property=\"og:title\" content=\"CevennesStellplatz ohne Mobilheim Gard | Zelt, Wohnwagen Cevennen\" \/>\n<meta property=\"og:description\" content=\"Entdecken Sie alle unsere Mietstationen auf dem 4-Sterne-Campingplatz in Gars: komfortable Camping-Caravanpl\u00e4tze\" \/>\n<meta property=\"og:url\" content=\"https:\/\/www.camping-cevennes.info\/de\/stellplaetze-campingplatz-gard\/\" \/>\n<meta property=\"og:site_name\" content=\"Camping Mas de la Cam\" \/>\n<meta property=\"article:modified_time\" content=\"2022-11-16T08:40:01+00:00\" \/>\n<meta property=\"og:image\" content=\"https:\/\/www.camping-cevennes.info\/wp-content\/uploads\/2022\/10\/emplacement-tente-mas-de-la-cam.jpg\" \/>\n\t<meta property=\"og:image:width\" content=\"1900\" \/>\n\t<meta property=\"og:image:height\" content=\"700\" \/>\n\t<meta property=\"og:image:type\" content=\"image\/jpeg\" \/>\n<meta name=\"twitter:card\" content=\"summary_large_image\" \/>\n<meta name=\"twitter:label1\" content=\"Gesch\u00e4tzte Lesezeit\" \/>\n\t<meta name=\"twitter:data1\" content=\"3\u00a0Minuten\" \/>\n<script type=\"application\/ld+json\" class=\"yoast-schema-graph\">{\"@context\":\"https:\/\/schema.org\",\"@graph\":[{\"@type\":\"WebPage\",\"@id\":\"https:\/\/www.camping-cevennes.info\/de\/stellplaetze-campingplatz-gard\/\",\"url\":\"https:\/\/www.camping-cevennes.info\/de\/stellplaetze-campingplatz-gard\/\",\"name\":\"CevennesStellplatz ohne Mobilheim Gard | Zelt, Wohnwagen Cevennen\",\"isPartOf\":{\"@id\":\"https:\/\/www.camping-cevennes.info\/de\/#website\"},\"primaryImageOfPage\":{\"@id\":\"https:\/\/www.camping-cevennes.info\/de\/stellplaetze-campingplatz-gard\/#primaryimage\"},\"image\":{\"@id\":\"https:\/\/www.camping-cevennes.info\/de\/stellplaetze-campingplatz-gard\/#primaryimage\"},\"thumbnailUrl\":\"https:\/\/www.camping-cevennes.info\/wp-content\/uploads\/2022\/10\/emplacement-tente-mas-de-la-cam.jpg\",\"datePublished\":\"2022-09-30T08:10:49+00:00\",\"dateModified\":\"2022-11-16T08:40:01+00:00\",\"description\":\"Entdecken Sie alle unsere Mietstationen auf dem 4-Sterne-Campingplatz in Gars: komfortable Camping-Caravanpl\u00e4tze\",\"breadcrumb\":{\"@id\":\"https:\/\/www.camping-cevennes.info\/de\/stellplaetze-campingplatz-gard\/#breadcrumb\"},\"inLanguage\":\"de\",\"potentialAction\":[{\"@type\":\"ReadAction\",\"target\":[\"https:\/\/www.camping-cevennes.info\/de\/stellplaetze-campingplatz-gard\/\"]}]},{\"@type\":\"ImageObject\",\"inLanguage\":\"de\",\"@id\":\"https:\/\/www.camping-cevennes.info\/de\/stellplaetze-campingplatz-gard\/#primaryimage\",\"url\":\"https:\/\/www.camping-cevennes.info\/wp-content\/uploads\/2022\/10\/emplacement-tente-mas-de-la-cam.jpg\",\"contentUrl\":\"https:\/\/www.camping-cevennes.info\/wp-content\/uploads\/2022\/10\/emplacement-tente-mas-de-la-cam.jpg\",\"width\":1900,\"height\":700,\"caption\":\"emplacment mas de la cam\"},{\"@type\":\"BreadcrumbList\",\"@id\":\"https:\/\/www.camping-cevennes.info\/de\/stellplaetze-campingplatz-gard\/#breadcrumb\",\"itemListElement\":[{\"@type\":\"ListItem\",\"position\":1,\"name\":\"Campingplatz C\u00e9vennes\",\"item\":\"https:\/\/www.camping-cevennes.info\/de\/\"},{\"@type\":\"ListItem\",\"position\":2,\"name\":\"Stellpl\u00e4tze dem Campingplatz Gard\"}]},{\"@type\":\"WebSite\",\"@id\":\"https:\/\/www.camping-cevennes.info\/de\/#website\",\"url\":\"https:\/\/www.camping-cevennes.info\/de\/\",\"name\":\"Camping Mas de la Cam\",\"description\":\"\",\"publisher\":{\"@id\":\"https:\/\/www.camping-cevennes.info\/de\/#organization\"},\"potentialAction\":[{\"@type\":\"SearchAction\",\"target\":{\"@type\":\"EntryPoint\",\"urlTemplate\":\"https:\/\/www.camping-cevennes.info\/de\/?s={search_term_string}\"},\"query-input\":{\"@type\":\"PropertyValueSpecification\",\"valueRequired\":true,\"valueName\":\"search_term_string\"}}],\"inLanguage\":\"de\"},{\"@type\":\"Organization\",\"@id\":\"https:\/\/www.camping-cevennes.info\/de\/#organization\",\"name\":\"Camping Mas de la Cam\",\"url\":\"https:\/\/www.camping-cevennes.info\/de\/\",\"logo\":{\"@type\":\"ImageObject\",\"inLanguage\":\"de\",\"@id\":\"https:\/\/www.camping-cevennes.info\/de\/#\/schema\/logo\/image\/\",\"url\":\"https:\/\/www.camping-cevennes.info\/wp-content\/uploads\/2022\/09\/logo-camping-mas-de-la-cam-noir-1.png\",\"contentUrl\":\"https:\/\/www.camping-cevennes.info\/wp-content\/uploads\/2022\/09\/logo-camping-mas-de-la-cam-noir-1.png\",\"width\":625,\"height\":190,\"caption\":\"Camping Mas de la Cam\"},\"image\":{\"@id\":\"https:\/\/www.camping-cevennes.info\/de\/#\/schema\/logo\/image\/\"}}]}<\/script>\n<!-- \/ Yoast SEO plugin. -->","yoast_head_json":{"title":"CevennesStellplatz ohne Mobilheim Gard | Zelt, Wohnwagen Cevennen","description":"Entdecken Sie alle unsere Mietstationen auf dem 4-Sterne-Campingplatz in Gars: komfortable Camping-Caravanpl\u00e4tze","robots":{"index":"index","follow":"follow","max-snippet":"max-snippet:-1","max-image-preview":"max-image-preview:large","max-video-preview":"max-video-preview:-1"},"canonical":"https:\/\/www.camping-cevennes.info\/de\/stellplaetze-campingplatz-gard\/","og_locale":"de_DE","og_type":"article","og_title":"CevennesStellplatz ohne Mobilheim Gard | Zelt, Wohnwagen Cevennen","og_description":"Entdecken Sie alle unsere Mietstationen auf dem 4-Sterne-Campingplatz in Gars: komfortable Camping-Caravanpl\u00e4tze","og_url":"https:\/\/www.camping-cevennes.info\/de\/stellplaetze-campingplatz-gard\/","og_site_name":"Camping Mas de la Cam","article_modified_time":"2022-11-16T08:40:01+00:00","og_image":[{"width":1900,"height":700,"url":"https:\/\/www.camping-cevennes.info\/wp-content\/uploads\/2022\/10\/emplacement-tente-mas-de-la-cam.jpg","type":"image\/jpeg"}],"twitter_card":"summary_large_image","twitter_misc":{"Gesch\u00e4tzte Lesezeit":"3\u00a0Minuten"},"schema":{"@context":"https:\/\/schema.org","@graph":[{"@type":"WebPage","@id":"https:\/\/www.camping-cevennes.info\/de\/stellplaetze-campingplatz-gard\/","url":"https:\/\/www.camping-cevennes.info\/de\/stellplaetze-campingplatz-gard\/","name":"CevennesStellplatz ohne Mobilheim Gard | Zelt, Wohnwagen Cevennen","isPartOf":{"@id":"https:\/\/www.camping-cevennes.info\/de\/#website"},"primaryImageOfPage":{"@id":"https:\/\/www.camping-cevennes.info\/de\/stellplaetze-campingplatz-gard\/#primaryimage"},"image":{"@id":"https:\/\/www.camping-cevennes.info\/de\/stellplaetze-campingplatz-gard\/#primaryimage"},"thumbnailUrl":"https:\/\/www.camping-cevennes.info\/wp-content\/uploads\/2022\/10\/emplacement-tente-mas-de-la-cam.jpg","datePublished":"2022-09-30T08:10:49+00:00","dateModified":"2022-11-16T08:40:01+00:00","description":"Entdecken Sie alle unsere Mietstationen auf dem 4-Sterne-Campingplatz in Gars: komfortable Camping-Caravanpl\u00e4tze","breadcrumb":{"@id":"https:\/\/www.camping-cevennes.info\/de\/stellplaetze-campingplatz-gard\/#breadcrumb"},"inLanguage":"de","potentialAction":[{"@type":"ReadAction","target":["https:\/\/www.camping-cevennes.info\/de\/stellplaetze-campingplatz-gard\/"]}]},{"@type":"ImageObject","inLanguage":"de","@id":"https:\/\/www.camping-cevennes.info\/de\/stellplaetze-campingplatz-gard\/#primaryimage","url":"https:\/\/www.camping-cevennes.info\/wp-content\/uploads\/2022\/10\/emplacement-tente-mas-de-la-cam.jpg","contentUrl":"https:\/\/www.camping-cevennes.info\/wp-content\/uploads\/2022\/10\/emplacement-tente-mas-de-la-cam.jpg","width":1900,"height":700,"caption":"emplacment mas de la cam"},{"@type":"BreadcrumbList","@id":"https:\/\/www.camping-cevennes.info\/de\/stellplaetze-campingplatz-gard\/#breadcrumb","itemListElement":[{"@type":"ListItem","position":1,"name":"Campingplatz C\u00e9vennes","item":"https:\/\/www.camping-cevennes.info\/de\/"},{"@type":"ListItem","position":2,"name":"Stellpl\u00e4tze dem Campingplatz Gard"}]},{"@type":"WebSite","@id":"https:\/\/www.camping-cevennes.info\/de\/#website","url":"https:\/\/www.camping-cevennes.info\/de\/","name":"Camping Mas de la Cam","description":"","publisher":{"@id":"https:\/\/www.camping-cevennes.info\/de\/#organization"},"potentialAction":[{"@type":"SearchAction","target":{"@type":"EntryPoint","urlTemplate":"https:\/\/www.camping-cevennes.info\/de\/?s={search_term_string}"},"query-input":{"@type":"PropertyValueSpecification","valueRequired":true,"valueName":"search_term_string"}}],"inLanguage":"de"},{"@type":"Organization","@id":"https:\/\/www.camping-cevennes.info\/de\/#organization","name":"Camping Mas de la Cam","url":"https:\/\/www.camping-cevennes.info\/de\/","logo":{"@type":"ImageObject","inLanguage":"de","@id":"https:\/\/www.camping-cevennes.info\/de\/#\/schema\/logo\/image\/","url":"https:\/\/www.camping-cevennes.info\/wp-content\/uploads\/2022\/09\/logo-camping-mas-de-la-cam-noir-1.png","contentUrl":"https:\/\/www.camping-cevennes.info\/wp-content\/uploads\/2022\/09\/logo-camping-mas-de-la-cam-noir-1.png","width":625,"height":190,"caption":"Camping Mas de la Cam"},"image":{"@id":"https:\/\/www.camping-cevennes.info\/de\/#\/schema\/logo\/image\/"}}]}},"_links":{"self":[{"href":"https:\/\/www.camping-cevennes.info\/de\/wp-json\/wp\/v2\/pages\/5219","targetHints":{"allow":["GET"]}}],"collection":[{"href":"https:\/\/www.camping-cevennes.info\/de\/wp-json\/wp\/v2\/pages"}],"about":[{"href":"https:\/\/www.camping-cevennes.info\/de\/wp-json\/wp\/v2\/types\/page"}],"author":[{"embeddable":true,"href":"https:\/\/www.camping-cevennes.info\/de\/wp-json\/wp\/v2\/users\/1"}],"replies":[{"embeddable":true,"href":"https:\/\/www.camping-cevennes.info\/de\/wp-json\/wp\/v2\/comments?post=5219"}],"version-history":[{"count":14,"href":"https:\/\/www.camping-cevennes.info\/de\/wp-json\/wp\/v2\/pages\/5219\/revisions"}],"predecessor-version":[{"id":6464,"href":"https:\/\/www.camping-cevennes.info\/de\/wp-json\/wp\/v2\/pages\/5219\/revisions\/6464"}],"wp:featuredmedia":[{"embeddable":true,"href":"https:\/\/www.camping-cevennes.info\/de\/wp-json\/wp\/v2\/media\/1997"}],"wp:attachment":[{"href":"https:\/\/www.camping-cevennes.info\/de\/wp-json\/wp\/v2\/media?parent=5219"}],"wp:term":[{"taxonomy":"sujet","embeddable":true,"href":"https:\/\/www.camping-cevennes.info\/de\/wp-json\/wp\/v2\/sujet?post=5219"}],"curies":[{"name":"wp","href":"https:\/\/api.w.org\/{rel}","templated":true}]}}