{"id":5173,"date":"2022-09-30T10:10:21","date_gmt":"2022-09-30T08:10:21","guid":{"rendered":"https:\/\/www.camping-cevennes.info\/camping-cevennes-velo\/"},"modified":"2022-11-15T14:19:37","modified_gmt":"2022-11-15T13:19:37","slug":"camping-cevennen-radfahren","status":"publish","type":"page","link":"https:\/\/www.camping-cevennes.info\/de\/camping-cevennen-radfahren\/","title":{"rendered":"V\u00e9lo"},"content":{"rendered":"<section id=\"ls-section-block_a26e2b19294b9a09a817a8ece3f9948e\" class=\"ls-section  page-intro has-p-t p-t-14 has-p-b p-b-0\" >\n        <div class=\"container container--wide\">\n        \n\n<div class=\"wp-block-columns columns-parent is-layout-flex wp-container-core-columns-is-layout-9d6595d7 wp-block-columns-is-layout-flex\">\n<div class=\"wp-block-column left is-layout-flow wp-block-column-is-layout-flow\">\n<h1 class=\"ls__heading deco-h1 animated fadeInLeft delay-200ms wp-block-heading\"><span class=\"small\">Camping Cevennen<\/span> <br><span class=\"bold\">Radfahren !<\/span><\/h1>\n\n\n\n<p class=\"ls-paragraph\">Der Campingplatz C\u00e9vennes 4 Sterne befindet sich am Beginn vieler Rennstrecken<br>Radfahren. Nur 3 km von Saint Jean du Gard entfernt haben wir hundert Touren vom Campingplatz aufgelistet, mit einem durchschnittlichen Prozentsatz von 5 bis 12%.<\/p>\n\n\n\n<h2 class=\"ls__heading deco wp-block-heading\">Radfahren im Gard und den Ceves<\/h2>\n\n\n\n<p class=\"ls-paragraph\">Einige P\u00e4sse, die die Corniche des C\u00e9vennes verbinden, liegen \u00fcber einige hundert Meter \u00fcber 17%. Sie k\u00f6nnen die P\u00e4sse von 6 bis 25 km verfolgen, indem Sie den Nationalpark der Cevennen erkunden. Am prestigetr\u00e4chtigsten ist der Aufstieg auf den Aigoual-Berg, der h\u00f6chste Punkt der Region mit 1567 H\u00f6henmetern. Die Strecke reicht von 100 bis 160 km mit einem H\u00f6henunterschied von 1546 m f\u00fcr die k\u00fcrzere Version.<\/p>\n<\/div>\n\n\n\n<div class=\"wp-block-column right is-layout-flow wp-block-column-is-layout-flow\">\n<div class=\"wp-block-columns columns-child is-layout-flex wp-container-core-columns-is-layout-9d6595d7 wp-block-columns-is-layout-flex\">\n<div class=\"wp-block-column image-one is-layout-flow wp-block-column-is-layout-flow\">\n<figure class=\"wp-block-image size-full animated fadeInRight delay-500ms slow\"><a href=\"https:\/\/www.camping-cevennes.info\/wp-content\/uploads\/2022\/11\/sortie-velo-cevennes.jpg\"><img decoding=\"async\" width=\"900\" height=\"600\" src=\"https:\/\/www.camping-cevennes.info\/wp-content\/uploads\/2022\/11\/sortie-velo-cevennes.jpg\" alt=\"sortie velo cevennes\" class=\"wp-image-4475\" srcset=\"https:\/\/www.camping-cevennes.info\/wp-content\/uploads\/2022\/11\/sortie-velo-cevennes.jpg 900w, https:\/\/www.camping-cevennes.info\/wp-content\/uploads\/2022\/11\/sortie-velo-cevennes-300x200.jpg 300w, https:\/\/www.camping-cevennes.info\/wp-content\/uploads\/2022\/11\/sortie-velo-cevennes-768x512.jpg 768w\" sizes=\"(max-width: 900px) 100vw, 900px\" \/><\/a><\/figure>\n<\/div>\n\n\n\n<div class=\"wp-block-column image-two is-layout-flow wp-block-column-is-layout-flow\">\n<figure class=\"wp-block-image size-full animated fadeInLeft delay-500ms slow\"><a href=\"https:\/\/www.camping-cevennes.info\/wp-content\/uploads\/2022\/10\/activite-velo.jpg\"><img decoding=\"async\" width=\"900\" height=\"600\" src=\"https:\/\/www.camping-cevennes.info\/wp-content\/uploads\/2022\/10\/activite-velo.jpg\" alt=\"activit\u00e9 velo\" class=\"wp-image-1709\" srcset=\"https:\/\/www.camping-cevennes.info\/wp-content\/uploads\/2022\/10\/activite-velo.jpg 900w, https:\/\/www.camping-cevennes.info\/wp-content\/uploads\/2022\/10\/activite-velo-300x200.jpg 300w, https:\/\/www.camping-cevennes.info\/wp-content\/uploads\/2022\/10\/activite-velo-768x512.jpg 768w\" sizes=\"(max-width: 900px) 100vw, 900px\" \/><\/a><\/figure>\n<\/div>\n<\/div>\n<\/div>\n<\/div>\n\n\n    <\/div>\n<\/section>\n\n<section id=\"ls-section-block_125cea0865c2242a54a5bc7cd309e72e\" class=\"ls-section  page-intro has-p-t p-t-1\" >\n        <div class=\"container container--wide\">\n        \n\n<div class=\"wp-block-columns columns-parent is-layout-flex wp-container-core-columns-is-layout-9d6595d7 wp-block-columns-is-layout-flex\">\n<div class=\"wp-block-column left is-layout-flow wp-block-column-is-layout-flow\">\n<div class=\"wp-block-columns columns-child is-layout-flex wp-container-core-columns-is-layout-9d6595d7 wp-block-columns-is-layout-flex\">\n<div class=\"wp-block-column image-one is-layout-flow wp-block-column-is-layout-flow\">\n<figure class=\"wp-block-image size-full animated fadeInRight delay-500ms slow\"><a href=\"https:\/\/www.camping-cevennes.info\/wp-content\/uploads\/2022\/10\/sentiers-velo-mas-de-la-cam.jpg\"><img decoding=\"async\" width=\"900\" height=\"600\" src=\"https:\/\/www.camping-cevennes.info\/wp-content\/uploads\/2022\/10\/sentiers-velo-mas-de-la-cam.jpg\" alt=\"sentier velo mas de la cam\" class=\"wp-image-1705\" srcset=\"https:\/\/www.camping-cevennes.info\/wp-content\/uploads\/2022\/10\/sentiers-velo-mas-de-la-cam.jpg 900w, https:\/\/www.camping-cevennes.info\/wp-content\/uploads\/2022\/10\/sentiers-velo-mas-de-la-cam-300x200.jpg 300w, https:\/\/www.camping-cevennes.info\/wp-content\/uploads\/2022\/10\/sentiers-velo-mas-de-la-cam-768x512.jpg 768w\" sizes=\"(max-width: 900px) 100vw, 900px\" \/><\/a><\/figure>\n<\/div>\n\n\n\n<div class=\"wp-block-column image-two is-layout-flow wp-block-column-is-layout-flow\">\n<figure class=\"wp-block-image size-full animated fadeInLeft delay-500ms slow\"><a href=\"https:\/\/www.camping-cevennes.info\/wp-content\/uploads\/2022\/10\/pumptrack-famille.jpg\"><img decoding=\"async\" width=\"900\" height=\"600\" src=\"https:\/\/www.camping-cevennes.info\/wp-content\/uploads\/2022\/10\/pumptrack-famille.jpg\" alt=\"pumptrack famille\" class=\"wp-image-1744\" srcset=\"https:\/\/www.camping-cevennes.info\/wp-content\/uploads\/2022\/10\/pumptrack-famille.jpg 900w, https:\/\/www.camping-cevennes.info\/wp-content\/uploads\/2022\/10\/pumptrack-famille-300x200.jpg 300w, https:\/\/www.camping-cevennes.info\/wp-content\/uploads\/2022\/10\/pumptrack-famille-768x512.jpg 768w\" sizes=\"(max-width: 900px) 100vw, 900px\" \/><\/a><\/figure>\n<\/div>\n<\/div>\n<\/div>\n\n\n\n<div class=\"wp-block-column right is-layout-flow wp-block-column-is-layout-flow\">\n<figure class=\"wp-block-embed is-type-video is-provider-youtube wp-block-embed-youtube wp-embed-aspect-16-9 wp-has-aspect-ratio\"><div class=\"wp-block-embed__wrapper\">\n<iframe loading=\"lazy\" title=\"pumptracks camping Mas de la Cam\" width=\"500\" height=\"281\" src=\"https:\/\/www.youtube.com\/embed\/t5pznyLANGY?feature=oembed\" frameborder=\"0\" allow=\"accelerometer; autoplay; clipboard-write; encrypted-media; gyroscope; picture-in-picture; web-share\" referrerpolicy=\"strict-origin-when-cross-origin\" allowfullscreen><\/iframe>\n<\/div><\/figure>\n<\/div>\n<\/div>\n\n\n    <\/div>\n<\/section>\n\n<section id=\"ls-section-block_f7e086afc41c6295a44b4b3d7758e75d\" class=\"ls-section  page-one has-p-t p-t-0\" >\n        <div class=\"container container--wide\">\n        \n\n<h2 class=\"ls__heading deco wp-block-heading\">ORGANISIERTE AUSFL\u00dcGE<\/h2>\n\n\n\n<div class=\"wp-block-columns is-layout-flex wp-container-core-columns-is-layout-9d6595d7 wp-block-columns-is-layout-flex\">\n<div class=\"wp-block-column is-layout-flow wp-block-column-is-layout-flow\">\n<figure class=\"wp-block-image size-full animated fadeInLeft delay-500ms slow\"><a href=\"https:\/\/www.camping-cevennes.info\/wp-content\/uploads\/2022\/10\/bike-tour-mas-de-la-cam.jpg\"><img decoding=\"async\" width=\"900\" height=\"600\" src=\"https:\/\/www.camping-cevennes.info\/wp-content\/uploads\/2022\/10\/bike-tour-mas-de-la-cam.jpg\" alt=\"bike tour mas de la cam\" class=\"wp-image-1720\" srcset=\"https:\/\/www.camping-cevennes.info\/wp-content\/uploads\/2022\/10\/bike-tour-mas-de-la-cam.jpg 900w, https:\/\/www.camping-cevennes.info\/wp-content\/uploads\/2022\/10\/bike-tour-mas-de-la-cam-300x200.jpg 300w, https:\/\/www.camping-cevennes.info\/wp-content\/uploads\/2022\/10\/bike-tour-mas-de-la-cam-768x512.jpg 768w\" sizes=\"(max-width: 900px) 100vw, 900px\" \/><\/a><\/figure>\n\n\n\n<p class=\"ls-paragraph\">Und nat\u00fcrlich k\u00f6nnen Sie unterwegs auch mal bei einer der vielen Terrassen in den sch\u00f6nen malerischen D\u00f6rfern anhalten. Die Gebirge in den Cevennen geh\u00f6ren zur Kategorie der \u201eMittelgebirge\u201c und f\u00fchren durchschnittlich zu einer H\u00f6he von 500 bis 1000 Meter . Die L\u00e4nge der Besteigungen variiert meistens zwischen 5 bis 10 Kilometer . Eine Ausnahme ist die Besteigung des Mont Aigoual. Dieser Berg ist mit 1.560 Meter der h\u00f6chste Berg in den Cevennen und die L\u00e4nge der Besteigung aus der Richtung von Valleraugue betr\u00e4gt 28 Kilometer.<\/p>\n<\/div>\n\n\n\n<div class=\"wp-block-column is-layout-flow wp-block-column-is-layout-flow\">\n<p class=\"ls-paragraph\">F\u00fcr den ge\u00fcbten Radfahrer ist der&nbsp;<a href=\"\/de\/\">Campingplatz Mas de la Cam<\/a>&nbsp;ein guter Start, um sch\u00f6ne Radtouren in der Umgebung zu machen. Die Strassen sind ausgezeichnet und weil der Campingplatz an den \u201eParc national des C\u00e9vennes\u201c grenzt, werden Sie keine Probleme mit dem Verkehr haben. In welcher Richtung Sie auch gehen, der Weg f\u00fchrt immer \u00fcber ruhige Strecken und sch\u00f6ne Besteigungen. Oben angekommen geniessen Sie sch\u00f6ne Aussichten und die Stille der Natur.<\/p>\n\n\n\n<figure class=\"wp-block-image size-full animated fadeInRight delay-500ms slow\"><a href=\"https:\/\/www.camping-cevennes.info\/wp-content\/uploads\/2022\/10\/sortie-familiale-velo.jpg\"><img decoding=\"async\" width=\"900\" height=\"600\" src=\"https:\/\/www.camping-cevennes.info\/wp-content\/uploads\/2022\/10\/sortie-familiale-velo.jpg\" alt=\"sortie familiale velo\" class=\"wp-image-1724\" srcset=\"https:\/\/www.camping-cevennes.info\/wp-content\/uploads\/2022\/10\/sortie-familiale-velo.jpg 900w, https:\/\/www.camping-cevennes.info\/wp-content\/uploads\/2022\/10\/sortie-familiale-velo-300x200.jpg 300w, https:\/\/www.camping-cevennes.info\/wp-content\/uploads\/2022\/10\/sortie-familiale-velo-768x512.jpg 768w\" sizes=\"(max-width: 900px) 100vw, 900px\" \/><\/a><\/figure>\n<\/div>\n<\/div>\n\n\n    <\/div>\n<\/section>\n\n<section id=\"ls-section-block_b55408cb25194527d2feb95ab3091973\" class=\"ls-section  page-two has-m-b m-b-9 has-p-t p-t-0 has-p-b p-b-0\" >\n        <div class=\"container container--wide\">\n        \n\n<h2 class=\"ls__heading has-text-align-center deco-centree wp-block-heading\">VIELE KURSE F\u00dcR ALLE STUFEN<\/h2>\n\n\n\n<p class=\"ls-paragraph has-text-align-center\">Die ganze Strecke vom Campingplatz zum Mont Aigoual, via St. Andr\u00e9 de Valborgne f\u00fchrt \u00fcber einen anderen Weg zur\u00fcck und ist ungef\u00e4hr 120 Kilometer lang. Dies wird sicher ein richtiger H\u00f6hepunkt Ihres sportlichem Aufenthalt auf dem Campingplatz Mas de la Cam sein. Radtouren:&nbsp;<a href=\"http:\/\/www.fiets-cevennen.com\/\" target=\"_blank\" rel=\"noreferrer noopener nofollow\">Klicken Sie hier<\/a><\/p>\n\n\n    <\/div>\n<\/section>\n\n<section id=\"ls-section-block_a92e54f881b36ef2082ac10bdb1763bc\" class=\"ls-section  parallax-seul has-background-image has-parallax\" >\n    <div class=\"ls-section__background-image opacity-100\"><img decoding=\"async\" src=\"https:\/\/www.camping-cevennes.info\/wp-content\/uploads\/2022\/10\/pumptrack-camping-mas-de-la-cam.jpg\" alt=\"pumptrack mas de la cam\"><\/div>    <div class=\"container container--full\">\n        \n    <\/div>\n<\/section>\n\n<section id=\"ls-section-block_18ea396e3c4202fbd5d8ba027c357702\" class=\"ls-section  page-maillage has-background has-color-3-background-color has-p-t p-t-14 has-p-b p-b-14\" >\n        <div class=\"container container--wide\">\n        \n\n<div id=\"ls-heading ls-titre-div-block_ef724f0cae10c2f525eb82cea2624176\" class=\"ls-titre-div deco-centree aligncenter h2-like\" >\n    Entdecken Sie die Aktivit\u00e4ten, den Fluss und das Schwimmbad unseres Campingplatzes<\/div>\n\n\n<div id=\"ls-maillage-block_a4bfdded04db9cc5493a7a7c8ce83b2c\" class=\"ls-maillage cta-style-normal\" data-rows=\"3\">\n    <div class=\"wp-block-columns\"><div class=\"wp-block-column\">\n\n<a href=\"https:\/\/www.camping-cevennes.info\/de\/aktivitaten-auf-dem-campingplatz-cevennes-cevennes\/\" target=\"\" rel=\"noopener\" class=\"ls-cta__link\">\n\n\t<div class=\"ls-cta__image\"><img decoding=\"async\" src=\"https:\/\/www.camping-cevennes.info\/wp-content\/uploads\/2022\/10\/enfants-camping.jpg\" alt=\"enfants camping\"><\/div>\n\t<div class=\"ls-cta__title\">\n\t\tAktivit\u00e4ten\t<\/div>\n\n\t\t\n<\/a><\/div><div class=\"wp-block-column\">\n\n<a href=\"https:\/\/www.camping-cevennes.info\/de\/campingplatz-mit-swimmingpool-in-den-cevennes\/\" target=\"\" rel=\"noopener\" class=\"ls-cta__link\">\n\n\t<div class=\"ls-cta__image\"><img decoding=\"async\" src=\"https:\/\/www.camping-cevennes.info\/wp-content\/uploads\/2022\/09\/camping-avec-piscine-dans-le-gard.jpg\" alt=\"camping avec piscine\"><\/div>\n\t<div class=\"ls-cta__title\">\n\t\tSchwimmbad\t<\/div>\n\n\t\t\n<\/a><\/div><div class=\"wp-block-column\">\n\n<a href=\"https:\/\/www.camping-cevennes.info\/de\/camping-am-flussufer-im-gard\/\" target=\"\" rel=\"noopener\" class=\"ls-cta__link\">\n\n\t<div class=\"ls-cta__image\"><img decoding=\"async\" src=\"https:\/\/www.camping-cevennes.info\/wp-content\/uploads\/2022\/11\/camping-bord-de-riviere.jpg\" alt=\"camping bord de riviere\"><\/div>\n\t<div class=\"ls-cta__title\">\n\t\tFluss\t<\/div>\n\n\t\t\n<\/a><\/div><\/div><\/div>\n\n    <\/div>\n<\/section>","protected":false},"excerpt":{"rendered":"","protected":false},"author":1,"featured_media":1737,"parent":0,"menu_order":0,"comment_status":"closed","ping_status":"closed","template":"","meta":{"_acf_changed":false,"footnotes":""},"sujet":[],"class_list":["post-5173","page","type-page","status-publish","has-post-thumbnail","hentry"],"acf":[],"yoast_head":"<!-- This site is optimized with the Yoast SEO plugin v25.3 - https:\/\/yoast.com\/wordpress\/plugins\/seo\/ -->\n<title>Fahrrad-Campingplatz in den Cevennen | Fahrrad-Tourismus im Gard<\/title>\n<meta name=\"description\" content=\"Erfahren Sie mehr \u00fcber die Begr\u00fc\u00dfung der Radfahrer auf dem Campingplatz Mas de la Cam in den Cevennen\" \/>\n<meta name=\"robots\" content=\"index, follow, max-snippet:-1, max-image-preview:large, max-video-preview:-1\" \/>\n<link rel=\"canonical\" href=\"https:\/\/www.camping-cevennes.info\/de\/camping-cevennen-radfahren\/\" \/>\n<meta property=\"og:locale\" content=\"de_DE\" \/>\n<meta property=\"og:type\" content=\"article\" \/>\n<meta property=\"og:title\" content=\"Fahrrad-Campingplatz in den Cevennen | Fahrrad-Tourismus im Gard\" \/>\n<meta property=\"og:description\" content=\"Erfahren Sie mehr \u00fcber die Begr\u00fc\u00dfung der Radfahrer auf dem Campingplatz Mas de la Cam in den Cevennen\" \/>\n<meta property=\"og:url\" content=\"https:\/\/www.camping-cevennes.info\/de\/camping-cevennen-radfahren\/\" \/>\n<meta property=\"og:site_name\" content=\"Camping Mas de la Cam\" \/>\n<meta property=\"article:modified_time\" content=\"2022-11-15T13:19:37+00:00\" \/>\n<meta property=\"og:image\" content=\"https:\/\/www.camping-cevennes.info\/wp-content\/uploads\/2022\/10\/mas-de-la-cam-sortie-bike-tour.jpg\" \/>\n\t<meta property=\"og:image:width\" content=\"1900\" \/>\n\t<meta property=\"og:image:height\" content=\"700\" \/>\n\t<meta property=\"og:image:type\" content=\"image\/jpeg\" \/>\n<meta name=\"twitter:card\" content=\"summary_large_image\" \/>\n<meta name=\"twitter:label1\" content=\"Gesch\u00e4tzte Lesezeit\" \/>\n\t<meta name=\"twitter:data1\" content=\"3\u00a0Minuten\" \/>\n<script type=\"application\/ld+json\" class=\"yoast-schema-graph\">{\"@context\":\"https:\/\/schema.org\",\"@graph\":[{\"@type\":\"WebPage\",\"@id\":\"https:\/\/www.camping-cevennes.info\/de\/camping-cevennen-radfahren\/\",\"url\":\"https:\/\/www.camping-cevennes.info\/de\/camping-cevennen-radfahren\/\",\"name\":\"Fahrrad-Campingplatz in den Cevennen | Fahrrad-Tourismus im Gard\",\"isPartOf\":{\"@id\":\"https:\/\/www.camping-cevennes.info\/de\/#website\"},\"primaryImageOfPage\":{\"@id\":\"https:\/\/www.camping-cevennes.info\/de\/camping-cevennen-radfahren\/#primaryimage\"},\"image\":{\"@id\":\"https:\/\/www.camping-cevennes.info\/de\/camping-cevennen-radfahren\/#primaryimage\"},\"thumbnailUrl\":\"https:\/\/www.camping-cevennes.info\/wp-content\/uploads\/2022\/10\/mas-de-la-cam-sortie-bike-tour.jpg\",\"datePublished\":\"2022-09-30T08:10:21+00:00\",\"dateModified\":\"2022-11-15T13:19:37+00:00\",\"description\":\"Erfahren Sie mehr \u00fcber die Begr\u00fc\u00dfung der Radfahrer auf dem Campingplatz Mas de la Cam in den Cevennen\",\"breadcrumb\":{\"@id\":\"https:\/\/www.camping-cevennes.info\/de\/camping-cevennen-radfahren\/#breadcrumb\"},\"inLanguage\":\"de\",\"potentialAction\":[{\"@type\":\"ReadAction\",\"target\":[\"https:\/\/www.camping-cevennes.info\/de\/camping-cevennen-radfahren\/\"]}]},{\"@type\":\"ImageObject\",\"inLanguage\":\"de\",\"@id\":\"https:\/\/www.camping-cevennes.info\/de\/camping-cevennen-radfahren\/#primaryimage\",\"url\":\"https:\/\/www.camping-cevennes.info\/wp-content\/uploads\/2022\/10\/mas-de-la-cam-sortie-bike-tour.jpg\",\"contentUrl\":\"https:\/\/www.camping-cevennes.info\/wp-content\/uploads\/2022\/10\/mas-de-la-cam-sortie-bike-tour.jpg\",\"width\":1900,\"height\":700,\"caption\":\"mas de la cam sortie bike tour\"},{\"@type\":\"BreadcrumbList\",\"@id\":\"https:\/\/www.camping-cevennes.info\/de\/camping-cevennen-radfahren\/#breadcrumb\",\"itemListElement\":[{\"@type\":\"ListItem\",\"position\":1,\"name\":\"Campingplatz C\u00e9vennes\",\"item\":\"https:\/\/www.camping-cevennes.info\/de\/\"},{\"@type\":\"ListItem\",\"position\":2,\"name\":\"Camping Cevennen Radfahren\"}]},{\"@type\":\"WebSite\",\"@id\":\"https:\/\/www.camping-cevennes.info\/de\/#website\",\"url\":\"https:\/\/www.camping-cevennes.info\/de\/\",\"name\":\"Camping Mas de la Cam\",\"description\":\"\",\"publisher\":{\"@id\":\"https:\/\/www.camping-cevennes.info\/de\/#organization\"},\"potentialAction\":[{\"@type\":\"SearchAction\",\"target\":{\"@type\":\"EntryPoint\",\"urlTemplate\":\"https:\/\/www.camping-cevennes.info\/de\/?s={search_term_string}\"},\"query-input\":{\"@type\":\"PropertyValueSpecification\",\"valueRequired\":true,\"valueName\":\"search_term_string\"}}],\"inLanguage\":\"de\"},{\"@type\":\"Organization\",\"@id\":\"https:\/\/www.camping-cevennes.info\/de\/#organization\",\"name\":\"Camping Mas de la Cam\",\"url\":\"https:\/\/www.camping-cevennes.info\/de\/\",\"logo\":{\"@type\":\"ImageObject\",\"inLanguage\":\"de\",\"@id\":\"https:\/\/www.camping-cevennes.info\/de\/#\/schema\/logo\/image\/\",\"url\":\"https:\/\/www.camping-cevennes.info\/wp-content\/uploads\/2022\/09\/logo-camping-mas-de-la-cam-noir-1.png\",\"contentUrl\":\"https:\/\/www.camping-cevennes.info\/wp-content\/uploads\/2022\/09\/logo-camping-mas-de-la-cam-noir-1.png\",\"width\":625,\"height\":190,\"caption\":\"Camping Mas de la Cam\"},\"image\":{\"@id\":\"https:\/\/www.camping-cevennes.info\/de\/#\/schema\/logo\/image\/\"}}]}<\/script>\n<!-- \/ Yoast SEO plugin. -->","yoast_head_json":{"title":"Fahrrad-Campingplatz in den Cevennen | Fahrrad-Tourismus im Gard","description":"Erfahren Sie mehr \u00fcber die Begr\u00fc\u00dfung der Radfahrer auf dem Campingplatz Mas de la Cam in den Cevennen","robots":{"index":"index","follow":"follow","max-snippet":"max-snippet:-1","max-image-preview":"max-image-preview:large","max-video-preview":"max-video-preview:-1"},"canonical":"https:\/\/www.camping-cevennes.info\/de\/camping-cevennen-radfahren\/","og_locale":"de_DE","og_type":"article","og_title":"Fahrrad-Campingplatz in den Cevennen | Fahrrad-Tourismus im Gard","og_description":"Erfahren Sie mehr \u00fcber die Begr\u00fc\u00dfung der Radfahrer auf dem Campingplatz Mas de la Cam in den Cevennen","og_url":"https:\/\/www.camping-cevennes.info\/de\/camping-cevennen-radfahren\/","og_site_name":"Camping Mas de la Cam","article_modified_time":"2022-11-15T13:19:37+00:00","og_image":[{"width":1900,"height":700,"url":"https:\/\/www.camping-cevennes.info\/wp-content\/uploads\/2022\/10\/mas-de-la-cam-sortie-bike-tour.jpg","type":"image\/jpeg"}],"twitter_card":"summary_large_image","twitter_misc":{"Gesch\u00e4tzte Lesezeit":"3\u00a0Minuten"},"schema":{"@context":"https:\/\/schema.org","@graph":[{"@type":"WebPage","@id":"https:\/\/www.camping-cevennes.info\/de\/camping-cevennen-radfahren\/","url":"https:\/\/www.camping-cevennes.info\/de\/camping-cevennen-radfahren\/","name":"Fahrrad-Campingplatz in den Cevennen | Fahrrad-Tourismus im Gard","isPartOf":{"@id":"https:\/\/www.camping-cevennes.info\/de\/#website"},"primaryImageOfPage":{"@id":"https:\/\/www.camping-cevennes.info\/de\/camping-cevennen-radfahren\/#primaryimage"},"image":{"@id":"https:\/\/www.camping-cevennes.info\/de\/camping-cevennen-radfahren\/#primaryimage"},"thumbnailUrl":"https:\/\/www.camping-cevennes.info\/wp-content\/uploads\/2022\/10\/mas-de-la-cam-sortie-bike-tour.jpg","datePublished":"2022-09-30T08:10:21+00:00","dateModified":"2022-11-15T13:19:37+00:00","description":"Erfahren Sie mehr \u00fcber die Begr\u00fc\u00dfung der Radfahrer auf dem Campingplatz Mas de la Cam in den Cevennen","breadcrumb":{"@id":"https:\/\/www.camping-cevennes.info\/de\/camping-cevennen-radfahren\/#breadcrumb"},"inLanguage":"de","potentialAction":[{"@type":"ReadAction","target":["https:\/\/www.camping-cevennes.info\/de\/camping-cevennen-radfahren\/"]}]},{"@type":"ImageObject","inLanguage":"de","@id":"https:\/\/www.camping-cevennes.info\/de\/camping-cevennen-radfahren\/#primaryimage","url":"https:\/\/www.camping-cevennes.info\/wp-content\/uploads\/2022\/10\/mas-de-la-cam-sortie-bike-tour.jpg","contentUrl":"https:\/\/www.camping-cevennes.info\/wp-content\/uploads\/2022\/10\/mas-de-la-cam-sortie-bike-tour.jpg","width":1900,"height":700,"caption":"mas de la cam sortie bike tour"},{"@type":"BreadcrumbList","@id":"https:\/\/www.camping-cevennes.info\/de\/camping-cevennen-radfahren\/#breadcrumb","itemListElement":[{"@type":"ListItem","position":1,"name":"Campingplatz C\u00e9vennes","item":"https:\/\/www.camping-cevennes.info\/de\/"},{"@type":"ListItem","position":2,"name":"Camping Cevennen Radfahren"}]},{"@type":"WebSite","@id":"https:\/\/www.camping-cevennes.info\/de\/#website","url":"https:\/\/www.camping-cevennes.info\/de\/","name":"Camping Mas de la Cam","description":"","publisher":{"@id":"https:\/\/www.camping-cevennes.info\/de\/#organization"},"potentialAction":[{"@type":"SearchAction","target":{"@type":"EntryPoint","urlTemplate":"https:\/\/www.camping-cevennes.info\/de\/?s={search_term_string}"},"query-input":{"@type":"PropertyValueSpecification","valueRequired":true,"valueName":"search_term_string"}}],"inLanguage":"de"},{"@type":"Organization","@id":"https:\/\/www.camping-cevennes.info\/de\/#organization","name":"Camping Mas de la Cam","url":"https:\/\/www.camping-cevennes.info\/de\/","logo":{"@type":"ImageObject","inLanguage":"de","@id":"https:\/\/www.camping-cevennes.info\/de\/#\/schema\/logo\/image\/","url":"https:\/\/www.camping-cevennes.info\/wp-content\/uploads\/2022\/09\/logo-camping-mas-de-la-cam-noir-1.png","contentUrl":"https:\/\/www.camping-cevennes.info\/wp-content\/uploads\/2022\/09\/logo-camping-mas-de-la-cam-noir-1.png","width":625,"height":190,"caption":"Camping Mas de la Cam"},"image":{"@id":"https:\/\/www.camping-cevennes.info\/de\/#\/schema\/logo\/image\/"}}]}},"_links":{"self":[{"href":"https:\/\/www.camping-cevennes.info\/de\/wp-json\/wp\/v2\/pages\/5173","targetHints":{"allow":["GET"]}}],"collection":[{"href":"https:\/\/www.camping-cevennes.info\/de\/wp-json\/wp\/v2\/pages"}],"about":[{"href":"https:\/\/www.camping-cevennes.info\/de\/wp-json\/wp\/v2\/types\/page"}],"author":[{"embeddable":true,"href":"https:\/\/www.camping-cevennes.info\/de\/wp-json\/wp\/v2\/users\/1"}],"replies":[{"embeddable":true,"href":"https:\/\/www.camping-cevennes.info\/de\/wp-json\/wp\/v2\/comments?post=5173"}],"version-history":[{"count":8,"href":"https:\/\/www.camping-cevennes.info\/de\/wp-json\/wp\/v2\/pages\/5173\/revisions"}],"predecessor-version":[{"id":6281,"href":"https:\/\/www.camping-cevennes.info\/de\/wp-json\/wp\/v2\/pages\/5173\/revisions\/6281"}],"wp:featuredmedia":[{"embeddable":true,"href":"https:\/\/www.camping-cevennes.info\/de\/wp-json\/wp\/v2\/media\/1737"}],"wp:attachment":[{"href":"https:\/\/www.camping-cevennes.info\/de\/wp-json\/wp\/v2\/media?parent=5173"}],"wp:term":[{"taxonomy":"sujet","embeddable":true,"href":"https:\/\/www.camping-cevennes.info\/de\/wp-json\/wp\/v2\/sujet?post=5173"}],"curies":[{"name":"wp","href":"https:\/\/api.w.org\/{rel}","templated":true}]}}