{"id":4779,"date":"2022-09-26T12:24:44","date_gmt":"2022-09-26T10:24:44","guid":{"rendered":"https:\/\/www.camping-cevennes.info\/infos-pratiques\/"},"modified":"2025-05-26T12:27:02","modified_gmt":"2025-05-26T10:27:02","slug":"kontakt-anfahrt","status":"publish","type":"page","link":"https:\/\/www.camping-cevennes.info\/de\/kontakt-anfahrt\/","title":{"rendered":"Contact &#038; Acc\u00e8s"},"content":{"rendered":"<section id=\"ls-section-block_c63c58c17b833752bf24f3455605a3db\" class=\"ls-section  page-intro has-p-t p-t-14\" >\n        <div class=\"container container--wide\">\n        \n\n<div class=\"wp-block-columns columns-parent is-layout-flex wp-container-core-columns-is-layout-9d6595d7 wp-block-columns-is-layout-flex\">\n<div class=\"wp-block-column left is-layout-flow wp-block-column-is-layout-flow\">\n<h1 class=\"ls__heading wp-block-heading deco-h1 animated fadeInLeft delay-200ms\"><span class=\"small\">Kontakt &amp; Anfahrt<\/span> <\/h1>\n\n\n\n<div class=\"wpcf7 no-js\" id=\"wpcf7-f4757-o1\" lang=\"fr-FR\" dir=\"ltr\">\n<div class=\"screen-reader-response\"><p role=\"status\" aria-live=\"polite\" aria-atomic=\"true\"><\/p> <ul><\/ul><\/div>\n<form action=\"\/de\/wp-json\/wp\/v2\/pages\/4779#wpcf7-f4757-o1\" method=\"post\" class=\"wpcf7-form init\" aria-label=\"Formulaire de contact\" novalidate=\"novalidate\" data-status=\"init\">\n<div style=\"display: none;\">\n<input type=\"hidden\" name=\"_wpcf7\" value=\"4757\" \/>\n<input type=\"hidden\" name=\"_wpcf7_version\" value=\"5.9.8\" \/>\n<input type=\"hidden\" name=\"_wpcf7_locale\" value=\"fr_FR\" \/>\n<input type=\"hidden\" name=\"_wpcf7_unit_tag\" value=\"wpcf7-f4757-o1\" \/>\n<input type=\"hidden\" name=\"_wpcf7_container_post\" value=\"0\" \/>\n<input type=\"hidden\" name=\"_wpcf7_posted_data_hash\" value=\"\" \/>\n<input type=\"hidden\" name=\"_wpcf7_recaptcha_response\" value=\"\" \/>\n<\/div>\n<p><label> Ihr Name<br \/>\n<span class=\"wpcf7-form-control-wrap\" data-name=\"your-name\"><input size=\"40\" maxlength=\"400\" class=\"wpcf7-form-control wpcf7-text wpcf7-validates-as-required\" aria-required=\"true\" aria-invalid=\"false\" value=\"\" type=\"text\" name=\"your-name\" \/><\/span> <\/label>\n<\/p>\n<p><label> Deine E-Mail<br \/>\n<span class=\"wpcf7-form-control-wrap\" data-name=\"your-email\"><input size=\"40\" maxlength=\"400\" class=\"wpcf7-form-control wpcf7-email wpcf7-validates-as-required wpcf7-text wpcf7-validates-as-email\" aria-required=\"true\" aria-invalid=\"false\" value=\"\" type=\"email\" name=\"your-email\" \/><\/span> <\/label>\n<\/p>\n<p><label> Thema<br \/>\n<span class=\"wpcf7-form-control-wrap\" data-name=\"your-subject\"><input size=\"40\" maxlength=\"400\" class=\"wpcf7-form-control wpcf7-text wpcf7-validates-as-required\" aria-required=\"true\" aria-invalid=\"false\" value=\"\" type=\"text\" name=\"your-subject\" \/><\/span> <\/label>\n<\/p>\n<p><label> Votre message<br \/>\n<span class=\"wpcf7-form-control-wrap\" data-name=\"your-message\"><textarea cols=\"40\" rows=\"10\" maxlength=\"2000\" class=\"wpcf7-form-control wpcf7-textarea\" aria-invalid=\"false\" name=\"your-message\"><\/textarea><\/span> <\/label><br \/>\n<label class=\"case-a-cocher\"><span class=\"wpcf7-form-control-wrap\" data-name=\"acceptance-553\"><span class=\"wpcf7-form-control wpcf7-acceptance\"><span class=\"wpcf7-list-item\"><input type=\"checkbox\" name=\"acceptance-553\" value=\"1\" aria-invalid=\"false\" \/><\/span><\/span><\/span> <span>Indem ich dieses K\u00e4stchen ankreuze, stimme ich der <a href=\"\/de\/datenschutzrichtlinie\/\" rel=\"nofollow\">Datenschutzrichtlinie<\/a> de ce site.<\/span><\/label>\n<\/p>\n<p><input class=\"wpcf7-form-control wpcf7-submit has-spinner\" type=\"submit\" value=\"senden\" \/>\n<\/p><div class=\"wpcf7-response-output\" aria-hidden=\"true\"><\/div>\n<\/form>\n<\/div>\n\n<\/div>\n\n\n\n<div class=\"wp-block-column is-vertically-aligned-center is-layout-flow wp-block-column-is-layout-flow\">\n<h2 class=\"ls__heading wp-block-heading deco\">Zugang Saint Jean du Gard<\/h2>\n\n\n\n<p class=\"ls-paragraph\">GPS-Koordinaten:&nbsp;<strong>L\u00e4ngengrad: 3.85347<\/strong> \u2013 <strong>Breitengrad: 44.11239<\/strong><\/p>\n\n\n\n<p class=\"ls-paragraph\"><strong>VON LYON AUS<\/strong><\/p>\n\n\n\n<p class=\"ls-paragraph\">Autobahn A7 Ausfahrt Boll\u00e8ne, Pont St. Esprit, Bagnlos-sur-C\u00e9ze, Al\u00e8s, Richtung Montpellier, Anuez, St. Jean du Gard, Richtung St Andr\u00e9 de Valborgne \u00fcber die D907, der Campingplatz ist 3 km von St Jean du Gard entfernt.<\/p>\n\n\n\n<p class=\"ls-paragraph\"><strong>VON MONTPELLIER AUS<\/strong><\/p>\n\n\n\n<p class=\"ls-paragraph\">Autobahn A9 Ausfahrt Lunel, Richtung Sommi\u00e8res, Anduze, St Jeand u Gard, der Campingplatz ist 3 km von St Jean du Gard Richtung St Andr\u00e9 de Valborgne \u00fcber die D907 entfernt.<\/p>\n\n\n\n<p class=\"ls-paragraph\"><strong>VON CLERMONT-FERRAND AUS<\/strong><\/p>\n\n\n\n<p class=\"ls-paragraph\">Autobahn A 75 Ausfahrt Marvejols, Richtung Florac, St Jean du Gard \u00fcber den Steilhang Corniche des C\u00e9vennes, am Fu\u00dfe des Steilhangs in Richtung St Andr\u00e9 de Valborgne \u00fcber die die 907. Der Campingplatz befindet sich 500 m weiter auf der linken Seite.<\/p>\n<\/div>\n<\/div>\n\n\n    <\/div>\n<\/section>\n\n<section id=\"ls-section-block_dc59b25172507a39b3e0003e123be6af\" class=\"ls-section  page-one has-p-t p-t-0\" >\n        <div class=\"container container--wide\">\n        \n\n<div class=\"wp-block-columns is-layout-flex wp-container-core-columns-is-layout-9d6595d7 wp-block-columns-is-layout-flex\">\n<div class=\"wp-block-column is-vertically-aligned-center is-layout-flow wp-block-column-is-layout-flow\">\n<h2 class=\"ls__heading wp-block-heading deco\">Wie man in die Cevennen kommt<\/h2>\n\n\n\n<p class=\"ls-paragraph\"><strong>MIT DEM FLUGZEUG:<\/strong><\/p>\n\n\n\n<p class=\"ls-paragraph\">Es werden Billigfl\u00fcge zu den Flugh\u00e4fen N\u00eemes, Montpellier und Marseille angeboten.<\/p>\n\n\n\n<p class=\"ls-paragraph\"><strong>MIT DEM ZUG:<\/strong><\/p>\n\n\n\n<p class=\"ls-paragraph\">Der TGV Held im Bahnhof von N\u00eemes. Dort k\u00f6nnen Sie entweder ein Auto mieten, damit sie zum Campingplatz fahren k\u00f6nnen, oder die Buslinie A 12 (lio) nehmen, die auf dem Dorfplatz h\u00e4lt.<\/p>\n\n\n\n<p class=\"ls-paragraph\">Der Fernwanderweg GR 70, der Stevenson-Weg, f\u00fchrt \u00fcber die 1. Br\u00fccke am Fu\u00dfe des Abstiegs vom Col St Pierre.<\/p>\n\n\n\n<p class=\"ls-paragraph\">Wie Sie sehen k\u00f6nnen, war es noch nie einfacher, zum Campingplatz Mas de la Cam in den Cevennen zu kommen. Dann m\u00fcssen Sie Ihren Aufenthalt auf einem Campingplatz oder in einem Ferienhaus mit Freunden oder der Familie buchen.<\/p>\n<\/div>\n\n\n\n<div class=\"wp-block-column is-vertically-aligned-center is-layout-flow wp-block-column-is-layout-flow\">\n<iframe src=\"https:\/\/www.google.com\/maps\/embed?pb=!1m14!1m8!1m3!1d11458.37321828544!2d3.854331!3d44.1123831!3m2!1i1024!2i768!4f13.1!3m3!1m2!1s0x0%3A0x62d813088da27348!2sCamping%20Mas%20de%20la%20Cam%20Saint%20Jean%20du%20Gard!5e0!3m2!1sfr!2sfr!4v1666170145942!5m2!1sfr!2sfr\" width=\"100%\" height=\"450\" style=\"border:0;\" allowfullscreen=\"\" loading=\"lazy\" referrerpolicy=\"no-referrer-when-downgrade\"><\/iframe>\n<\/div>\n<\/div>\n\n\n    <\/div>\n<\/section>","protected":false},"excerpt":{"rendered":"","protected":false},"author":1,"featured_media":2295,"parent":0,"menu_order":0,"comment_status":"closed","ping_status":"closed","template":"","meta":{"_acf_changed":false,"footnotes":""},"sujet":[],"class_list":["post-4779","page","type-page","status-publish","has-post-thumbnail","hentry"],"acf":[],"yoast_head":"<!-- This site is optimized with the Yoast SEO plugin v25.3 - https:\/\/yoast.com\/wordpress\/plugins\/seo\/ -->\n<title>Wie man den Campingplatz Le Mas de la Cam in den Cevennen erreicht<\/title>\n<meta name=\"description\" content=\"Hier finden Sie alle Informationen, um zum Campingplatz in Guars zu gelangen\" \/>\n<meta name=\"robots\" content=\"index, follow, max-snippet:-1, max-image-preview:large, max-video-preview:-1\" \/>\n<link rel=\"canonical\" href=\"https:\/\/www.camping-cevennes.info\/de\/kontakt-anfahrt\/\" \/>\n<meta property=\"og:locale\" content=\"de_DE\" \/>\n<meta property=\"og:type\" content=\"article\" \/>\n<meta property=\"og:title\" content=\"Wie man den Campingplatz Le Mas de la Cam in den Cevennen erreicht\" \/>\n<meta property=\"og:description\" content=\"Hier finden Sie alle Informationen, um zum Campingplatz in Guars zu gelangen\" \/>\n<meta property=\"og:url\" content=\"https:\/\/www.camping-cevennes.info\/de\/kontakt-anfahrt\/\" \/>\n<meta property=\"og:site_name\" content=\"Camping Mas de la Cam\" \/>\n<meta property=\"article:modified_time\" content=\"2025-05-26T10:27:02+00:00\" \/>\n<meta property=\"og:image\" content=\"https:\/\/www.camping-cevennes.info\/wp-content\/uploads\/2022\/10\/contact-mas-de-la-cam.jpg\" \/>\n\t<meta property=\"og:image:width\" content=\"1900\" \/>\n\t<meta property=\"og:image:height\" content=\"700\" \/>\n\t<meta property=\"og:image:type\" content=\"image\/jpeg\" \/>\n<meta name=\"twitter:card\" content=\"summary_large_image\" \/>\n<meta name=\"twitter:label1\" content=\"Gesch\u00e4tzte Lesezeit\" \/>\n\t<meta name=\"twitter:data1\" content=\"2\u00a0Minuten\" \/>\n<script type=\"application\/ld+json\" class=\"yoast-schema-graph\">{\"@context\":\"https:\/\/schema.org\",\"@graph\":[{\"@type\":\"WebPage\",\"@id\":\"https:\/\/www.camping-cevennes.info\/de\/kontakt-anfahrt\/\",\"url\":\"https:\/\/www.camping-cevennes.info\/de\/kontakt-anfahrt\/\",\"name\":\"Wie man den Campingplatz Le Mas de la Cam in den Cevennen erreicht\",\"isPartOf\":{\"@id\":\"https:\/\/www.camping-cevennes.info\/de\/#website\"},\"primaryImageOfPage\":{\"@id\":\"https:\/\/www.camping-cevennes.info\/de\/kontakt-anfahrt\/#primaryimage\"},\"image\":{\"@id\":\"https:\/\/www.camping-cevennes.info\/de\/kontakt-anfahrt\/#primaryimage\"},\"thumbnailUrl\":\"https:\/\/www.camping-cevennes.info\/wp-content\/uploads\/2022\/10\/contact-mas-de-la-cam.jpg\",\"datePublished\":\"2022-09-26T10:24:44+00:00\",\"dateModified\":\"2025-05-26T10:27:02+00:00\",\"description\":\"Hier finden Sie alle Informationen, um zum Campingplatz in Guars zu gelangen\",\"breadcrumb\":{\"@id\":\"https:\/\/www.camping-cevennes.info\/de\/kontakt-anfahrt\/#breadcrumb\"},\"inLanguage\":\"de\",\"potentialAction\":[{\"@type\":\"ReadAction\",\"target\":[\"https:\/\/www.camping-cevennes.info\/de\/kontakt-anfahrt\/\"]}]},{\"@type\":\"ImageObject\",\"inLanguage\":\"de\",\"@id\":\"https:\/\/www.camping-cevennes.info\/de\/kontakt-anfahrt\/#primaryimage\",\"url\":\"https:\/\/www.camping-cevennes.info\/wp-content\/uploads\/2022\/10\/contact-mas-de-la-cam.jpg\",\"contentUrl\":\"https:\/\/www.camping-cevennes.info\/wp-content\/uploads\/2022\/10\/contact-mas-de-la-cam.jpg\",\"width\":1900,\"height\":700,\"caption\":\"contact mas de la cam\"},{\"@type\":\"BreadcrumbList\",\"@id\":\"https:\/\/www.camping-cevennes.info\/de\/kontakt-anfahrt\/#breadcrumb\",\"itemListElement\":[{\"@type\":\"ListItem\",\"position\":1,\"name\":\"Campingplatz C\u00e9vennes\",\"item\":\"https:\/\/www.camping-cevennes.info\/de\/\"},{\"@type\":\"ListItem\",\"position\":2,\"name\":\"Kontakt & Anfahrt\"}]},{\"@type\":\"WebSite\",\"@id\":\"https:\/\/www.camping-cevennes.info\/de\/#website\",\"url\":\"https:\/\/www.camping-cevennes.info\/de\/\",\"name\":\"Camping Mas de la Cam\",\"description\":\"\",\"publisher\":{\"@id\":\"https:\/\/www.camping-cevennes.info\/de\/#organization\"},\"potentialAction\":[{\"@type\":\"SearchAction\",\"target\":{\"@type\":\"EntryPoint\",\"urlTemplate\":\"https:\/\/www.camping-cevennes.info\/de\/?s={search_term_string}\"},\"query-input\":{\"@type\":\"PropertyValueSpecification\",\"valueRequired\":true,\"valueName\":\"search_term_string\"}}],\"inLanguage\":\"de\"},{\"@type\":\"Organization\",\"@id\":\"https:\/\/www.camping-cevennes.info\/de\/#organization\",\"name\":\"Camping Mas de la Cam\",\"url\":\"https:\/\/www.camping-cevennes.info\/de\/\",\"logo\":{\"@type\":\"ImageObject\",\"inLanguage\":\"de\",\"@id\":\"https:\/\/www.camping-cevennes.info\/de\/#\/schema\/logo\/image\/\",\"url\":\"https:\/\/www.camping-cevennes.info\/wp-content\/uploads\/2022\/09\/logo-camping-mas-de-la-cam-noir-1.png\",\"contentUrl\":\"https:\/\/www.camping-cevennes.info\/wp-content\/uploads\/2022\/09\/logo-camping-mas-de-la-cam-noir-1.png\",\"width\":625,\"height\":190,\"caption\":\"Camping Mas de la Cam\"},\"image\":{\"@id\":\"https:\/\/www.camping-cevennes.info\/de\/#\/schema\/logo\/image\/\"}}]}<\/script>\n<!-- \/ Yoast SEO plugin. -->","yoast_head_json":{"title":"Wie man den Campingplatz Le Mas de la Cam in den Cevennen erreicht","description":"Hier finden Sie alle Informationen, um zum Campingplatz in Guars zu gelangen","robots":{"index":"index","follow":"follow","max-snippet":"max-snippet:-1","max-image-preview":"max-image-preview:large","max-video-preview":"max-video-preview:-1"},"canonical":"https:\/\/www.camping-cevennes.info\/de\/kontakt-anfahrt\/","og_locale":"de_DE","og_type":"article","og_title":"Wie man den Campingplatz Le Mas de la Cam in den Cevennen erreicht","og_description":"Hier finden Sie alle Informationen, um zum Campingplatz in Guars zu gelangen","og_url":"https:\/\/www.camping-cevennes.info\/de\/kontakt-anfahrt\/","og_site_name":"Camping Mas de la Cam","article_modified_time":"2025-05-26T10:27:02+00:00","og_image":[{"width":1900,"height":700,"url":"https:\/\/www.camping-cevennes.info\/wp-content\/uploads\/2022\/10\/contact-mas-de-la-cam.jpg","type":"image\/jpeg"}],"twitter_card":"summary_large_image","twitter_misc":{"Gesch\u00e4tzte Lesezeit":"2\u00a0Minuten"},"schema":{"@context":"https:\/\/schema.org","@graph":[{"@type":"WebPage","@id":"https:\/\/www.camping-cevennes.info\/de\/kontakt-anfahrt\/","url":"https:\/\/www.camping-cevennes.info\/de\/kontakt-anfahrt\/","name":"Wie man den Campingplatz Le Mas de la Cam in den Cevennen erreicht","isPartOf":{"@id":"https:\/\/www.camping-cevennes.info\/de\/#website"},"primaryImageOfPage":{"@id":"https:\/\/www.camping-cevennes.info\/de\/kontakt-anfahrt\/#primaryimage"},"image":{"@id":"https:\/\/www.camping-cevennes.info\/de\/kontakt-anfahrt\/#primaryimage"},"thumbnailUrl":"https:\/\/www.camping-cevennes.info\/wp-content\/uploads\/2022\/10\/contact-mas-de-la-cam.jpg","datePublished":"2022-09-26T10:24:44+00:00","dateModified":"2025-05-26T10:27:02+00:00","description":"Hier finden Sie alle Informationen, um zum Campingplatz in Guars zu gelangen","breadcrumb":{"@id":"https:\/\/www.camping-cevennes.info\/de\/kontakt-anfahrt\/#breadcrumb"},"inLanguage":"de","potentialAction":[{"@type":"ReadAction","target":["https:\/\/www.camping-cevennes.info\/de\/kontakt-anfahrt\/"]}]},{"@type":"ImageObject","inLanguage":"de","@id":"https:\/\/www.camping-cevennes.info\/de\/kontakt-anfahrt\/#primaryimage","url":"https:\/\/www.camping-cevennes.info\/wp-content\/uploads\/2022\/10\/contact-mas-de-la-cam.jpg","contentUrl":"https:\/\/www.camping-cevennes.info\/wp-content\/uploads\/2022\/10\/contact-mas-de-la-cam.jpg","width":1900,"height":700,"caption":"contact mas de la cam"},{"@type":"BreadcrumbList","@id":"https:\/\/www.camping-cevennes.info\/de\/kontakt-anfahrt\/#breadcrumb","itemListElement":[{"@type":"ListItem","position":1,"name":"Campingplatz C\u00e9vennes","item":"https:\/\/www.camping-cevennes.info\/de\/"},{"@type":"ListItem","position":2,"name":"Kontakt & Anfahrt"}]},{"@type":"WebSite","@id":"https:\/\/www.camping-cevennes.info\/de\/#website","url":"https:\/\/www.camping-cevennes.info\/de\/","name":"Camping Mas de la Cam","description":"","publisher":{"@id":"https:\/\/www.camping-cevennes.info\/de\/#organization"},"potentialAction":[{"@type":"SearchAction","target":{"@type":"EntryPoint","urlTemplate":"https:\/\/www.camping-cevennes.info\/de\/?s={search_term_string}"},"query-input":{"@type":"PropertyValueSpecification","valueRequired":true,"valueName":"search_term_string"}}],"inLanguage":"de"},{"@type":"Organization","@id":"https:\/\/www.camping-cevennes.info\/de\/#organization","name":"Camping Mas de la Cam","url":"https:\/\/www.camping-cevennes.info\/de\/","logo":{"@type":"ImageObject","inLanguage":"de","@id":"https:\/\/www.camping-cevennes.info\/de\/#\/schema\/logo\/image\/","url":"https:\/\/www.camping-cevennes.info\/wp-content\/uploads\/2022\/09\/logo-camping-mas-de-la-cam-noir-1.png","contentUrl":"https:\/\/www.camping-cevennes.info\/wp-content\/uploads\/2022\/09\/logo-camping-mas-de-la-cam-noir-1.png","width":625,"height":190,"caption":"Camping Mas de la Cam"},"image":{"@id":"https:\/\/www.camping-cevennes.info\/de\/#\/schema\/logo\/image\/"}}]}},"_links":{"self":[{"href":"https:\/\/www.camping-cevennes.info\/de\/wp-json\/wp\/v2\/pages\/4779","targetHints":{"allow":["GET"]}}],"collection":[{"href":"https:\/\/www.camping-cevennes.info\/de\/wp-json\/wp\/v2\/pages"}],"about":[{"href":"https:\/\/www.camping-cevennes.info\/de\/wp-json\/wp\/v2\/types\/page"}],"author":[{"embeddable":true,"href":"https:\/\/www.camping-cevennes.info\/de\/wp-json\/wp\/v2\/users\/1"}],"replies":[{"embeddable":true,"href":"https:\/\/www.camping-cevennes.info\/de\/wp-json\/wp\/v2\/comments?post=4779"}],"version-history":[{"count":5,"href":"https:\/\/www.camping-cevennes.info\/de\/wp-json\/wp\/v2\/pages\/4779\/revisions"}],"predecessor-version":[{"id":7897,"href":"https:\/\/www.camping-cevennes.info\/de\/wp-json\/wp\/v2\/pages\/4779\/revisions\/7897"}],"wp:featuredmedia":[{"embeddable":true,"href":"https:\/\/www.camping-cevennes.info\/de\/wp-json\/wp\/v2\/media\/2295"}],"wp:attachment":[{"href":"https:\/\/www.camping-cevennes.info\/de\/wp-json\/wp\/v2\/media?parent=4779"}],"wp:term":[{"taxonomy":"sujet","embeddable":true,"href":"https:\/\/www.camping-cevennes.info\/de\/wp-json\/wp\/v2\/sujet?post=4779"}],"curies":[{"name":"wp","href":"https:\/\/api.w.org\/{rel}","templated":true}]}}